{"id":45,"date":"2018-05-24T17:37:25","date_gmt":"2018-05-24T17:37:25","guid":{"rendered":"https:\/\/monello.hu\/?page_id=45"},"modified":"2018-06-04T05:52:37","modified_gmt":"2018-06-04T05:52:37","slug":"monello-media","status":"publish","type":"page","link":"https:\/\/www.monello.hu\/en\/buszkesegfal\/monello-media\/","title":{"rendered":"Monello in the media"},"content":{"rendered":"<div class=\"wpb-content-wrapper\"><div class=\"vc_row wpb_row vc_row-fluid\"><div class=\"wpb_column vc_column_container vc_col-sm-12\"><div class=\"vc_column-inner vc_custom_1527454645279\"><div class=\"wpb_wrapper\">\n<div class=\"vc_grid-container-wrapper vc_clearfix vc_grid-animation-fadeIn\">\n\t<div class=\"vc_grid-container vc_clearfix wpb_content_element vc_basic_grid\" data-initial-loading-animation=\"fadeIn\" data-vc-grid-settings=\"{&quot;page_id&quot;:45,&quot;style&quot;:&quot;all&quot;,&quot;action&quot;:&quot;vc_get_vc_grid_data&quot;,&quot;shortcode_id&quot;:&quot;1527454566686-dbcf22dd-c07a-1&quot;,&quot;tag&quot;:&quot;vc_basic_grid&quot;}\" data-vc-request=\"https:\/\/www.monello.hu\/wp-admin\/admin-ajax.php\" data-vc-post-id=\"45\" data-vc-public-nonce=\"4fa09d9a67\">\n\t\t<style data-type=\"vc_shortcodes-custom-css\">.vc_custom_1419240516480{background-color: #f9f9f9 !important;}<\/style><div class=\"vc_grid vc_row vc_grid-gutter-30px vc_pageable-wrapper vc_hook_hover\" data-vc-pageable-content=\"true\"><div class=\"vc_pageable-slide-wrapper vc_clearfix\" data-vc-grid-content=\"true\"><div class=\"vc_grid-item vc_clearfix vc_col-sm-4 vc_grid-item-zone-c-bottom\"><div class=\"vc_grid-item-mini vc_clearfix \"><div class=\"vc_gitem-animated-block\" ><div class=\"vc_gitem-zone vc_gitem-zone-a vc-gitem-zone-height-mode-auto vc-gitem-zone-height-mode-auto-1-1 vc_gitem-is-link\" style=\"background-image: url('https:\/\/www.monello.hu\/wp-content\/uploads\/2018\/05\/PP_ovis1.png') !important;\"><a href=\"https:\/\/www.monello.hu\/en\/2018\/05\/27\/nyujtodeszka-gumidino-varazspalca-kincsek-lapulnak-az-ovisok-taskaiban\/\" title=\"Ny\u00fajt\u00f3deszka, gumidin\u00f3, var\u00e1zsp\u00e1lca \u2013 kincsek lapulnak az ovisok t\u00e1sk\u00e1iban\" class=\"vc_gitem-link vc-zone-link\" ><\/a><img decoding=\"async\" class=\"vc_gitem-zone-img\" src=\"https:\/\/www.monello.hu\/wp-content\/uploads\/2018\/05\/PP_ovis1.png\" alt=\"Ny\u00fajt\u00f3deszka, gumidin\u00f3, var\u00e1zsp\u00e1lca \u2013 kincsek lapulnak az ovisok t\u00e1sk\u00e1iban\" loading=\"lazy\"><div class=\"vc_gitem-zone-mini\"><\/div><\/div><\/div><div class=\"vc_gitem-zone vc_gitem-zone-c vc_custom_1419240516480\"><div class=\"vc_gitem-zone-mini\"><div class=\"vc_gitem_row vc_row vc_gitem-row-position-top\"><div class=\"vc_col-sm-12 vc_gitem-col vc_gitem-col-align-\"><div class=\"vc_custom_heading vc_gitem-post-data vc_gitem-post-data-source-post_title\" ><h4 style=\"text-align: left\" >Ny\u00fajt\u00f3deszka, gumidin\u00f3, var\u00e1zsp\u00e1lca \u2013 kincsek lapulnak az ovisok t\u00e1sk\u00e1iban<\/h4><\/div><div class=\"vc_custom_heading vc_gitem-post-data vc_gitem-post-data-source-post_excerpt\" ><p style=\"text-align: left\" ><p>NLCaf\u00e9, 2018.02.03. &gt;&gt; &#8222;Ami nek\u00fcnk a mobil, a p\u00e9nzt\u00e1rca \u00e9s az iratok, az egy \u00f3vod\u00e1snak a J\u00e9gvar\u00e1zs-k\u00e1rtya, a cumi \u00e9s a kedvenc pl\u00fcss \u2013 de ezek mellett m\u00e1s \u00e9rdekess\u00e9gek is felbukkannak az \u00f3vod\u00e1sok retik\u00fcljeiben!&#8221; Alex \u2013 c\u00e1p\u00e1s h\u00e1tizs\u00e1k Alex n\u00e9gy\u00e9ves, mindig is im\u00e1dta az aut\u00f3kat, \u00edgy abb\u00f3l mindig van p\u00e1r darab a t\u00e1sk\u00e1j\u00e1ban, de P\u00f3kember [&hellip;]<\/p>\n<\/p><\/div><div class=\"vc_btn3-container vc_btn3-left\"><a class=\"vc_general vc_btn3 vc_btn3-size-md vc_btn3-shape-rounded vc_btn3-style-flat vc_btn3-color-juicy-pink\" a href=\"https:\/\/www.monello.hu\/en\/2018\/05\/27\/nyujtodeszka-gumidino-varazspalca-kincsek-lapulnak-az-ovisok-taskaiban\/\" class=\"vc_gitem-link vc_general vc_btn3 vc_general vc_btn3 vc_btn3-size-md vc_btn3-shape-rounded vc_btn3-style-flat vc_btn3-color-juicy-pink\" title=\"Read more\">Read more<\/a><\/div><\/div><\/div><\/div><\/div><\/div><div class=\"vc_clearfix\"><\/div><\/div><div class=\"vc_grid-item vc_clearfix vc_col-sm-4 vc_grid-item-zone-c-bottom\"><div class=\"vc_grid-item-mini vc_clearfix \"><div class=\"vc_gitem-animated-block\" ><div class=\"vc_gitem-zone vc_gitem-zone-a vc-gitem-zone-height-mode-auto vc-gitem-zone-height-mode-auto-1-1 vc_gitem-is-link\" style=\"background-image: url('https:\/\/www.monello.hu\/wp-content\/uploads\/2018\/05\/Untitled-design18-3.png') !important;\"><a href=\"https:\/\/www.monello.hu\/en\/2018\/05\/27\/monello-babymore-elmenygyujto-piknikpled\/\" title=\"Mama-bar\u00e1t a Monello Piknikpl\u00e9dje\" class=\"vc_gitem-link vc-zone-link\" ><\/a><img decoding=\"async\" class=\"vc_gitem-zone-img\" src=\"https:\/\/www.monello.hu\/wp-content\/uploads\/2018\/05\/Untitled-design18-3.png\" alt=\"Mama-bar\u00e1t a Monello Piknikpl\u00e9dje\" loading=\"lazy\"><div class=\"vc_gitem-zone-mini\"><\/div><\/div><\/div><div class=\"vc_gitem-zone vc_gitem-zone-c vc_custom_1419240516480\"><div class=\"vc_gitem-zone-mini\"><div class=\"vc_gitem_row vc_row vc_gitem-row-position-top\"><div class=\"vc_col-sm-12 vc_gitem-col vc_gitem-col-align-\"><div class=\"vc_custom_heading vc_gitem-post-data vc_gitem-post-data-source-post_title\" ><h4 style=\"text-align: left\" >Mama-bar\u00e1t a Monello Piknikpl\u00e9dje<\/h4><\/div><div class=\"vc_custom_heading vc_gitem-post-data vc_gitem-post-data-source-post_excerpt\" ><p style=\"text-align: left\" ><p>\u00c9va magazin, 2017. j\u00fanius 15. &gt;&gt; &nbsp; &#8222;V\u00e9gre itt a ny\u00e1r, vele egy\u00fctt jav\u00e1ban d\u00fcb\u00f6r\u00f6g a strandszezon a piknikez\u00e9sek \u00e9s a nyaral\u00e1sok id\u0151szaka. Mi az, ami mindegyikben k\u00f6z\u00f6s? Ha meg\u00e9rkezt\u00fcnk, valahova le szeretn\u00e9nk \u00fclni, lehet\u0151leg egy olyan pl\u00e9dre, amit nem neh\u00e9z cipelni \u00e9s kis helyen elf\u00e9r. Mert ugye ilyenkor minden \u201efontos\u201d dolgot bepakolunk, m\u00e9g azt [&hellip;]<\/p>\n<\/p><\/div><div class=\"vc_btn3-container vc_btn3-left\"><a class=\"vc_general vc_btn3 vc_btn3-size-md vc_btn3-shape-rounded vc_btn3-style-flat vc_btn3-color-juicy-pink\" a href=\"https:\/\/www.monello.hu\/en\/2018\/05\/27\/monello-babymore-elmenygyujto-piknikpled\/\" class=\"vc_gitem-link vc_general vc_btn3 vc_general vc_btn3 vc_btn3-size-md vc_btn3-shape-rounded vc_btn3-style-flat vc_btn3-color-juicy-pink\" title=\"Read more\">Read more<\/a><\/div><\/div><\/div><\/div><\/div><\/div><div class=\"vc_clearfix\"><\/div><\/div><div class=\"vc_grid-item vc_clearfix vc_col-sm-4 vc_grid-item-zone-c-bottom\"><div class=\"vc_grid-item-mini vc_clearfix \"><div class=\"vc_gitem-animated-block\" ><div class=\"vc_gitem-zone vc_gitem-zone-a vc-gitem-zone-height-mode-auto vc-gitem-zone-height-mode-auto-1-1 vc_gitem-is-link\" style=\"background-image: url('https:\/\/www.monello.hu\/wp-content\/uploads\/2018\/05\/pelusparna10.png') !important;\"><a href=\"https:\/\/www.monello.hu\/en\/2018\/05\/27\/babakedvencek\/\" title=\"Babakedvencek\" class=\"vc_gitem-link vc-zone-link\" ><\/a><img decoding=\"async\" class=\"vc_gitem-zone-img\" src=\"https:\/\/www.monello.hu\/wp-content\/uploads\/2018\/05\/pelusparna10.png\" alt=\"Babakedvencek\" loading=\"lazy\"><div class=\"vc_gitem-zone-mini\"><\/div><\/div><\/div><div class=\"vc_gitem-zone vc_gitem-zone-c vc_custom_1419240516480\"><div class=\"vc_gitem-zone-mini\"><div class=\"vc_gitem_row vc_row vc_gitem-row-position-top\"><div class=\"vc_col-sm-12 vc_gitem-col vc_gitem-col-align-\"><div class=\"vc_custom_heading vc_gitem-post-data vc_gitem-post-data-source-post_title\" ><h4 style=\"text-align: left\" >Babakedvencek<\/h4><\/div><div class=\"vc_custom_heading vc_gitem-post-data vc_gitem-post-data-source-post_excerpt\" ><p style=\"text-align: left\" ><p>For Her Blog, 2017. \u00e1prilis &gt;&gt; For Her Szandr\u00e1nak 5db pelusp\u00e1rn\u00e1ja van, de 10-et is sz\u00edvesen venne &nbsp; &nbsp; &#8222;Monello baby&amp;more PihePuha PelusP\u00e1rna Ezeket a szuper, t\u00f6bbfunkci\u00f3s &#8222;p\u00e1rn\u00e1kat&#8221; viszont m\u00e9g nem ismertem akkor, amikor Lili kicsi volt. A p\u00e1rn\u00e1t az\u00e9rt \u00edrtam id\u00e9z\u0151jelben, mert ezek igaz\u00e1b\u00f3l kism\u00e9ret\u0171 &#8222;rongyik&#8221;, amiknek az egyik a fele a szok\u00e1sos textilpelus [&hellip;]<\/p>\n<\/p><\/div><div class=\"vc_btn3-container vc_btn3-left\"><a class=\"vc_general vc_btn3 vc_btn3-size-md vc_btn3-shape-rounded vc_btn3-style-flat vc_btn3-color-juicy-pink\" a href=\"https:\/\/www.monello.hu\/en\/2018\/05\/27\/babakedvencek\/\" class=\"vc_gitem-link vc_general vc_btn3 vc_general vc_btn3 vc_btn3-size-md vc_btn3-shape-rounded vc_btn3-style-flat vc_btn3-color-juicy-pink\" title=\"Read more\">Read more<\/a><\/div><\/div><\/div><\/div><\/div><\/div><div class=\"vc_clearfix\"><\/div><\/div><div class=\"vc_grid-item vc_clearfix vc_col-sm-4 vc_grid-item-zone-c-bottom\"><div class=\"vc_grid-item-mini vc_clearfix \"><div class=\"vc_gitem-animated-block\" ><div class=\"vc_gitem-zone vc_gitem-zone-a vc-gitem-zone-height-mode-auto vc-gitem-zone-height-mode-auto-1-1 vc_gitem-is-link\" style=\"background-image: url('https:\/\/www.monello.hu\/wp-content\/uploads\/2018\/05\/Untitled-design5-6.png') !important;\"><a href=\"https:\/\/www.monello.hu\/en\/2018\/05\/27\/praktika-kedvence-a-kiscsillag\/\" title=\"Praktika kedvence a Kiscsillag\" class=\"vc_gitem-link vc-zone-link\" ><\/a><img decoding=\"async\" class=\"vc_gitem-zone-img\" src=\"https:\/\/www.monello.hu\/wp-content\/uploads\/2018\/05\/Untitled-design5-6.png\" alt=\"Praktika kedvence a Kiscsillag\" loading=\"lazy\"><div class=\"vc_gitem-zone-mini\"><\/div><\/div><\/div><div class=\"vc_gitem-zone vc_gitem-zone-c vc_custom_1419240516480\"><div class=\"vc_gitem-zone-mini\"><div class=\"vc_gitem_row vc_row vc_gitem-row-position-top\"><div class=\"vc_col-sm-12 vc_gitem-col vc_gitem-col-align-\"><div class=\"vc_custom_heading vc_gitem-post-data vc_gitem-post-data-source-post_title\" ><h4 style=\"text-align: left\" >Praktika kedvence a Kiscsillag<\/h4><\/div><div class=\"vc_custom_heading vc_gitem-post-data vc_gitem-post-data-source-post_excerpt\" ><p style=\"text-align: left\" ><p>Praktika Magazin, 2016. december &gt;&gt; \u00a0 A Praktika Magazin Adventi sz\u00e1m\u00e1nak kedvenc\u00e9v\u00e9 v\u00e1lasztotta a Babameleg\u00edt\u0151 Kiscsillagot(c) &#8222;MELENGET\u0150 KISCSILLAG Egy mozdulattal bele lehet b\u00fajtatni a baba pici l\u00e1bacsk\u00e1it \u00e9s karjait a k\u00e9nyelmes, pihe-puha kezesl\u00e1basba, ami, nem korl\u00e1tozza \u0151ket a mozg\u00e1sban, m\u00e9gis meg\u00f3v a hidegt\u0151l. A Monello csillag praktikus \u00f6lt\u00f6zet aut\u00f3ban vagy babakocsiban \u00e9s j\u00f3 haszn\u00e1t lehet [&hellip;]<\/p>\n<\/p><\/div><div class=\"vc_btn3-container vc_btn3-left\"><a class=\"vc_general vc_btn3 vc_btn3-size-md vc_btn3-shape-rounded vc_btn3-style-flat vc_btn3-color-juicy-pink\" a href=\"https:\/\/www.monello.hu\/en\/2018\/05\/27\/praktika-kedvence-a-kiscsillag\/\" class=\"vc_gitem-link vc_general vc_btn3 vc_general vc_btn3 vc_btn3-size-md vc_btn3-shape-rounded vc_btn3-style-flat vc_btn3-color-juicy-pink\" title=\"Read more\">Read more<\/a><\/div><\/div><\/div><\/div><\/div><\/div><div class=\"vc_clearfix\"><\/div><\/div><div class=\"vc_grid-item vc_clearfix vc_col-sm-4 vc_grid-item-zone-c-bottom\"><div class=\"vc_grid-item-mini vc_clearfix \"><div class=\"vc_gitem-animated-block\" ><div class=\"vc_gitem-zone vc_gitem-zone-a vc-gitem-zone-height-mode-auto vc-gitem-zone-height-mode-auto-1-1 vc_gitem-is-link\" style=\"background-image: url('https:\/\/www.monello.hu\/wp-content\/uploads\/2018\/05\/pelusparna12.png') !important;\"><a href=\"https:\/\/www.monello.hu\/en\/2018\/05\/27\/hordozo-kendos-uti-rongyi-a-pihepuha-pelusparna-csireknel\/\" title=\"Hordoz\u00f3 kend\u0151s \u00fati rongyi a PihePuha PelusP\u00e1rna Csirekn\u00e9l\" class=\"vc_gitem-link vc-zone-link\" ><\/a><img decoding=\"async\" class=\"vc_gitem-zone-img\" src=\"https:\/\/www.monello.hu\/wp-content\/uploads\/2018\/05\/pelusparna12.png\" alt=\"Hordoz\u00f3 kend\u0151s \u00fati rongyi a PihePuha PelusP\u00e1rna Csirekn\u00e9l\" loading=\"lazy\"><div class=\"vc_gitem-zone-mini\"><\/div><\/div><\/div><div class=\"vc_gitem-zone vc_gitem-zone-c vc_custom_1419240516480\"><div class=\"vc_gitem-zone-mini\"><div class=\"vc_gitem_row vc_row vc_gitem-row-position-top\"><div class=\"vc_col-sm-12 vc_gitem-col vc_gitem-col-align-\"><div class=\"vc_custom_heading vc_gitem-post-data vc_gitem-post-data-source-post_title\" ><h4 style=\"text-align: left\" >Hordoz\u00f3 kend\u0151s \u00fati rongyi a PihePuha PelusP\u00e1rna Csirekn\u00e9l<\/h4><\/div><div class=\"vc_custom_heading vc_gitem-post-data vc_gitem-post-data-source-post_excerpt\" ><p style=\"text-align: left\" ><p>Csirek.hu, 2016.08.18. &gt;&gt; &#8222;Nagy haszn\u00e1t vessz\u00fck m\u00e9g a Monello pihe-puha pelusp\u00e1rn\u00e1j\u00e1nak. Mostan\u00e1ban Bora nagyon ragaszkodik, f\u0151leg elalv\u00e1shoz egy hatalmas puha takar\u00f3j\u00e1hoz, van hogy a kisasszony a csatos hordoz\u00f3ban utazva egy eg\u00e9sz takar\u00f3t mag\u00e1val cipelve vonul v\u00e9gig az utc\u00e1n. Na, ennek vethet v\u00e9get a pelusp\u00e1rna, ami szint\u00e9n olyan puha, mint a sz\u00f3ban forg\u00f3 takar\u00f3, de m\u00e9rete [&hellip;]<\/p>\n<\/p><\/div><div class=\"vc_btn3-container vc_btn3-left\"><a class=\"vc_general vc_btn3 vc_btn3-size-md vc_btn3-shape-rounded vc_btn3-style-flat vc_btn3-color-juicy-pink\" a href=\"https:\/\/www.monello.hu\/en\/2018\/05\/27\/hordozo-kendos-uti-rongyi-a-pihepuha-pelusparna-csireknel\/\" class=\"vc_gitem-link vc_general vc_btn3 vc_general vc_btn3 vc_btn3-size-md vc_btn3-shape-rounded vc_btn3-style-flat vc_btn3-color-juicy-pink\" title=\"Read more\">Read more<\/a><\/div><\/div><\/div><\/div><\/div><\/div><div class=\"vc_clearfix\"><\/div><\/div><div class=\"vc_grid-item vc_clearfix vc_col-sm-4 vc_grid-item-zone-c-bottom\"><div class=\"vc_grid-item-mini vc_clearfix \"><div class=\"vc_gitem-animated-block\" ><div class=\"vc_gitem-zone vc_gitem-zone-a vc-gitem-zone-height-mode-auto vc-gitem-zone-height-mode-auto-1-1 vc_gitem-is-link\" style=\"background-image: url('https:\/\/www.monello.hu\/wp-content\/uploads\/2018\/05\/Monello_kiscsillag.png') !important;\"><a href=\"https:\/\/www.monello.hu\/en\/2018\/05\/27\/a-babamelegito-kiscsillag-mint-styling-elem\/\" title=\"A Babameleg\u00edt\u0151 Kiscsillag, mint styling elem\" class=\"vc_gitem-link vc-zone-link\" ><\/a><img decoding=\"async\" class=\"vc_gitem-zone-img\" src=\"https:\/\/www.monello.hu\/wp-content\/uploads\/2018\/05\/Monello_kiscsillag.png\" alt=\"A Babameleg\u00edt\u0151 Kiscsillag, mint styling elem\" loading=\"lazy\"><div class=\"vc_gitem-zone-mini\"><\/div><\/div><\/div><div class=\"vc_gitem-zone vc_gitem-zone-c vc_custom_1419240516480\"><div class=\"vc_gitem-zone-mini\"><div class=\"vc_gitem_row vc_row vc_gitem-row-position-top\"><div class=\"vc_col-sm-12 vc_gitem-col vc_gitem-col-align-\"><div class=\"vc_custom_heading vc_gitem-post-data vc_gitem-post-data-source-post_title\" ><h4 style=\"text-align: left\" >A Babameleg\u00edt\u0151 Kiscsillag, mint styling elem<\/h4><\/div><div class=\"vc_custom_heading vc_gitem-post-data vc_gitem-post-data-source-post_excerpt\" ><p style=\"text-align: left\" ><p>Praktika Magazin, 2014. szeptember &gt;&gt; A Babameleg\u00edt\u0151 Kiscsillagba k\u00f6nny\u0171 beleszeretni, finom pihe-puhas\u00e1ga, \u00e9l\u00e9nk vid\u00e1m \u00e9s pasztell sz\u00ednei miatt. \u00cdgy t\u00f6rt\u00e9nt, hogy a Praktika Magazin stylistja is a t\u00fcrkiz sz\u00edn\u0171 Babameleg\u00edt\u0151 Kiscsillagot v\u00e1lasztotta a fot\u00f3z\u00e1shoz. K\u00f6sz\u00f6nj\u00fck, hogy hozz\u00e1j\u00e1rulhattunk a j\u00e1tsz\u00f3pajt\u00e1saink siker\u00e9hez. Az \u00e9sz \u00e9rvek mellett pedig sz\u00f3ljon a Dress N&#8217; Go, vagyis, a Babameleg\u00edt\u0151 Kiscsillag m\u00e1sik [&hellip;]<\/p>\n<\/p><\/div><div class=\"vc_btn3-container vc_btn3-left\"><a class=\"vc_general vc_btn3 vc_btn3-size-md vc_btn3-shape-rounded vc_btn3-style-flat vc_btn3-color-juicy-pink\" a href=\"https:\/\/www.monello.hu\/en\/2018\/05\/27\/a-babamelegito-kiscsillag-mint-styling-elem\/\" class=\"vc_gitem-link vc_general vc_btn3 vc_general vc_btn3 vc_btn3-size-md vc_btn3-shape-rounded vc_btn3-style-flat vc_btn3-color-juicy-pink\" title=\"Read more\">Read more<\/a><\/div><\/div><\/div><\/div><\/div><\/div><div class=\"vc_clearfix\"><\/div><\/div><div class=\"vc_grid-item vc_clearfix vc_col-sm-4 vc_grid-item-zone-c-bottom\"><div class=\"vc_grid-item-mini vc_clearfix \"><div class=\"vc_gitem-animated-block\" ><div class=\"vc_gitem-zone vc_gitem-zone-a vc-gitem-zone-height-mode-auto vc-gitem-zone-height-mode-auto-1-1 vc_gitem-is-link\" style=\"background-image: url('https:\/\/www.monello.hu\/wp-content\/uploads\/2018\/05\/poncsoMonello10.png') !important;\"><a href=\"https:\/\/www.monello.hu\/en\/2018\/05\/27\/top-5-magyar-terv-gyerekeknek\/\" title=\"Top 5 magyar terv gyerekeknek\" class=\"vc_gitem-link vc-zone-link\" ><\/a><img decoding=\"async\" class=\"vc_gitem-zone-img\" src=\"https:\/\/www.monello.hu\/wp-content\/uploads\/2018\/05\/poncsoMonello10.png\" alt=\"Top 5 magyar terv gyerekeknek\" loading=\"lazy\"><div class=\"vc_gitem-zone-mini\"><\/div><\/div><\/div><div class=\"vc_gitem-zone vc_gitem-zone-c vc_custom_1419240516480\"><div class=\"vc_gitem-zone-mini\"><div class=\"vc_gitem_row vc_row vc_gitem-row-position-top\"><div class=\"vc_col-sm-12 vc_gitem-col vc_gitem-col-align-\"><div class=\"vc_custom_heading vc_gitem-post-data vc_gitem-post-data-source-post_title\" ><h4 style=\"text-align: left\" >Top 5 magyar terv gyerekeknek<\/h4><\/div><div class=\"vc_custom_heading vc_gitem-post-data vc_gitem-post-data-source-post_excerpt\" ><p style=\"text-align: left\" ><p>Design.hu, 2015.10.27. &gt;&gt; &#8222;A tehets\u00e9ges magyar tervez\u0151k k\u00f6z\u00fcl most ismerjetek meg 5\u00a0olyan alkot\u00f3t, forgalmaz\u00f3t,\u00a0akik gyerekeknek \u00e9s anyuk\u00e1knak\u00a0terveznek elk\u00e9peszt\u0151en \u00f6tletes dolgokat! Monello baby&amp;more\u00ae A Monello baby&amp;more\u00ae Szoptat\u00f3s Poncho azon anyuk\u00e1knak tesz nagy szolg\u00e1latot, akik sokat j\u00f6nnek-mennek, de emiatt nem akarnak lemondani a szoptat\u00e1sr\u00f3l sem, viszont kellemetlen\u00fcl \u00e9rzik magukat, ha nyilv\u00e1nos helyen kell szoptatniuk. A Monello baby&amp;more\u00ae [&hellip;]<\/p>\n<\/p><\/div><div class=\"vc_btn3-container vc_btn3-left\"><a class=\"vc_general vc_btn3 vc_btn3-size-md vc_btn3-shape-rounded vc_btn3-style-flat vc_btn3-color-juicy-pink\" a href=\"https:\/\/www.monello.hu\/en\/2018\/05\/27\/top-5-magyar-terv-gyerekeknek\/\" class=\"vc_gitem-link vc_general vc_btn3 vc_general vc_btn3 vc_btn3-size-md vc_btn3-shape-rounded vc_btn3-style-flat vc_btn3-color-juicy-pink\" title=\"Read more\">Read more<\/a><\/div><\/div><\/div><\/div><\/div><\/div><div class=\"vc_clearfix\"><\/div><\/div><div class=\"vc_grid-item vc_clearfix vc_col-sm-4 vc_grid-item-zone-c-bottom\"><div class=\"vc_grid-item-mini vc_clearfix \"><div class=\"vc_gitem-animated-block\" ><div class=\"vc_gitem-zone vc_gitem-zone-a vc-gitem-zone-height-mode-auto vc-gitem-zone-height-mode-auto-1-1 vc_gitem-is-link\" style=\"background-image: url('https:\/\/www.monello.hu\/wp-content\/uploads\/2017\/09\/4.jpg') !important;\"><a href=\"https:\/\/www.monello.hu\/en\/2017\/09\/27\/a-honap-legjobbja\/\" title=\"A h\u00f3nap legjobbja\" class=\"vc_gitem-link vc-zone-link\" ><\/a><img decoding=\"async\" class=\"vc_gitem-zone-img\" src=\"https:\/\/www.monello.hu\/wp-content\/uploads\/2017\/09\/4.jpg\" alt=\"A h\u00f3nap legjobbja\" loading=\"lazy\"><div class=\"vc_gitem-zone-mini\"><\/div><\/div><\/div><div class=\"vc_gitem-zone vc_gitem-zone-c vc_custom_1419240516480\"><div class=\"vc_gitem-zone-mini\"><div class=\"vc_gitem_row vc_row vc_gitem-row-position-top\"><div class=\"vc_col-sm-12 vc_gitem-col vc_gitem-col-align-\"><div class=\"vc_custom_heading vc_gitem-post-data vc_gitem-post-data-source-post_title\" ><h4 style=\"text-align: left\" >A h\u00f3nap legjobbja<\/h4><\/div><div class=\"vc_custom_heading vc_gitem-post-data vc_gitem-post-data-source-post_excerpt\" ><p style=\"text-align: left\" ><p>Kismama Magazin, 2017. augusztus-szeptember &gt;&gt; A Monello baby&amp;more \u00c9lm\u00e9nygy\u0171jt\u0151 Piknikpl\u00e9dje a H\u00d3NAP LEGJOBBJA LETT a Kismama magazin augusztus &#8211; szeptemberi sz\u00e1m\u00e1ban. Szeress\u00e9tek ti is! &#8222;Piknik a szabadban Ha az id\u0151j\u00e1r\u00e1s kegyes, piknikezni m\u00e9g \u0151sz elej\u00e9n is sim\u00e1n lehet, vagy egyszer\u0171en csak leheveredni a f\u0171be kicsit laz\u00edtani. A Monello piknikpl\u00e9djei t\u00f6k\u00e9letes \u00fatit\u00e1rsak, kicsire \u00f6sszehajtogathat\u00f3k \u00e9s egy [&hellip;]<\/p>\n<\/p><\/div><div class=\"vc_btn3-container vc_btn3-left\"><a class=\"vc_general vc_btn3 vc_btn3-size-md vc_btn3-shape-rounded vc_btn3-style-flat vc_btn3-color-juicy-pink\" a href=\"https:\/\/www.monello.hu\/en\/2017\/09\/27\/a-honap-legjobbja\/\" class=\"vc_gitem-link vc_general vc_btn3 vc_general vc_btn3 vc_btn3-size-md vc_btn3-shape-rounded vc_btn3-style-flat vc_btn3-color-juicy-pink\" title=\"Read more\">Read more<\/a><\/div><\/div><\/div><\/div><\/div><\/div><div class=\"vc_clearfix\"><\/div><\/div><div class=\"vc_grid-item vc_clearfix vc_col-sm-4 vc_grid-item-zone-c-bottom\"><div class=\"vc_grid-item-mini vc_clearfix \"><div class=\"vc_gitem-animated-block\" ><div class=\"vc_gitem-zone vc_gitem-zone-a vc-gitem-zone-height-mode-auto vc-gitem-zone-height-mode-auto-1-1 vc_gitem-is-link\" style=\"background-image: url('https:\/\/www.monello.hu\/wp-content\/uploads\/2016\/08\/monello_TERMEKEK_5.jpg') !important;\"><a href=\"https:\/\/www.monello.hu\/en\/2016\/08\/28\/kulteri-halozsak-is-lehet-a-babamelegito-kiscsillag\/\" title=\"K\u00fclt\u00e9ri h\u00e1l\u00f3zs\u00e1k is lehet a Babameleg\u00edt\u0151 Kiscsillag\" class=\"vc_gitem-link vc-zone-link\" ><\/a><img decoding=\"async\" class=\"vc_gitem-zone-img\" src=\"https:\/\/www.monello.hu\/wp-content\/uploads\/2016\/08\/monello_TERMEKEK_5.jpg\" alt=\"K\u00fclt\u00e9ri h\u00e1l\u00f3zs\u00e1k is lehet a Babameleg\u00edt\u0151 Kiscsillag\" loading=\"lazy\"><div class=\"vc_gitem-zone-mini\"><\/div><\/div><\/div><div class=\"vc_gitem-zone vc_gitem-zone-c vc_custom_1419240516480\"><div class=\"vc_gitem-zone-mini\"><div class=\"vc_gitem_row vc_row vc_gitem-row-position-top\"><div class=\"vc_col-sm-12 vc_gitem-col vc_gitem-col-align-\"><div class=\"vc_custom_heading vc_gitem-post-data vc_gitem-post-data-source-post_title\" ><h4 style=\"text-align: left\" >K\u00fclt\u00e9ri h\u00e1l\u00f3zs\u00e1k is lehet a Babameleg\u00edt\u0151 Kiscsillag<\/h4><\/div><div class=\"vc_custom_heading vc_gitem-post-data vc_gitem-post-data-source-post_excerpt\" ><p style=\"text-align: left\" ><p>Vous.hu, 2016.08.28. &gt;&gt; &#8222;Tal\u00e1ltunk egyszer\u0171t, hagyom\u00e1nyosat, csodasz\u00e9p h\u00e1l\u00f3zs\u00e1kot, de ak\u00e1r babakocsiban \u00e9s aut\u00f3shordoz\u00f3ban is haszn\u00e1lhat\u00f3 multifunkci\u00f3s takar\u00f3t is&#8230;&#8221; K\u00f6sz\u00f6nj\u00fck a Vous-nak, hogy bev\u00e1lasztott a h\u00e1l\u00f3zs\u00e1k v\u00e1logat\u00e1s\u00e1ba. Tal\u00e1n minket a &#8222;k\u00fclt\u00e9ri h\u00e1l\u00f3zs\u00e1k&#8221; kateg\u00f3ri\u00e1j\u00e1ba lehet sorolni, persze csak ha van ilyen, amit ak\u00e1r nevezhetn\u00e9nk takar\u00f3nak is \ud83d\ude42 babakocsi, aut\u00f3s\u00fcl\u00e9s, hordoz\u00f3 takar\u00f3, csak enn\u00e9l sokkal t\u00f6bb a Monello [&hellip;]<\/p>\n<\/p><\/div><div class=\"vc_btn3-container vc_btn3-left\"><a class=\"vc_general vc_btn3 vc_btn3-size-md vc_btn3-shape-rounded vc_btn3-style-flat vc_btn3-color-juicy-pink\" a href=\"https:\/\/www.monello.hu\/en\/2016\/08\/28\/kulteri-halozsak-is-lehet-a-babamelegito-kiscsillag\/\" class=\"vc_gitem-link vc_general vc_btn3 vc_general vc_btn3 vc_btn3-size-md vc_btn3-shape-rounded vc_btn3-style-flat vc_btn3-color-juicy-pink\" title=\"Read more\">Read more<\/a><\/div><\/div><\/div><\/div><\/div><\/div><div class=\"vc_clearfix\"><\/div><\/div><div class=\"vc_grid-item vc_clearfix vc_col-sm-4 vc_grid-item-zone-c-bottom\"><div class=\"vc_grid-item-mini vc_clearfix \"><div class=\"vc_gitem-animated-block\" ><div class=\"vc_gitem-zone vc_gitem-zone-a vc-gitem-zone-height-mode-auto vc-gitem-zone-height-mode-auto-1-1 vc_gitem-is-link\" style=\"background-image: url('https:\/\/www.monello.hu\/wp-content\/uploads\/2018\/05\/2.jpg') !important;\"><a href=\"https:\/\/www.monello.hu\/en\/2016\/07\/27\/5-szuper-piknikpled-nlcafe-1-a-monello-babymore\/\" title=\"5 szuper Piknikpl\u00e9d NLCaf\u00e9 &#8211;  Els\u0151 a Monello baby&#038;more\" class=\"vc_gitem-link vc-zone-link\" ><\/a><img decoding=\"async\" class=\"vc_gitem-zone-img\" src=\"https:\/\/www.monello.hu\/wp-content\/uploads\/2018\/05\/2.jpg\" alt=\"5 szuper Piknikpl\u00e9d NLCaf\u00e9 -  Els\u0151 a Monello baby&more\" loading=\"lazy\"><div class=\"vc_gitem-zone-mini\"><\/div><\/div><\/div><div class=\"vc_gitem-zone vc_gitem-zone-c vc_custom_1419240516480\"><div class=\"vc_gitem-zone-mini\"><div class=\"vc_gitem_row vc_row vc_gitem-row-position-top\"><div class=\"vc_col-sm-12 vc_gitem-col vc_gitem-col-align-\"><div class=\"vc_custom_heading vc_gitem-post-data vc_gitem-post-data-source-post_title\" ><h4 style=\"text-align: left\" >5 szuper Piknikpl\u00e9d NLCaf\u00e9 &#8211;  Els\u0151 a Monello baby&#038;more<\/h4><\/div><div class=\"vc_custom_heading vc_gitem-post-data vc_gitem-post-data-source-post_excerpt\" ><p style=\"text-align: left\" ><p>NLCafe, 2016.07.22 &gt;&gt; 5 szuper piknikpl\u00e9d hazai tervez\u0151kt\u0151l A list\u00e1n az els\u0151 helyen a Monello baby&amp;more \u00c9l\u00e9nygy\u0171jt\u0151 Piknikpl\u00e9dje &#8222;1. Monello, 5900 forint Hatalmas, de pillek\u00f6nny\u0171 piknikpl\u00e9dre v\u00e1gysz? Azt hiszed lehetetlen? Nem! A Monello cs\u00edkos takar\u00f3ja nemcsak k\u00f6nny\u0171, de egyszer\u0171en tiszt\u00edthat\u00f3, a t\u00e1rol\u00f3zs\u00e1kban pedig praktikusan sz\u00e1ll\u00edthat\u00f3.&#8221; Forr\u00e1s: https:\/\/www.nlcafe.hu\/otthon\/20160722\/piknik-pled\/<\/p>\n<\/p><\/div><div class=\"vc_btn3-container vc_btn3-left\"><a class=\"vc_general vc_btn3 vc_btn3-size-md vc_btn3-shape-rounded vc_btn3-style-flat vc_btn3-color-juicy-pink\" a href=\"https:\/\/www.monello.hu\/en\/2016\/07\/27\/5-szuper-piknikpled-nlcafe-1-a-monello-babymore\/\" class=\"vc_gitem-link vc_general vc_btn3 vc_general vc_btn3 vc_btn3-size-md vc_btn3-shape-rounded vc_btn3-style-flat vc_btn3-color-juicy-pink\" title=\"Read more\">Read more<\/a><\/div><\/div><\/div><\/div><\/div><\/div><div class=\"vc_clearfix\"><\/div><\/div><div class=\"vc_grid-item vc_clearfix vc_col-sm-4 vc_grid-item-zone-c-bottom\"><div class=\"vc_grid-item-mini vc_clearfix \"><div class=\"vc_gitem-animated-block\" ><div class=\"vc_gitem-zone vc_gitem-zone-a vc-gitem-zone-height-mode-auto vc-gitem-zone-height-mode-auto-1-1 vc_gitem-is-link\" style=\"background-image: url('https:\/\/www.monello.hu\/wp-content\/uploads\/2016\/05\/piknikMonello7.png') !important;\"><a href=\"https:\/\/www.monello.hu\/en\/2016\/05\/03\/az-idei-elso-piknik\/\" title=\"Az idei els\u0151 piknik\" class=\"vc_gitem-link vc-zone-link\" ><\/a><img decoding=\"async\" class=\"vc_gitem-zone-img\" src=\"https:\/\/www.monello.hu\/wp-content\/uploads\/2016\/05\/piknikMonello7.png\" alt=\"Az idei els\u0151 piknik\" loading=\"lazy\"><div class=\"vc_gitem-zone-mini\"><\/div><\/div><\/div><div class=\"vc_gitem-zone vc_gitem-zone-c vc_custom_1419240516480\"><div class=\"vc_gitem-zone-mini\"><div class=\"vc_gitem_row vc_row vc_gitem-row-position-top\"><div class=\"vc_col-sm-12 vc_gitem-col vc_gitem-col-align-\"><div class=\"vc_custom_heading vc_gitem-post-data vc_gitem-post-data-source-post_title\" ><h4 style=\"text-align: left\" >Az idei els\u0151 piknik<\/h4><\/div><div class=\"vc_custom_heading vc_gitem-post-data vc_gitem-post-data-source-post_excerpt\" ><p style=\"text-align: left\" ><p>Maison Blog, 2016. m\u00e1j 23. &gt;&gt; \u00a0 &#8222;Amikor meghozta a fut\u00e1r a Monello \u00fajdons\u00e1g\u00e1t, ezt a cs\u00edkos piknik takar\u00f3t, akkor azonnal szerettem volna elindulni a Margitszigetre, hogy felavassam. B\u00e1r az id\u0151 sz\u00e9p napos volt, kider\u00fclt, hogy nagyon h\u0171v\u00f6s van m\u00e9g az ilyen programhoz, majd j\u00f6tt a rengeteg es\u0151z\u00e9s, \u00edgy eg\u00e9szen most h\u00e9tv\u00e9g\u00e9ig kihaszn\u00e1latlanul hordoztam magammal [&hellip;]<\/p>\n<\/p><\/div><div class=\"vc_btn3-container vc_btn3-left\"><a class=\"vc_general vc_btn3 vc_btn3-size-md vc_btn3-shape-rounded vc_btn3-style-flat vc_btn3-color-juicy-pink\" a href=\"https:\/\/www.monello.hu\/en\/2016\/05\/03\/az-idei-elso-piknik\/\" class=\"vc_gitem-link vc_general vc_btn3 vc_general vc_btn3 vc_btn3-size-md vc_btn3-shape-rounded vc_btn3-style-flat vc_btn3-color-juicy-pink\" title=\"Read more\">Read more<\/a><\/div><\/div><\/div><\/div><\/div><\/div><div class=\"vc_clearfix\"><\/div><\/div><div class=\"vc_grid-item vc_clearfix vc_col-sm-4 vc_grid-item-zone-c-bottom\"><div class=\"vc_grid-item-mini vc_clearfix \"><div class=\"vc_gitem-animated-block\" ><div class=\"vc_gitem-zone vc_gitem-zone-a vc-gitem-zone-height-mode-auto vc-gitem-zone-height-mode-auto-1-1 vc_gitem-is-link\" style=\"background-image: url('https:\/\/www.monello.hu\/wp-content\/uploads\/2018\/05\/piknikMonello11.png') !important;\"><a href=\"https:\/\/www.monello.hu\/en\/2015\/08\/03\/3-dolog-ami-megkonnyiti-a-kezdo-anyukak-elso-napjait\/\" title=\"3 dolog, ami megk\u00f6nny\u00edti a kezd\u0151 anyuk\u00e1k els\u0151 napjait\" class=\"vc_gitem-link vc-zone-link\" ><\/a><img decoding=\"async\" class=\"vc_gitem-zone-img\" src=\"https:\/\/www.monello.hu\/wp-content\/uploads\/2018\/05\/piknikMonello11.png\" alt=\"3 dolog, ami megk\u00f6nny\u00edti a kezd\u0151 anyuk\u00e1k els\u0151 napjait\" loading=\"lazy\"><div class=\"vc_gitem-zone-mini\"><\/div><\/div><\/div><div class=\"vc_gitem-zone vc_gitem-zone-c vc_custom_1419240516480\"><div class=\"vc_gitem-zone-mini\"><div class=\"vc_gitem_row vc_row vc_gitem-row-position-top\"><div class=\"vc_col-sm-12 vc_gitem-col vc_gitem-col-align-\"><div class=\"vc_custom_heading vc_gitem-post-data vc_gitem-post-data-source-post_title\" ><h4 style=\"text-align: left\" >3 dolog, ami megk\u00f6nny\u00edti a kezd\u0151 anyuk\u00e1k els\u0151 napjait<\/h4><\/div><div class=\"vc_custom_heading vc_gitem-post-data vc_gitem-post-data-source-post_excerpt\" ><p style=\"text-align: left\" ><p>Maison blog, 2015. augusztus 3. &gt;&gt; &nbsp; &#8222;3. Monello babameleg\u00edt\u0151 csillag Az els\u0151 Pici Piacon tal\u00e1ltunk r\u00e1 a Monellora, aminek a babameleg\u00edt\u0151je szerelem volt els\u0151 l\u00e1t\u00e1sra. Ez l\u00e9nyeg\u00e9ben egy nagyon puha, finom anyag\u00fa takar\u00f3, ami \u00fagy van kialak\u00edtva, hogy k\u00f6nnyed\u00e9n beledughat\u00f3 a baba feje, karjai \u00e9s l\u00e1bai a csillag \u00e1gaiba. Vill\u00e1mgyorsan bebugyol\u00e1lhat\u00f3 \u00e9s nem r\u00fagja [&hellip;]<\/p>\n<\/p><\/div><div class=\"vc_btn3-container vc_btn3-left\"><a class=\"vc_general vc_btn3 vc_btn3-size-md vc_btn3-shape-rounded vc_btn3-style-flat vc_btn3-color-juicy-pink\" a href=\"https:\/\/www.monello.hu\/en\/2015\/08\/03\/3-dolog-ami-megkonnyiti-a-kezdo-anyukak-elso-napjait\/\" class=\"vc_gitem-link vc_general vc_btn3 vc_general vc_btn3 vc_btn3-size-md vc_btn3-shape-rounded vc_btn3-style-flat vc_btn3-color-juicy-pink\" title=\"Read more\">Read more<\/a><\/div><\/div><\/div><\/div><\/div><\/div><div class=\"vc_clearfix\"><\/div><\/div><\/div><\/div>\n\t<\/div>\n<\/div><\/div><\/div><\/div><\/div>\n<\/div>","protected":false},"excerpt":{"rendered":"Ny\u00fajt\u00f3deszka, gumidin\u00f3, var\u00e1zsp\u00e1lca \u2013 kincsek lapulnak az ovisok t\u00e1sk\u00e1ibanNLCaf\u00e9, 2018.02.03. &gt;&gt; &#8222;Ami nek\u00fcnk a mobil, a p\u00e9nzt\u00e1rca \u00e9s az iratok, az egy \u00f3vod\u00e1snak a J\u00e9gvar\u00e1zs-k\u00e1rtya, a cumi \u00e9s a kedvenc pl\u00fcss \u2013 de ezek mellett m\u00e1s \u00e9rdekess\u00e9gek is felbukkannak az \u00f3vod\u00e1sok retik\u00fcljeiben!&#8221; Alex \u2013 c\u00e1p\u00e1s h\u00e1tizs\u00e1k Alex n\u00e9gy\u00e9ves, mindig is im\u00e1dta az aut\u00f3kat, \u00edgy abb\u00f3l [...]","protected":false},"author":33,"featured_media":0,"parent":39,"menu_order":3,"comment_status":"closed","ping_status":"closed","template":"","meta":{"footnotes":""},"class_list":["post-45","page","type-page","status-publish","hentry"],"yoast_head":"<!-- This site is optimized with the Yoast SEO plugin v27.3 - https:\/\/yoast.com\/product\/yoast-seo-wordpress\/ -->\n<title>Monello a m\u00e9di\u00e1ban - Monello baby&amp;more<\/title>\n<meta name=\"robots\" content=\"index, follow, max-snippet:-1, max-image-preview:large, max-video-preview:-1\" \/>\n<link rel=\"canonical\" href=\"https:\/\/www.monello.hu\/en\/buszkesegfal\/monello-media\/\" \/>\n<meta property=\"og:locale\" content=\"en_GB\" \/>\n<meta property=\"og:type\" content=\"article\" \/>\n<meta property=\"og:title\" content=\"Monello a m\u00e9di\u00e1ban - Monello baby&amp;more\" \/>\n<meta property=\"og:url\" content=\"https:\/\/www.monello.hu\/en\/buszkesegfal\/monello-media\/\" \/>\n<meta property=\"og:site_name\" content=\"Monello baby&amp;more\" \/>\n<meta property=\"article:publisher\" content=\"https:\/\/www.facebook.com\/monellobabyandmore\/\" \/>\n<meta property=\"article:modified_time\" content=\"2018-06-04T05:52:37+00:00\" \/>\n<meta property=\"og:image\" content=\"https:\/\/www.monello.hu\/wp-content\/uploads\/2025\/11\/MONDELLO_LOGO_NEW_LOGO_HORIZONT_black.png\" \/>\n\t<meta property=\"og:image:width\" content=\"1722\" \/>\n\t<meta property=\"og:image:height\" content=\"600\" \/>\n\t<meta property=\"og:image:type\" content=\"image\/png\" \/>\n<meta name=\"twitter:card\" content=\"summary_large_image\" \/>\n<script type=\"application\/ld+json\" class=\"yoast-schema-graph\">{\"@context\":\"https:\\\/\\\/schema.org\",\"@graph\":[{\"@type\":\"WebPage\",\"@id\":\"https:\\\/\\\/www.monello.hu\\\/buszkesegfal\\\/monello-media\\\/\",\"url\":\"https:\\\/\\\/www.monello.hu\\\/buszkesegfal\\\/monello-media\\\/\",\"name\":\"Monello a m\u00e9di\u00e1ban - Monello baby&amp;more\",\"isPartOf\":{\"@id\":\"https:\\\/\\\/www.monello.hu\\\/#website\"},\"datePublished\":\"2018-05-24T17:37:25+00:00\",\"dateModified\":\"2018-06-04T05:52:37+00:00\",\"breadcrumb\":{\"@id\":\"https:\\\/\\\/www.monello.hu\\\/buszkesegfal\\\/monello-media\\\/#breadcrumb\"},\"inLanguage\":\"en-GB\",\"potentialAction\":[{\"@type\":\"ReadAction\",\"target\":[\"https:\\\/\\\/www.monello.hu\\\/buszkesegfal\\\/monello-media\\\/\"]}]},{\"@type\":\"BreadcrumbList\",\"@id\":\"https:\\\/\\\/www.monello.hu\\\/buszkesegfal\\\/monello-media\\\/#breadcrumb\",\"itemListElement\":[{\"@type\":\"ListItem\",\"position\":1,\"name\":\"Home\",\"item\":\"https:\\\/\\\/www.monello.hu\\\/\"},{\"@type\":\"ListItem\",\"position\":2,\"name\":\"B\u00fcszkes\u00e9gfal\",\"item\":\"https:\\\/\\\/www.monello.hu\\\/buszkesegfal\\\/\"},{\"@type\":\"ListItem\",\"position\":3,\"name\":\"Monello a m\u00e9di\u00e1ban\"}]},{\"@type\":\"WebSite\",\"@id\":\"https:\\\/\\\/www.monello.hu\\\/#website\",\"url\":\"https:\\\/\\\/www.monello.hu\\\/\",\"name\":\"Monello baby&more\",\"description\":\"\",\"publisher\":{\"@id\":\"https:\\\/\\\/www.monello.hu\\\/#organization\"},\"potentialAction\":[{\"@type\":\"SearchAction\",\"target\":{\"@type\":\"EntryPoint\",\"urlTemplate\":\"https:\\\/\\\/www.monello.hu\\\/?s={search_term_string}\"},\"query-input\":{\"@type\":\"PropertyValueSpecification\",\"valueRequired\":true,\"valueName\":\"search_term_string\"}}],\"inLanguage\":\"en-GB\"},{\"@type\":\"Organization\",\"@id\":\"https:\\\/\\\/www.monello.hu\\\/#organization\",\"name\":\"Monello baby&more\",\"url\":\"https:\\\/\\\/www.monello.hu\\\/\",\"logo\":{\"@type\":\"ImageObject\",\"inLanguage\":\"en-GB\",\"@id\":\"https:\\\/\\\/www.monello.hu\\\/#\\\/schema\\\/logo\\\/image\\\/\",\"url\":\"https:\\\/\\\/www.monello.hu\\\/wp-content\\\/uploads\\\/2025\\\/11\\\/MONDELLO_LOGO_NEW_LOGO_HORIZONT_black.png\",\"contentUrl\":\"https:\\\/\\\/www.monello.hu\\\/wp-content\\\/uploads\\\/2025\\\/11\\\/MONDELLO_LOGO_NEW_LOGO_HORIZONT_black.png\",\"width\":1722,\"height\":600,\"caption\":\"Monello baby&more\"},\"image\":{\"@id\":\"https:\\\/\\\/www.monello.hu\\\/#\\\/schema\\\/logo\\\/image\\\/\"},\"sameAs\":[\"https:\\\/\\\/www.facebook.com\\\/monellobabyandmore\\\/\",\"https:\\\/\\\/www.instagram.com\\\/monello_moms\\\/\",\"https:\\\/\\\/www.tiktok.com\\\/@monellobabyandmore\"]}]}<\/script>\n<!-- \/ Yoast SEO plugin. -->","yoast_head_json":{"title":"Monello a m\u00e9di\u00e1ban - Monello baby&amp;more","robots":{"index":"index","follow":"follow","max-snippet":"max-snippet:-1","max-image-preview":"max-image-preview:large","max-video-preview":"max-video-preview:-1"},"canonical":"https:\/\/www.monello.hu\/en\/buszkesegfal\/monello-media\/","og_locale":"en_GB","og_type":"article","og_title":"Monello a m\u00e9di\u00e1ban - Monello baby&amp;more","og_url":"https:\/\/www.monello.hu\/en\/buszkesegfal\/monello-media\/","og_site_name":"Monello baby&amp;more","article_publisher":"https:\/\/www.facebook.com\/monellobabyandmore\/","article_modified_time":"2018-06-04T05:52:37+00:00","og_image":[{"width":1722,"height":600,"url":"https:\/\/www.monello.hu\/wp-content\/uploads\/2025\/11\/MONDELLO_LOGO_NEW_LOGO_HORIZONT_black.png","type":"image\/png"}],"twitter_card":"summary_large_image","schema":{"@context":"https:\/\/schema.org","@graph":[{"@type":"WebPage","@id":"https:\/\/www.monello.hu\/buszkesegfal\/monello-media\/","url":"https:\/\/www.monello.hu\/buszkesegfal\/monello-media\/","name":"Monello a m\u00e9di\u00e1ban - Monello baby&amp;more","isPartOf":{"@id":"https:\/\/www.monello.hu\/#website"},"datePublished":"2018-05-24T17:37:25+00:00","dateModified":"2018-06-04T05:52:37+00:00","breadcrumb":{"@id":"https:\/\/www.monello.hu\/buszkesegfal\/monello-media\/#breadcrumb"},"inLanguage":"en-GB","potentialAction":[{"@type":"ReadAction","target":["https:\/\/www.monello.hu\/buszkesegfal\/monello-media\/"]}]},{"@type":"BreadcrumbList","@id":"https:\/\/www.monello.hu\/buszkesegfal\/monello-media\/#breadcrumb","itemListElement":[{"@type":"ListItem","position":1,"name":"Home","item":"https:\/\/www.monello.hu\/"},{"@type":"ListItem","position":2,"name":"B\u00fcszkes\u00e9gfal","item":"https:\/\/www.monello.hu\/buszkesegfal\/"},{"@type":"ListItem","position":3,"name":"Monello a m\u00e9di\u00e1ban"}]},{"@type":"WebSite","@id":"https:\/\/www.monello.hu\/#website","url":"https:\/\/www.monello.hu\/","name":"Monello baby&more","description":"","publisher":{"@id":"https:\/\/www.monello.hu\/#organization"},"potentialAction":[{"@type":"SearchAction","target":{"@type":"EntryPoint","urlTemplate":"https:\/\/www.monello.hu\/?s={search_term_string}"},"query-input":{"@type":"PropertyValueSpecification","valueRequired":true,"valueName":"search_term_string"}}],"inLanguage":"en-GB"},{"@type":"Organization","@id":"https:\/\/www.monello.hu\/#organization","name":"Monello baby&more","url":"https:\/\/www.monello.hu\/","logo":{"@type":"ImageObject","inLanguage":"en-GB","@id":"https:\/\/www.monello.hu\/#\/schema\/logo\/image\/","url":"https:\/\/www.monello.hu\/wp-content\/uploads\/2025\/11\/MONDELLO_LOGO_NEW_LOGO_HORIZONT_black.png","contentUrl":"https:\/\/www.monello.hu\/wp-content\/uploads\/2025\/11\/MONDELLO_LOGO_NEW_LOGO_HORIZONT_black.png","width":1722,"height":600,"caption":"Monello baby&more"},"image":{"@id":"https:\/\/www.monello.hu\/#\/schema\/logo\/image\/"},"sameAs":["https:\/\/www.facebook.com\/monellobabyandmore\/","https:\/\/www.instagram.com\/monello_moms\/","https:\/\/www.tiktok.com\/@monellobabyandmore"]}]}},"_links":{"self":[{"href":"https:\/\/www.monello.hu\/en\/wp-json\/wp\/v2\/pages\/45","targetHints":{"allow":["GET"]}}],"collection":[{"href":"https:\/\/www.monello.hu\/en\/wp-json\/wp\/v2\/pages"}],"about":[{"href":"https:\/\/www.monello.hu\/en\/wp-json\/wp\/v2\/types\/page"}],"author":[{"embeddable":true,"href":"https:\/\/www.monello.hu\/en\/wp-json\/wp\/v2\/users\/33"}],"replies":[{"embeddable":true,"href":"https:\/\/www.monello.hu\/en\/wp-json\/wp\/v2\/comments?post=45"}],"version-history":[{"count":6,"href":"https:\/\/www.monello.hu\/en\/wp-json\/wp\/v2\/pages\/45\/revisions"}],"predecessor-version":[{"id":1405,"href":"https:\/\/www.monello.hu\/en\/wp-json\/wp\/v2\/pages\/45\/revisions\/1405"}],"up":[{"embeddable":true,"href":"https:\/\/www.monello.hu\/en\/wp-json\/wp\/v2\/pages\/39"}],"wp:attachment":[{"href":"https:\/\/www.monello.hu\/en\/wp-json\/wp\/v2\/media?parent=45"}],"curies":[{"name":"wp","href":"https:\/\/api.w.org\/{rel}","templated":true}]}}