{"id":25,"date":"2018-05-24T17:34:01","date_gmt":"2018-05-24T17:34:01","guid":{"rendered":"https:\/\/monello.hu\/?page_id=25"},"modified":"2023-12-01T11:22:39","modified_gmt":"2023-12-01T10:22:39","slug":"akcio","status":"publish","type":"page","link":"https:\/\/www.monello.hu\/en\/blog\/akcio\/","title":{"rendered":"ACTION"},"content":{"rendered":"<div class=\"wpb-content-wrapper\"><div class=\"vc_row wpb_row vc_row-fluid\"><div class=\"wpb_column vc_column_container vc_col-sm-12\"><div class=\"vc_column-inner\"><div class=\"wpb_wrapper\">\n\t<div class=\"wpb_text_column wpb_content_element\" >\n\t\t<div class=\"wpb_wrapper\">\n\t\t\t<div class=\"entry-content blog-single\">\n<div class=\"\" dir=\"auto\">\n<div dir=\"auto\">\n<div class=\"\" dir=\"auto\">\n<div id=\":Ralalfakql9aqqd9emhpapd5aqH2:\" class=\"x1iorvi4 x1pi30zi x1l90r2v x1swvt13\" data-ad-comet-preview=\"message\" data-ad-preview=\"message\">\n<div class=\"x78zum5 xdt5ytf xz62fqu x16ldp7u\">\n<div dir=\"auto\">\n<p><img loading=\"lazy\" decoding=\"async\" class=\"alignnone size-full wp-image-26695\" src=\"https:\/\/www.monello.hu\/wp-content\/uploads\/2023\/12\/PiciPiac_Jatek_Monello_FB.png\" alt=\"\" width=\"940\" height=\"788\" srcset=\"https:\/\/www.monello.hu\/wp-content\/uploads\/2023\/12\/PiciPiac_Jatek_Monello_FB.png 940w, https:\/\/www.monello.hu\/wp-content\/uploads\/2023\/12\/PiciPiac_Jatek_Monello_FB-300x251.png 300w, https:\/\/www.monello.hu\/wp-content\/uploads\/2023\/12\/PiciPiac_Jatek_Monello_FB-768x644.png 768w, https:\/\/www.monello.hu\/wp-content\/uploads\/2023\/12\/PiciPiac_Jatek_Monello_FB-600x503.png 600w\" sizes=\"auto, (max-width: 940px) 100vw, 940px\" \/><\/p>\n<p>Dr\u00e1ga L\u00e1nyok,<\/p>\n<p>v\u00e1runk titeket sok szeretettel, 2023. december 3-\u00e1n, Budapesten a Laurusban 9.00 &#8211; 16.00 \u00f3r\u00e1ig a Pici Piacon!<\/p>\n<p>R\u00e9szletek <a href=\"https:\/\/www.facebook.com\/events\/1623319161409911\">ide kattintva.<\/a><\/p>\n<\/div>\n<p><strong>Az al\u00e1bbi kedvezm\u00e9nyeket tudod ig\u00e9nybe venni, vagy el\u0151rendel\u00e9ssel, vagy pedig a helysz\u00ednen:<\/strong><\/p>\n<p>1 term\u00e9k = -10% kedvezm\u00e9ny kuponk\u00f3d az el\u0151rendel\u00e9shez = 10pici23dec<\/p>\n<p>2 term\u00e9k = -15% kedvezm\u00e9ny kuponk\u00f3d az el\u0151rendel\u00e9shez = 15pici23dec<\/p>\n<p><strong>A kedvezm\u00e9nyeket csak a <a href=\"https:\/\/www.facebook.com\/events\/1623319161409911\">Pici Piacon<\/a> t\u00f6rt\u00e9n\u0151 v\u00e1s\u00e1rl\u00e1s sor\u00e1n, vagy el\u0151rendel\u00e9ssel \u00e9s Pici Piacos \u00e1tv\u00e9tellel<\/strong> tudjuk \u00e9rv\u00e9nyes\u00edteni. Minden m\u00e1s esetben a kuponk\u00f3dot \u00e9rv\u00e9nytelen\u00edteni fogjuk.<\/p>\n<p>A kupon m\u00e1s kedvezm\u00e9nyekkel \u00e9s kuponokkal nem haszn\u00e1lhat\u00f3.<\/p>\n<p>\u00c9rv\u00e9nyes a kupon ki\u00e1ll\u00edt\u00e1s\u00e1t\u00f3l 2023. november 30-\u00e1n \u00e9jf\u00e9lig el\u0151rendel\u00e9shez \u00e9s 2023. december 3-\u00e1n 16.00 \u00f3r\u00e1ig a Pici Piacon.<\/p>\n<p>&nbsp;<\/p>\n<p><strong>AJ\u00c1ND\u00c9K MINDEN V\u00c1S\u00c1RL\u00d3KNAK A PICI PIACON<\/strong><\/p>\n<p>Minden v\u00e1s\u00e1rl\u00f3nk aj\u00e1nd\u00e9k mini pelusp\u00e1rn\u00e1t kap.<\/p>\n<p><img loading=\"lazy\" decoding=\"async\" class=\"alignnone size-full wp-image-26579\" src=\"https:\/\/www.monello.hu\/wp-content\/uploads\/2023\/03\/BellaBoni_Monello_Xmas2.jpg\" alt=\"\u00dcnnepi Aj\u00e1nlat Monello Kar\u00e1csonyi akci\u00f3, mesek\u00f6nyv, kedvez\u0151 \u00e1ron, t\u00f6lgy kiad\u00f3, Monello baby&amp;more\" width=\"600\" height=\"600\" srcset=\"https:\/\/www.monello.hu\/wp-content\/uploads\/2023\/03\/BellaBoni_Monello_Xmas2.jpg 600w, https:\/\/www.monello.hu\/wp-content\/uploads\/2023\/03\/BellaBoni_Monello_Xmas2-300x300.jpg 300w, https:\/\/www.monello.hu\/wp-content\/uploads\/2023\/03\/BellaBoni_Monello_Xmas2-150x150.jpg 150w, https:\/\/www.monello.hu\/wp-content\/uploads\/2023\/03\/BellaBoni_Monello_Xmas2-220x220.jpg 220w, https:\/\/www.monello.hu\/wp-content\/uploads\/2023\/03\/BellaBoni_Monello_Xmas2-450x450.jpg 450w, https:\/\/www.monello.hu\/wp-content\/uploads\/2023\/03\/BellaBoni_Monello_Xmas2-100x100.jpg 100w\" sizes=\"auto, (max-width: 600px) 100vw, 600px\" \/><\/p>\n<p>30 000Ft feletti v\u00e1s\u00e1rl\u00e1sokhoz a <a href=\"https:\/\/www.monello.hu\/en\/shop\/bella-boni-mesekonyv\/\">Bella \u00e9s Boni mesek\u00f6nyvek<\/a> k\u00f6z\u00fcl lehet 1-et v\u00e1lasztani.<\/p>\n<p><img loading=\"lazy\" decoding=\"async\" class=\"alignnone size-full wp-image-26655\" src=\"https:\/\/www.monello.hu\/wp-content\/uploads\/2023\/11\/Xmas_LimitedEd_Monello_kosarka5.jpg\" alt=\"Monello \u00fcnnepi kos\u00e1rka, Mikul\u00e1s Zs\u00e1k, Kar\u00e1csonyi aj\u00e1nd\u00e9k t\u00e1rol\u00f3\" width=\"600\" height=\"600\" srcset=\"https:\/\/www.monello.hu\/wp-content\/uploads\/2023\/11\/Xmas_LimitedEd_Monello_kosarka5.jpg 600w, https:\/\/www.monello.hu\/wp-content\/uploads\/2023\/11\/Xmas_LimitedEd_Monello_kosarka5-300x300.jpg 300w, https:\/\/www.monello.hu\/wp-content\/uploads\/2023\/11\/Xmas_LimitedEd_Monello_kosarka5-150x150.jpg 150w, https:\/\/www.monello.hu\/wp-content\/uploads\/2023\/11\/Xmas_LimitedEd_Monello_kosarka5-220x220.jpg 220w, https:\/\/www.monello.hu\/wp-content\/uploads\/2023\/11\/Xmas_LimitedEd_Monello_kosarka5-450x450.jpg 450w, https:\/\/www.monello.hu\/wp-content\/uploads\/2023\/11\/Xmas_LimitedEd_Monello_kosarka5-100x100.jpg 100w\" sizes=\"auto, (max-width: 600px) 100vw, 600px\" \/><\/p>\n<p>40 000Ft feletti v\u00e1s\u00e1rl\u00e1sokhoz az egyik <a href=\"https:\/\/www.monello.hu\/en\/shop\/bella-boni-mesekonyv\/\">Bella \u00e9s Boni mesek\u00f6nyvet<\/a> adjuk aj\u00e1nd\u00e9kba egy Monello \u00fcnnep kos\u00e1rk\u00e1val egy\u00fctt.<\/p>\n<p><strong>V\u00e1lassz Kar\u00e1csonyi aj\u00e1nd\u00e9kot az \u00dcnnepi Limited Edition aj\u00e1nd\u00e9k csomagjaink k\u00f6z\u00fcl.<\/strong><\/p>\n<\/div>\n<p><strong>1.) \u00dcnnepi Superwarm Feket-feh\u00e9r p\u00f6tty\u00f6s Superwarm kiscsillag d\u00edszcsomagol\u00e1sban,<\/strong> PelusP\u00e1rn\u00e1val, Monello Man\u00f3val \u00e9s Bella \u00e9s Boni mesek\u00f6nyvek egyik\u00e9vel d\u00edszdobozban.<\/p>\n<p><a href=\"https:\/\/www.monello.hu\/en\/shop\/fekete-pottyos-winter-edition-teli-kiscsillag-ajandekcsomag\/\">R\u00e9szletek ide kattintva.<\/a><\/p>\n<p><img loading=\"lazy\" decoding=\"async\" class=\"alignnone size-full wp-image-26623\" src=\"https:\/\/www.monello.hu\/wp-content\/uploads\/2023\/11\/Xmas_LimitedEd_Monello5.png\" alt=\"Kar\u00e1csonyi Limited Edition superwarm Babameleg\u00edt\u0151 Kiscsillag csomag kar\u00e1csonyi aj\u00e1nd\u00e9k \u00f6tlet\" width=\"600\" height=\"600\" srcset=\"https:\/\/www.monello.hu\/wp-content\/uploads\/2023\/11\/Xmas_LimitedEd_Monello5.png 600w, https:\/\/www.monello.hu\/wp-content\/uploads\/2023\/11\/Xmas_LimitedEd_Monello5-300x300.png 300w, https:\/\/www.monello.hu\/wp-content\/uploads\/2023\/11\/Xmas_LimitedEd_Monello5-150x150.png 150w, https:\/\/www.monello.hu\/wp-content\/uploads\/2023\/11\/Xmas_LimitedEd_Monello5-220x220.png 220w, https:\/\/www.monello.hu\/wp-content\/uploads\/2023\/11\/Xmas_LimitedEd_Monello5-450x450.png 450w, https:\/\/www.monello.hu\/wp-content\/uploads\/2023\/11\/Xmas_LimitedEd_Monello5-100x100.png 100w\" sizes=\"auto, (max-width: 600px) 100vw, 600px\" \/><\/p>\n<div class=\"x78zum5 xdt5ytf xz62fqu x16ldp7u\">\n<p>\u00cdme a 2023-as Kar\u00e1csonyi \u00dcnnepi <strong>T\u00c9LI Babameleg\u00edt\u0151 Kiscsillag Aj\u00e1nd\u00e9k csomag!<\/strong><\/p>\n<p>Az aj\u00e1nd\u00e9k csomag tartalma:<\/p>\n<ul>\n<li>Fekete-feh\u00e9r p\u00f6tty\u00f6s Superwarm T\u00e9li Babameleg\u00edt\u0151 Kiscsillag, t\u00f6rtfeh\u00e9r bels\u0151vel<\/li>\n<li>T\u00f6rtfeh\u00e9r PihePuha PelusP\u00e1rna<\/li>\n<li>T\u00f6rtfeh\u00e9r Monello Man\u00f3<\/li>\n<li>Bella \u00e9s Boni mesek\u00f6nyvek k\u00f6z\u00fcl az egyik: Sz\u00e9p \u00e1lmokat Boni \/ vagy Boni a v\u00e1logat\u00f3s nyuszi<\/li>\n<li>D\u00edszdobozban<\/li>\n<\/ul>\n<p><strong>A T\u00e9li Superwarm Babameleg\u00edt\u0151 Kiscsillag k\u00edv\u00fclr\u0151l sz\u00e9l\u00e1ll\u00f3 \u00e9s v\u00edzleperget\u0151s, EXTRA B\u00c9L\u00c9SSEL \u00e9s<\/strong> a klasszikus <strong>Kiscsillaggal megegyez\u0151 pihepuha bels\u0151 r\u00e9teggel. <\/strong><\/p>\n<p>Ezt a modellt csak z\u00e1rt l\u00e1bv\u00e9g\u0171 68-as, 74-es \u00e9s 80-as m\u00e9retben k\u00e9sz\u00edtj\u00fck a k\u00e9szlet erej\u00e9ig el\u00e9rhet\u0151.<\/p>\n<p>&nbsp;<\/p>\n<p><strong>2.) \u00dcnnepi Limited Edition Monello \u00c1lomTakar\u00f3 &#8211; \u00c1lomman\u00f3val d\u00edszcsomagol\u00e1sban.<\/strong><\/p>\n<p>Megn\u00e9zem az e-boutiqueban<a href=\"https:\/\/www.monello.hu\/en\/shop\/monello-takaro\/\"> ide kattintva.<\/a><\/p>\n<p><img loading=\"lazy\" decoding=\"async\" class=\"alignnone size-full wp-image-26647\" src=\"https:\/\/www.monello.hu\/wp-content\/uploads\/2023\/11\/Xmas_LimitedEd_Monello_takaro4.jpg\" alt=\"\" width=\"600\" height=\"600\" srcset=\"https:\/\/www.monello.hu\/wp-content\/uploads\/2023\/11\/Xmas_LimitedEd_Monello_takaro4.jpg 600w, https:\/\/www.monello.hu\/wp-content\/uploads\/2023\/11\/Xmas_LimitedEd_Monello_takaro4-300x300.jpg 300w, https:\/\/www.monello.hu\/wp-content\/uploads\/2023\/11\/Xmas_LimitedEd_Monello_takaro4-150x150.jpg 150w, https:\/\/www.monello.hu\/wp-content\/uploads\/2023\/11\/Xmas_LimitedEd_Monello_takaro4-220x220.jpg 220w, https:\/\/www.monello.hu\/wp-content\/uploads\/2023\/11\/Xmas_LimitedEd_Monello_takaro4-450x450.jpg 450w, https:\/\/www.monello.hu\/wp-content\/uploads\/2023\/11\/Xmas_LimitedEd_Monello_takaro4-100x100.jpg 100w\" sizes=\"auto, (max-width: 600px) 100vw, 600px\" \/><\/p>\n<p>Id\u00e9n el\u0151sz\u00f6r k\u00e9sz\u00edt\u00fcnk Monello \u00c1lomtakar\u00f3t is, hogy benti alv\u00e1shoz is legyen \u00c1lomporos Monell\u00f3juk a bab\u00e1csk\u00e1knak.<\/p>\n<p>M\u00e9rete: 80*85cm<\/p>\n<p>Aj\u00e1nd\u00e9k csomagban Monello \u00c1lomman\u00f3val (t\u00f6rtfeh\u00e9r sz\u00edn\u0171) d\u00edszdobozban (a d\u00edszdoboz sz\u00edne v\u00e1ltozhat) v\u00e1s\u00e1rolhat\u00f3 meg.<\/p>\n<p>Limit\u00e1lt darabsz\u00e1mban \u00e9rhet\u0151 el.<\/p>\n<p>&nbsp;<\/p>\n<p><strong>3.) V\u00e1laszd \u00dcnnepi Monello Kos\u00e1rk\u00e1nkat 1000Ft-\u00e9rt<\/strong><\/p>\n<p>megn\u00e9zem a v\u00e1laszt\u00e9kot<a href=\"https:\/\/www.monello.hu\/en\/shop\/monello-kosarka\/\"> ide kattinva.<\/a><\/p>\n<p><img loading=\"lazy\" decoding=\"async\" class=\"alignnone size-full wp-image-26655\" src=\"https:\/\/www.monello.hu\/wp-content\/uploads\/2023\/11\/Xmas_LimitedEd_Monello_kosarka5.jpg\" alt=\"Monello \u00fcnnepi kos\u00e1rka, Mikul\u00e1s Zs\u00e1k, Kar\u00e1csonyi aj\u00e1nd\u00e9k t\u00e1rol\u00f3\" width=\"600\" height=\"600\" srcset=\"https:\/\/www.monello.hu\/wp-content\/uploads\/2023\/11\/Xmas_LimitedEd_Monello_kosarka5.jpg 600w, https:\/\/www.monello.hu\/wp-content\/uploads\/2023\/11\/Xmas_LimitedEd_Monello_kosarka5-300x300.jpg 300w, https:\/\/www.monello.hu\/wp-content\/uploads\/2023\/11\/Xmas_LimitedEd_Monello_kosarka5-150x150.jpg 150w, https:\/\/www.monello.hu\/wp-content\/uploads\/2023\/11\/Xmas_LimitedEd_Monello_kosarka5-220x220.jpg 220w, https:\/\/www.monello.hu\/wp-content\/uploads\/2023\/11\/Xmas_LimitedEd_Monello_kosarka5-450x450.jpg 450w, https:\/\/www.monello.hu\/wp-content\/uploads\/2023\/11\/Xmas_LimitedEd_Monello_kosarka5-100x100.jpg 100w\" sizes=\"auto, (max-width: 600px) 100vw, 600px\" \/><\/p>\n<p>Id\u00e9n el\u0151sz\u00f6r k\u00e9sz\u00edt\u00fcnk Monello Kos\u00e1rk\u00e1kat, amit nem csak Mikul\u00e1skor \u00e9s Kar\u00e1csonykor, de eg\u00e9sz \u00e9vben haszn\u00e1lni tudsz j\u00e1t\u00e9kok, baba ruh\u00e1k t\u00e1rol\u00e1s\u00e1ra is.<\/p>\n<p>M\u00e9rete: 15*12cm<\/p>\n<p>A kos\u00e1rk\u00e1kat a Softshell Sz\u00e9l\u00e1ll\u00f3 Babameleg\u00edt\u0151 Kiscsillagok megmaradt anyag\u00e1b\u00f3l k\u00e9sz\u00edtj\u00fck.<\/p>\n<p>Limit\u00e1lt darabsz\u00e1mban \u00e9rhet\u0151 el.<\/p>\n<p>\u00cdgy lesz a Monello baby&amp;more is fenntarthat\u00f3 m\u00e1rka.<\/p>\n<p>&nbsp;<\/p>\n<p><strong>4.) Bella \u00e9s Boni mesek\u00f6nyvek kedvezm\u00e9nyes \u00e1ron.<\/strong><\/p>\n<p>Megn\u00e9zem a k\u00f6nyveket<a href=\"https:\/\/www.monello.hu\/en\/shop\/bella-boni-mesekonyv\/\"> ide kattintva.<\/a><\/p>\n<p><img loading=\"lazy\" decoding=\"async\" class=\"alignnone size-full wp-image-26577\" src=\"https:\/\/www.monello.hu\/wp-content\/uploads\/2023\/11\/BellaBoni_Monello_Xmas.jpg\" alt=\"Monello Kar\u00e1csonyi aj\u00e1nlat, Babacsillag Monello \u00fcnnepi aj\u00e1nlat, Bella \u00e9s Boni mesek\u00f6nyvek kedvezm\u00e9nyes \u00e1ron\" width=\"600\" height=\"600\" srcset=\"https:\/\/www.monello.hu\/wp-content\/uploads\/2023\/11\/BellaBoni_Monello_Xmas.jpg 600w, https:\/\/www.monello.hu\/wp-content\/uploads\/2023\/11\/BellaBoni_Monello_Xmas-300x300.jpg 300w, https:\/\/www.monello.hu\/wp-content\/uploads\/2023\/11\/BellaBoni_Monello_Xmas-150x150.jpg 150w, https:\/\/www.monello.hu\/wp-content\/uploads\/2023\/11\/BellaBoni_Monello_Xmas-220x220.jpg 220w, https:\/\/www.monello.hu\/wp-content\/uploads\/2023\/11\/BellaBoni_Monello_Xmas-450x450.jpg 450w, https:\/\/www.monello.hu\/wp-content\/uploads\/2023\/11\/BellaBoni_Monello_Xmas-100x100.jpg 100w\" sizes=\"auto, (max-width: 600px) 100vw, 600px\" \/><\/p>\n<p><strong>Minden Monello baby&amp;more megrendel\u00e9sedhez 900Ft-os \u00e1ron v\u00e1s\u00e1rolhatod meg ezeket a Bella&amp;Boni mesek\u00f6nyveket a T\u00f6lgy kiad\u00f3 j\u00f3volt\u00e1b\u00f3l k\u00e9szlet erej\u00e9ig.<br \/>\n<\/strong><\/p>\n<p><strong>30 000Ft feletti v\u00e1s\u00e1rl\u00e1s eset\u00e9n 10Ft-os technikai k\u00f6lts\u00e9ggel k\u00fcldj\u00fck neked a Boni a v\u00e1logat\u00f3s nyuszi vagy a Sz\u00e9p \u00c1lmokat Boni mesek\u00f6nyvet a megrendel\u00e9sed mell\u00e9 \u201caj\u00e1nd\u00e9kba\u201d a v\u00e1laszt\u00e1sodnak megfelel\u0151en.<br \/>\n<\/strong><\/p>\n<div class=\"wpb_text_column wpb_content_element vc_custom_1621778489047\">\n<div class=\"wpb_wrapper\">\n<div class=\"wpb_text_column wpb_content_element vc_custom_1621777764711\">\n<div class=\"wpb_wrapper\">\n<p><em><strong>Sz\u00e9p \u00c1lmokat Boni<\/strong><\/em><\/p>\n<p>Boni, a nyuszi ez\u00fattal lefekv\u00e9shez k\u00e9sz\u00fcl\u0151dik, persze nincs \u00edny\u00e9re az \u00e1gyba b\u00faj\u00e1s \u2013 mi tagad\u00e1s, ezzel a legt\u00f6bb gyerk\u0151c \u00edgy van.<br \/>\nAzonban Bell\u00e1nak, Boni elv\u00e1laszthatatlan bar\u00e1tj\u00e1nak, erre a megoldhatatlannak l\u00e1tsz\u00f3 probl\u00e9m\u00e1ra is van \u00f6tlete: egy kedves dallal h\u00edvja \u00e1lmokkal teli kalandra rakonc\u00e1tlan nyuszij\u00e1t, s k\u00f6zben sok r\u00e9gi bar\u00e1ttal is tal\u00e1lkoznak.<\/p>\n<p>Csatlakozz hozz\u00e1juk te is, b\u00fajj vel\u00fck \u00e1gyba, hogy egy\u00fctt \u00e9rkezzetek \u00c1lomorsz\u00e1gba!<\/p>\n<p>Mandy Sutcliffe b\u00e1jos illusztr\u00e1ci\u00f3i \u00e9s kedves mes\u00e9je j\u00e1t\u00e9kosan vezetik r\u00e1 a 2-8 \u00e9ves gyerekeket az esti lefekv\u00e9ssel j\u00e1r\u00f3 feladatokra a rendrak\u00e1st\u00f3l a fogmos\u00e1sig.<\/p>\n<p><strong>Terjedelem: 32 oldal<\/strong><br \/>\n<strong>Bolti \u00e1r: 2690 Ft<\/strong><\/p>\n<p><em><strong>Boni, a v\u00e1logat\u00f3s nyuszi<\/strong><\/em><\/p>\n<p>A b\u00e1jos illusztr\u00e1ci\u00f3k \u00e9s a kedves mese \u00fcgyesen r\u00e1vezeti a 2-6 \u00e9ves gyerekeket arra, hogy a kekszen \u00e9s a s\u00fctem\u00e9nyeken t\u00fal is vannak ehet\u0151 finoms\u00e1gok, s m\u00e9g egy z\u00f6lds\u00e9gleves ut\u00e1n is megnyalhatj\u00e1k a t\u00edz ujjukat.<\/p>\n<p>A k\u00f6nyvek kem\u00e9ny t\u00e1bl\u00e1sak, k\u00f6rnyezetbar\u00e1t, famentes, t\u00fckr\u00f6z\u0151d\u00e9smentes pap\u00edron jelennek meg, amely megk\u00f6nny\u00edti az olvashat\u00f3s\u00e1got is.<\/p>\n<p><strong>Terjedelem: 32 oldal<\/strong><br \/>\n<strong>Bolti \u00e1r: 2490 Ft<\/strong><\/p>\n<\/div>\n<p>&nbsp;<\/p>\n<\/div>\n<\/div>\n<\/div>\n<p>V\u00e1runk titeket sok szeretettel a <a href=\"https:\/\/www.facebook.com\/events\/1623319161409911\">Pici Piacon<\/a>, a szok\u00e1sos helyen a sarokban lesz\u00fcnk megint.<\/p>\n<p>Sok t\u00e9li superwarm, kisk\u00f6dm\u00f6n, klasszikus kiscsillagot hozunk magunkkal, lesz pr\u00f3b\u00e1l\u00e1si lehet\u0151s\u00e9g, a Monello Man\u00f3k is j\u00f6nnek \u00e9s minden m\u00e1s term\u00e9k\u00fcnkb\u0151l is lesz n\u00e1luk.<\/p>\n<p>Ugye ti is ott lesztek?<\/p>\n<div dir=\"auto\">\n<hr \/>\n<p>Ez az akci\u00f3 m\u00e1r v\u00e9get \u00e9rt.<\/p>\n<p><img loading=\"lazy\" decoding=\"async\" class=\"alignnone size-full wp-image-24715\" src=\"https:\/\/www.monello.hu\/wp-content\/uploads\/2023\/08\/Nyarvegi_Akcio-FBpost_Monello08.29_slidermobil-1.jpg\" alt=\"Monello baby&amp;more Ny\u00e1r v\u00e9gi akci\u00f3 -20% kedvezm\u00e9ny\" width=\"1080\" height=\"1080\" srcset=\"https:\/\/www.monello.hu\/wp-content\/uploads\/2023\/08\/Nyarvegi_Akcio-FBpost_Monello08.29_slidermobil-1.jpg 1080w, https:\/\/www.monello.hu\/wp-content\/uploads\/2023\/08\/Nyarvegi_Akcio-FBpost_Monello08.29_slidermobil-1-300x300.jpg 300w, https:\/\/www.monello.hu\/wp-content\/uploads\/2023\/08\/Nyarvegi_Akcio-FBpost_Monello08.29_slidermobil-1-1024x1024.jpg 1024w, https:\/\/www.monello.hu\/wp-content\/uploads\/2023\/08\/Nyarvegi_Akcio-FBpost_Monello08.29_slidermobil-1-150x150.jpg 150w, https:\/\/www.monello.hu\/wp-content\/uploads\/2023\/08\/Nyarvegi_Akcio-FBpost_Monello08.29_slidermobil-1-768x768.jpg 768w, https:\/\/www.monello.hu\/wp-content\/uploads\/2023\/08\/Nyarvegi_Akcio-FBpost_Monello08.29_slidermobil-1-220x220.jpg 220w, https:\/\/www.monello.hu\/wp-content\/uploads\/2023\/08\/Nyarvegi_Akcio-FBpost_Monello08.29_slidermobil-1-450x450.jpg 450w, https:\/\/www.monello.hu\/wp-content\/uploads\/2023\/08\/Nyarvegi_Akcio-FBpost_Monello08.29_slidermobil-1-600x600.jpg 600w, https:\/\/www.monello.hu\/wp-content\/uploads\/2023\/08\/Nyarvegi_Akcio-FBpost_Monello08.29_slidermobil-1-100x100.jpg 100w\" sizes=\"auto, (max-width: 1080px) 100vw, 1080px\" \/><\/p>\n<p>&nbsp;<\/p>\n<\/div>\n<div class=\"xu06os2 x1ok221b\">\n<div class=\"xdj266r x11i5rnm xat24cr x1mh8g0r x1vvkbs x126k92a\">\n<div dir=\"auto\">Dr\u00e1ga L\u00e1nyok,<\/div>\n<div dir=\"auto\"><\/div>\n<\/div>\n<div class=\"x11i5rnm xat24cr x1mh8g0r x1vvkbs xtlvy1s x126k92a\">\n<div dir=\"auto\">b\u00e1r lassan k\u00f6zeleg az \u0151sz, de j\u00f6v\u0151re is lesz ny\u00e1r, tov\u00e1bb\u00e1 a ny\u00e1ri kiscsillagok \u0151sszel is j\u00f3l kihaszn\u00e1lhat\u00f3ak m\u00e9g, f\u0151leg az izzad\u00f3sabb bab\u00e1kn\u00e1l vagy hordoz\u00e1shoz.<\/div>\n<div dir=\"auto\">A szoptat\u00f3s poncs\u00f3k k\u00f6z\u00fcl a k\u00e1nikula modellek pedig belt\u00e9ren eg\u00e9sz \u00e9vben haszn\u00e1lhat\u00f3ak.<\/div>\n<div dir=\"auto\">Az \u00c9lm\u00e9nygy\u0171jt\u0151 Piknik Pl\u00e9dek belt\u00e9ren szint\u00e9n eg\u00e9sz \u00e9vben j\u00e1tsz\u00f3 sz\u0151nyegk\u00e9nt is meg\u00e1llj\u00e1k a hely\u00fcket.<\/div>\n<div dir=\"auto\"><\/div>\n<\/div>\n<div class=\"x11i5rnm xat24cr x1mh8g0r x1vvkbs xtlvy1s x126k92a\">\n<div dir=\"auto\"><strong>-20% kedvezm\u00e9nyt adunk minden ny\u00e1ri \u00e9s k\u00e1nikula term\u00e9k\u00fcnkre a Monello E-boutique-ban:<\/strong><\/div>\n<div dir=\"auto\"><a class=\"x1i10hfl xjbqb8w x6umtig x1b1mbwd xaqea5y xav7gou x9f619 x1ypdohk xt0psk2 xe8uvvx xdj266r x11i5rnm xat24cr x1mh8g0r xexx8yu x4uap5 x18d9i69 xkhd6sd x16tdsg8 x1hl2dhg xggy1nq x1a2a7pz xt0b8zv x1fey0fg\" tabindex=\"0\" role=\"link\" href=\"https:\/\/www.monello.hu\/en\/shop\/?fbclid=IwAR0gvmNJ0_jWDxhKqc2qqz1EjAJGD7MCEvomEIV-4lm2knVW_dduPIDoT-M\" target=\"_blank\" rel=\"nofollow noopener noreferrer\">https:\/\/www.monello.hu\/shop\/<\/a><\/div>\n<\/div>\n<div class=\"x11i5rnm xat24cr x1mh8g0r x1vvkbs xtlvy1s x126k92a\">\n<div dir=\"auto\"><\/div>\n<div dir=\"auto\"><strong>Haszn\u00e1ld a &#8222;NY\u00c1R23&#8221; kuponk\u00f3dot!<\/strong><\/div>\n<\/div>\n<div class=\"x11i5rnm xat24cr x1mh8g0r x1vvkbs xtlvy1s x126k92a\">\n<div dir=\"auto\"><\/div>\n<div dir=\"auto\">Ami pedig a hab a tort\u00e1n!<\/div>\n<div dir=\"auto\"><\/div>\n<div dir=\"auto\">Amennyiben a ny\u00e1ri \u00e9s vagy k\u00e1nikula term\u00e9keinken fel\u00fcl m\u00e1s term\u00e9ket is v\u00e1s\u00e1rolsz egyidej\u0171leg, akkor a -20% kedvezm\u00e9ny arra is jogos\u00edt, \u00edgy k\u00e9t legyet \u00fcthetsz egy csap\u00e1sra!<\/div>\n<\/div>\n<div class=\"x11i5rnm xat24cr x1mh8g0r x1vvkbs xtlvy1s x126k92a\">\n<div dir=\"auto\"><\/div>\n<div dir=\"auto\">Az akci\u00f3 2023.08.29-08.31. \u00e9jf\u00e9lig \u00e9s a k\u00e9szlet erej\u00e9ig \u00e9rv\u00e9nyes a <a class=\"x1i10hfl xjbqb8w x6umtig x1b1mbwd xaqea5y xav7gou x9f619 x1ypdohk xt0psk2 xe8uvvx xdj266r x11i5rnm xat24cr x1mh8g0r xexx8yu x4uap5 x18d9i69 xkhd6sd x16tdsg8 x1hl2dhg xggy1nq x1a2a7pz xt0b8zv x1fey0fg\" tabindex=\"0\" role=\"link\" href=\"https:\/\/l.facebook.com\/l.php?u=http%3A%2F%2Fwww.monello.hu%2F%3Ffbclid%3DIwAR3cM7DRerlFNSPsZ6yGNs8JX97nLJ1yVGxxrI0TjK9qVD70Phu6WwMliu0&amp;h=AT3nSXbdwugjp6JulypRptbYqMYeNBnGmhztt8rblAfA0qS0Ba-FYGLMMw0uWJB2Lqu-B9hUBS44wnw7gevhxie10r1NU5of_qGJLI8uo88IWOH3-s9JXnHwSHqS4cFlhJcb84YrZ37rJk8ZGvUm&amp;__tn__=-UK-R&amp;c&#091;0&#093;=AT0EeLmlY_Yt2No192BHXQE-iDvWO8rvxfnnqoAsG-Z_dtPK_yeeyega7_VOMzVv0mUE3eu4B88ZGoA3J1xWv5qKvEtJtOqFlol-TBBg7keQ63Lzc2l2nCGXosQ17ote0tgUKIEjWMfeCuDE2SqN5Ng2U2gHnssn7i4ShN08G6DMvuIzpj5WeFlX0zC9oKA4js9SOD5LUx4v\" target=\"_blank\" rel=\"nofollow noopener noreferrer\">www.monello.hu<\/a> e-boutique-ban.<\/div>\n<div dir=\"auto\"><\/div>\n<div dir=\"auto\">M\u00e1s kuponnal \u00e9s kedvezm\u00e9nnyel nem lehet \u00f6sszevonni, egyszerre csak egy kupont \/ kedvezm\u00e9nyt lehet felhaszn\u00e1lni.<\/div>\n<div dir=\"auto\"><span class=\"x3nfvp2 x1j61x8r x1fcty0u xdj266r xhhsvwb xat24cr xgzva0m xxymvpz xlup9mm x1kky2od\"><img loading=\"lazy\" decoding=\"async\" src=\"https:\/\/static.xx.fbcdn.net\/images\/emoji.php\/v9\/t6c\/1\/16\/2764.png\" alt=\"\u2764\" width=\"16\" height=\"16\" \/><\/span><\/div>\n<\/div>\n<\/div>\n<\/div>\n<\/div>\n<\/div>\n<\/div>\n<\/div>\n<h3>Aktiv\u00e1ld a kuponk\u00f3dot<\/h3>\n<p>Egyszerre csak egy kuponk\u00f3d haszn\u00e1lhat\u00f3 fel. Nem megfelel\u0151 k\u00f3dfelhaszn\u00e1l\u00e1s eset\u00e9n a rendel\u00e9s \u00f6sszeg\u00e9t korrig\u00e1ljuk. A k\u00f3dot megrendel\u00e9skor, a term\u00e9k(ek) kiv\u00e1laszt\u00e1sa ut\u00e1n, a bev\u00e1s\u00e1rl\u00f3kos\u00e1rban, a term\u00e9k lista alatt tal\u00e1lhat\u00f3 <strong>\u201eAdja meg a kuponk\u00f3dj\u00e1t\u201d<\/strong> mez\u0151 mell\u00e9 kell be\u00edrni, ut\u00e1na pedig a mellette tal\u00e1lhat\u00f3 fekete \u201eMENT\u00c9S\u201d gombra kell kattintani. \u00cdgy m\u00e1r \u00e9l is a kedvezm\u00e9ny.<\/p>\n<p><strong>\u00a0<\/strong><\/p>\n<p><a href=\"https:\/\/www.monello.hu\/en\/product-category-2\/babamelegito_kicsillag\/\"><img loading=\"lazy\" decoding=\"async\" class=\"size-medium wp-image-1998 aligncenter\" src=\"https:\/\/monello.hu\/wp-content\/uploads\/2018\/06\/babamelegito_kiscsillag49-300x300.png\" sizes=\"auto, (max-width: 300px) 100vw, 300px\" srcset=\"https:\/\/monello.hu\/wp-content\/uploads\/2018\/06\/babamelegito_kiscsillag49-300x300.png 300w, https:\/\/monello.hu\/wp-content\/uploads\/2018\/06\/babamelegito_kiscsillag49-150x150.png 150w, https:\/\/monello.hu\/wp-content\/uploads\/2018\/06\/babamelegito_kiscsillag49-220x220.png 220w, https:\/\/monello.hu\/wp-content\/uploads\/2018\/06\/babamelegito_kiscsillag49-450x450.png 450w, https:\/\/monello.hu\/wp-content\/uploads\/2018\/06\/babamelegito_kiscsillag49.png 500w, https:\/\/monello.hu\/wp-content\/uploads\/2018\/06\/babamelegito_kiscsillag49-100x100.png 100w\" alt=\"Korasz\u00fcl\u00f6tt ruha babameleg\u00edt\u0151 picicsillag csig\u00e1s Monello baby&amp;more\" width=\"300\" height=\"300\" \/><\/a><\/p>\n<p>Nagyon ritk\u00e1n van n\u00e1lunk akci\u00f3! Ne maradj le!<\/p>\n<p>&nbsp;<\/p>\n<h3><img loading=\"lazy\" decoding=\"async\" class=\"size-medium wp-image-1753 aligncenter\" src=\"https:\/\/monello.hu\/wp-content\/uploads\/2018\/06\/macis_kcsillag2-300x300.png\" sizes=\"auto, (max-width: 300px) 100vw, 300px\" srcset=\"https:\/\/monello.hu\/wp-content\/uploads\/2018\/06\/macis_kcsillag2-300x300.png 300w, https:\/\/monello.hu\/wp-content\/uploads\/2018\/06\/macis_kcsillag2-150x150.png 150w, https:\/\/monello.hu\/wp-content\/uploads\/2018\/06\/macis_kcsillag2-220x220.png 220w, https:\/\/monello.hu\/wp-content\/uploads\/2018\/06\/macis_kcsillag2-450x450.png 450w, https:\/\/monello.hu\/wp-content\/uploads\/2018\/06\/macis_kcsillag2.png 500w, https:\/\/monello.hu\/wp-content\/uploads\/2018\/06\/macis_kcsillag2-100x100.png 100w\" alt=\"Babamelegit\u0151 Kiscsillag t\u00f6rtfeh\u00e9r monello\" width=\"300\" height=\"300\" \/><\/h3>\n<p>&nbsp;<\/p>\n<p>&nbsp;<\/p>\n<p>Ir\u00e1ny a <a href=\"http:\/\/www.monello.hu\/en\/shop\/\">Monello e-boutique!!!!<\/a><\/p>\n<p><a href=\"https:\/\/www.monello.hu\/en\/product-category-2\/elmenygyujto_piknikpled\/\"><img loading=\"lazy\" decoding=\"async\" class=\"size-medium wp-image-2429 aligncenter\" src=\"https:\/\/monello.hu\/wp-content\/uploads\/2018\/07\/Untitled-design49-300x300.png\" sizes=\"auto, (max-width: 300px) 100vw, 300px\" srcset=\"https:\/\/monello.hu\/wp-content\/uploads\/2018\/07\/Untitled-design49-300x300.png 300w, https:\/\/monello.hu\/wp-content\/uploads\/2018\/07\/Untitled-design49-150x150.png 150w, https:\/\/monello.hu\/wp-content\/uploads\/2018\/07\/Untitled-design49-220x220.png 220w, https:\/\/monello.hu\/wp-content\/uploads\/2018\/07\/Untitled-design49-450x450.png 450w, https:\/\/monello.hu\/wp-content\/uploads\/2018\/07\/Untitled-design49.png 500w, https:\/\/monello.hu\/wp-content\/uploads\/2018\/07\/Untitled-design49-100x100.png 100w\" alt=\"Monello Flaming\u00f3s \u00c9lm\u00e9nygy\u0171jt\u0151 Piknik takar\u00f3\" width=\"300\" height=\"300\" \/><\/a><\/p>\n<h3><strong>Egyedi aj\u00e1nd\u00e9k az \u00fajsz\u00fcl\u00f6ttnek!<\/strong><\/h3>\n<p>Gondolkozz el\u0151re \u00e9s <strong>aj\u00e1nd\u00e9kozz praktikus<\/strong>, egyedi Monello baby&amp;more term\u00e9keket az ismer\u0151seid sz\u00fcletend\u0151 bab\u00e1inak.<\/p>\n<p>&nbsp;<\/p>\n<h3>Melyik m\u00e9retet v\u00e1lasszam?<\/h3>\n<p>The <strong>m\u00e9ret v\u00e1laszt\u00e1sban is<\/strong> seg\u00edts\u00e9gedre lehet a <strong>Ti \u00e9s a Monello aloldalunk<\/strong>, ahol azokat a mont\u00e1zsokat l\u00e1thatj\u00e1tok r\u00f6vid \u00fczenetekkel, amiket <strong>Monello anyuk\u00e1k k\u00fcldtek nek\u00fcnk.<\/strong> A Kiscsillagos mont\u00e1zsokon mindig szerepel, hogy az adott baba mennyi id\u0151s, h\u00e1ny cm \u00e9s mekkora a kiscsillag, \u00edgy seg\u00edti a d\u00f6nt\u00e9seteket a m\u00e9ret v\u00e1laszt\u00e1sban. Ha ti is szeretn\u00e9tek ilyen mont\u00e1zst, k\u00fcldjetek nek\u00fcnk Fb \u00fczenetben fot\u00f3t bab\u00e1tokr\u00f3l valamelyik kedvenc Monello baby&amp;more term\u00e9ketekben \u00e9s \u00edrjatok hozz\u00e1 p\u00e1r sz\u00f3t, hogy mi\u00e9rt szeretitek.<\/p>\n<p><a href=\"https:\/\/www.monello.hu\/en\/buszkesegfal\/ti-monello\/\"><img loading=\"lazy\" decoding=\"async\" class=\"size-medium wp-image-2322 aligncenter\" src=\"https:\/\/monello.hu\/wp-content\/uploads\/2018\/06\/Viktoria_Loke1-300x300.png\" sizes=\"auto, (max-width: 300px) 100vw, 300px\" srcset=\"https:\/\/monello.hu\/wp-content\/uploads\/2018\/06\/Viktoria_Loke1-300x300.png 300w, https:\/\/monello.hu\/wp-content\/uploads\/2018\/06\/Viktoria_Loke1-150x150.png 150w, https:\/\/monello.hu\/wp-content\/uploads\/2018\/06\/Viktoria_Loke1-220x220.png 220w, https:\/\/monello.hu\/wp-content\/uploads\/2018\/06\/Viktoria_Loke1-450x450.png 450w, https:\/\/monello.hu\/wp-content\/uploads\/2018\/06\/Viktoria_Loke1.png 500w, https:\/\/monello.hu\/wp-content\/uploads\/2018\/06\/Viktoria_Loke1-100x100.png 100w\" alt=\"V\u00e1s\u00e1rl\u00f3i visszajelz\u00e9sek Monello Babameleg\u00edt\u0151 Kiscsillag\" width=\"300\" height=\"300\" \/><\/a><\/p>\n<p>Megn\u00e9zem a v\u00e1s\u00e1rl\u00f3i visszajelz\u00e9seket a Ti \u00e9s a Monello oldalon, <a href=\"https:\/\/www.monello.hu\/en\/buszkesegfal\/ti-monello\/\">IDE KATTINTVA.<\/a><\/p>\n<p>&nbsp;<\/p>\n<h3>Ben\u00e9zek a Monello E-boutique-ba<\/h3>\n<p>Ha minden j\u00f3l megy, m\u00e1r minden infot tudsz, \u00edgy nem maradt m\u00e1s h\u00e1tra, mint k\u00f6rben\u00e9zni a Monello baby&amp;more term\u00e9kei k\u00f6z\u00f6tt.<\/p>\n<p>Ben\u00e9zek a <a href=\"https:\/\/www.monello.hu\/en\/\">Monello E-boutique-ba.<\/a><\/p>\n<h3>Tudtad, hogy Monello Kiscsillag v\u00e1s\u00e1rl\u00e1s\u00e1val a Korasz\u00fcl\u00f6tteket is t\u00e1mogatod?<\/h3>\n<p><img loading=\"lazy\" decoding=\"async\" class=\"size-medium wp-image-1932 aligncenter\" src=\"https:\/\/monello.hu\/wp-content\/uploads\/2018\/06\/MonelloPicicsillag1-300x300.png\" sizes=\"auto, (max-width: 300px) 100vw, 300px\" srcset=\"https:\/\/monello.hu\/wp-content\/uploads\/2018\/06\/MonelloPicicsillag1-300x300.png 300w, https:\/\/monello.hu\/wp-content\/uploads\/2018\/06\/MonelloPicicsillag1-150x150.png 150w, https:\/\/monello.hu\/wp-content\/uploads\/2018\/06\/MonelloPicicsillag1-220x220.png 220w, https:\/\/monello.hu\/wp-content\/uploads\/2018\/06\/MonelloPicicsillag1-450x450.png 450w, https:\/\/monello.hu\/wp-content\/uploads\/2018\/06\/MonelloPicicsillag1.png 500w, https:\/\/monello.hu\/wp-content\/uploads\/2018\/06\/MonelloPicicsillag1-100x100.png 100w\" alt=\"korasz\u00fcl\u00f6tt ruha a babameleg\u00edt\u0151 kiscsillag\" width=\"300\" height=\"300\" \/><\/p>\n<p>Bizony, minden egyes Monello baby&amp;more Babameleg\u00edt\u0151 Kiscsillag megv\u00e1s\u00e1rl\u00e1s\u00e1val <strong>a Korasz\u00fcl\u00f6tteket is t\u00e1mogatod<\/strong>.<\/p>\n<p>Err\u0151l b\u0151vebben <a href=\"https:\/\/www.monello.hu\/en\/2018\/06\/09\/babamelegito-picicsillag-koraszulotteket-tamogatod\/\">ide kattintva<\/a> olvashatsz.<\/p>\n<p>&nbsp;<\/p>\n<h3><\/h3>\n<h3>P\u00e9nzvisszafizet\u00e9si Garancia<\/h3>\n<p><img loading=\"lazy\" decoding=\"async\" class=\"size-medium wp-image-2163 aligncenter\" src=\"https:\/\/monello.hu\/wp-content\/uploads\/2018\/06\/logo_footer-300x147.png\" sizes=\"auto, (max-width: 300px) 100vw, 300px\" srcset=\"https:\/\/monello.hu\/wp-content\/uploads\/2018\/06\/logo_footer-300x147.png 300w, https:\/\/monello.hu\/wp-content\/uploads\/2018\/06\/logo_footer-768x377.png 768w, https:\/\/monello.hu\/wp-content\/uploads\/2018\/06\/logo_footer-1024x503.png 1024w, https:\/\/monello.hu\/wp-content\/uploads\/2018\/06\/logo_footer-600x294.png 600w\" alt=\"\" width=\"300\" height=\"147\" \/><\/p>\n<p>30 nap p\u00e9nzvisszafizet\u00e9si garanci\u00e1t biztos\u00edtunk a term\u00e9keinkre, hiszen tudjuk, hogy webshopos v\u00e1s\u00e1rl\u00e1s eset\u00e9n benne van a rizik\u00f3 a v\u00e1s\u00e1rl\u00e1sban.<\/p>\n<p>A P\u00e9nzvisszafizet\u00e9si Garanci\u00e1r\u00f3l <a href=\"https:\/\/www.monello.hu\/en\/rolunk\/penzvisszafizetes\/\">ide kattintva olvashatsz b\u0151vebben.<\/a><\/p>\n<p>&nbsp;<\/p>\n<h3>Haszn\u00e1ld a k\u00edv\u00e1ns\u00e1glist\u00e1t!<\/h3>\n<p><img loading=\"lazy\" decoding=\"async\" class=\"size-medium wp-image-2195 aligncenter\" src=\"https:\/\/monello.hu\/wp-content\/uploads\/2018\/06\/Monello-webshop1-300x300.png\" sizes=\"auto, (max-width: 300px) 100vw, 300px\" srcset=\"https:\/\/monello.hu\/wp-content\/uploads\/2018\/06\/Monello-webshop1-300x300.png 300w, https:\/\/monello.hu\/wp-content\/uploads\/2018\/06\/Monello-webshop1-150x150.png 150w, https:\/\/monello.hu\/wp-content\/uploads\/2018\/06\/Monello-webshop1-220x220.png 220w, https:\/\/monello.hu\/wp-content\/uploads\/2018\/06\/Monello-webshop1-450x450.png 450w, https:\/\/monello.hu\/wp-content\/uploads\/2018\/06\/Monello-webshop1.png 500w, https:\/\/monello.hu\/wp-content\/uploads\/2018\/06\/Monello-webshop1-100x100.png 100w\" alt=\"Az \u00e9n Monello k\u00edv\u00e1nsl\u00e1glist\u00e1m\" width=\"300\" height=\"300\" \/><\/p>\n<p>Mire j\u00f3 a k\u00edv\u00e1ns\u00e1glista? Csupa hasznos dologra. \u00c9s arra, hogy <strong>a Monellos k\u00edv\u00e1ns\u00e1gaid val\u00f3ra v\u00e1ljanak.<\/strong><\/p>\n<p><strong>Ha a k\u00edv\u00e1ns\u00e1glist\u00e1ra raksz egy term\u00e9ket<\/strong>, az <strong>m\u00e9g nem jelent elk\u00f6telezetts\u00e9get.<\/strong> Viszont \u00e1tk\u00fcldheted ak\u00e1r e-mailben is a list\u00e1t <strong>a rokonoknak, bar\u00e1toknak, babav\u00e1r\u00f3 bulidhoz.<\/strong><\/p>\n<p>A k\u00edv\u00e1ns\u00e1glista haszn\u00e1lat\u00e1r\u00f3l <a href=\"https:\/\/www.monello.hu\/en\/2018\/06\/14\/mire-jo-a-kivansaglista\/\">ide kattintva olvashatsz b\u0151vebben.<\/a><\/p>\n<h3><\/h3>\n<p>&nbsp;<\/p>\n<h3>Tudtad, hogy az<a href=\"https:\/\/www.monello.hu\/en\/product-category-2\/elmenygyujto_piknikpled\/\"> \u00c9lm\u00e9nygy\u0171jt\u0151 Piknik Pl\u00e9d<\/a> -eket eg\u00e9sz \u00e9vben haszn\u00e1lhatod?<\/h3>\n<p>Hiszen <strong>belt\u00e9ren j\u00e1tsz\u00f3sz\u0151nyegk\u00e9nt<\/strong> is kiv\u00e1l\u00f3an meg\u00e1llja a hely\u00e9t. S\u0151t! Nagyon <strong>k\u00f6nnyen tiszt\u00edthat\u00f3<\/strong>, megv\u00e9di a sz\u0151nyeget napk\u00f6zben <strong>a b\u00fcfi foltokt\u00f3l<\/strong> or <strong>\u00e1gyadat az esti f\u00fcrd\u00e9s el\u0151tti hanc\u00far<\/strong> k\u00f6zben keletkezett balesetekt\u0151l. Mos\u00f3g\u00e9pben <strong>moshat\u00f3, gyorsan sz\u00e1rad.<\/strong><\/p>\n<h3><\/h3>\n<h3>\u00cdrj nek\u00fcnk, ha k\u00e9rd\u00e9sed van!<\/h3>\n<p>Amennyiben valami nem egy\u00e9rtelm\u0171 \u00e9s seg\u00edts\u00e9gre van sz\u00fcks\u00e9ged, k\u00e9rlek \u00edrj nek\u00fcnk az info@monello.hu-ra vagy a Fb oldalunkon.<\/p>\n<p>V\u00e1runk titeket sok szeretettel a webshopon.<\/p>\n<p><strong>\u00a0<\/strong><\/p>\n<\/div>\n<p><!--more--><\/p>\n<p><!--more--><strong><span style=\"font-weight: normal;\">AZ AKCI\u00d3 <strong>GLS KISZ\u00c1LL\u00cdT\u00c1S \u00e9s \u00c1TV\u00c9TELI PONTOS \u00e1tv\u00e9tel eset\u00e9n is \u00e9rv\u00e9nyes<\/strong>, \u00e9s <strong>EL\u0150RE UTAL\u00c1SSAL<\/strong> \u00e9pp \u00fagy tudtok fizetni, mint <strong>UT\u00c1NV\u00c9TELLEL!<\/strong><\/span><\/strong><\/p>\n<h4><\/h4>\n<p>\u00c9s ami a hab a tort\u00e1n, amennyiben <strong>a v\u00e1s\u00e1rl\u00e1sod \u00e9rt\u00e9ke el\u00e9ri a 25 000Ft-ot<\/strong>, akkor <strong>ingyen sz\u00e1ll\u00edtjuk ki neked<\/strong> a rendel\u00e9sed. \u00c9pp ez\u00e9rt <strong>\u00e9rdemes t\u00f6bben egy\u00fctt rendelnetek.<\/strong><\/p>\n<p>A Fizet\u00e9si \u00e9s sz\u00e1ll\u00edt\u00e1si opci\u00f3kr\u00f3l <a href=\"https:\/\/www.monello.hu\/en\/rolunk\/fizetes-szallitas\/\">ide kattintva olvashatsz b\u0151vebben.<\/a><\/p>\n\n\t\t<\/div>\n\t<\/div>\n<\/div><\/div><\/div><\/div><div class=\"vc_row wpb_row vc_row-fluid\"><div class=\"wpb_column vc_column_container vc_col-sm-12\"><div class=\"vc_column-inner\"><div class=\"wpb_wrapper\">\n\t<div  class=\"wpb_single_image wpb_content_element vc_align_left wpb_content_element\">\n\t\t\n\t\t<figure class=\"wpb_wrapper vc_figure\">\n\t\t\t<div class=\"vc_single_image-wrapper   vc_box_border_grey\"><img loading=\"lazy\" decoding=\"async\" width=\"150\" height=\"150\" src=\"https:\/\/www.monello.hu\/wp-content\/uploads\/2023\/08\/Nyarvegi_Akcio-FBpost_Monello08.29_sidler-1-150x150.jpg\" class=\"vc_single_image-img attachment-thumbnail\" alt=\"\" title=\"Nyarvegi_Akci\u00f3 FBpost_Monello08.29_sidler\" srcset=\"https:\/\/www.monello.hu\/wp-content\/uploads\/2023\/08\/Nyarvegi_Akcio-FBpost_Monello08.29_sidler-1-150x150.jpg 150w, https:\/\/www.monello.hu\/wp-content\/uploads\/2023\/08\/Nyarvegi_Akcio-FBpost_Monello08.29_sidler-1-220x220.jpg 220w, https:\/\/www.monello.hu\/wp-content\/uploads\/2023\/08\/Nyarvegi_Akcio-FBpost_Monello08.29_sidler-1-450x450.jpg 450w, https:\/\/www.monello.hu\/wp-content\/uploads\/2023\/08\/Nyarvegi_Akcio-FBpost_Monello08.29_sidler-1-600x600.jpg 600w, https:\/\/www.monello.hu\/wp-content\/uploads\/2023\/08\/Nyarvegi_Akcio-FBpost_Monello08.29_sidler-1-100x100.jpg 100w\" sizes=\"auto, (max-width: 150px) 100vw, 150px\" \/><\/div>\n\t\t<\/figure>\n\t<\/div>\n<\/div><\/div><\/div><\/div>\n<\/div>","protected":false},"excerpt":{"rendered":"<p>Dr\u00e1ga L\u00e1nyok, v\u00e1runk titeket sok szeretettel, 2023. december 3-\u00e1n, Budapesten a Laurusban 9.00 &#8211; 16.00 \u00f3r\u00e1ig a Pici Piacon! R\u00e9szletek ide kattintva. Az al\u00e1bbi kedvezm\u00e9nyeket tudod ig\u00e9nybe venni, vagy el\u0151rendel\u00e9ssel, vagy pedig a helysz\u00ednen: 1 term\u00e9k = -10% kedvezm\u00e9ny kuponk\u00f3d az el\u0151rendel\u00e9shez = 10pici23dec 2 term\u00e9k = -15% kedvezm\u00e9ny kuponk\u00f3d az el\u0151rendel\u00e9shez = 15pici23dec A [&hellip;]<\/p>\n","protected":false},"author":33,"featured_media":0,"parent":2033,"menu_order":0,"comment_status":"closed","ping_status":"open","template":"","meta":{"footnotes":""},"class_list":["post-25","page","type-page","status-publish","hentry"],"yoast_head":"<!-- This site is optimized with the Yoast SEO plugin v27.3 - https:\/\/yoast.com\/product\/yoast-seo-wordpress\/ -->\n<title>AKCI\u00d3 - Monello baby&amp;more<\/title>\n<meta name=\"description\" content=\"Akci\u00f3 Monello baby&amp;more webshop, Ny\u00e1rkezd\u0151 akci\u00f3, Ny\u00e1ri akci\u00f3, -15%, kedvezm\u00e9nyes v\u00e1s\u00e1rl\u00e1s minden Monello baby&amp;more term\u00e9k\" \/>\n<meta name=\"robots\" content=\"index, follow, max-snippet:-1, max-image-preview:large, max-video-preview:-1\" \/>\n<link rel=\"canonical\" href=\"https:\/\/www.monello.hu\/en\/blog\/akcio\/\" \/>\n<meta property=\"og:locale\" content=\"en_GB\" \/>\n<meta property=\"og:type\" content=\"article\" \/>\n<meta property=\"og:title\" content=\"AKCI\u00d3 - Monello baby&amp;more\" \/>\n<meta property=\"og:description\" content=\"Akci\u00f3 Monello baby&amp;more webshop, Ny\u00e1rkezd\u0151 akci\u00f3, Ny\u00e1ri akci\u00f3, -15%, kedvezm\u00e9nyes v\u00e1s\u00e1rl\u00e1s minden Monello baby&amp;more term\u00e9k\" \/>\n<meta property=\"og:url\" content=\"https:\/\/www.monello.hu\/en\/blog\/akcio\/\" \/>\n<meta property=\"og:site_name\" content=\"Monello baby&amp;more\" \/>\n<meta property=\"article:publisher\" content=\"https:\/\/www.facebook.com\/monellobabyandmore\/\" \/>\n<meta property=\"article:modified_time\" content=\"2023-12-01T10:22:39+00:00\" \/>\n<meta property=\"og:image\" content=\"https:\/\/www.monello.hu\/wp-content\/uploads\/2023\/12\/PiciPiac_Jatek_Monello_FB.png\" \/>\n<meta name=\"twitter:card\" content=\"summary_large_image\" \/>\n<meta name=\"twitter:label1\" content=\"Estimated reading time\" \/>\n\t<meta name=\"twitter:data1\" content=\"10 minutes\" \/>\n<script type=\"application\/ld+json\" class=\"yoast-schema-graph\">{\"@context\":\"https:\\\/\\\/schema.org\",\"@graph\":[{\"@type\":\"WebPage\",\"@id\":\"https:\\\/\\\/www.monello.hu\\\/blog\\\/akcio\\\/\",\"url\":\"https:\\\/\\\/www.monello.hu\\\/blog\\\/akcio\\\/\",\"name\":\"AKCI\u00d3 - Monello baby&amp;more\",\"isPartOf\":{\"@id\":\"https:\\\/\\\/www.monello.hu\\\/#website\"},\"primaryImageOfPage\":{\"@id\":\"https:\\\/\\\/www.monello.hu\\\/blog\\\/akcio\\\/#primaryimage\"},\"image\":{\"@id\":\"https:\\\/\\\/www.monello.hu\\\/blog\\\/akcio\\\/#primaryimage\"},\"thumbnailUrl\":\"https:\\\/\\\/www.monello.hu\\\/wp-content\\\/uploads\\\/2023\\\/12\\\/PiciPiac_Jatek_Monello_FB.png\",\"datePublished\":\"2018-05-24T17:34:01+00:00\",\"dateModified\":\"2023-12-01T10:22:39+00:00\",\"description\":\"Akci\u00f3 Monello baby&more webshop, Ny\u00e1rkezd\u0151 akci\u00f3, Ny\u00e1ri akci\u00f3, -15%, kedvezm\u00e9nyes v\u00e1s\u00e1rl\u00e1s minden Monello baby&more term\u00e9k\",\"breadcrumb\":{\"@id\":\"https:\\\/\\\/www.monello.hu\\\/blog\\\/akcio\\\/#breadcrumb\"},\"inLanguage\":\"en-GB\",\"potentialAction\":[{\"@type\":\"ReadAction\",\"target\":[\"https:\\\/\\\/www.monello.hu\\\/blog\\\/akcio\\\/\"]}]},{\"@type\":\"ImageObject\",\"inLanguage\":\"en-GB\",\"@id\":\"https:\\\/\\\/www.monello.hu\\\/blog\\\/akcio\\\/#primaryimage\",\"url\":\"https:\\\/\\\/www.monello.hu\\\/wp-content\\\/uploads\\\/2023\\\/12\\\/PiciPiac_Jatek_Monello_FB.png\",\"contentUrl\":\"https:\\\/\\\/www.monello.hu\\\/wp-content\\\/uploads\\\/2023\\\/12\\\/PiciPiac_Jatek_Monello_FB.png\"},{\"@type\":\"BreadcrumbList\",\"@id\":\"https:\\\/\\\/www.monello.hu\\\/blog\\\/akcio\\\/#breadcrumb\",\"itemListElement\":[{\"@type\":\"ListItem\",\"position\":1,\"name\":\"Home\",\"item\":\"https:\\\/\\\/www.monello.hu\\\/\"},{\"@type\":\"ListItem\",\"position\":2,\"name\":\"Blog\",\"item\":\"https:\\\/\\\/www.monello.hu\\\/blog\\\/\"},{\"@type\":\"ListItem\",\"position\":3,\"name\":\"AKCI\u00d3\"}]},{\"@type\":\"WebSite\",\"@id\":\"https:\\\/\\\/www.monello.hu\\\/#website\",\"url\":\"https:\\\/\\\/www.monello.hu\\\/\",\"name\":\"Monello baby&more\",\"description\":\"\",\"publisher\":{\"@id\":\"https:\\\/\\\/www.monello.hu\\\/#organization\"},\"potentialAction\":[{\"@type\":\"SearchAction\",\"target\":{\"@type\":\"EntryPoint\",\"urlTemplate\":\"https:\\\/\\\/www.monello.hu\\\/?s={search_term_string}\"},\"query-input\":{\"@type\":\"PropertyValueSpecification\",\"valueRequired\":true,\"valueName\":\"search_term_string\"}}],\"inLanguage\":\"en-GB\"},{\"@type\":\"Organization\",\"@id\":\"https:\\\/\\\/www.monello.hu\\\/#organization\",\"name\":\"Monello baby&more\",\"url\":\"https:\\\/\\\/www.monello.hu\\\/\",\"logo\":{\"@type\":\"ImageObject\",\"inLanguage\":\"en-GB\",\"@id\":\"https:\\\/\\\/www.monello.hu\\\/#\\\/schema\\\/logo\\\/image\\\/\",\"url\":\"https:\\\/\\\/www.monello.hu\\\/wp-content\\\/uploads\\\/2025\\\/11\\\/MONDELLO_LOGO_NEW_LOGO_HORIZONT_black.png\",\"contentUrl\":\"https:\\\/\\\/www.monello.hu\\\/wp-content\\\/uploads\\\/2025\\\/11\\\/MONDELLO_LOGO_NEW_LOGO_HORIZONT_black.png\",\"width\":1722,\"height\":600,\"caption\":\"Monello baby&more\"},\"image\":{\"@id\":\"https:\\\/\\\/www.monello.hu\\\/#\\\/schema\\\/logo\\\/image\\\/\"},\"sameAs\":[\"https:\\\/\\\/www.facebook.com\\\/monellobabyandmore\\\/\",\"https:\\\/\\\/www.instagram.com\\\/monello_moms\\\/\",\"https:\\\/\\\/www.tiktok.com\\\/@monellobabyandmore\"]}]}<\/script>\n<!-- \/ Yoast SEO plugin. -->","yoast_head_json":{"title":"AKCI\u00d3 - Monello baby&amp;more","description":"Akci\u00f3 Monello baby&more webshop, Ny\u00e1rkezd\u0151 akci\u00f3, Ny\u00e1ri akci\u00f3, -15%, kedvezm\u00e9nyes v\u00e1s\u00e1rl\u00e1s minden Monello baby&more term\u00e9k","robots":{"index":"index","follow":"follow","max-snippet":"max-snippet:-1","max-image-preview":"max-image-preview:large","max-video-preview":"max-video-preview:-1"},"canonical":"https:\/\/www.monello.hu\/en\/blog\/akcio\/","og_locale":"en_GB","og_type":"article","og_title":"AKCI\u00d3 - Monello baby&amp;more","og_description":"Akci\u00f3 Monello baby&more webshop, Ny\u00e1rkezd\u0151 akci\u00f3, Ny\u00e1ri akci\u00f3, -15%, kedvezm\u00e9nyes v\u00e1s\u00e1rl\u00e1s minden Monello baby&more term\u00e9k","og_url":"https:\/\/www.monello.hu\/en\/blog\/akcio\/","og_site_name":"Monello baby&amp;more","article_publisher":"https:\/\/www.facebook.com\/monellobabyandmore\/","article_modified_time":"2023-12-01T10:22:39+00:00","og_image":[{"url":"https:\/\/www.monello.hu\/wp-content\/uploads\/2023\/12\/PiciPiac_Jatek_Monello_FB.png","type":"","width":"","height":""}],"twitter_card":"summary_large_image","twitter_misc":{"Estimated reading time":"10 minutes"},"schema":{"@context":"https:\/\/schema.org","@graph":[{"@type":"WebPage","@id":"https:\/\/www.monello.hu\/blog\/akcio\/","url":"https:\/\/www.monello.hu\/blog\/akcio\/","name":"AKCI\u00d3 - Monello baby&amp;more","isPartOf":{"@id":"https:\/\/www.monello.hu\/#website"},"primaryImageOfPage":{"@id":"https:\/\/www.monello.hu\/blog\/akcio\/#primaryimage"},"image":{"@id":"https:\/\/www.monello.hu\/blog\/akcio\/#primaryimage"},"thumbnailUrl":"https:\/\/www.monello.hu\/wp-content\/uploads\/2023\/12\/PiciPiac_Jatek_Monello_FB.png","datePublished":"2018-05-24T17:34:01+00:00","dateModified":"2023-12-01T10:22:39+00:00","description":"Akci\u00f3 Monello baby&more webshop, Ny\u00e1rkezd\u0151 akci\u00f3, Ny\u00e1ri akci\u00f3, -15%, kedvezm\u00e9nyes v\u00e1s\u00e1rl\u00e1s minden Monello baby&more term\u00e9k","breadcrumb":{"@id":"https:\/\/www.monello.hu\/blog\/akcio\/#breadcrumb"},"inLanguage":"en-GB","potentialAction":[{"@type":"ReadAction","target":["https:\/\/www.monello.hu\/blog\/akcio\/"]}]},{"@type":"ImageObject","inLanguage":"en-GB","@id":"https:\/\/www.monello.hu\/blog\/akcio\/#primaryimage","url":"https:\/\/www.monello.hu\/wp-content\/uploads\/2023\/12\/PiciPiac_Jatek_Monello_FB.png","contentUrl":"https:\/\/www.monello.hu\/wp-content\/uploads\/2023\/12\/PiciPiac_Jatek_Monello_FB.png"},{"@type":"BreadcrumbList","@id":"https:\/\/www.monello.hu\/blog\/akcio\/#breadcrumb","itemListElement":[{"@type":"ListItem","position":1,"name":"Home","item":"https:\/\/www.monello.hu\/"},{"@type":"ListItem","position":2,"name":"Blog","item":"https:\/\/www.monello.hu\/blog\/"},{"@type":"ListItem","position":3,"name":"AKCI\u00d3"}]},{"@type":"WebSite","@id":"https:\/\/www.monello.hu\/#website","url":"https:\/\/www.monello.hu\/","name":"Monello baby&more","description":"","publisher":{"@id":"https:\/\/www.monello.hu\/#organization"},"potentialAction":[{"@type":"SearchAction","target":{"@type":"EntryPoint","urlTemplate":"https:\/\/www.monello.hu\/?s={search_term_string}"},"query-input":{"@type":"PropertyValueSpecification","valueRequired":true,"valueName":"search_term_string"}}],"inLanguage":"en-GB"},{"@type":"Organization","@id":"https:\/\/www.monello.hu\/#organization","name":"Monello baby&more","url":"https:\/\/www.monello.hu\/","logo":{"@type":"ImageObject","inLanguage":"en-GB","@id":"https:\/\/www.monello.hu\/#\/schema\/logo\/image\/","url":"https:\/\/www.monello.hu\/wp-content\/uploads\/2025\/11\/MONDELLO_LOGO_NEW_LOGO_HORIZONT_black.png","contentUrl":"https:\/\/www.monello.hu\/wp-content\/uploads\/2025\/11\/MONDELLO_LOGO_NEW_LOGO_HORIZONT_black.png","width":1722,"height":600,"caption":"Monello baby&more"},"image":{"@id":"https:\/\/www.monello.hu\/#\/schema\/logo\/image\/"},"sameAs":["https:\/\/www.facebook.com\/monellobabyandmore\/","https:\/\/www.instagram.com\/monello_moms\/","https:\/\/www.tiktok.com\/@monellobabyandmore"]}]}},"_links":{"self":[{"href":"https:\/\/www.monello.hu\/en\/wp-json\/wp\/v2\/pages\/25","targetHints":{"allow":["GET"]}}],"collection":[{"href":"https:\/\/www.monello.hu\/en\/wp-json\/wp\/v2\/pages"}],"about":[{"href":"https:\/\/www.monello.hu\/en\/wp-json\/wp\/v2\/types\/page"}],"author":[{"embeddable":true,"href":"https:\/\/www.monello.hu\/en\/wp-json\/wp\/v2\/users\/33"}],"replies":[{"embeddable":true,"href":"https:\/\/www.monello.hu\/en\/wp-json\/wp\/v2\/comments?post=25"}],"version-history":[{"count":37,"href":"https:\/\/www.monello.hu\/en\/wp-json\/wp\/v2\/pages\/25\/revisions"}],"predecessor-version":[{"id":26699,"href":"https:\/\/www.monello.hu\/en\/wp-json\/wp\/v2\/pages\/25\/revisions\/26699"}],"up":[{"embeddable":true,"href":"https:\/\/www.monello.hu\/en\/wp-json\/wp\/v2\/pages\/2033"}],"wp:attachment":[{"href":"https:\/\/www.monello.hu\/en\/wp-json\/wp\/v2\/media?parent=25"}],"curies":[{"name":"wp","href":"https:\/\/api.w.org\/{rel}","templated":true}]}}