{"id":2213,"date":"2018-06-15T16:22:35","date_gmt":"2018-06-15T16:22:35","guid":{"rendered":"https:\/\/monello.hu\/?page_id=2213"},"modified":"2025-07-11T16:57:57","modified_gmt":"2025-07-11T14:57:57","slug":"nyeremenyjatek","status":"publish","type":"page","link":"https:\/\/www.monello.hu\/en\/blog\/nyeremenyjatek\/","title":{"rendered":"GAME"},"content":{"rendered":"\n<figure class=\"wp-block-image size-large\"><img loading=\"lazy\" decoding=\"async\" width=\"1024\" height=\"1024\" src=\"https:\/\/www.monello.hu\/wp-content\/uploads\/2025\/07\/Lovel_Monello_Jatek-1024x1024.png\" alt=\"\" class=\"wp-image-33584\" srcset=\"https:\/\/www.monello.hu\/wp-content\/uploads\/2025\/07\/Lovel_Monello_Jatek-1024x1024.png 1024w, https:\/\/www.monello.hu\/wp-content\/uploads\/2025\/07\/Lovel_Monello_Jatek-300x300.png 300w, https:\/\/www.monello.hu\/wp-content\/uploads\/2025\/07\/Lovel_Monello_Jatek-150x150.png 150w, https:\/\/www.monello.hu\/wp-content\/uploads\/2025\/07\/Lovel_Monello_Jatek-768x768.png 768w, https:\/\/www.monello.hu\/wp-content\/uploads\/2025\/07\/Lovel_Monello_Jatek-220x220.png 220w, https:\/\/www.monello.hu\/wp-content\/uploads\/2025\/07\/Lovel_Monello_Jatek-450x450.png 450w, https:\/\/www.monello.hu\/wp-content\/uploads\/2025\/07\/Lovel_Monello_Jatek-12x12.png 12w, https:\/\/www.monello.hu\/wp-content\/uploads\/2025\/07\/Lovel_Monello_Jatek-600x600.png 600w, https:\/\/www.monello.hu\/wp-content\/uploads\/2025\/07\/Lovel_Monello_Jatek-100x100.png 100w, https:\/\/www.monello.hu\/wp-content\/uploads\/2025\/07\/Lovel_Monello_Jatek.png 1080w\" sizes=\"auto, (max-width: 1024px) 100vw, 1024px\" \/><\/figure>\n\n\n\n<figure class=\"wp-block-image size-large\"><img loading=\"lazy\" decoding=\"async\" width=\"1024\" height=\"1024\" src=\"https:\/\/www.monello.hu\/wp-content\/uploads\/2025\/07\/Lovel_Monello_Jatek1-1024x1024.png\" alt=\"\" class=\"wp-image-33586\" srcset=\"https:\/\/www.monello.hu\/wp-content\/uploads\/2025\/07\/Lovel_Monello_Jatek1-1024x1024.png 1024w, https:\/\/www.monello.hu\/wp-content\/uploads\/2025\/07\/Lovel_Monello_Jatek1-300x300.png 300w, https:\/\/www.monello.hu\/wp-content\/uploads\/2025\/07\/Lovel_Monello_Jatek1-150x150.png 150w, https:\/\/www.monello.hu\/wp-content\/uploads\/2025\/07\/Lovel_Monello_Jatek1-768x768.png 768w, https:\/\/www.monello.hu\/wp-content\/uploads\/2025\/07\/Lovel_Monello_Jatek1-220x220.png 220w, https:\/\/www.monello.hu\/wp-content\/uploads\/2025\/07\/Lovel_Monello_Jatek1-450x450.png 450w, https:\/\/www.monello.hu\/wp-content\/uploads\/2025\/07\/Lovel_Monello_Jatek1-12x12.png 12w, https:\/\/www.monello.hu\/wp-content\/uploads\/2025\/07\/Lovel_Monello_Jatek1-600x600.png 600w, https:\/\/www.monello.hu\/wp-content\/uploads\/2025\/07\/Lovel_Monello_Jatek1-100x100.png 100w, https:\/\/www.monello.hu\/wp-content\/uploads\/2025\/07\/Lovel_Monello_Jatek1.png 1080w\" sizes=\"auto, (max-width: 1024px) 100vw, 1024px\" \/><\/figure>\n\n\n\n<p>&#8222;Mosni ny\u00e1ron is kell&#8221; elnevez\u00e9s\u0171 Instagram  <strong>Nyerem\u00e9nyj\u00e1t\u00e9k szab\u00e1lyzat<\/strong><\/p>\n\n\n\n<p><strong>1. A j\u00e1t\u00e9k szervez\u0151je<\/strong><br>A j\u00e1t\u00e9k szervez\u0151je <strong>Monello baby&amp;more Bt.<\/strong> <strong>(sz\u00e9khely: 1126 Budapest, M\u00e1rv\u00e1ny utca 26. 3. em. 20.; ad\u00f3sz\u00e1ma: 21890428-2-43)<\/strong>, a tov\u00e1bbiakban: \u201eSzervez\u0151\u201d.<\/p>\n\n\n\n<p><strong>2. A j\u00e1t\u00e9k lebonyol\u00edt\u00f3ja<\/strong><br>A j\u00e1t\u00e9k lebonyol\u00edt\u00f3ja megegyezik a szervez\u0151vel.<\/p>\n\n\n\n<p><strong>3. A j\u00e1t\u00e9kban val\u00f3 r\u00e9szv\u00e9tel felt\u00e9telei<\/strong><br>A j\u00e1t\u00e9kban r\u00e9szt vehet minden 18. \u00e9let\u00e9v\u00e9t bet\u00f6lt\u00f6tt, magyarorsz\u00e1gi lak\u00f3hellyel rendelkez\u0151 term\u00e9szetes szem\u00e9ly, aki elfogadja a jelen szab\u00e1lyzatban foglaltakat.<br>A r\u00e9szv\u00e9telhez sz\u00fcks\u00e9ges felt\u00e9telek:<br>\u2013 a @monello_moms, @lovelababyhu \u00e9s <a href=\"https:\/\/www.instagram.com\/matyaspetra27\/\"><strong>@vtimea93<\/strong><\/a> Instagram-oldalak k\u00f6vet\u00e9se,<br>\u2013 a nyerem\u00e9nyj\u00e1t\u00e9k poszt alatti <strong>Kommentben megjel\u00f6lni egy anyuka t\u00e1rs\u00e1t a j\u00e1t\u00e9kosnak, akivel m\u00e9g a mos\u00e1sr\u00f3l is sz\u00edvesen besz\u00e9lgetnek \u00e9s ugyanabban a kommentben meg\u00edrni, hogy a j\u00e1t\u00e9kos szokott -e a nyaral\u00e1s alatt mosni. T\u00f6bb komment nagyobb es\u00e9ly, de a j\u00e1t\u00e9kosoknak minden kommentben m\u00e1st kell megjel\u00f6lni. <\/strong><\/p>\n\n\n\n<p>-ennek a bejegyz\u00e9snek a kedvel\u00e9se.<\/p>\n\n\n\n<p>&#8211; A j\u00e1t\u00e9kos post instagram storyban t\u00f6rt\u00e9n\u0151 megoszt\u00e1sa, a szervez\u0151 @monello_moms oldal\u00e1nak megjel\u00f6l\u00e9s\u00e9vel.<strong><br><br><\/strong><br>A j\u00e1t\u00e9k id\u0151tartama: <strong>2025. j\u00falius 11. 20.00  &#8211; 2025. j\u00falius  14. 00.00 \u00e9jf\u00e9lig. Eredm\u00e9nyhirdet\u00e9s 24 \u00f3r\u00e1n bel\u00fcl Instagram sztoriban.<\/strong><\/p>\n\n\n\n<p><strong>4. A nyerem\u00e9ny<\/strong><br>A nyerem\u00e9ny: K\u00e9t nyerem\u00e9nycsomag ker\u00fcl kisorsol\u00e1sra: <\/p>\n\n\n\n<p>1. <strong>csomag<\/strong>: <strong>Lovela term\u00e9k csomag az al\u00e1bbiakkal: Lovela Baby kapszula, Lovela Baby \u00f6bl\u00edt\u0151, Lovela Baby nyuny\u00f3ka, Lovela Baby t\u00f6r\u00f6lk\u00f6z\u0151, Lovela Baby b\u00f6gre, Lovela Baby pl\u00fcss mack\u00f3 \u00e9s Monello baby&amp;more K\u00e1nikula Kiscsillag a nyertes \u00e1ltal v\u00e1lasztott sz\u00ednben \u00e9s m\u00e9retben.<\/strong> Az 1. nyerem\u00e9ny csomag teljes \u00e9rt\u00e9ke: 34 800 &#8211; 41 600Ft m\u00e9rett\u0151l f\u00fcgg\u0151en.<\/p>\n\n\n\n<p>2. <strong>csomag:<\/strong> <strong>Lovela term\u00e9k csomag az al\u00e1bbi term\u00e9kekkel: Lovela Baby<\/strong> mos\u00f3szer, <strong>Lovela Baby \u00f6bl\u00edt\u0151, Lovela Baby nyuny\u00f3ka, Lovela Baby t\u00f6r\u00f6lk\u00f6z\u0151<\/strong> \u00e9s <strong>Monello baby&amp;more PihePuha Pelusp\u00e1rna 3db-os szett a nyertes \u00e1ltal v\u00e1lasztott mint\u00e1kkal.<\/strong> A 2. nyerem\u00e9ny csomag teljes \u00e9rt\u00e9ke: 20 100Ft.<br>A nyerem\u00e9ny k\u00e9szp\u00e9nzre nem v\u00e1lthat\u00f3 \u00e9s m\u00e1sra \u00e1t nem ruh\u00e1zhat\u00f3.<br>A nyertes kiv\u00e1laszt\u00e1sa sorsol\u00e1ssal t\u00f6rt\u00e9nik a j\u00e1t\u00e9k lez\u00e1r\u00e1s\u00e1t k\u00f6vet\u0151en: 2025. j\u00falius 15. 21.00 \u00f3rakor.<br>A sorsol\u00e1s nem nyilv\u00e1nos, azt a Szervez\u0151 v\u00e9gzi. A nyertest az Instagram fel\u00fclet\u00e9n a nyerem\u00e9nyj\u00e1t\u00e9k poszt alatti kommentben \u00e9s storyban \u00e9rtes\u00edtj\u00fck. Priv\u00e1t \u00fczenet a szervez\u0151 nem k\u00fcld a csal\u00e1sok elker\u00fcl\u00e9se miatt.<\/p>\n\n\n\n<p><strong>5. A nyerem\u00e9ny \u00e1tv\u00e9tele<\/strong><br>A nyertes k\u00f6teles 3 munkanapon bel\u00fcl v\u00e1laszolni a nyerem\u00e9nyr\u0151l sz\u00f3l\u00f3 \u00e9rtes\u00edt\u00e9sre, \u00e9s megadni a nyerem\u00e9ny k\u00e9zbes\u00edt\u00e9s\u00e9hez sz\u00fcks\u00e9ges adatokat: Sz\u00e1ll\u00edt\u00e1si c\u00edm, n\u00e9v, telefonsz\u00e1m \u00e9s e-mail c\u00edm.<br>Amennyiben a nyertes nem jelentkezik a megadott hat\u00e1rid\u0151n bel\u00fcl, a Szervez\u0151 jogosult \u00faj nyertest sorsolni.<\/p>\n\n\n\n<p><strong>6. Adatkezel\u00e9s<\/strong><br>A j\u00e1t\u00e9kban r\u00e9sztvev\u0151k adatait a Szervez\u0151 kiz\u00e1r\u00f3lag a j\u00e1t\u00e9k lebonyol\u00edt\u00e1sa c\u00e9lj\u00e1b\u00f3l kezeli. Az adatkezel\u00e9s a j\u00e1t\u00e9k id\u0151tartama alatt \u00e9s a nyerem\u00e9ny \u00e1tad\u00e1s\u00e1ig tart.<br>A r\u00e9sztvev\u0151 az adatai megad\u00e1s\u00e1val hozz\u00e1j\u00e1rul azok jelen szab\u00e1lyzat szerinti kezel\u00e9s\u00e9hez.<br>Az adatkezel\u00e9si t\u00e1j\u00e9koztat\u00f3 el\u00e9rhet\u0151: ezen j\u00e1t\u00e9kszab\u00e1lyzat 8-as pontja ut\u00e1n.<\/p>\n\n\n\n<p><strong>7. Felel\u0151ss\u00e9g kiz\u00e1r\u00e1sa<\/strong><br>Az Instagram platform semmilyen m\u00f3don nem szponzor\u00e1lja, t\u00e1mogatja vagy kapcsol\u00f3dik a j\u00e1t\u00e9khoz.<br>A j\u00e1t\u00e9k sor\u00e1n felmer\u00fcl\u0151 technikai probl\u00e9m\u00e1k\u00e9rt a Szervez\u0151 nem v\u00e1llal felel\u0151ss\u00e9get.<\/p>\n\n\n\n<p><strong>8. Vegyes rendelkez\u00e9sek<\/strong><br>A Szervez\u0151 fenntartja a jogot, hogy a szab\u00e1lyzatot indokolt esetben m\u00f3dos\u00edtsa, err\u0151l a r\u00e9sztvev\u0151ket az Instagram-oldalon t\u00e1j\u00e9koztatja.<br>A r\u00e9szv\u00e9tel a szab\u00e1lyzat automatikus elfogad\u00e1s\u00e1t jelenti.<\/p>\n\n\n\n<h2 class=\"wp-block-heading\"><strong>Adatkezel\u00e9si t\u00e1j\u00e9koztat\u00f3 \u2013 Instagram nyerem\u00e9nyj\u00e1t\u00e9khoz<\/strong><\/h2>\n\n\n\n<p><strong>1. Az adatkezel\u0151 adatai<\/strong><br>N\u00e9v: <strong><strong>Monello baby&amp;more Bt.<\/strong><\/strong><br>Sz\u00e9khely: <strong><strong>1126 Budapest, M\u00e1rv\u00e1ny utca 26. 3. em. 20.<\/strong><\/strong><br>E-mail c\u00edm: <strong>info@monello.hu <\/strong><br>Telefonsz\u00e1m: <strong>+36 30 609 6168<\/strong><br>K\u00e9pvisel\u0151: Voit Eszter \u00c9va<br>(Adatkezel\u0151 a tov\u00e1bbiakban: \u201eSzervez\u0151\u201d)<\/p>\n\n\n\n<p><strong>2. Az adatkezel\u00e9s c\u00e9lja<\/strong><br>A szem\u00e9lyes adatok kezel\u00e9s\u00e9nek c\u00e9lja a &#8222;Mosni ny\u00e1ron is kell&#8221; nyerem\u00e9nyj\u00e1t\u00e9k lebonyol\u00edt\u00e1sa, a nyertes(ek) kisorsol\u00e1sa, \u00e9rtes\u00edt\u00e9se, a nyerem\u00e9ny(ek) k\u00e9zbes\u00edt\u00e9se \u00e9s az adatkezel\u00e9ssel kapcsolatos jogszab\u00e1lyi k\u00f6telezetts\u00e9gek teljes\u00edt\u00e9se.<\/p>\n\n\n\n<p><strong>3. Az adatkezel\u00e9s jogalapja<\/strong><br>Az adatkezel\u00e9s a GDPR 6. cikk (1) bekezd\u00e9s a) pontja alapj\u00e1n az \u00e9rintett hozz\u00e1j\u00e1rul\u00e1s\u00e1n, illetve a sorsol\u00e1s \u00e9s a nyerem\u00e9ny k\u00e9zbes\u00edt\u00e9s\u00e9hez kapcsol\u00f3d\u00f3an a GDPR 6. cikk (1) bekezd\u00e9s b) pontja (szerz\u0151d\u00e9s teljes\u00edt\u00e9se) alapj\u00e1n t\u00f6rt\u00e9nik.<\/p>\n\n\n\n<p><strong>4. A kezelt adatok k\u00f6re<\/strong><br>\u2013 Instagram felhaszn\u00e1l\u00f3n\u00e9v<br>\u2013 Nyertes eset\u00e9n: teljes n\u00e9v, e-mail c\u00edm, telefonsz\u00e1m, sz\u00e1ll\u00edt\u00e1si c\u00edm<\/p>\n\n\n\n<p><strong>5. Az adatkezel\u00e9s id\u0151tartama<\/strong><br>A j\u00e1t\u00e9k lez\u00e1r\u00e1s\u00e1t \u00e9s a nyerem\u00e9ny \u00e1tad\u00e1s\u00e1t k\u00f6vet\u0151en az adatokat 30 napon bel\u00fcl t\u00f6r\u00f6lj\u00fck, kiv\u00e9ve, ha jogszab\u00e1ly hosszabb meg\u0151rz\u00e9si id\u0151t \u00edr el\u0151.<br>A nyertes adatait a nyerem\u00e9ny k\u00e9zbes\u00edt\u00e9s\u00e9hez sz\u00fcks\u00e9ges ideig kezelj\u00fck.<\/p>\n\n\n\n<p><strong>6. Az adatok tov\u00e1bb\u00edt\u00e1sa, adatfeldolgoz\u00f3k<\/strong><br>A szem\u00e9lyes adatokat kiz\u00e1r\u00f3lag a nyerem\u00e9ny post\u00e1z\u00e1s\u00e1hoz sz\u00fcks\u00e9ges m\u00e9rt\u00e9kben, a sz\u00e1ll\u00edt\u00e1st v\u00e9gz\u0151 szolg\u00e1ltat\u00f3(k) r\u00e9sz\u00e9re tov\u00e1bb\u00edtjuk a GLS fut\u00e1rszolg\u00e1lat r\u00e9sz\u00e9re.<\/p>\n\n\n\n<p>Az Instagram nem adatfeldolgoz\u00f3 vagy adatkezel\u0151 a nyerem\u00e9nyj\u00e1t\u00e9k szempontj\u00e1b\u00f3l.<\/p>\n\n\n\n<p><strong>7. Az \u00e9rintettek jogai<\/strong><br>Az \u00e9rintettek az al\u00e1bbi jogokkal \u00e9lhetnek:<br>\u2013 T\u00e1j\u00e9koztat\u00e1shoz val\u00f3 jog<br>\u2013 Hozz\u00e1f\u00e9r\u00e9si jog<br>\u2013 Helyesb\u00edt\u00e9shez val\u00f3 jog<br>\u2013 T\u00f6rl\u00e9shez (\u201eelfeledtet\u00e9shez\u201d) val\u00f3 jog<br>\u2013 Adatkezel\u00e9s korl\u00e1toz\u00e1s\u00e1hoz val\u00f3 jog<br>\u2013 Adathordozhat\u00f3s\u00e1ghoz val\u00f3 jog<br>\u2013 Hozz\u00e1j\u00e1rul\u00e1s visszavon\u00e1s\u00e1nak joga<\/p>\n\n\n\n<p>K\u00e9relmeiket az adatkezel\u0151 fenti el\u00e9rhet\u0151s\u00e9gein jelezhetik.<br>Jogellenes adatkezel\u00e9s eset\u00e9n panaszt tehetnek a Nemzeti Adatv\u00e9delmi \u00e9s Inform\u00e1ci\u00f3szabads\u00e1g Hat\u00f3s\u00e1gn\u00e1l:<br><strong>NAIH<\/strong><br>C\u00edm: 1055 Budapest, Falk Miksa utca 9-11.<br>Web: <a class=\"\" href=\"https:\/\/www.naih.hu\">https:\/\/www.naih.hu<\/a><br>E-mail: <a>ugyfelszolgalat@naih.hu<\/a><br>Telefon: +36-1-391-1400<\/p>\n\n\n\n<p><strong>8. Egy\u00e9b rendelkez\u00e9sek<\/strong><br>A Szervez\u0151 a szem\u00e9lyes adatokat bizalmasan kezeli, \u00e9s minden technikai \u00e9s szervez\u00e9si int\u00e9zked\u00e9st megtesz azok v\u00e9delme \u00e9rdek\u00e9ben.<br>A jelen t\u00e1j\u00e9koztat\u00f3 el\u00e9rhet\u0151 a j\u00e1t\u00e9k teljes id\u0151tartama alatt a <a href=\"https:\/\/www.monello.hu\/blog\/nyeremenyjatek\/\">https:\/\/www.monello.hu\/blog\/nyeremenyjatek\/<\/a> weboldalon.<\/p>\n\n\n\n<p>Budapest, 2025.07.10.<\/p>\n\n\n\n<p>&#8230;&#8230;&#8230;&#8230;&#8230;&#8230;&#8230;&#8230;&#8230;&#8230;&#8230;&#8230;&#8230;&#8230;&#8230;&#8230;&#8230;&#8230;&#8230;&#8230;&#8230;&#8230;&#8230;&#8230;&#8230;&#8230;.<\/p>\n\n\n\n<figure class=\"wp-block-image size-large\"><img loading=\"lazy\" decoding=\"async\" width=\"1024\" height=\"1024\" src=\"https:\/\/www.monello.hu\/wp-content\/uploads\/2024\/10\/Monello-jatek-v2-1024x1024.jpg\" alt=\"\" class=\"wp-image-30833\" srcset=\"https:\/\/www.monello.hu\/wp-content\/uploads\/2024\/10\/Monello-jatek-v2-1024x1024.jpg 1024w, https:\/\/www.monello.hu\/wp-content\/uploads\/2024\/10\/Monello-jatek-v2-300x300.jpg 300w, https:\/\/www.monello.hu\/wp-content\/uploads\/2024\/10\/Monello-jatek-v2-150x150.jpg 150w, https:\/\/www.monello.hu\/wp-content\/uploads\/2024\/10\/Monello-jatek-v2-768x768.jpg 768w, https:\/\/www.monello.hu\/wp-content\/uploads\/2024\/10\/Monello-jatek-v2-220x220.jpg 220w, https:\/\/www.monello.hu\/wp-content\/uploads\/2024\/10\/Monello-jatek-v2-450x450.jpg 450w, https:\/\/www.monello.hu\/wp-content\/uploads\/2024\/10\/Monello-jatek-v2-12x12.jpg 12w, https:\/\/www.monello.hu\/wp-content\/uploads\/2024\/10\/Monello-jatek-v2-600x600.jpg 600w, https:\/\/www.monello.hu\/wp-content\/uploads\/2024\/10\/Monello-jatek-v2-100x100.jpg 100w, https:\/\/www.monello.hu\/wp-content\/uploads\/2024\/10\/Monello-jatek-v2.jpg 1080w\" sizes=\"auto, (max-width: 1024px) 100vw, 1024px\" \/><\/figure>\n\n\n\n<p><strong>\u201c<\/strong> \u0150szi j\u00e1t\u00e9k<strong>\u201d<\/strong><\/p>\n\n\n\n<p><strong>ELNEVEZ\u00c9S\u0170 VET\u00c9LKED\u0150<\/strong><\/p>\n\n\n\n<p><strong>R\u00c9SZV\u00c9TELI \u00c9S J\u00c1T\u00c9KSZAB\u00c1LYZATA<\/strong><\/p>\n\n\n\n<p>1.&nbsp;&nbsp;&nbsp;&nbsp;&nbsp; <strong>A nyerem\u00e9nyj\u00e1t\u00e9k szervez\u0151je<\/strong><\/p>\n\n\n\n<p><strong>\u201c<\/strong> \u0150szi j\u00e1t\u00e9k<strong>\u201d elnevez\u00e9s\u0171<\/strong> vet\u00e9lked\u0151 (a tov\u00e1bbiakban: \u201dJ\u00e1t\u00e9k\u201d) szervez\u0151je<strong> Monello baby&amp;more Bt. (sz\u00e9khely: <\/strong><strong>1126 Budapest, M\u00e1rv\u00e1ny utca 26. 3. em. 20.; ad\u00f3sz\u00e1ma: 21890428-2-43)<\/strong> (tov\u00e1bbiakban: \u201dSzervez\u0151\u201d). &nbsp; &nbsp;<\/p>\n\n\n\n<p>2.&nbsp;&nbsp;&nbsp;&nbsp;<strong> A j\u00e1t\u00e9kban t\u00f6rt\u00e9n\u0151 r\u00e9szv\u00e9tel felt\u00e9telei<\/strong><\/p>\n\n\n\n<p>2.1 A J\u00e1t\u00e9kban kiz\u00e1r\u00f3lag azon \u00e1lland\u00f3, nyilv\u00e1ntartott magyarorsz\u00e1gi lak\u00f3hellyel rendelkez\u0151, 18. \u00e9let\u00e9v\u00e9t bet\u00f6lt\u00f6tt, devizabelf\u00f6ldi, az illet\u00e9kes magyar hat\u00f3s\u00e1g \u00e1ltal kiadott \u00e9rv\u00e9nyes szem\u00e9lyazonos\u00edt\u00f3 igazolv\u00e1nnyal rendelkez\u0151, magyar \u00e1llampolg\u00e1r, a 2.6 pontban meghat\u00e1rozott szem\u00e9lyek k\u00f6r\u00e9be nem es\u0151, saj\u00e1t <strong>Instagram <\/strong>profillal (a tov\u00e1bbiakban: \u201dProfil\u201d) rendelkez\u0151 term\u00e9szetes szem\u00e9ly (a tov\u00e1bbiakban: \u201dJ\u00e1t\u00e9kos\u201d) vehet r\u00e9szt, aki a J\u00e1t\u00e9k 4. pontban meghat\u00e1rozott id\u0151tartama alatt a @mambaby_hu \u00e9s a @ponekkervirag \u00e9s a @monello_moms profilon (a tov\u00e1bbiakban: \u201dWebhely\u201d) tal\u00e1lhat\u00f3 \u201enyerem\u00e9nyj\u00e1t\u00e9k\u201d <strong>INSTAGRAM tartalomban<\/strong> feltett k\u00e9rd\u00e9sre tartalom alatti kommentben v\u00e1laszol (a tov\u00e1bbiakban: \u201dP\u00e1ly\u00e1zat\u201d), \u00e9s ezzel egy\u00fattal elfogadja a jelen j\u00e1t\u00e9kszab\u00e1lyzatban (a tov\u00e1bbiakban: \u201dJ\u00e1t\u00e9kszab\u00e1lyzat\u201d) le\u00edrt valamennyi felt\u00e9telt. &nbsp; &nbsp;<\/p>\n\n\n\n<p>2.2 Azok a P\u00e1ly\u00e1zatok, melyek a J\u00e1t\u00e9kszab\u00e1lyzatban le\u00edrt alaki \u00e9s tartalmi el\u0151\u00edr\u00e1soknak nem felelnek meg, a J\u00e1t\u00e9kb\u00f3l automatikusan kiz\u00e1r\u00e1sra, m\u00edg az \u00e9rv\u00e9nyes P\u00e1ly\u00e1zatok sz\u00e1m\u00edt\u00f3g\u00e9pes r\u00f6gz\u00edt\u00e9sre ker\u00fclnek. &nbsp; &nbsp;<\/p>\n\n\n\n<p>2.3 A J\u00e1t\u00e9kosok kiz\u00e1r\u00f3lag a saj\u00e1t adataikkal vehetnek r\u00e9szt a J\u00e1t\u00e9kban. A J\u00e1t\u00e9kos a J\u00e1t\u00e9k id\u0151tartama alatt <strong>T\u00d6BB P\u00e1ly\u00e1zatot is jogosult bek\u00fcldeni.<\/strong> Amennyiben a J\u00e1t\u00e9kos nem a saj\u00e1t maga \u00e1ltal regisztr\u00e1lt Profillal vesz r\u00e9szt a J\u00e1t\u00e9kban, a J\u00e1t\u00e9kkal kapcsolatos, Profil haszn\u00e1lat jogosults\u00e1g\u00e1b\u00f3l fakad\u00f3 vit\u00e1kkal kapcsolatban Szervez\u0151 mindennem\u0171 felel\u0151ss\u00e9get kiz\u00e1r. &nbsp; &nbsp;<\/p>\n\n\n\n<p>2.4 A P\u00e1ly\u00e1zat bek\u00fcld\u00e9s\u00e9vel a J\u00e1t\u00e9kos tudom\u00e1sul veszi, hogy a J\u00e1t\u00e9k tartalma, teljes\u00edtm\u00e9nye, \u00fczenet- \u00e9s adat\u00e1tviteli-, valamint v\u00e1laszad\u00e1si sebess\u00e9ge a kiszolg\u00e1l\u00f3 technol\u00f3gia f\u00fcggv\u00e9nye, \u00e9s ez\u00e1ltal ezeket kedvez\u0151tlen\u00fcl befoly\u00e1solhatja olyan, a Szervez\u0151n k\u00edv\u00fcl\u00e1ll\u00f3 t\u00e9nyez\u0151, mint p\u00e9ld\u00e1ul (de nem kiz\u00e1r\u00f3lagosan) kapcsolati hiba, a szerver sz\u00e1m\u00edt\u00f3g\u00e9pek teljes\u00edtm\u00e9nye, valamint a biztons\u00e1gos h\u00e1l\u00f3zati kapcsolat fenntart\u00e1sa. A Szervez\u0151 az e bekezd\u00e9sben \u00edrtakb\u00f3l fakad\u00f3 mindennem\u0171 felel\u0151ss\u00e9get kiz\u00e1r. &nbsp; &nbsp;<\/p>\n\n\n\n<p>2.5 A P\u00e1ly\u00e1zatokat a J\u00e1t\u00e9kszab\u00e1lyzat felt\u00e9teleinek teljes\u00edt\u00e9se v\u00e9gett a Szervez\u0151 megvizsg\u00e1lhatja, \u00e9s amennyiben azok, illetve az azt bek\u00fcld\u0151 J\u00e1t\u00e9kos b\u00e1rmely okb\u00f3l nem felel meg a J\u00e1t\u00e9kszab\u00e1lyzat felt\u00e9teleinek, \u00fagy az \u00e9rintett J\u00e1t\u00e9kost a J\u00e1t\u00e9kb\u00f3l kiz\u00e1rhatja. &nbsp; &nbsp;<\/p>\n\n\n\n<p>2.6 A J\u00e1t\u00e9kb\u00f3l ki vannak z\u00e1rva<strong> a Monello baby&amp;more Bt., a <\/strong><strong>MAM-Hung\u00e1ria Kft,<\/strong> alkalmazottai \u00e9s ezen szem\u00e9lyek Polg\u00e1ri t\u00f6rv\u00e9nyk\u00f6nyvr\u0151l sz\u00f3l\u00f3 2013. \u00e9vi V. t\u00f6rv\u00e9ny (a tov\u00e1bbiakban Ptk.) 8:1. \u00a7 (1) bekezd\u00e9s 1. pontj\u00e1ban meghat\u00e1rozott fogalom szerinti k\u00f6zeli hozz\u00e1tartoz\u00f3i, akik a k\u00f6vetkez\u0151 szem\u00e9lyek: a h\u00e1zast\u00e1rs, az egyenes\u00e1gbeli rokon, az \u00f6r\u00f6kbefogadott, a mostoha- \u00e9s a nevelt gyermek, az \u00f6r\u00f6kbefogad\u00f3-, a mostoha- \u00e9s a nevel\u0151sz\u00fcl\u0151 \u00e9s a testv\u00e9r. &nbsp; &nbsp;<\/p>\n\n\n\n<p>3.&nbsp;&nbsp;&nbsp;&nbsp; <strong>A j\u00e1t\u00e9k le\u00edr\u00e1sa<\/strong><\/p>\n\n\n\n<p>A J\u00e1t\u00e9kos a 2.1. pontban le\u00edrtak szerinti el\u00e9r\u00e9s\u00e9t k\u00f6vet\u0151en az oldal \u00fczen\u0151fal\u00e1ra jut. A J\u00e1t\u00e9k sor\u00e1n a Szervez\u0151 egy \u00faj tartalmat tesz k\u00f6zz\u00e9 \u00fczen\u0151 fal\u00e1n, amely al\u00e1 a J\u00e1t\u00e9kos kommentk\u00e9nt sz\u00f6veges tartalmat \u00edrhat \u00e9s megoszthat m\u00e1sokkal. A Nyertesek a tartalom alatti kommentben a tartalomban feltett k\u00e9rd\u00e9sre v\u00e1laszol\u00f3 J\u00e1t\u00e9kosok k\u00f6z\u00fcl ker\u00fclnek (tov\u00e1bbiakban: \u201eNyertes\/Nyertesek) kisorsol\u00e1sra. A j\u00e1t\u00e9k id\u0151tartama: <strong>a J\u00e1t\u00e9k <\/strong><strong>2024. okt\u00f3ber 21. 9.00 \u00f3r\u00e1t\u00f3l indul 2024.10.24. \u00e9jf\u00e9lig<\/strong><strong> <\/strong><strong>tart. <\/strong>A J\u00e1t\u00e9k kezdete el\u0151tt \u00e9s befejez\u00e9s\u00e9t k\u00f6vet\u0151en bek\u00fcld\u00f6tt P\u00e1ly\u00e1zatok a J\u00e1t\u00e9kban nem vesznek r\u00e9szt. &nbsp; &nbsp;<\/p>\n\n\n\n<p>4.&nbsp;&nbsp;&nbsp;<strong>&nbsp; A j\u00e1t\u00e9k menete, nyerem\u00e9nyek, sorsol\u00e1s<\/strong><\/p>\n\n\n\n<p>4.1 Azon J\u00e1t\u00e9kosok k\u00f6z\u00f6tt, akik a tartalom alatti kommentben v\u00e1laszolnak a tartalomban feltett k\u00e9rd\u00e9sre, a Szervez\u0151 a J\u00e1t\u00e9kot k\u00f6vet\u0151en, a <strong>v\u00e9letlenszer\u0171s\u00e9g elv\u00e9nek eleget tev\u0151 sz\u00e1m\u00edt\u00f3g\u00e9pes program seg\u00edts\u00e9g\u00e9vel <\/strong><a href=\"https:\/\/commentpicker.com\/random-name-picker.php\">https:\/\/commentpicker.com\/random-name-picker.php<\/a> <strong>kisorsolunk 1+2 nyertest a helyesen v\u00e1laszol\u00f3 J\u00e1t\u00e9kosok k\u00f6z\u00f6tt, aki megnyeri, a k\u00e9pen is l\u00e1that\u00f3 <\/strong><strong>1 db \u00faj, minta n\u00e9lk\u00fcli MAM Original 16+ Unprinted cumi<\/strong><strong> \u00e9s 1 db Monello baby&amp;more Klasszikus Babameleg\u00edt\u0151 kiscsillagot a nyertes \u00e1ltal v\u00e1lasztott sz\u00ednben \u00e9s m\u00e9retben, z\u00e1rt \u00e9s nyitott modell is v\u00e1laszthat\u00f3. Tov\u00e1bb\u00e1 a m\u00e1sik 2 nyertes nyer <\/strong><strong>1-1db MAM Original 16+ Unprinted cumit \u00e9s 1-1db <\/strong><strong>Monello baby&amp;more<\/strong><strong> PihePuha PelusP\u00e1rn\u00e1t<\/strong>.<strong> T\u00f6bb komment \u00edr\u00e1sa a tartalom al\u00e1 n\u00f6veli J\u00e1t\u00e9kos es\u00e9lyeit, egy J\u00e1t\u00e9kos t\u00f6bbsz\u00f6r is r\u00e9szt vesz a sorsol\u00e1son, amennyiben t\u00f6bb kommentet is \u00edrt. T\u00f6bb komment \u00edr\u00e1sa megengedett.<\/strong> &nbsp; &nbsp;<\/p>\n\n\n\n<p>4.2. Az 5.1 pontban \u00edrt <strong>Nyerem\u00e9ny sorsol\u00e1s\u00e1nak id\u0151pontja: 2024.okt\u00f3ber 25. p\u00e9ntek 10.00 \u00f3ra. A sorsol\u00e1s helysz\u00edne (<\/strong><strong>MAM Baby AG Magyarorsz\u00e1gi Fi\u00f3ktelepe, H-9795 Vaskeresztes F\u0151 u. 132, )<\/strong> A Nyerem\u00e9nyek m\u00e1sra \u00e1t nem ruh\u00e1zhat\u00f3ak, \u00e9s k\u00e9szp\u00e9nzre \u00e1t nem v\u00e1lthat\u00f3ak. A nyerem\u00e9nyt, csak magyar c\u00edmre tudjuk kik\u00fcldeni. A sorsol\u00e1s nem nyilv\u00e1nos. &nbsp;<\/p>\n\n\n\n<p>4.3 A Szervez\u0151 a 5.2 pontban r\u00e9szletezett sorsol\u00e1son \u00f6sszesen 3 darab tartal\u00e9knyertes P\u00e1ly\u00e1zatot sorsol ki. A tartal\u00e9knyertesek abban az esetben v\u00e1lnak jogosultt\u00e1 a Nyerem\u00e9nyre, amennyiben a nyertes nem m\u0171k\u00f6dik egy\u00fctt a Szervez\u0151vel vagy a Lebonyol\u00edt\u00f3val, vagy a Nyerem\u00e9nyt nem veszi \u00e1t, vagy b\u00e1rmely m\u00e1s okb\u00f3l a J\u00e1t\u00e9kb\u00f3l kiz\u00e1r\u00e1sra ker\u00fcl. &nbsp; &nbsp;<\/p>\n\n\n\n<p>5.&nbsp;&nbsp;&nbsp;&nbsp;&nbsp;&nbsp;&nbsp;&nbsp;&nbsp; <strong>Nyertesek \u00e9rtes\u00edt\u00e9se, nyerem\u00e9nyek \u00e1tv\u00e9tele<\/strong><\/p>\n\n\n\n<p>5.1 A nyerem\u00e9nyj\u00e1t\u00e9k sor\u00e1n a nyertes megnyeri,<strong> a k\u00e9pen is l\u00e1that\u00f3 <\/strong><strong>1 db \u00faj, minta n\u00e9lk\u00fcli MAM Original 16+ Unprinted cumi \u00e9s 1 db Monello baby&amp;more Klasszikus Babameleg\u00edt\u0151 kiscsillagot a nyertes \u00e1ltal v\u00e1lasztott sz\u00ednben \u00e9s m\u00e9retben, z\u00e1rt \u00e9s nyitott modell is v\u00e1laszthat\u00f3. Tov\u00e1bb\u00e1 a m\u00e1sik 2 nyertes nyer 1-1db MAM Original 16+ Unprinted cumit \u00e9s 1-1db Monello baby&amp;more PihePuha PelusP\u00e1rn\u00e1t<\/strong>. A Szervez\u0151 kiz\u00e1rhatja a J\u00e1t\u00e9kb\u00f3l azt a P\u00e1ly\u00e1zatot, amelyre n\u00e9zve az azt bek\u00fcld\u0151 J\u00e1t\u00e9kos r\u00e9sz\u00e9re a nyerem\u00e9nyt az\u00e9rt nem lehet \u00e1tadni, mert a Profilja nem val\u00f3s, hi\u00e1nyos vagy t\u00e9ves, vagy a P\u00e1ly\u00e1zatot bek\u00fcld\u0151 J\u00e1t\u00e9kos egy\u00e9b okb\u00f3l nem felel meg a jelen J\u00e1t\u00e9kszab\u00e1lyzatban \u00edrt szem\u00e9lyi felt\u00e9teleknek. &nbsp;<\/p>\n\n\n\n<p>5.2 A Lebonyol\u00edt\u00f3 a sorsol\u00e1s id\u0151pontj\u00e1t k\u00f6vet\u0151 legk\u00e9s\u0151bb 3 (h\u00e1rom) munkanapon bel\u00fcl a Honlapon posztban meghirdeti a nyertes J\u00e1t\u00e9kos(ok) nev\u00e9t. A nyerteseknek az \u00c9rtes\u00edt\u00e9s k\u00e9zhezv\u00e9tel\u00e9t k\u00f6vet\u0151 5 (\u00f6t) napon bel\u00fcl k\u00f6telesek a Lebonyol\u00edt\u00f3 r\u00e9sz\u00e9re elk\u00fcldeni adatait. Amennyiben a nyertes a fenti hat\u00e1rid\u0151n bel\u00fcl az \u00c9rtes\u00edt\u00e9sre semmilyen form\u00e1ban nem reag\u00e1l, \u00fagy a nyertes J\u00e1t\u00e9kos kiz\u00e1r\u00e1sra ker\u00fcl, \u00e9s Szervez\u0151 tartal\u00e9knyertest jel\u00f6l ki. A Nyerem\u00e9nyt Lebonyol\u00edt\u00f3 postai \u00faton vagy fut\u00e1rszolg\u00e1lat seg\u00edts\u00e9g\u00e9vel juttatja el a Nyerteshez, az el\u0151tte Nyertessel egyeztetett post\u00e1z\u00e1si c\u00edmre. A Szervez\u0151 fenntartja a jogot arra, hogy a b\u00e1rmely okb\u00f3l elv\u00e1rhat\u00f3 hat\u00e1rid\u0151ben \u00e1t nem vett Nyerem\u00e9nyr\u0151l a sorrendben k\u00f6vetkez\u0151 tartal\u00e9knyertest \u00e9rtes\u00edtse. &nbsp; &nbsp;<\/p>\n\n\n\n<p>5.3 A Szervez\u0151 kiz\u00e1rhatja a J\u00e1t\u00e9kb\u00f3l azt a P\u00e1ly\u00e1zatot, amelyre n\u00e9zve az azt bek\u00fcld\u0151 J\u00e1t\u00e9kos r\u00e9sz\u00e9re a nyerem\u00e9nyt az\u00e9rt nem lehet \u00e1tadni, mert a Profilja nem val\u00f3s, hi\u00e1nyos vagy t\u00e9ves, vagy a P\u00e1ly\u00e1zatot bek\u00fcld\u0151 J\u00e1t\u00e9kos egy\u00e9b okb\u00f3l nem felel meg a jelen J\u00e1t\u00e9kszab\u00e1lyzatban \u00edrt szem\u00e9lyi felt\u00e9teleknek. &nbsp; &nbsp;<\/p>\n\n\n\n<p>6. &nbsp;&nbsp;&nbsp;&nbsp;&nbsp;&nbsp;&nbsp;&nbsp;<strong>&nbsp;&nbsp; Adatv\u00e9delem, vegyes rendelkez\u00e9sek<\/strong><\/p>\n\n\n\n<p>6.1 A J\u00e1t\u00e9kos a P\u00e1ly\u00e1zat elk\u00fcld\u00e9s\u00e9vel kifejezetten \u00e9s \u00f6nk\u00e9ntesen hozz\u00e1j\u00e1rul ahhoz, hogy az \u00e1ltala a Profilj\u00e1n megadott szem\u00e9lyes adatokat a Szervez\u0151 \u00e9s megb\u00edzott adatfeldolgoz\u00f3ja J\u00e1t\u00e9k lebonyol\u00edt\u00e1sa c\u00e9lj\u00e1b\u00f3l felhaszn\u00e1lja \u00e9s kezelje. Az adatok kezel\u00e9s\u00e9t a Szervez\u0151, mint adatkezel\u0151, feldolgoz\u00e1s\u00e1t a Szervez\u0151 megb\u00edz\u00e1s\u00e1b\u00f3l harmadik szem\u00e9ly v\u00e9gzi. &nbsp; &nbsp;<\/p>\n\n\n\n<p>6.2 A J\u00e1t\u00e9kosok P\u00e1ly\u00e1zatuk elk\u00fcld\u00e9s\u00e9vel tudom\u00e1sul veszik, \u00e9s kifejezetten hozz\u00e1j\u00e1rulnak ahhoz, hogy: \u2013 nyertess\u00e9g eset\u00e9n nev\u00fcket a Szervez\u0151 minden tov\u00e1bbi felt\u00e9tel \u00e9s ellen\u00e9rt\u00e9k n\u00e9lk\u00fcl, kiz\u00e1r\u00f3lag a J\u00e1t\u00e9kkal kapcsolatosan nyilv\u00e1noss\u00e1gra hozza <strong>Instagram<\/strong> oldal\u00e1n; &nbsp; &nbsp;<\/p>\n\n\n\n<p>6.3 A J\u00e1t\u00e9k semmilyen m\u00f3don nem szponzor\u00e1lt a <strong>Instagram<\/strong> \u00e1ltal, illetve semmilyen tekintetben nem kapcsol\u00f3dik a Facebook-hoz. Az adatszolg\u00e1ltat\u00e1s nem a Facebook r\u00e9sz\u00e9re, hanem a Szervez\u0151 r\u00e9sz\u00e9re t\u00f6rt\u00e9nik. A szolg\u00e1ltatott adatok kiz\u00e1r\u00f3lag a J\u00e1t\u00e9k lebonyol\u00edt\u00e1sa c\u00e9lj\u00e1b\u00f3l ker\u00fclnek felhaszn\u00e1l\u00e1sra. &nbsp; &nbsp;<\/p>\n\n\n\n<p>7. &nbsp;&nbsp;&nbsp;&nbsp;&nbsp;&nbsp;&nbsp;&nbsp;&nbsp;&nbsp;<strong> Felel\u0151ss\u00e9g<\/strong><\/p>\n\n\n\n<p>A Szervez\u0151, illetve a Lebonyol\u00edt\u00f3 kiz\u00e1rja a felel\u0151ss\u00e9g\u00e9t minden, a <a href=\"http:\/\/www.instagram.com\">www.facebook.com<\/a> &nbsp;\u00e9s <a href=\"http:\/\/www.instagram.com\">www.instagram.com<\/a> weboldalt, illetve az azt m\u0171k\u00f6dtet\u0151 szervert \u00e9rt k\u00fcls\u0151, \u00fan. SQL t\u00e1mad\u00e1sok est\u00e9re. Teh\u00e1t amennyiben a weboldalt, illetve szervert \u00e9rt t\u00e1mad\u00e1s folyt\u00e1n a J\u00e1t\u00e9kosok t\u00e9ves rendszer\u00fczeneteket kapnak nyerem\u00e9nyeiket, nyertes\/nem nyertes st\u00e1tuszukat stb. illet\u0151en, \u00fagy ezen esetekre a Szervez\u0151 semminem\u0171 felel\u0151ss\u00e9get nem v\u00e1llal. Szervez\u0151, illetve Lebonyol\u00edt\u00f3 kiz\u00e1rja a felel\u0151ss\u00e9g\u00e9t a weboldal rajta k\u00edv\u00fcl\u00e1ll\u00f3 okokb\u00f3l t\u00f6rt\u00e9n\u0151 meghib\u00e1sod\u00e1s\u00e1\u00e9rt, amely id\u0151tartam alatt a honlap nem vagy korl\u00e1tozottan haszn\u00e1lhat\u00f3, ugyanakkor halad\u00e9ktalanul megtesz minden sz\u00fcks\u00e9ges int\u00e9zked\u00e9st annak \u00e9rdek\u00e9ben, hogy a hiba ok\u00e1t miel\u0151bb felt\u00e1rja, illetve megsz\u00fcntesse. &nbsp; &nbsp;<\/p>\n\n\n\n<p>Szervez\u0151 fenntartja a jogot, hogy a J\u00e1t\u00e9kszab\u00e1lyt indokolt esetben b\u00e1rmikor megv\u00e1ltoztathassa.<\/p>\n\n\n\n<p>Budapest, <strong>2024.okt\u00f3ber 21.<\/strong><br>Monello baby&amp;more Bt.<br>Szervez\u0151<\/p>\n\n\n\n<p>&#8230;&#8230;&#8230;&#8230;&#8230;.<\/p>\n\n\n\n<p>ez a j\u00e1t\u00e9k m\u00e1r v\u00e9get \u00e9rt:<\/p>\n\n\n\n<figure class=\"wp-block-image size-full\"><img loading=\"lazy\" decoding=\"async\" width=\"940\" height=\"788\" src=\"https:\/\/www.monello.hu\/wp-content\/uploads\/2023\/04\/Monello_Sophietex_nyeremenyjatek_1.jpg\" alt=\"\" class=\"wp-image-23078\" srcset=\"https:\/\/www.monello.hu\/wp-content\/uploads\/2023\/04\/Monello_Sophietex_nyeremenyjatek_1.jpg 940w, https:\/\/www.monello.hu\/wp-content\/uploads\/2023\/04\/Monello_Sophietex_nyeremenyjatek_1-300x251.jpg 300w, https:\/\/www.monello.hu\/wp-content\/uploads\/2023\/04\/Monello_Sophietex_nyeremenyjatek_1-768x644.jpg 768w, https:\/\/www.monello.hu\/wp-content\/uploads\/2023\/04\/Monello_Sophietex_nyeremenyjatek_1-600x503.jpg 600w\" sizes=\"auto, (max-width: 940px) 100vw, 940px\" \/><\/figure>\n\n\n\n<p><strong>\u201cTavaszk\u00f6sz\u00f6nt\u0151 j\u00e1t\u00e9k\u201d<\/strong><\/p>\n\n\n\n<p><strong>ELNEVEZ\u00c9S\u0170 VET\u00c9LKED\u0150<\/strong><\/p>\n\n\n\n<p><strong>R\u00c9SZV\u00c9TELI \u00c9S J\u00c1T\u00c9KSZAB\u00c1LYZATA<\/strong><\/p>\n\n\n\n<p>1.&nbsp;&nbsp;&nbsp;&nbsp;&nbsp; <strong>A nyerem\u00e9nyj\u00e1t\u00e9k szervez\u0151je<\/strong><\/p>\n\n\n\n<p><strong>\u201cTavaszk\u00f6sz\u00f6nt\u0151 j\u00e1t\u00e9k\u201d<\/strong> <strong>elnevez\u00e9s\u0171<\/strong> vet\u00e9lked\u0151 (a tov\u00e1bbiakban: \u201dJ\u00e1t\u00e9k\u201d) szervez\u0151je<strong> Monello baby&amp;more Bt. (sz\u00e9khely: 1026 Budapest, Bimb\u00f3 \u00fat 131\/A.; ad\u00f3sz\u00e1ma: 21890428-2-41)<\/strong> (tov\u00e1bbiakban: \u201dSzervez\u0151\u201d). &nbsp; &nbsp;<\/p>\n\n\n\n<p>2.&nbsp;&nbsp;&nbsp;&nbsp;<strong> A j\u00e1t\u00e9kban t\u00f6rt\u00e9n\u0151 r\u00e9szv\u00e9tel felt\u00e9telei<\/strong><\/p>\n\n\n\n<p>2.1 A J\u00e1t\u00e9kban kiz\u00e1r\u00f3lag azon \u00e1lland\u00f3, nyilv\u00e1ntartott magyarorsz\u00e1gi lak\u00f3hellyel rendelkez\u0151, 18. \u00e9let\u00e9v\u00e9t bet\u00f6lt\u00f6tt, devizabelf\u00f6ldi, az illet\u00e9kes magyar hat\u00f3s\u00e1g \u00e1ltal kiadott \u00e9rv\u00e9nyes szem\u00e9lyazonos\u00edt\u00f3 igazolv\u00e1nnyal rendelkez\u0151, magyar \u00e1llampolg\u00e1r, a 2.6 pontban meghat\u00e1rozott szem\u00e9lyek k\u00f6r\u00e9be nem es\u0151, saj\u00e1t <strong>Facebook <\/strong>profillal (a tov\u00e1bbiakban: \u201dProfil\u201d) rendelkez\u0151 term\u00e9szetes szem\u00e9ly (a tov\u00e1bbiakban: \u201dJ\u00e1t\u00e9kos\u201d) vehet r\u00e9szt, aki a J\u00e1t\u00e9k 4. pontban meghat\u00e1rozott id\u0151tartama alatt a <a href=\"https:\/\/www.facebook.com\/monellobabyandmore\">https:\/\/www.facebook.com\/monellobabyandmore<\/a>  vagy <a href=\"https:\/\/www.facebook.com\/SophieTexKft\">https:\/\/www.facebook.com\/SophieTexKft<\/a>  domain alatti weboldalon (a tov\u00e1bbiakban: \u201dHonlap\u201d) tal\u00e1lhat\u00f3 \u201enyerem\u00e9nyj\u00e1t\u00e9k\u201d<strong>FACEBOOK tartalomban<\/strong> feltett k\u00e9rd\u00e9sre tartalom alatti kommentben v\u00e1laszol (a tov\u00e1bbiakban: \u201dP\u00e1ly\u00e1zat\u201d), \u00e9s ezzel egy\u00fattal elfogadja a jelen j\u00e1t\u00e9kszab\u00e1lyzatban (a tov\u00e1bbiakban: \u201dJ\u00e1t\u00e9kszab\u00e1lyzat\u201d) le\u00edrt valamennyi felt\u00e9telt. &nbsp; &nbsp;<\/p>\n\n\n\n<p>2.2 Azok a P\u00e1ly\u00e1zatok, melyek a J\u00e1t\u00e9kszab\u00e1lyzatban le\u00edrt alaki \u00e9s tartalmi el\u0151\u00edr\u00e1soknak nem felelnek meg, a J\u00e1t\u00e9kb\u00f3l automatikusan kiz\u00e1r\u00e1sra, m\u00edg az \u00e9rv\u00e9nyes P\u00e1ly\u00e1zatok sz\u00e1m\u00edt\u00f3g\u00e9pes r\u00f6gz\u00edt\u00e9sre ker\u00fclnek. &nbsp; &nbsp;<\/p>\n\n\n\n<p>2.3 A J\u00e1t\u00e9kosok kiz\u00e1r\u00f3lag a saj\u00e1t adataikkal vehetnek r\u00e9szt a J\u00e1t\u00e9kban. A J\u00e1t\u00e9kos a J\u00e1t\u00e9k id\u0151tartama alatt <strong>T\u00d6BB P\u00e1ly\u00e1zatot is jogosult bek\u00fcldeni.<\/strong> Amennyiben a J\u00e1t\u00e9kos nem a saj\u00e1t maga \u00e1ltal regisztr\u00e1lt Profillal vesz r\u00e9szt a J\u00e1t\u00e9kban, a J\u00e1t\u00e9kkal kapcsolatos, Profil haszn\u00e1lat jogosults\u00e1g\u00e1b\u00f3l fakad\u00f3 vit\u00e1kkal kapcsolatban Szervez\u0151 mindennem\u0171 felel\u0151ss\u00e9get kiz\u00e1r. &nbsp; &nbsp;<\/p>\n\n\n\n<p>2.4 A P\u00e1ly\u00e1zat bek\u00fcld\u00e9s\u00e9vel a J\u00e1t\u00e9kos tudom\u00e1sul veszi, hogy a J\u00e1t\u00e9k tartalma, teljes\u00edtm\u00e9nye, \u00fczenet- \u00e9s adat\u00e1tviteli-, valamint v\u00e1laszad\u00e1si sebess\u00e9ge a kiszolg\u00e1l\u00f3 technol\u00f3gia f\u00fcggv\u00e9nye, \u00e9s ez\u00e1ltal ezeket kedvez\u0151tlen\u00fcl befoly\u00e1solhatja olyan, a Szervez\u0151n k\u00edv\u00fcl\u00e1ll\u00f3 t\u00e9nyez\u0151, mint p\u00e9ld\u00e1ul (de nem kiz\u00e1r\u00f3lagosan) kapcsolati hiba, a szerver sz\u00e1m\u00edt\u00f3g\u00e9pek teljes\u00edtm\u00e9nye, valamint a biztons\u00e1gos h\u00e1l\u00f3zati kapcsolat fenntart\u00e1sa. A Szervez\u0151 az e bekezd\u00e9sben \u00edrtakb\u00f3l fakad\u00f3 mindennem\u0171 felel\u0151ss\u00e9get kiz\u00e1r. &nbsp; &nbsp;<\/p>\n\n\n\n<p>2.5 A P\u00e1ly\u00e1zatokat a J\u00e1t\u00e9kszab\u00e1lyzat felt\u00e9teleinek teljes\u00edt\u00e9se v\u00e9gett a Szervez\u0151 megvizsg\u00e1lhatja, \u00e9s amennyiben azok, illetve az azt bek\u00fcld\u0151 J\u00e1t\u00e9kos b\u00e1rmely okb\u00f3l nem felel meg a J\u00e1t\u00e9kszab\u00e1lyzat felt\u00e9teleinek, \u00fagy az \u00e9rintett J\u00e1t\u00e9kost a J\u00e1t\u00e9kb\u00f3l kiz\u00e1rhatja. &nbsp; &nbsp;<\/p>\n\n\n\n<p>2.6 A J\u00e1t\u00e9kb\u00f3l ki vannak z\u00e1rva<strong> a Monello baby&amp;more Bt., a Sophietex Kft.<\/strong>, alkalmazottai \u00e9s ezen szem\u00e9lyek Polg\u00e1ri t\u00f6rv\u00e9nyk\u00f6nyvr\u0151l sz\u00f3l\u00f3 2013. \u00e9vi V. t\u00f6rv\u00e9ny (a tov\u00e1bbiakban Ptk.) 8:1. \u00a7 (1) bekezd\u00e9s 1. pontj\u00e1ban meghat\u00e1rozott fogalom szerinti k\u00f6zeli hozz\u00e1tartoz\u00f3i, akik a k\u00f6vetkez\u0151 szem\u00e9lyek: a h\u00e1zast\u00e1rs, az egyenes\u00e1gbeli rokon, az \u00f6r\u00f6kbefogadott, a mostoha- \u00e9s a nevelt gyermek, az \u00f6r\u00f6kbefogad\u00f3-, a mostoha- \u00e9s a nevel\u0151sz\u00fcl\u0151 \u00e9s a testv\u00e9r. &nbsp; &nbsp;<\/p>\n\n\n\n<p>3.&nbsp;&nbsp;&nbsp;&nbsp; <strong>A j\u00e1t\u00e9k le\u00edr\u00e1sa<\/strong><\/p>\n\n\n\n<p>A J\u00e1t\u00e9kos a 2.1. pontban le\u00edrtak szerinti el\u00e9r\u00e9s\u00e9t k\u00f6vet\u0151en az oldal \u00fczen\u0151fal\u00e1ra jut. A J\u00e1t\u00e9k sor\u00e1n a Szervez\u0151 egy \u00faj tartalmat tesz k\u00f6zz\u00e9 \u00fczen\u0151 fal\u00e1n, amely al\u00e1 a J\u00e1t\u00e9kos kommentk\u00e9nt sz\u00f6veges tartalmat \u00edrhat \u00e9s megoszthat m\u00e1sokkal. A Nyertesek a tartalom alatti kommentben a tartalomban feltett k\u00e9rd\u00e9sre v\u00e1laszol\u00f3 J\u00e1t\u00e9kosok k\u00f6z\u00fcl ker\u00fclnek (tov\u00e1bbiakban: \u201eNyertes\/Nyertesek) kisorsol\u00e1sra. A j\u00e1t\u00e9k id\u0151tartama: <strong>a J\u00e1t\u00e9k 2023. 04.04 \u2013 17. \u00e9jf\u00e9lig tart. <\/strong> A J\u00e1t\u00e9k kezdete el\u0151tt \u00e9s befejez\u00e9s\u00e9t k\u00f6vet\u0151en bek\u00fcld\u00f6tt P\u00e1ly\u00e1zatok a J\u00e1t\u00e9kban nem vesznek r\u00e9szt. &nbsp; &nbsp;<\/p>\n\n\n\n<p>4.&nbsp;&nbsp;&nbsp;<strong>&nbsp; A j\u00e1t\u00e9k menete, nyerem\u00e9nyek, sorsol\u00e1s<\/strong><\/p>\n\n\n\n<p>4.1 Azon J\u00e1t\u00e9kosok k\u00f6z\u00f6tt, akik a tartalom alatti kommentben v\u00e1laszolnak a tartalomban feltett k\u00e9rd\u00e9sre, a Szervez\u0151 a J\u00e1t\u00e9kot k\u00f6vet\u0151en, a <strong>v\u00e9letlenszer\u0171s\u00e9g elv\u00e9nek eleget tev\u0151 sz\u00e1m\u00edt\u00f3g\u00e9pes program seg\u00edts\u00e9g\u00e9vel  <\/strong><a href=\"http:\/\/socialwinner.besocial.hu\/\">http:\/\/socialwinner.besocial.hu\/<\/a><\/p>\n\n\n\n<p><strong>kisorsolunk 1+1 nyertest mind a k\u00e9t Facebook profilon, \u00e9s a k\u00e9t nyertesb\u0151l sorsoljuk ki k\u00e9zi sorsol\u00e1ssal a v\u00e9gs\u0151 nyertest a helyesen v\u00e1laszol\u00f3 J\u00e1t\u00e9kosok k\u00f6z\u00f6tt, aki megnyeri, a k\u00e9pen is l\u00e1that\u00f3 1 db Sophietex V\u00e1llt\u00e1sk\u00e1t a nyertes \u00e1ltala v\u00e1lasztott sz\u00ednben \u00e9s 1 db Monello baby&amp;more extra Babameleg\u00edt\u0151 kiscsillagot szint\u00e9n a nyertes \u00e1ltal v\u00e1lasztott sz\u00ednben \u00e9s m\u00e9retben, z\u00e1rt \u00e9s nyitott modell is v\u00e1laszthat\u00f3.&nbsp; T\u00f6bb komment \u00edr\u00e1sa a tartalom al\u00e1 n\u00f6veli J\u00e1t\u00e9kos es\u00e9lyeit, egy J\u00e1t\u00e9kos t\u00f6bbsz\u00f6r is r\u00e9szt vesz a sorsol\u00e1son, amennyiben t\u00f6bb kommentet is \u00edrt. T\u00f6bb komment \u00edr\u00e1sa megengedett.<\/strong> &nbsp; &nbsp;<\/p>\n\n\n\n<p>4.2. Az 5.1 pontban \u00edrt <strong>Nyerem\u00e9ny sorsol\u00e1s\u00e1nak id\u0151pontja: 2021. \u00e1prilis 18. kedd 15.00 \u00f3ra. A sorsol\u00e1s helysz\u00edne (1026 Budapest, Bimb\u00f3 \u00fat 131\/A \u00e9s 2119 P\u00e9cel, Szent Erzs\u00e9bet Krt. 35\/A)<\/strong> A Nyerem\u00e9nyek m\u00e1sra \u00e1t nem ruh\u00e1zhat\u00f3ak, \u00e9s k\u00e9szp\u00e9nzre \u00e1t nem v\u00e1lthat\u00f3ak. A nyerem\u00e9nyt, csak magyar c\u00edmre tudjuk kik\u00fcldeni. A sorsol\u00e1s nem nyilv\u00e1nos. &nbsp;<\/p>\n\n\n\n<p>4.3 A Szervez\u0151 a 5.2 pontban r\u00e9szletezett sorsol\u00e1son \u00f6sszesen 3 darab tartal\u00e9knyertes P\u00e1ly\u00e1zatot sorsol ki. A tartal\u00e9knyertesek abban az esetben v\u00e1lnak jogosultt\u00e1 a Nyerem\u00e9nyre, amennyiben a nyertes nem m\u0171k\u00f6dik egy\u00fctt a Szervez\u0151vel vagy a Lebonyol\u00edt\u00f3val, vagy a Nyerem\u00e9nyt nem veszi \u00e1t, vagy b\u00e1rmely m\u00e1s okb\u00f3l a J\u00e1t\u00e9kb\u00f3l kiz\u00e1r\u00e1sra ker\u00fcl. &nbsp; &nbsp;<\/p>\n\n\n\n<p>5.&nbsp;&nbsp;&nbsp;&nbsp;&nbsp;&nbsp;&nbsp;&nbsp;&nbsp; <strong>Nyertesek \u00e9rtes\u00edt\u00e9se, nyerem\u00e9nyek \u00e1tv\u00e9tele<\/strong><\/p>\n\n\n\n<p>5.1 A nyerem\u00e9nyj\u00e1t\u00e9k sor\u00e1n a nyertes megnyeri,<strong>a k\u00e9pen is l\u00e1that\u00f3 1 db Sophietex V\u00e1llt\u00e1sk\u00e1t a nyertes \u00e1ltala v\u00e1lasztott sz\u00ednben \u00e9s 1 db Monello baby&amp;more extra Babameleg\u00edt\u0151 kiscsillagot szint\u00e9n a nyertes \u00e1ltal v\u00e1lasztott sz\u00ednben \u00e9s m\u00e9retben, z\u00e1rt \u00e9s nyitott modell is v\u00e1laszthat\u00f3.&nbsp; <\/strong>A Szervez\u0151 kiz\u00e1rhatja a J\u00e1t\u00e9kb\u00f3l azt a P\u00e1ly\u00e1zatot, amelyre n\u00e9zve az azt bek\u00fcld\u0151 J\u00e1t\u00e9kos r\u00e9sz\u00e9re a nyerem\u00e9nyt az\u00e9rt nem lehet \u00e1tadni, mert a Profilja nem val\u00f3s, hi\u00e1nyos vagy t\u00e9ves, vagy a P\u00e1ly\u00e1zatot bek\u00fcld\u0151 J\u00e1t\u00e9kos egy\u00e9b okb\u00f3l nem felel meg a jelen J\u00e1t\u00e9kszab\u00e1lyzatban \u00edrt szem\u00e9lyi felt\u00e9teleknek. &nbsp;<\/p>\n\n\n\n<p>5.2 A Lebonyol\u00edt\u00f3 a sorsol\u00e1s id\u0151pontj\u00e1t k\u00f6vet\u0151 legk\u00e9s\u0151bb 3 (h\u00e1rom) munkanapon bel\u00fcl a Honlapon posztban meghirdeti a nyertes J\u00e1t\u00e9kos(ok) nev\u00e9t. A nyerteseknek az \u00c9rtes\u00edt\u00e9s k\u00e9zhezv\u00e9tel\u00e9t k\u00f6vet\u0151 5 (\u00f6t) napon bel\u00fcl k\u00f6telesek a Lebonyol\u00edt\u00f3 r\u00e9sz\u00e9re elk\u00fcldeni adatait. Amennyiben a nyertes a fenti hat\u00e1rid\u0151n bel\u00fcl az \u00c9rtes\u00edt\u00e9sre semmilyen form\u00e1ban nem reag\u00e1l, \u00fagy a nyertes J\u00e1t\u00e9kos kiz\u00e1r\u00e1sra ker\u00fcl, \u00e9s Szervez\u0151 tartal\u00e9knyertest jel\u00f6l ki. A Nyerem\u00e9nyt Lebonyol\u00edt\u00f3 postai \u00faton vagy fut\u00e1rszolg\u00e1lat seg\u00edts\u00e9g\u00e9vel juttatja el a Nyerteshez, az el\u0151tte Nyertessel egyeztetett post\u00e1z\u00e1si c\u00edmre. A Szervez\u0151 fenntartja a jogot arra, hogy a b\u00e1rmely okb\u00f3l elv\u00e1rhat\u00f3 hat\u00e1rid\u0151ben \u00e1t nem vett Nyerem\u00e9nyr\u0151l a sorrendben k\u00f6vetkez\u0151 tartal\u00e9knyertest \u00e9rtes\u00edtse. &nbsp; &nbsp;<\/p>\n\n\n\n<p>5.3 A Szervez\u0151 kiz\u00e1rhatja a J\u00e1t\u00e9kb\u00f3l azt a P\u00e1ly\u00e1zatot, amelyre n\u00e9zve az azt bek\u00fcld\u0151 J\u00e1t\u00e9kos r\u00e9sz\u00e9re a nyerem\u00e9nyt az\u00e9rt nem lehet \u00e1tadni, mert a Profilja nem val\u00f3s, hi\u00e1nyos vagy t\u00e9ves, vagy a P\u00e1ly\u00e1zatot bek\u00fcld\u0151 J\u00e1t\u00e9kos egy\u00e9b okb\u00f3l nem felel meg a jelen J\u00e1t\u00e9kszab\u00e1lyzatban \u00edrt szem\u00e9lyi felt\u00e9teleknek. &nbsp; &nbsp;<\/p>\n\n\n\n<p>6. &nbsp;&nbsp;&nbsp;&nbsp;&nbsp;&nbsp;&nbsp;&nbsp;<strong>&nbsp;&nbsp; Adatv\u00e9delem, vegyes rendelkez\u00e9sek<\/strong><\/p>\n\n\n\n<p>6.1 A J\u00e1t\u00e9kos a P\u00e1ly\u00e1zat elk\u00fcld\u00e9s\u00e9vel kifejezetten \u00e9s \u00f6nk\u00e9ntesen hozz\u00e1j\u00e1rul ahhoz, hogy az \u00e1ltala a Profilj\u00e1n megadott szem\u00e9lyes adatokat a Szervez\u0151 \u00e9s megb\u00edzott adatfeldolgoz\u00f3ja J\u00e1t\u00e9k lebonyol\u00edt\u00e1sa c\u00e9lj\u00e1b\u00f3l felhaszn\u00e1lja \u00e9s kezelje. Az adatok kezel\u00e9s\u00e9t a Szervez\u0151, mint adatkezel\u0151, feldolgoz\u00e1s\u00e1t a Szervez\u0151 megb\u00edz\u00e1s\u00e1b\u00f3l harmadik szem\u00e9ly v\u00e9gzi. &nbsp; &nbsp;<\/p>\n\n\n\n<p>6.2 A J\u00e1t\u00e9kosok P\u00e1ly\u00e1zatuk elk\u00fcld\u00e9s\u00e9vel tudom\u00e1sul veszik, \u00e9s kifejezetten hozz\u00e1j\u00e1rulnak ahhoz, hogy: \u2013 nyertess\u00e9g eset\u00e9n nev\u00fcket a Szervez\u0151 minden tov\u00e1bbi felt\u00e9tel \u00e9s ellen\u00e9rt\u00e9k n\u00e9lk\u00fcl, kiz\u00e1r\u00f3lag a J\u00e1t\u00e9kkal kapcsolatosan nyilv\u00e1noss\u00e1gra hozza <strong>Facebook<\/strong> oldal\u00e1n; &nbsp; &nbsp;<\/p>\n\n\n\n<p>6.3 A J\u00e1t\u00e9k semmilyen m\u00f3don nem szponzor\u00e1lt a <strong>Facebook<\/strong> \u00e1ltal, illetve semmilyen tekintetben nem kapcsol\u00f3dik a Facebook-hoz. Az adatszolg\u00e1ltat\u00e1s nem a Facebook r\u00e9sz\u00e9re, hanem a Szervez\u0151 r\u00e9sz\u00e9re t\u00f6rt\u00e9nik. A szolg\u00e1ltatott adatok kiz\u00e1r\u00f3lag a J\u00e1t\u00e9k lebonyol\u00edt\u00e1sa c\u00e9lj\u00e1b\u00f3l ker\u00fclnek felhaszn\u00e1l\u00e1sra. &nbsp; &nbsp;<\/p>\n\n\n\n<p>7. &nbsp;&nbsp;&nbsp;&nbsp;&nbsp;&nbsp;&nbsp;&nbsp;&nbsp;&nbsp;<strong> Felel\u0151ss\u00e9g<\/strong><\/p>\n\n\n\n<p>A Szervez\u0151, illetve a Lebonyol\u00edt\u00f3 kiz\u00e1rja a felel\u0151ss\u00e9g\u00e9t minden, a <a href=\"http:\/\/www.instagram.com\">www.facebook.com<\/a> &nbsp;weboldalt, illetve az azt m\u0171k\u00f6dtet\u0151 szervert \u00e9rt k\u00fcls\u0151, \u00fan. SQL t\u00e1mad\u00e1sok est\u00e9re. Teh\u00e1t amennyiben a weboldalt, illetve szervert \u00e9rt t\u00e1mad\u00e1s folyt\u00e1n a J\u00e1t\u00e9kosok t\u00e9ves rendszer\u00fczeneteket kapnak nyerem\u00e9nyeiket, nyertes\/nem nyertes st\u00e1tuszukat stb. illet\u0151en, \u00fagy ezen esetekre a Szervez\u0151 semminem\u0171 felel\u0151ss\u00e9get nem v\u00e1llal. Szervez\u0151, illetve Lebonyol\u00edt\u00f3 kiz\u00e1rja a felel\u0151ss\u00e9g\u00e9t a weboldal rajta k\u00edv\u00fcl\u00e1ll\u00f3 okokb\u00f3l t\u00f6rt\u00e9n\u0151 meghib\u00e1sod\u00e1s\u00e1\u00e9rt, amely id\u0151tartam alatt a honlap nem vagy korl\u00e1tozottan haszn\u00e1lhat\u00f3, ugyanakkor halad\u00e9ktalanul megtesz minden sz\u00fcks\u00e9ges int\u00e9zked\u00e9st annak \u00e9rdek\u00e9ben, hogy a hiba ok\u00e1t miel\u0151bb felt\u00e1rja, illetve megsz\u00fcntesse. &nbsp; &nbsp;<\/p>\n\n\n\n<p>Szervez\u0151 fenntartja a jogot, hogy a J\u00e1t\u00e9kszab\u00e1lyt indokolt esetben b\u00e1rmikor megv\u00e1ltoztathassa.<\/p>\n\n\n\n<p>Budapest, <strong>2023. 04.14.<\/strong><br>Monello baby&amp;more Bt.<br>Szervez\u0151<\/p>\n\n\n\n<p><\/p>\n\n\n\n<figure class=\"wp-block-image size-large\"><img loading=\"lazy\" decoding=\"async\" width=\"1024\" height=\"1024\" src=\"https:\/\/www.monello.hu\/wp-content\/uploads\/2022\/06\/IMG_20220619_143814_107-1-1024x1024.jpg\" alt=\"\" class=\"wp-image-18762\" srcset=\"https:\/\/www.monello.hu\/wp-content\/uploads\/2022\/06\/IMG_20220619_143814_107-1-1024x1024.jpg 1024w, https:\/\/www.monello.hu\/wp-content\/uploads\/2022\/06\/IMG_20220619_143814_107-1-300x300.jpg 300w, https:\/\/www.monello.hu\/wp-content\/uploads\/2022\/06\/IMG_20220619_143814_107-1-150x150.jpg 150w, https:\/\/www.monello.hu\/wp-content\/uploads\/2022\/06\/IMG_20220619_143814_107-1-768x768.jpg 768w, https:\/\/www.monello.hu\/wp-content\/uploads\/2022\/06\/IMG_20220619_143814_107-1-220x220.jpg 220w, https:\/\/www.monello.hu\/wp-content\/uploads\/2022\/06\/IMG_20220619_143814_107-1-450x450.jpg 450w, https:\/\/www.monello.hu\/wp-content\/uploads\/2022\/06\/IMG_20220619_143814_107-1-600x600.jpg 600w, https:\/\/www.monello.hu\/wp-content\/uploads\/2022\/06\/IMG_20220619_143814_107-1-100x100.jpg 100w, https:\/\/www.monello.hu\/wp-content\/uploads\/2022\/06\/IMG_20220619_143814_107-1.jpg 1080w\" sizes=\"auto, (max-width: 1024px) 100vw, 1024px\" \/><\/figure>\n\n\n\n<p>&#8222;Ap\u00e1k Napi j\u00e1t\u00e9k&#8221;<\/p>\n\n\n\n<p><strong>ELNEVEZ\u00c9S\u0170 VET\u00c9LKED\u0150<\/strong><\/p>\n\n\n\n<p><strong>R\u00c9SZV\u00c9TELI \u00c9S J\u00c1T\u00c9KSZAB\u00c1LYZATA<\/strong><\/p>\n\n\n\n<p>1.&nbsp;&nbsp;&nbsp;&nbsp;&nbsp; <strong>A nyerem\u00e9nyj\u00e1t\u00e9k szervez\u0151je<\/strong><\/p>\n\n\n\n<p><strong>&#8222;Ap\u00e1k Napi j\u00e1t\u00e9k&#8221;<\/strong> <strong>elnevez\u00e9s\u0171<\/strong> vet\u00e9lked\u0151 (a tov\u00e1bbiakban: \u201dJ\u00e1t\u00e9k\u201d) szervez\u0151je<strong> Monello baby&amp;more Bt. (sz\u00e9khely: 1026 Budapest, Bimb\u00f3 \u00fat 131\/A.; ad\u00f3sz\u00e1ma: 21890428-3-41)<\/strong> (tov\u00e1bbiakban: \u201dSzervez\u0151\u201d). &nbsp; &nbsp;<\/p>\n\n\n\n<p>2.&nbsp;&nbsp;&nbsp;&nbsp;<strong> A j\u00e1t\u00e9kban t\u00f6rt\u00e9n\u0151 r\u00e9szv\u00e9tel felt\u00e9telei<\/strong><\/p>\n\n\n\n<p>2.1 A J\u00e1t\u00e9kban kiz\u00e1r\u00f3lag azon \u00e1lland\u00f3, nyilv\u00e1ntartott magyarorsz\u00e1gi lak\u00f3hellyel rendelkez\u0151, 18. \u00e9let\u00e9v\u00e9t bet\u00f6lt\u00f6tt, devizabelf\u00f6ldi, az illet\u00e9kes magyar hat\u00f3s\u00e1g \u00e1ltal kiadott \u00e9rv\u00e9nyes szem\u00e9lyazonos\u00edt\u00f3 igazolv\u00e1nnyal rendelkez\u0151, magyar \u00e1llampolg\u00e1r, a 2.6 pontban meghat\u00e1rozott szem\u00e9lyek k\u00f6r\u00e9be nem es\u0151, saj\u00e1t <strong>Facebook \u00e9s vagy Instagram <\/strong>profillal (a tov\u00e1bbiakban: \u201dProfil\u201d) rendelkez\u0151 term\u00e9szetes szem\u00e9ly (a tov\u00e1bbiakban: \u201dJ\u00e1t\u00e9kos\u201d) vehet r\u00e9szt, aki a J\u00e1t\u00e9k 4. pontban meghat\u00e1rozott id\u0151tartama alatt a <a href=\"https:\/\/www.facebook.com\/monellobabyandmore\">https:\/\/www.facebook.com\/monellobabyandmore<\/a> vagy <a href=\"https:\/\/www.facebook.com\/cseppke.hu\/\">https:\/\/www.facebook.com\/cseppke.hu\/<\/a> domain alatti weboldalon (a tov\u00e1bbiakban: \u201dHonlap\u201d) tal\u00e1lhat\u00f3 \u201enyerem\u00e9nyj\u00e1t\u00e9k\u201d<strong>FACEBOOK \u00e9s Instagram tartalomban<\/strong> feltett k\u00e9rd\u00e9sre tartalom alatti kommentben v\u00e1laszol (a tov\u00e1bbiakban: \u201dP\u00e1ly\u00e1zat\u201d), \u00e9s ezzel egy\u00fattal elfogadja a jelen j\u00e1t\u00e9kszab\u00e1lyzatban (a tov\u00e1bbiakban: \u201dJ\u00e1t\u00e9kszab\u00e1lyzat\u201d) le\u00edrt valamennyi felt\u00e9telt. &nbsp; &nbsp;<\/p>\n\n\n\n<p>2.2 Azok a P\u00e1ly\u00e1zatok, melyek a J\u00e1t\u00e9kszab\u00e1lyzatban le\u00edrt alaki \u00e9s tartalmi el\u0151\u00edr\u00e1soknak nem felelnek meg, a J\u00e1t\u00e9kb\u00f3l automatikusan kiz\u00e1r\u00e1sra, m\u00edg az \u00e9rv\u00e9nyes P\u00e1ly\u00e1zatok sz\u00e1m\u00edt\u00f3g\u00e9pes r\u00f6gz\u00edt\u00e9sre ker\u00fclnek. &nbsp; &nbsp;<\/p>\n\n\n\n<p>2.3 A J\u00e1t\u00e9kosok kiz\u00e1r\u00f3lag a saj\u00e1t adataikkal vehetnek r\u00e9szt a J\u00e1t\u00e9kban. A J\u00e1t\u00e9kos a J\u00e1t\u00e9k id\u0151tartama alatt <strong>T\u00d6BB P\u00e1ly\u00e1zatot is jogosult bek\u00fcldeni.<\/strong> Amennyiben a J\u00e1t\u00e9kos nem a saj\u00e1t maga \u00e1ltal regisztr\u00e1lt Profillal vesz r\u00e9szt a J\u00e1t\u00e9kban, a J\u00e1t\u00e9kkal kapcsolatos, Profil haszn\u00e1lat jogosults\u00e1g\u00e1b\u00f3l fakad\u00f3 vit\u00e1kkal kapcsolatban Szervez\u0151 mindennem\u0171 felel\u0151ss\u00e9get kiz\u00e1r. &nbsp; &nbsp;<\/p>\n\n\n\n<p>2.4 A P\u00e1ly\u00e1zat bek\u00fcld\u00e9s\u00e9vel a J\u00e1t\u00e9kos tudom\u00e1sul veszi, hogy a J\u00e1t\u00e9k tartalma, teljes\u00edtm\u00e9nye, \u00fczenet- \u00e9s adat\u00e1tviteli-, valamint v\u00e1laszad\u00e1si sebess\u00e9ge a kiszolg\u00e1l\u00f3 technol\u00f3gia f\u00fcggv\u00e9nye, \u00e9s ez\u00e1ltal ezeket kedvez\u0151tlen\u00fcl befoly\u00e1solhatja olyan, a Szervez\u0151n k\u00edv\u00fcl\u00e1ll\u00f3 t\u00e9nyez\u0151, mint p\u00e9ld\u00e1ul (de nem kiz\u00e1r\u00f3lagosan) kapcsolati hiba, a szerver sz\u00e1m\u00edt\u00f3g\u00e9pek teljes\u00edtm\u00e9nye, valamint a biztons\u00e1gos h\u00e1l\u00f3zati kapcsolat fenntart\u00e1sa. A Szervez\u0151 az e bekezd\u00e9sben \u00edrtakb\u00f3l fakad\u00f3 mindennem\u0171 felel\u0151ss\u00e9get kiz\u00e1r. &nbsp; &nbsp;<\/p>\n\n\n\n<p>2.5 A P\u00e1ly\u00e1zatokat a J\u00e1t\u00e9kszab\u00e1lyzat felt\u00e9teleinek teljes\u00edt\u00e9se v\u00e9gett a Szervez\u0151 megvizsg\u00e1lhatja, \u00e9s amennyiben azok, illetve az azt bek\u00fcld\u0151 J\u00e1t\u00e9kos b\u00e1rmely okb\u00f3l nem felel meg a J\u00e1t\u00e9kszab\u00e1lyzat felt\u00e9teleinek, \u00fagy az \u00e9rintett J\u00e1t\u00e9kost a J\u00e1t\u00e9kb\u00f3l kiz\u00e1rhatja. &nbsp; &nbsp;<\/p>\n\n\n\n<p>2.6 A J\u00e1t\u00e9kb\u00f3l ki vannak z\u00e1rva<strong> a Monello baby&amp;more Bt., <\/strong> alkalmazottai \u00e9s ezen szem\u00e9lyek Polg\u00e1ri t\u00f6rv\u00e9nyk\u00f6nyvr\u0151l sz\u00f3l\u00f3 2013. \u00e9vi V. t\u00f6rv\u00e9ny (a tov\u00e1bbiakban Ptk.) 8:1. \u00a7 (1) bekezd\u00e9s 1. pontj\u00e1ban meghat\u00e1rozott fogalom szerinti k\u00f6zeli hozz\u00e1tartoz\u00f3i, akik a k\u00f6vetkez\u0151 szem\u00e9lyek: a h\u00e1zast\u00e1rs, az egyenes\u00e1gbeli rokon, az \u00f6r\u00f6kbefogadott, a mostoha- \u00e9s a nevelt gyermek, az \u00f6r\u00f6kbefogad\u00f3-, a mostoha- \u00e9s a nevel\u0151sz\u00fcl\u0151 \u00e9s a testv\u00e9r. &nbsp; &nbsp;<\/p>\n\n\n\n<p>3.&nbsp;&nbsp;&nbsp;&nbsp; <strong>A j\u00e1t\u00e9k le\u00edr\u00e1sa<\/strong><\/p>\n\n\n\n<p>A J\u00e1t\u00e9kos a 2.1. pontban le\u00edrtak szerinti el\u00e9r\u00e9s\u00e9t k\u00f6vet\u0151en az oldal \u00fczen\u0151fal\u00e1ra jut. A J\u00e1t\u00e9k sor\u00e1n a Szervez\u0151 egy \u00faj tartalmat tesz k\u00f6zz\u00e9 \u00fczen\u0151 fal\u00e1n, amely al\u00e1 a J\u00e1t\u00e9kos kommentk\u00e9nt sz\u00f6veges tartalmat \u00edrhat \u00e9s megoszthat m\u00e1sokkal. A Nyertesek a tartalom alatti kommentben a tartalomban feltett k\u00e9rd\u00e9sre v\u00e1laszol\u00f3 J\u00e1t\u00e9kosok k\u00f6z\u00fcl ker\u00fclnek (tov\u00e1bbiakban: \u201eNyertes\/Nyertesek) kisorsol\u00e1sra. A j\u00e1t\u00e9k id\u0151tartama: <strong>a J\u00e1t\u00e9k 2022.06.19 &#8211; 21. \u00e9jf\u00e9lig tart.<\/strong> A J\u00e1t\u00e9k kezdete el\u0151tt \u00e9s befejez\u00e9s\u00e9t k\u00f6vet\u0151en bek\u00fcld\u00f6tt P\u00e1ly\u00e1zatok a J\u00e1t\u00e9kban nem vesznek r\u00e9szt. &nbsp; &nbsp;<\/p>\n\n\n\n<p>4.&nbsp;&nbsp;&nbsp;<strong>&nbsp; A j\u00e1t\u00e9k menete, nyerem\u00e9nyek, sorsol\u00e1s<\/strong><\/p>\n\n\n\n<p>4.1 Azon J\u00e1t\u00e9kosok k\u00f6z\u00f6tt, akik a tartalom alatti kommentben v\u00e1laszolnak a tartalomban feltett k\u00e9rd\u00e9sre, a Szervez\u0151 a J\u00e1t\u00e9kot k\u00f6vet\u0151en, a <strong>v\u00e9letlenszer\u0171s\u00e9g elv\u00e9nek eleget tev\u0151 sz\u00e1m\u00edt\u00f3g\u00e9pes program seg\u00edts\u00e9g\u00e9vel <\/strong><a href=\"http:\/\/socialwinner.besocial.hu\/\">http:\/\/socialwinner.besocial.hu\/<\/a><\/p>\n\n\n\n<p><strong>&nbsp;kisorsolunk 1+1 nyertest a helyesen v\u00e1laszol\u00f3 J\u00e1t\u00e9kosok k\u00f6z\u00f6tt, aki megnyeri azt az \u00e1ltal v\u00e1lasztott term\u00e9ket a Monello e-boutique-b\u00f3l www.monello.hu, amit kommentben megjel\u00f6lt Instagramon vagy Facebookon.&nbsp; T\u00f6bb komment \u00edr\u00e1sa a tartalom al\u00e1 n\u00f6veli J\u00e1t\u00e9kos es\u00e9lyeit, egy J\u00e1t\u00e9kos t\u00f6bbsz\u00f6r is r\u00e9szt vesz a sorsol\u00e1son, amennyiben t\u00f6bb kommentet is \u00edrt. T\u00f6bb komment \u00edr\u00e1sa megengedett.<\/strong> &nbsp; &nbsp;<\/p>\n\n\n\n<p>4.2. Az 5.1 pontban \u00edrt <strong>Nyerem\u00e9ny sorsol\u00e1s\u00e1nak id\u0151pontja: 2022. 06.22. szerda 20.00 \u00f3ra. A sorsol\u00e1s helysz\u00edne (1026 Budapest, Bimb\u00f3 \u00fat 131\/A.)<\/strong> A Nyerem\u00e9nyek m\u00e1sra \u00e1t nem ruh\u00e1zhat\u00f3ak, \u00e9s k\u00e9szp\u00e9nzre \u00e1t nem v\u00e1lthat\u00f3ak. A nyerem\u00e9nyt, csak magyar c\u00edmre tudjuk kik\u00fcldeni. A sorsol\u00e1s nem nyilv\u00e1nos. &nbsp;<\/p>\n\n\n\n<p>4.3 A Szervez\u0151 a 5.2 pontban r\u00e9szletezett sorsol\u00e1son \u00f6sszesen 3 darab tartal\u00e9knyertes P\u00e1ly\u00e1zatot sorsol ki. A tartal\u00e9knyertesek abban az esetben v\u00e1lnak jogosultt\u00e1 a Nyerem\u00e9nyre, amennyiben a nyertes nem m\u0171k\u00f6dik egy\u00fctt a Szervez\u0151vel vagy a Lebonyol\u00edt\u00f3val, vagy a Nyerem\u00e9nyt nem veszi \u00e1t, vagy b\u00e1rmely m\u00e1s okb\u00f3l a J\u00e1t\u00e9kb\u00f3l kiz\u00e1r\u00e1sra ker\u00fcl. &nbsp; &nbsp;<\/p>\n\n\n\n<p>5.&nbsp;&nbsp;&nbsp;&nbsp;&nbsp;&nbsp;&nbsp;&nbsp;&nbsp; <strong>Nyertesek \u00e9rtes\u00edt\u00e9se, nyerem\u00e9nyek \u00e1tv\u00e9tele<\/strong><\/p>\n\n\n\n<p>5.1 A nyerem\u00e9nyj\u00e1t\u00e9k sor\u00e1n a nyertes megnyeri,<strong><strong> azt az \u00e1ltal v\u00e1lasztott term\u00e9ket a Monello e-boutique-b\u00f3l www.monello.hu, amit kommentben megjel\u00f6lt Instagramon vagy Facebookon.<\/strong><\/strong>A Szervez\u0151 kiz\u00e1rhatja a J\u00e1t\u00e9kb\u00f3l azt a P\u00e1ly\u00e1zatot, amelyre n\u00e9zve az azt bek\u00fcld\u0151 J\u00e1t\u00e9kos r\u00e9sz\u00e9re a nyerem\u00e9nyt az\u00e9rt nem lehet \u00e1tadni, mert a Profilja nem val\u00f3s, hi\u00e1nyos vagy t\u00e9ves, vagy a P\u00e1ly\u00e1zatot bek\u00fcld\u0151 J\u00e1t\u00e9kos egy\u00e9b okb\u00f3l nem felel meg a jelen J\u00e1t\u00e9kszab\u00e1lyzatban \u00edrt szem\u00e9lyi felt\u00e9teleknek. &nbsp;<\/p>\n\n\n\n<p>5.2 A Lebonyol\u00edt\u00f3 a sorsol\u00e1s id\u0151pontj\u00e1t k\u00f6vet\u0151 legk\u00e9s\u0151bb 3 (h\u00e1rom) munkanapon bel\u00fcl a Honlapon posztban meghirdeti a nyertes J\u00e1t\u00e9kos(ok) nev\u00e9t. A nyerteseknek az \u00c9rtes\u00edt\u00e9s k\u00e9zhezv\u00e9tel\u00e9t k\u00f6vet\u0151 5 (\u00f6t) napon bel\u00fcl k\u00f6telesek a Lebonyol\u00edt\u00f3 r\u00e9sz\u00e9re elk\u00fcldeni adatait. Amennyiben a nyertes a fenti hat\u00e1rid\u0151n bel\u00fcl az \u00c9rtes\u00edt\u00e9sre semmilyen form\u00e1ban nem reag\u00e1l, \u00fagy a nyertes J\u00e1t\u00e9kos kiz\u00e1r\u00e1sra ker\u00fcl, \u00e9s Szervez\u0151 tartal\u00e9knyertest jel\u00f6l ki. A Nyerem\u00e9nyt Lebonyol\u00edt\u00f3 postai \u00faton vagy fut\u00e1rszolg\u00e1lat seg\u00edts\u00e9g\u00e9vel juttatja el a Nyerteshez, az el\u0151tte Nyertessel egyeztetett post\u00e1z\u00e1si c\u00edmre. A Szervez\u0151 fenntartja a jogot arra, hogy a b\u00e1rmely okb\u00f3l elv\u00e1rhat\u00f3 hat\u00e1rid\u0151ben \u00e1t nem vett Nyerem\u00e9nyr\u0151l a sorrendben k\u00f6vetkez\u0151 tartal\u00e9knyertest \u00e9rtes\u00edtse. &nbsp; &nbsp;<\/p>\n\n\n\n<p>5.3 A Szervez\u0151 kiz\u00e1rhatja a J\u00e1t\u00e9kb\u00f3l azt a P\u00e1ly\u00e1zatot, amelyre n\u00e9zve az azt bek\u00fcld\u0151 J\u00e1t\u00e9kos r\u00e9sz\u00e9re a nyerem\u00e9nyt az\u00e9rt nem lehet \u00e1tadni, mert a Profilja nem val\u00f3s, hi\u00e1nyos vagy t\u00e9ves, vagy a P\u00e1ly\u00e1zatot bek\u00fcld\u0151 J\u00e1t\u00e9kos egy\u00e9b okb\u00f3l nem felel meg a jelen J\u00e1t\u00e9kszab\u00e1lyzatban \u00edrt szem\u00e9lyi felt\u00e9teleknek. &nbsp; &nbsp;<\/p>\n\n\n\n<p>6. &nbsp;&nbsp;&nbsp;&nbsp;&nbsp;&nbsp;&nbsp;&nbsp;<strong>&nbsp;&nbsp; Adatv\u00e9delem, vegyes rendelkez\u00e9sek<\/strong><\/p>\n\n\n\n<p>6.1 A J\u00e1t\u00e9kos a P\u00e1ly\u00e1zat elk\u00fcld\u00e9s\u00e9vel kifejezetten \u00e9s \u00f6nk\u00e9ntesen hozz\u00e1j\u00e1rul ahhoz, hogy az \u00e1ltala a Profilj\u00e1n megadott szem\u00e9lyes adatokat a Szervez\u0151 \u00e9s megb\u00edzott adatfeldolgoz\u00f3ja J\u00e1t\u00e9k lebonyol\u00edt\u00e1sa c\u00e9lj\u00e1b\u00f3l felhaszn\u00e1lja \u00e9s kezelje. Az adatok kezel\u00e9s\u00e9t a Szervez\u0151, mint adatkezel\u0151, feldolgoz\u00e1s\u00e1t a Szervez\u0151 megb\u00edz\u00e1s\u00e1b\u00f3l harmadik szem\u00e9ly v\u00e9gzi. &nbsp; &nbsp;<\/p>\n\n\n\n<p>6.2 A J\u00e1t\u00e9kosok P\u00e1ly\u00e1zatuk elk\u00fcld\u00e9s\u00e9vel tudom\u00e1sul veszik, \u00e9s kifejezetten hozz\u00e1j\u00e1rulnak ahhoz, hogy: \u2013 nyertess\u00e9g eset\u00e9n nev\u00fcket a Szervez\u0151 minden tov\u00e1bbi felt\u00e9tel \u00e9s ellen\u00e9rt\u00e9k n\u00e9lk\u00fcl, kiz\u00e1r\u00f3lag a J\u00e1t\u00e9kkal kapcsolatosan nyilv\u00e1noss\u00e1gra hozza <strong>Facebook<\/strong> \u00e9s Instagram oldal\u00e1n; &nbsp; &nbsp;<\/p>\n\n\n\n<p>6.3 A J\u00e1t\u00e9k semmilyen m\u00f3don nem szponzor\u00e1lt az <strong>Facebook<\/strong> \u00e9s Instagram \u00e1ltal, illetve semmilyen tekintetben nem kapcsol\u00f3dik a Facebook-hoz. Az adatszolg\u00e1ltat\u00e1s nem a Facebook r\u00e9sz\u00e9re, hanem a Szervez\u0151 r\u00e9sz\u00e9re t\u00f6rt\u00e9nik. A szolg\u00e1ltatott adatok kiz\u00e1r\u00f3lag a J\u00e1t\u00e9k lebonyol\u00edt\u00e1sa c\u00e9lj\u00e1b\u00f3l ker\u00fclnek felhaszn\u00e1l\u00e1sra. &nbsp; &nbsp;<\/p>\n\n\n\n<p>7. &nbsp;&nbsp;&nbsp;&nbsp;&nbsp;&nbsp;&nbsp;&nbsp;&nbsp;&nbsp;<strong> Felel\u0151ss\u00e9g<\/strong><\/p>\n\n\n\n<p>A Szervez\u0151, illetve a Lebonyol\u00edt\u00f3 kiz\u00e1rja a felel\u0151ss\u00e9g\u00e9t minden, a <a href=\"http:\/\/www.instagram.com\">www.facebook.com<\/a> &nbsp;weboldalt, illetve az azt m\u0171k\u00f6dtet\u0151 szervert \u00e9rt k\u00fcls\u0151, \u00fan. SQL t\u00e1mad\u00e1sok est\u00e9re. Teh\u00e1t amennyiben a weboldalt, illetve szervert \u00e9rt t\u00e1mad\u00e1s folyt\u00e1n a J\u00e1t\u00e9kosok t\u00e9ves rendszer\u00fczeneteket kapnak nyerem\u00e9nyeiket, nyertes\/nem nyertes st\u00e1tuszukat stb. illet\u0151en, \u00fagy ezen esetekre a Szervez\u0151 semminem\u0171 felel\u0151ss\u00e9get nem v\u00e1llal. Szervez\u0151, illetve Lebonyol\u00edt\u00f3 kiz\u00e1rja a felel\u0151ss\u00e9g\u00e9t a weboldal rajta k\u00edv\u00fcl\u00e1ll\u00f3 okokb\u00f3l t\u00f6rt\u00e9n\u0151 meghib\u00e1sod\u00e1s\u00e1\u00e9rt, amely id\u0151tartam alatt a honlap nem vagy korl\u00e1tozottan haszn\u00e1lhat\u00f3, ugyanakkor halad\u00e9ktalanul megtesz minden sz\u00fcks\u00e9ges int\u00e9zked\u00e9st annak \u00e9rdek\u00e9ben, hogy a hiba ok\u00e1t miel\u0151bb felt\u00e1rja, illetve megsz\u00fcntesse. &nbsp; &nbsp;<\/p>\n\n\n\n<p>Szervez\u0151 fenntartja a jogot, hogy a J\u00e1t\u00e9kszab\u00e1lyt indokolt esetben b\u00e1rmikor megv\u00e1ltoztathassa.<\/p>\n\n\n\n<p>Budapest, <strong>2022. j\u00fanius 19.<\/strong><br>Monello baby&amp;more Bt.<br>Szervez\u0151<\/p>\n\n\n<div class=\"wp-block-image\">\n<figure class=\"aligncenter size-large\"><img loading=\"lazy\" decoding=\"async\" width=\"940\" height=\"788\" src=\"https:\/\/www.monello.hu\/wp-content\/uploads\/2021\/04\/Cseppke_Monello_FB2021.04.14.1.png\" alt=\"\" class=\"wp-image-12669\" srcset=\"https:\/\/www.monello.hu\/wp-content\/uploads\/2021\/04\/Cseppke_Monello_FB2021.04.14.1.png 940w, https:\/\/www.monello.hu\/wp-content\/uploads\/2021\/04\/Cseppke_Monello_FB2021.04.14.1-300x251.png 300w, https:\/\/www.monello.hu\/wp-content\/uploads\/2021\/04\/Cseppke_Monello_FB2021.04.14.1-768x644.png 768w, https:\/\/www.monello.hu\/wp-content\/uploads\/2021\/04\/Cseppke_Monello_FB2021.04.14.1-600x503.png 600w\" sizes=\"auto, (max-width: 940px) 100vw, 940px\" \/><\/figure>\n<\/div>\n\n\n<p>Ez a j\u00e1t\u00e9k m\u00e1r lez\u00e1rult.<\/p>\n\n\n\n<p><strong>\u201cDupla Tavaszi j\u00e1t\u00e9k\u201d<\/strong><\/p>\n\n\n\n<p><strong>ELNEVEZ\u00c9S\u0170 VET\u00c9LKED\u0150<\/strong><\/p>\n\n\n\n<p><strong>R\u00c9SZV\u00c9TELI \u00c9S J\u00c1T\u00c9KSZAB\u00c1LYZATA<\/strong><\/p>\n\n\n\n<p>1.&nbsp;&nbsp;&nbsp;&nbsp;&nbsp; <strong>A nyerem\u00e9nyj\u00e1t\u00e9k szervez\u0151je<\/strong><\/p>\n\n\n\n<p><strong>\u201c\u00c9vkezd\u0151 dupla j\u00e1t\u00e9k\u201d<\/strong> <strong>elnevez\u00e9s\u0171<\/strong> vet\u00e9lked\u0151 (a tov\u00e1bbiakban: \u201dJ\u00e1t\u00e9k\u201d) szervez\u0151je<strong> Monello baby&amp;more Bt. (sz\u00e9khely: 1026 Budapest, Bimb\u00f3 \u00fat 131\/A.; ad\u00f3sz\u00e1ma: 21890428-3-41)<\/strong> (tov\u00e1bbiakban: \u201dSzervez\u0151\u201d). &nbsp; &nbsp;<\/p>\n\n\n\n<p>2.&nbsp;&nbsp;&nbsp;&nbsp;<strong> A j\u00e1t\u00e9kban t\u00f6rt\u00e9n\u0151 r\u00e9szv\u00e9tel felt\u00e9telei<\/strong><\/p>\n\n\n\n<p>2.1 A J\u00e1t\u00e9kban kiz\u00e1r\u00f3lag azon \u00e1lland\u00f3, nyilv\u00e1ntartott magyarorsz\u00e1gi lak\u00f3hellyel rendelkez\u0151, 18. \u00e9let\u00e9v\u00e9t bet\u00f6lt\u00f6tt, devizabelf\u00f6ldi, az illet\u00e9kes magyar hat\u00f3s\u00e1g \u00e1ltal kiadott \u00e9rv\u00e9nyes szem\u00e9lyazonos\u00edt\u00f3 igazolv\u00e1nnyal rendelkez\u0151, magyar \u00e1llampolg\u00e1r, a 2.6 pontban meghat\u00e1rozott szem\u00e9lyek k\u00f6r\u00e9be nem es\u0151, saj\u00e1t <strong>Facebook <\/strong>profillal (a tov\u00e1bbiakban: \u201dProfil\u201d) rendelkez\u0151 term\u00e9szetes szem\u00e9ly (a tov\u00e1bbiakban: \u201dJ\u00e1t\u00e9kos\u201d) vehet r\u00e9szt, aki a J\u00e1t\u00e9k 4. pontban meghat\u00e1rozott id\u0151tartama alatt a <a href=\"https:\/\/www.facebook.com\/monellobabyandmore\">https:\/\/www.facebook.com\/monellobabyandmore<\/a>  vagy <a href=\"https:\/\/www.facebook.com\/cseppke.hu\/\">https:\/\/www.facebook.com\/cseppke.hu\/<\/a> domain alatti weboldalon (a tov\u00e1bbiakban: \u201dHonlap\u201d) tal\u00e1lhat\u00f3 \u201enyerem\u00e9nyj\u00e1t\u00e9k\u201d<strong>FACEBOOK tartalomban<\/strong> feltett k\u00e9rd\u00e9sre tartalom alatti kommentben v\u00e1laszol (a tov\u00e1bbiakban: \u201dP\u00e1ly\u00e1zat\u201d), \u00e9s ezzel egy\u00fattal elfogadja a jelen j\u00e1t\u00e9kszab\u00e1lyzatban (a tov\u00e1bbiakban: \u201dJ\u00e1t\u00e9kszab\u00e1lyzat\u201d) le\u00edrt valamennyi felt\u00e9telt. &nbsp; &nbsp;<\/p>\n\n\n\n<p>2.2 Azok a P\u00e1ly\u00e1zatok, melyek a J\u00e1t\u00e9kszab\u00e1lyzatban le\u00edrt alaki \u00e9s tartalmi el\u0151\u00edr\u00e1soknak nem felelnek meg, a J\u00e1t\u00e9kb\u00f3l automatikusan kiz\u00e1r\u00e1sra, m\u00edg az \u00e9rv\u00e9nyes P\u00e1ly\u00e1zatok sz\u00e1m\u00edt\u00f3g\u00e9pes r\u00f6gz\u00edt\u00e9sre ker\u00fclnek. &nbsp; &nbsp;<\/p>\n\n\n\n<p>2.3 A J\u00e1t\u00e9kosok kiz\u00e1r\u00f3lag a saj\u00e1t adataikkal vehetnek r\u00e9szt a J\u00e1t\u00e9kban. A J\u00e1t\u00e9kos a J\u00e1t\u00e9k id\u0151tartama alatt <strong>T\u00d6BB P\u00e1ly\u00e1zatot is jogosult bek\u00fcldeni.<\/strong> Amennyiben a J\u00e1t\u00e9kos nem a saj\u00e1t maga \u00e1ltal regisztr\u00e1lt Profillal vesz r\u00e9szt a J\u00e1t\u00e9kban, a J\u00e1t\u00e9kkal kapcsolatos, Profil haszn\u00e1lat jogosults\u00e1g\u00e1b\u00f3l fakad\u00f3 vit\u00e1kkal kapcsolatban Szervez\u0151 mindennem\u0171 felel\u0151ss\u00e9get kiz\u00e1r. &nbsp; &nbsp;<\/p>\n\n\n\n<p>2.4 A P\u00e1ly\u00e1zat bek\u00fcld\u00e9s\u00e9vel a J\u00e1t\u00e9kos tudom\u00e1sul veszi, hogy a J\u00e1t\u00e9k tartalma, teljes\u00edtm\u00e9nye, \u00fczenet- \u00e9s adat\u00e1tviteli-, valamint v\u00e1laszad\u00e1si sebess\u00e9ge a kiszolg\u00e1l\u00f3 technol\u00f3gia f\u00fcggv\u00e9nye, \u00e9s ez\u00e1ltal ezeket kedvez\u0151tlen\u00fcl befoly\u00e1solhatja olyan, a Szervez\u0151n k\u00edv\u00fcl\u00e1ll\u00f3 t\u00e9nyez\u0151, mint p\u00e9ld\u00e1ul (de nem kiz\u00e1r\u00f3lagosan) kapcsolati hiba, a szerver sz\u00e1m\u00edt\u00f3g\u00e9pek teljes\u00edtm\u00e9nye, valamint a biztons\u00e1gos h\u00e1l\u00f3zati kapcsolat fenntart\u00e1sa. A Szervez\u0151 az e bekezd\u00e9sben \u00edrtakb\u00f3l fakad\u00f3 mindennem\u0171 felel\u0151ss\u00e9get kiz\u00e1r. &nbsp; &nbsp;<\/p>\n\n\n\n<p>2.5 A P\u00e1ly\u00e1zatokat a J\u00e1t\u00e9kszab\u00e1lyzat felt\u00e9teleinek teljes\u00edt\u00e9se v\u00e9gett a Szervez\u0151 megvizsg\u00e1lhatja, \u00e9s amennyiben azok, illetve az azt bek\u00fcld\u0151 J\u00e1t\u00e9kos b\u00e1rmely okb\u00f3l nem felel meg a J\u00e1t\u00e9kszab\u00e1lyzat felt\u00e9teleinek, \u00fagy az \u00e9rintett J\u00e1t\u00e9kost a J\u00e1t\u00e9kb\u00f3l kiz\u00e1rhatja. &nbsp; &nbsp;<\/p>\n\n\n\n<p>2.6 A J\u00e1t\u00e9kb\u00f3l ki vannak z\u00e1rva<strong> a Monello baby&amp;more Bt., a Cseppke Hungary Kft<\/strong>., alkalmazottai \u00e9s ezen szem\u00e9lyek Polg\u00e1ri t\u00f6rv\u00e9nyk\u00f6nyvr\u0151l sz\u00f3l\u00f3 2013. \u00e9vi V. t\u00f6rv\u00e9ny (a tov\u00e1bbiakban Ptk.) 8:1. \u00a7 (1) bekezd\u00e9s 1. pontj\u00e1ban meghat\u00e1rozott fogalom szerinti k\u00f6zeli hozz\u00e1tartoz\u00f3i, akik a k\u00f6vetkez\u0151 szem\u00e9lyek: a h\u00e1zast\u00e1rs, az egyenes\u00e1gbeli rokon, az \u00f6r\u00f6kbefogadott, a mostoha- \u00e9s a nevelt gyermek, az \u00f6r\u00f6kbefogad\u00f3-, a mostoha- \u00e9s a nevel\u0151sz\u00fcl\u0151 \u00e9s a testv\u00e9r. &nbsp; &nbsp;<\/p>\n\n\n\n<p>3.&nbsp;&nbsp;&nbsp;&nbsp; <strong>A j\u00e1t\u00e9k le\u00edr\u00e1sa<\/strong><\/p>\n\n\n\n<p>A J\u00e1t\u00e9kos a 2.1. pontban le\u00edrtak szerinti el\u00e9r\u00e9s\u00e9t k\u00f6vet\u0151en az oldal \u00fczen\u0151fal\u00e1ra jut. A J\u00e1t\u00e9k sor\u00e1n a Szervez\u0151 egy \u00faj tartalmat tesz k\u00f6zz\u00e9 \u00fczen\u0151 fal\u00e1n, amely al\u00e1 a J\u00e1t\u00e9kos kommentk\u00e9nt sz\u00f6veges tartalmat \u00edrhat \u00e9s megoszthat m\u00e1sokkal. A Nyertesek a tartalom alatti kommentben a tartalomban feltett k\u00e9rd\u00e9sre v\u00e1laszol\u00f3 J\u00e1t\u00e9kosok k\u00f6z\u00fcl ker\u00fclnek (tov\u00e1bbiakban: \u201eNyertes\/Nyertesek) kisorsol\u00e1sra. A j\u00e1t\u00e9k id\u0151tartama: <strong>a J\u00e1t\u00e9k 2021. . \u00e1prilis 14. \u2013 16. \u00e9jf\u00e9lig tart. <\/strong> A J\u00e1t\u00e9k kezdete el\u0151tt \u00e9s befejez\u00e9s\u00e9t k\u00f6vet\u0151en bek\u00fcld\u00f6tt P\u00e1ly\u00e1zatok a J\u00e1t\u00e9kban nem vesznek r\u00e9szt. &nbsp; &nbsp;<\/p>\n\n\n\n<p>4.&nbsp;&nbsp;&nbsp;<strong>&nbsp; A j\u00e1t\u00e9k menete, nyerem\u00e9nyek, sorsol\u00e1s<\/strong><\/p>\n\n\n\n<p>4.1 Azon J\u00e1t\u00e9kosok k\u00f6z\u00f6tt, akik a tartalom alatti kommentben v\u00e1laszolnak a tartalomban feltett k\u00e9rd\u00e9sre, a Szervez\u0151 a J\u00e1t\u00e9kot k\u00f6vet\u0151en, a <strong>v\u00e9letlenszer\u0171s\u00e9g elv\u00e9nek eleget tev\u0151 sz\u00e1m\u00edt\u00f3g\u00e9pes program seg\u00edts\u00e9g\u00e9vel  <\/strong><a href=\"http:\/\/socialwinner.besocial.hu\/\">http:\/\/socialwinner.besocial.hu\/<\/a><\/p>\n\n\n\n<p><strong> &nbsp;kisorsolunk 1+1 nyertest a helyesen v\u00e1laszol\u00f3 J\u00e1t\u00e9kosok k\u00f6z\u00f6tt, aki megnyeri, a k\u00e9pen is l\u00e1that\u00f3  10.000 forintos aj\u00e1nd\u00e9kutalv\u00e1nyt, amit a <a href=\"https:\/\/cseppke.hu\/\">Cseppke webshopban<\/a> v\u00e1lthat be, plusz egy M\u00f3kaf\u00fczetet!&nbsp; T\u00f6bb komment \u00edr\u00e1sa a tartalom al\u00e1 n\u00f6veli J\u00e1t\u00e9kos es\u00e9lyeit, egy J\u00e1t\u00e9kos t\u00f6bbsz\u00f6r is r\u00e9szt vesz a sorsol\u00e1son, amennyiben t\u00f6bb kommentet is \u00edrt. T\u00f6bb komment \u00edr\u00e1sa megengedett.<\/strong> &nbsp; &nbsp;<\/p>\n\n\n\n<p>4.2. Az 5.1 pontban \u00edrt <strong>Nyerem\u00e9ny sorsol\u00e1s\u00e1nak id\u0151pontja: 2021. \u00e1prilis 17. szombat 20.00 \u00f3ra. A sorsol\u00e1s helysz\u00edne (1026 Budapest, Bimb\u00f3 \u00fat 131\/A.)<\/strong> A Nyerem\u00e9nyek m\u00e1sra \u00e1t nem ruh\u00e1zhat\u00f3ak, \u00e9s k\u00e9szp\u00e9nzre \u00e1t nem v\u00e1lthat\u00f3ak. A nyerem\u00e9nyt, csak magyar c\u00edmre tudjuk kik\u00fcldeni. A sorsol\u00e1s nem nyilv\u00e1nos. &nbsp;<\/p>\n\n\n\n<p>4.3 A Szervez\u0151 a 5.2 pontban r\u00e9szletezett sorsol\u00e1son \u00f6sszesen 3 darab tartal\u00e9knyertes P\u00e1ly\u00e1zatot sorsol ki. A tartal\u00e9knyertesek abban az esetben v\u00e1lnak jogosultt\u00e1 a Nyerem\u00e9nyre, amennyiben a nyertes nem m\u0171k\u00f6dik egy\u00fctt a Szervez\u0151vel vagy a Lebonyol\u00edt\u00f3val, vagy a Nyerem\u00e9nyt nem veszi \u00e1t, vagy b\u00e1rmely m\u00e1s okb\u00f3l a J\u00e1t\u00e9kb\u00f3l kiz\u00e1r\u00e1sra ker\u00fcl. &nbsp; &nbsp;<\/p>\n\n\n\n<p>5.&nbsp;&nbsp;&nbsp;&nbsp;&nbsp;&nbsp;&nbsp;&nbsp;&nbsp; <strong>Nyertesek \u00e9rtes\u00edt\u00e9se, nyerem\u00e9nyek \u00e1tv\u00e9tele<\/strong><\/p>\n\n\n\n<p>5.1 A nyerem\u00e9nyj\u00e1t\u00e9k sor\u00e1n a nyertes megnyeri,<strong>a k\u00e9pen is l\u00e1that\u00f3 10.000 forintos aj\u00e1nd\u00e9kutalv\u00e1nyt, amit a <a href=\"https:\/\/cseppke.hu\/\">Cseppke webshopban<\/a> v\u00e1lthat be, plusz egy M\u00f3kaf\u00fczetet!<\/strong>  <strong> <\/strong>A Szervez\u0151 kiz\u00e1rhatja a J\u00e1t\u00e9kb\u00f3l azt a P\u00e1ly\u00e1zatot, amelyre n\u00e9zve az azt bek\u00fcld\u0151 J\u00e1t\u00e9kos r\u00e9sz\u00e9re a nyerem\u00e9nyt az\u00e9rt nem lehet \u00e1tadni, mert a Profilja nem val\u00f3s, hi\u00e1nyos vagy t\u00e9ves, vagy a P\u00e1ly\u00e1zatot bek\u00fcld\u0151 J\u00e1t\u00e9kos egy\u00e9b okb\u00f3l nem felel meg a jelen J\u00e1t\u00e9kszab\u00e1lyzatban \u00edrt szem\u00e9lyi felt\u00e9teleknek. &nbsp;<\/p>\n\n\n\n<p>5.2 A Lebonyol\u00edt\u00f3 a sorsol\u00e1s id\u0151pontj\u00e1t k\u00f6vet\u0151 legk\u00e9s\u0151bb 3 (h\u00e1rom) munkanapon bel\u00fcl a Honlapon posztban meghirdeti a nyertes J\u00e1t\u00e9kos(ok) nev\u00e9t. A nyerteseknek az \u00c9rtes\u00edt\u00e9s k\u00e9zhezv\u00e9tel\u00e9t k\u00f6vet\u0151 5 (\u00f6t) napon bel\u00fcl k\u00f6telesek a Lebonyol\u00edt\u00f3 r\u00e9sz\u00e9re elk\u00fcldeni adatait. Amennyiben a nyertes a fenti hat\u00e1rid\u0151n bel\u00fcl az \u00c9rtes\u00edt\u00e9sre semmilyen form\u00e1ban nem reag\u00e1l, \u00fagy a nyertes J\u00e1t\u00e9kos kiz\u00e1r\u00e1sra ker\u00fcl, \u00e9s Szervez\u0151 tartal\u00e9knyertest jel\u00f6l ki. A Nyerem\u00e9nyt Lebonyol\u00edt\u00f3 postai \u00faton vagy fut\u00e1rszolg\u00e1lat seg\u00edts\u00e9g\u00e9vel juttatja el a Nyerteshez, az el\u0151tte Nyertessel egyeztetett post\u00e1z\u00e1si c\u00edmre. A Szervez\u0151 fenntartja a jogot arra, hogy a b\u00e1rmely okb\u00f3l elv\u00e1rhat\u00f3 hat\u00e1rid\u0151ben \u00e1t nem vett Nyerem\u00e9nyr\u0151l a sorrendben k\u00f6vetkez\u0151 tartal\u00e9knyertest \u00e9rtes\u00edtse. &nbsp; &nbsp;<\/p>\n\n\n\n<p>5.3 A Szervez\u0151 kiz\u00e1rhatja a J\u00e1t\u00e9kb\u00f3l azt a P\u00e1ly\u00e1zatot, amelyre n\u00e9zve az azt bek\u00fcld\u0151 J\u00e1t\u00e9kos r\u00e9sz\u00e9re a nyerem\u00e9nyt az\u00e9rt nem lehet \u00e1tadni, mert a Profilja nem val\u00f3s, hi\u00e1nyos vagy t\u00e9ves, vagy a P\u00e1ly\u00e1zatot bek\u00fcld\u0151 J\u00e1t\u00e9kos egy\u00e9b okb\u00f3l nem felel meg a jelen J\u00e1t\u00e9kszab\u00e1lyzatban \u00edrt szem\u00e9lyi felt\u00e9teleknek. &nbsp; &nbsp;<\/p>\n\n\n\n<p>6. &nbsp;&nbsp;&nbsp;&nbsp;&nbsp;&nbsp;&nbsp;&nbsp;<strong>&nbsp;&nbsp; Adatv\u00e9delem, vegyes rendelkez\u00e9sek<\/strong><\/p>\n\n\n\n<p>6.1 A J\u00e1t\u00e9kos a P\u00e1ly\u00e1zat elk\u00fcld\u00e9s\u00e9vel kifejezetten \u00e9s \u00f6nk\u00e9ntesen hozz\u00e1j\u00e1rul ahhoz, hogy az \u00e1ltala a Profilj\u00e1n megadott szem\u00e9lyes adatokat a Szervez\u0151 \u00e9s megb\u00edzott adatfeldolgoz\u00f3ja J\u00e1t\u00e9k lebonyol\u00edt\u00e1sa c\u00e9lj\u00e1b\u00f3l felhaszn\u00e1lja \u00e9s kezelje. Az adatok kezel\u00e9s\u00e9t a Szervez\u0151, mint adatkezel\u0151, feldolgoz\u00e1s\u00e1t a Szervez\u0151 megb\u00edz\u00e1s\u00e1b\u00f3l harmadik szem\u00e9ly v\u00e9gzi. &nbsp; &nbsp;<\/p>\n\n\n\n<p>6.2 A J\u00e1t\u00e9kosok P\u00e1ly\u00e1zatuk elk\u00fcld\u00e9s\u00e9vel tudom\u00e1sul veszik, \u00e9s kifejezetten hozz\u00e1j\u00e1rulnak ahhoz, hogy: \u2013 nyertess\u00e9g eset\u00e9n nev\u00fcket a Szervez\u0151 minden tov\u00e1bbi felt\u00e9tel \u00e9s ellen\u00e9rt\u00e9k n\u00e9lk\u00fcl, kiz\u00e1r\u00f3lag a J\u00e1t\u00e9kkal kapcsolatosan nyilv\u00e1noss\u00e1gra hozza <strong>Facebook<\/strong> oldal\u00e1n; &nbsp; &nbsp;<\/p>\n\n\n\n<p>6.3 A J\u00e1t\u00e9k semmilyen m\u00f3don nem szponzor\u00e1lt az <strong>Facebook<\/strong> \u00e1ltal, illetve semmilyen tekintetben nem kapcsol\u00f3dik a Facebook-hoz. Az adatszolg\u00e1ltat\u00e1s nem a Facebook r\u00e9sz\u00e9re, hanem a Szervez\u0151 r\u00e9sz\u00e9re t\u00f6rt\u00e9nik. A szolg\u00e1ltatott adatok kiz\u00e1r\u00f3lag a J\u00e1t\u00e9k lebonyol\u00edt\u00e1sa c\u00e9lj\u00e1b\u00f3l ker\u00fclnek felhaszn\u00e1l\u00e1sra. &nbsp; &nbsp;<\/p>\n\n\n\n<p>7. &nbsp;&nbsp;&nbsp;&nbsp;&nbsp;&nbsp;&nbsp;&nbsp;&nbsp;&nbsp;<strong> Felel\u0151ss\u00e9g<\/strong><\/p>\n\n\n\n<p>A Szervez\u0151, illetve a Lebonyol\u00edt\u00f3 kiz\u00e1rja a felel\u0151ss\u00e9g\u00e9t minden, a <a href=\"http:\/\/www.instagram.com\">www.facebook.com<\/a> &nbsp;weboldalt, illetve az azt m\u0171k\u00f6dtet\u0151 szervert \u00e9rt k\u00fcls\u0151, \u00fan. SQL t\u00e1mad\u00e1sok est\u00e9re. Teh\u00e1t amennyiben a weboldalt, illetve szervert \u00e9rt t\u00e1mad\u00e1s folyt\u00e1n a J\u00e1t\u00e9kosok t\u00e9ves rendszer\u00fczeneteket kapnak nyerem\u00e9nyeiket, nyertes\/nem nyertes st\u00e1tuszukat stb. illet\u0151en, \u00fagy ezen esetekre a Szervez\u0151 semminem\u0171 felel\u0151ss\u00e9get nem v\u00e1llal. Szervez\u0151, illetve Lebonyol\u00edt\u00f3 kiz\u00e1rja a felel\u0151ss\u00e9g\u00e9t a weboldal rajta k\u00edv\u00fcl\u00e1ll\u00f3 okokb\u00f3l t\u00f6rt\u00e9n\u0151 meghib\u00e1sod\u00e1s\u00e1\u00e9rt, amely id\u0151tartam alatt a honlap nem vagy korl\u00e1tozottan haszn\u00e1lhat\u00f3, ugyanakkor halad\u00e9ktalanul megtesz minden sz\u00fcks\u00e9ges int\u00e9zked\u00e9st annak \u00e9rdek\u00e9ben, hogy a hiba ok\u00e1t miel\u0151bb felt\u00e1rja, illetve megsz\u00fcntesse. &nbsp; &nbsp;<\/p>\n\n\n\n<p>Szervez\u0151 fenntartja a jogot, hogy a J\u00e1t\u00e9kszab\u00e1lyt indokolt esetben b\u00e1rmikor megv\u00e1ltoztathassa.<\/p>\n\n\n\n<p>Budapest, <strong>2021. \u00e1prilis 14.<\/strong><br>Monello baby&amp;more Bt.<br>Szervez\u0151<\/p>\n\n\n\n<p>Ez a j\u00e1t\u00e9k m\u00e1r lez\u00e1rult, k\u00f6sz\u00f6nj\u00fck, ha vel\u00fcnk j\u00e1tszott\u00e1l!<\/p>\n\n\n<div class=\"wp-block-image\">\n<figure class=\"aligncenter size-large\"><img loading=\"lazy\" decoding=\"async\" width=\"940\" height=\"788\" src=\"https:\/\/www.monello.hu\/wp-content\/uploads\/2021\/01\/Cukimamik_Monello_Jatek2021.01.17..png\" alt=\"\" class=\"wp-image-11737\" srcset=\"https:\/\/www.monello.hu\/wp-content\/uploads\/2021\/01\/Cukimamik_Monello_Jatek2021.01.17..png 940w, https:\/\/www.monello.hu\/wp-content\/uploads\/2021\/01\/Cukimamik_Monello_Jatek2021.01.17.-300x251.png 300w, https:\/\/www.monello.hu\/wp-content\/uploads\/2021\/01\/Cukimamik_Monello_Jatek2021.01.17.-768x644.png 768w, https:\/\/www.monello.hu\/wp-content\/uploads\/2021\/01\/Cukimamik_Monello_Jatek2021.01.17.-600x503.png 600w\" sizes=\"auto, (max-width: 940px) 100vw, 940px\" \/><\/figure>\n<\/div>\n\n\n<p><strong>&#8222;\u00c9vkezd\u0151 dupla j\u00e1t\u00e9k&#8221;<\/strong><\/p>\n\n\n\n<p><strong>ELNEVEZ\u00c9S\u0170 VET\u00c9LKED\u0150<\/strong><\/p>\n\n\n\n<p><strong>R\u00c9SZV\u00c9TELI \u00c9S J\u00c1T\u00c9KSZAB\u00c1LYZATA<\/strong><\/p>\n\n\n\n<p>1.&nbsp;&nbsp;&nbsp;&nbsp;&nbsp; <strong>A nyerem\u00e9nyj\u00e1t\u00e9k szervez\u0151je<\/strong><\/p>\n\n\n\n<p><strong><strong>&#8222;\u00c9vkezd\u0151 dupla j\u00e1t\u00e9k&#8221;<\/strong><\/strong> <strong> elnevez\u00e9s\u0171<\/strong> vet\u00e9lked\u0151 (a tov\u00e1bbiakban: \u201dJ\u00e1t\u00e9k\u201d) szervez\u0151je<strong> Monello baby&amp;more Bt. (sz\u00e9khely: 1026 Budapest, Bimb\u00f3 \u00fat 131\/A.; ad\u00f3sz\u00e1ma: 21890428-3-41)<\/strong> (tov\u00e1bbiakban: \u201dSzervez\u0151\u201d). &nbsp; &nbsp;<\/p>\n\n\n\n<p>2.&nbsp;&nbsp;&nbsp;&nbsp;<strong> A j\u00e1t\u00e9kban t\u00f6rt\u00e9n\u0151 r\u00e9szv\u00e9tel felt\u00e9telei<\/strong><\/p>\n\n\n\n<p>2.1 A J\u00e1t\u00e9kban kiz\u00e1r\u00f3lag azon \u00e1lland\u00f3, nyilv\u00e1ntartott magyarorsz\u00e1gi lak\u00f3hellyel rendelkez\u0151, 18. \u00e9let\u00e9v\u00e9t bet\u00f6lt\u00f6tt, devizabelf\u00f6ldi, az illet\u00e9kes magyar hat\u00f3s\u00e1g \u00e1ltal kiadott \u00e9rv\u00e9nyes szem\u00e9lyazonos\u00edt\u00f3 igazolv\u00e1nnyal rendelkez\u0151, magyar \u00e1llampolg\u00e1r, a 2.6 pontban meghat\u00e1rozott szem\u00e9lyek k\u00f6r\u00e9be nem es\u0151, saj\u00e1t <strong>Instagram <\/strong>profillal (a tov\u00e1bbiakban: \u201dProfil\u201d) rendelkez\u0151 term\u00e9szetes szem\u00e9ly (a tov\u00e1bbiakban: \u201dJ\u00e1t\u00e9kos\u201d) vehet r\u00e9szt, aki a J\u00e1t\u00e9k 4. pontban meghat\u00e1rozott id\u0151tartama alatt az <a href=\"https:\/\/www.instagram.com\/monello_moms\/\">https:\/\/www.instagram.com\/monello_moms\/<\/a> vagy <a href=\"https:\/\/www.instagram.com\/b_judy_twins\/\">https:\/\/www.instagram.com\/b_judy_twins\/<\/a> vagy <a href=\"https:\/\/www.instagram.com\/curaproxhungary\/\">https:\/\/www.instagram.com\/curaproxhungary\/<\/a> vagy <a href=\"https:\/\/www.instagram.com\/kojala_hordozas\/\">https:\/\/www.instagram.com\/kojala_hordozas\/<\/a> vagy <a href=\"https:\/\/www.instagram.com\/handmade.by.dianavizsi\/\">https:\/\/www.instagram.com\/handmade.by.dianavizsi\/<\/a> domain alatti weboldalon (a tov\u00e1bbiakban: \u201dHonlap\u201d) tal\u00e1lhat\u00f3 \u201enyerem\u00e9nyj\u00e1t\u00e9k\u201d <strong>INSTAGRAM tartalomban<\/strong> feltett k\u00e9rd\u00e9sre tartalom alatti kommentben v\u00e1laszol (a tov\u00e1bbiakban: \u201dP\u00e1ly\u00e1zat\u201d), \u00e9s ezzel egy\u00fattal elfogadja a jelen j\u00e1t\u00e9kszab\u00e1lyzatban (a tov\u00e1bbiakban: \u201dJ\u00e1t\u00e9kszab\u00e1lyzat\u201d) le\u00edrt valamennyi felt\u00e9telt. &nbsp; &nbsp;<\/p>\n\n\n\n<p>2.2 Azok a P\u00e1ly\u00e1zatok, melyek a J\u00e1t\u00e9kszab\u00e1lyzatban le\u00edrt alaki \u00e9s tartalmi el\u0151\u00edr\u00e1soknak nem felelnek meg, a J\u00e1t\u00e9kb\u00f3l automatikusan kiz\u00e1r\u00e1sra, m\u00edg az \u00e9rv\u00e9nyes P\u00e1ly\u00e1zatok sz\u00e1m\u00edt\u00f3g\u00e9pes r\u00f6gz\u00edt\u00e9sre ker\u00fclnek. &nbsp; &nbsp;<\/p>\n\n\n\n<p>2.3 A J\u00e1t\u00e9kosok kiz\u00e1r\u00f3lag a saj\u00e1t adataikkal vehetnek r\u00e9szt a J\u00e1t\u00e9kban. A J\u00e1t\u00e9kos a J\u00e1t\u00e9k id\u0151tartama alatt <strong>T\u00d6BB P\u00e1ly\u00e1zatot is jogosult bek\u00fcldeni.<\/strong> Amennyiben a J\u00e1t\u00e9kos nem a saj\u00e1t maga \u00e1ltal regisztr\u00e1lt Profillal vesz r\u00e9szt a J\u00e1t\u00e9kban, a J\u00e1t\u00e9kkal kapcsolatos, Profil haszn\u00e1lat jogosults\u00e1g\u00e1b\u00f3l fakad\u00f3 vit\u00e1kkal kapcsolatban Szervez\u0151 mindennem\u0171 felel\u0151ss\u00e9get kiz\u00e1r. &nbsp; &nbsp;<\/p>\n\n\n\n<p>2.4 A P\u00e1ly\u00e1zat bek\u00fcld\u00e9s\u00e9vel a J\u00e1t\u00e9kos tudom\u00e1sul veszi, hogy a J\u00e1t\u00e9k tartalma, teljes\u00edtm\u00e9nye, \u00fczenet- \u00e9s adat\u00e1tviteli-, valamint v\u00e1laszad\u00e1si sebess\u00e9ge a kiszolg\u00e1l\u00f3 technol\u00f3gia f\u00fcggv\u00e9nye, \u00e9s ez\u00e1ltal ezeket kedvez\u0151tlen\u00fcl befoly\u00e1solhatja olyan, a Szervez\u0151n k\u00edv\u00fcl\u00e1ll\u00f3 t\u00e9nyez\u0151, mint p\u00e9ld\u00e1ul (de nem kiz\u00e1r\u00f3lagosan) kapcsolati hiba, a szerver sz\u00e1m\u00edt\u00f3g\u00e9pek teljes\u00edtm\u00e9nye, valamint a biztons\u00e1gos h\u00e1l\u00f3zati kapcsolat fenntart\u00e1sa. A Szervez\u0151 az e bekezd\u00e9sben \u00edrtakb\u00f3l fakad\u00f3 mindennem\u0171 felel\u0151ss\u00e9get kiz\u00e1r. &nbsp; &nbsp;<\/p>\n\n\n\n<p>2.5 A P\u00e1ly\u00e1zatokat a J\u00e1t\u00e9kszab\u00e1lyzat felt\u00e9teleinek teljes\u00edt\u00e9se v\u00e9gett a Szervez\u0151 megvizsg\u00e1lhatja, \u00e9s amennyiben azok, illetve az azt bek\u00fcld\u0151 J\u00e1t\u00e9kos b\u00e1rmely okb\u00f3l nem felel meg a J\u00e1t\u00e9kszab\u00e1lyzat felt\u00e9teleinek, \u00fagy az \u00e9rintett J\u00e1t\u00e9kost a J\u00e1t\u00e9kb\u00f3l kiz\u00e1rhatja. &nbsp; &nbsp;<\/p>\n\n\n\n<p>2.6 A J\u00e1t\u00e9kb\u00f3l ki vannak z\u00e1rva<strong> a Monello baby&amp;more Bt., a Cukimamik.,  valamint a Popart Rekl\u00e1m\u00fcgyn\u00f6ks\u00e9g Kft. <\/strong>alkalmazottai \u00e9s ezen szem\u00e9lyek Polg\u00e1ri t\u00f6rv\u00e9nyk\u00f6nyvr\u0151l sz\u00f3l\u00f3 2013. \u00e9vi V. t\u00f6rv\u00e9ny (a tov\u00e1bbiakban Ptk.) 8:1. \u00a7 (1) bekezd\u00e9s 1. pontj\u00e1ban meghat\u00e1rozott fogalom szerinti k\u00f6zeli hozz\u00e1tartoz\u00f3i, akik a k\u00f6vetkez\u0151 szem\u00e9lyek: a h\u00e1zast\u00e1rs, az egyenes\u00e1gbeli rokon, az \u00f6r\u00f6kbefogadott, a mostoha- \u00e9s a nevelt gyermek, az \u00f6r\u00f6kbefogad\u00f3-, a mostoha- \u00e9s a nevel\u0151sz\u00fcl\u0151 \u00e9s a testv\u00e9r. &nbsp; &nbsp;<\/p>\n\n\n\n<p>3.&nbsp;&nbsp;&nbsp;&nbsp; <strong>A j\u00e1t\u00e9k le\u00edr\u00e1sa<\/strong><\/p>\n\n\n\n<p>A J\u00e1t\u00e9kos a 2.1. pontban le\u00edrtak szerinti el\u00e9r\u00e9s\u00e9t k\u00f6vet\u0151en az oldal \u00fczen\u0151fal\u00e1ra jut. A J\u00e1t\u00e9k sor\u00e1n a Szervez\u0151 egy \u00faj tartalmat tesz k\u00f6zz\u00e9 \u00fczen\u0151 fal\u00e1n, amely al\u00e1 a J\u00e1t\u00e9kos kommentk\u00e9nt sz\u00f6veges tartalmat \u00edrhat \u00e9s megoszthat m\u00e1sokkal. A Nyertesek a tartalom alatti kommentben a tartalomban feltett k\u00e9rd\u00e9sre v\u00e1laszol\u00f3 J\u00e1t\u00e9kosok k\u00f6z\u00fcl ker\u00fclnek (tov\u00e1bbiakban: \u201eNyertes\/Nyertesek) kisorsol\u00e1sra. A j\u00e1t\u00e9k id\u0151tartama: <strong>a J\u00e1t\u00e9k 2021. janu\u00e1r 19. napj\u00e1n 20:00-t\u00f3l 2021. janu\u00e1r 21. napj\u00e1n 23:59-ig tart.<\/strong> A J\u00e1t\u00e9k kezdete el\u0151tt \u00e9s befejez\u00e9s\u00e9t k\u00f6vet\u0151en bek\u00fcld\u00f6tt P\u00e1ly\u00e1zatok a J\u00e1t\u00e9kban nem vesznek r\u00e9szt. &nbsp; &nbsp;<\/p>\n\n\n\n<p>4.&nbsp;&nbsp;&nbsp;<strong>&nbsp; A j\u00e1t\u00e9k menete, nyerem\u00e9nyek, sorsol\u00e1s<\/strong><\/p>\n\n\n\n<p>4.1 Azon J\u00e1t\u00e9kosok k\u00f6z\u00f6tt, akik a tartalom alatti kommentben v\u00e1laszolnak a tartalomban feltett k\u00e9rd\u00e9sre, a Szervez\u0151 a J\u00e1t\u00e9kot k\u00f6vet\u0151en, a <strong>v\u00e9letlenszer\u0171s\u00e9g elv\u00e9nek eleget tev\u0151 sz\u00e1m\u00edt\u00f3g\u00e9pes program seg\u00edts\u00e9g\u00e9vel&nbsp;<\/strong><a href=\"https:\/\/commentpicker.com\/random-name-picker.php\"><strong>https:\/\/commentpicker.com\/random-name-picker.php<\/strong><\/a><strong> &nbsp;kisorsolunk 1+1 nyertest a helyesen v\u00e1laszol\u00f3 J\u00e1t\u00e9kosok k\u00f6z\u00f6tt,  aki megnyeri, a k\u00e9pen is l\u00e1that\u00f3 <a href=\"https:\/\/cukimamikhataridonaplo.hu\/\">Cukimamik napt\u00e1rat <\/a>babacsomagot \u00e9s aj\u00e1nd\u00e9k csomagot. T\u00f6bb komment \u00edr\u00e1sa a tartalom al\u00e1 n\u00f6veli J\u00e1t\u00e9kos es\u00e9lyeit, egy J\u00e1t\u00e9kos t\u00f6bbsz\u00f6r is r\u00e9szt vesz a sorsol\u00e1son, amennyiben t\u00f6bb kommentet is \u00edrt. T\u00f6bb komment \u00edr\u00e1sa megengedett.<\/strong> &nbsp; &nbsp;<\/p>\n\n\n\n<p>4.2. Az 5.1 pontban \u00edrt <strong>Nyerem\u00e9ny sorsol\u00e1s\u00e1nak id\u0151pontja: 2021. janu\u00e1r 22. p\u00e9ntek. 20.00 \u00f3ra. A sorsol\u00e1s helysz\u00edne (1026 Budapest, Bimb\u00f3 \u00fat 131\/A.)<\/strong> A Nyerem\u00e9nyek m\u00e1sra \u00e1t nem ruh\u00e1zhat\u00f3ak, \u00e9s k\u00e9szp\u00e9nzre \u00e1t nem v\u00e1lthat\u00f3ak. A nyerem\u00e9nyt, csak magyar c\u00edmre tudjuk kik\u00fcldeni. A sorsol\u00e1s nem nyilv\u00e1nos. &nbsp;<\/p>\n\n\n\n<p>4.3 A Szervez\u0151 a 5.2 pontban r\u00e9szletezett sorsol\u00e1son \u00f6sszesen 3 darab tartal\u00e9knyertes P\u00e1ly\u00e1zatot sorsol ki. A tartal\u00e9knyertesek abban az esetben v\u00e1lnak jogosultt\u00e1 a Nyerem\u00e9nyre, amennyiben a nyertes nem m\u0171k\u00f6dik egy\u00fctt a Szervez\u0151vel vagy a Lebonyol\u00edt\u00f3val, vagy a Nyerem\u00e9nyt nem veszi \u00e1t, vagy b\u00e1rmely m\u00e1s okb\u00f3l a J\u00e1t\u00e9kb\u00f3l kiz\u00e1r\u00e1sra ker\u00fcl. &nbsp; &nbsp;<\/p>\n\n\n\n<p>5.&nbsp;&nbsp;&nbsp;&nbsp;&nbsp;&nbsp;&nbsp;&nbsp;&nbsp; <strong>Nyertesek \u00e9rtes\u00edt\u00e9se, nyerem\u00e9nyek \u00e1tv\u00e9tele<\/strong><\/p>\n\n\n\n<p>5.1 A nyerem\u00e9nyj\u00e1t\u00e9k sor\u00e1n a nyertes megnyeri, <strong><strong><a href=\"https:\/\/cukimamikhataridonaplo.hu\/\">a k\u00e9pen is l\u00e1that\u00f3 Cukimamik napt\u00e1rat babacsomagot \u00e9s aj\u00e1nd\u00e9k csomagot<\/a><\/strong><a href=\"https:\/\/www.sagerdental.hu\/kezdolap\"><strong>.<\/strong><\/a>. <\/strong>A Szervez\u0151 kiz\u00e1rhatja a J\u00e1t\u00e9kb\u00f3l azt a P\u00e1ly\u00e1zatot, amelyre n\u00e9zve az azt bek\u00fcld\u0151 J\u00e1t\u00e9kos r\u00e9sz\u00e9re a nyerem\u00e9nyt az\u00e9rt nem lehet \u00e1tadni, mert a Profilja nem val\u00f3s, hi\u00e1nyos vagy t\u00e9ves, vagy a P\u00e1ly\u00e1zatot bek\u00fcld\u0151 J\u00e1t\u00e9kos egy\u00e9b okb\u00f3l nem felel meg a jelen J\u00e1t\u00e9kszab\u00e1lyzatban \u00edrt szem\u00e9lyi felt\u00e9teleknek. &nbsp;<\/p>\n\n\n\n<p>5.2 A Lebonyol\u00edt\u00f3 a sorsol\u00e1s id\u0151pontj\u00e1t k\u00f6vet\u0151 legk\u00e9s\u0151bb 3 (h\u00e1rom) munkanapon bel\u00fcl a Honlapon posztban meghirdeti a nyertes J\u00e1t\u00e9kos(ok) nev\u00e9t. A nyerteseknek az \u00c9rtes\u00edt\u00e9s k\u00e9zhezv\u00e9tel\u00e9t k\u00f6vet\u0151 5 (\u00f6t) napon bel\u00fcl k\u00f6telesek a Lebonyol\u00edt\u00f3 r\u00e9sz\u00e9re elk\u00fcldeni adatait. Amennyiben a nyertes a fenti hat\u00e1rid\u0151n bel\u00fcl az \u00c9rtes\u00edt\u00e9sre semmilyen form\u00e1ban nem reag\u00e1l, \u00fagy a nyertes J\u00e1t\u00e9kos kiz\u00e1r\u00e1sra ker\u00fcl, \u00e9s Szervez\u0151 tartal\u00e9knyertest jel\u00f6l ki. A Nyerem\u00e9nyt Lebonyol\u00edt\u00f3 postai \u00faton vagy fut\u00e1rszolg\u00e1lat seg\u00edts\u00e9g\u00e9vel juttatja el a Nyerteshez, az el\u0151tte Nyertessel egyeztetett post\u00e1z\u00e1si c\u00edmre. A Szervez\u0151 fenntartja a jogot arra, hogy a b\u00e1rmely okb\u00f3l elv\u00e1rhat\u00f3 hat\u00e1rid\u0151ben \u00e1t nem vett Nyerem\u00e9nyr\u0151l a sorrendben k\u00f6vetkez\u0151 tartal\u00e9knyertest \u00e9rtes\u00edtse. &nbsp; &nbsp;<\/p>\n\n\n\n<p>5.3 A Szervez\u0151 kiz\u00e1rhatja a J\u00e1t\u00e9kb\u00f3l azt a P\u00e1ly\u00e1zatot, amelyre n\u00e9zve az azt bek\u00fcld\u0151 J\u00e1t\u00e9kos r\u00e9sz\u00e9re a nyerem\u00e9nyt az\u00e9rt nem lehet \u00e1tadni, mert a Profilja nem val\u00f3s, hi\u00e1nyos vagy t\u00e9ves, vagy a P\u00e1ly\u00e1zatot bek\u00fcld\u0151 J\u00e1t\u00e9kos egy\u00e9b okb\u00f3l nem felel meg a jelen J\u00e1t\u00e9kszab\u00e1lyzatban \u00edrt szem\u00e9lyi felt\u00e9teleknek. &nbsp; &nbsp;<\/p>\n\n\n\n<p>6. &nbsp;&nbsp;&nbsp;&nbsp;&nbsp;&nbsp;&nbsp;&nbsp;<strong>&nbsp;&nbsp; Adatv\u00e9delem, vegyes rendelkez\u00e9sek<\/strong><\/p>\n\n\n\n<p>6.1 A J\u00e1t\u00e9kos a P\u00e1ly\u00e1zat elk\u00fcld\u00e9s\u00e9vel kifejezetten \u00e9s \u00f6nk\u00e9ntesen hozz\u00e1j\u00e1rul ahhoz, hogy az \u00e1ltala a Profilj\u00e1n megadott szem\u00e9lyes adatokat a Szervez\u0151 \u00e9s megb\u00edzott adatfeldolgoz\u00f3ja J\u00e1t\u00e9k lebonyol\u00edt\u00e1sa c\u00e9lj\u00e1b\u00f3l felhaszn\u00e1lja \u00e9s kezelje. Az adatok kezel\u00e9s\u00e9t a Szervez\u0151, mint adatkezel\u0151, feldolgoz\u00e1s\u00e1t a Szervez\u0151 megb\u00edz\u00e1s\u00e1b\u00f3l harmadik szem\u00e9ly v\u00e9gzi. &nbsp; &nbsp;<\/p>\n\n\n\n<p>6.2 A J\u00e1t\u00e9kosok P\u00e1ly\u00e1zatuk elk\u00fcld\u00e9s\u00e9vel tudom\u00e1sul veszik, \u00e9s kifejezetten hozz\u00e1j\u00e1rulnak ahhoz, hogy: \u2013 nyertess\u00e9g eset\u00e9n nev\u00fcket a Szervez\u0151 minden tov\u00e1bbi felt\u00e9tel \u00e9s ellen\u00e9rt\u00e9k n\u00e9lk\u00fcl, kiz\u00e1r\u00f3lag a J\u00e1t\u00e9kkal kapcsolatosan nyilv\u00e1noss\u00e1gra hozza <strong>Instagram<\/strong> oldal\u00e1n; &nbsp; &nbsp;<\/p>\n\n\n\n<p>6.3 A J\u00e1t\u00e9k semmilyen m\u00f3don nem szponzor\u00e1lt az <strong>Instagram<\/strong> \u00e1ltal, illetve semmilyen tekintetben nem kapcsol\u00f3dik a Facebook-hoz. Az adatszolg\u00e1ltat\u00e1s nem a Facebook r\u00e9sz\u00e9re, hanem a Szervez\u0151 r\u00e9sz\u00e9re t\u00f6rt\u00e9nik. A szolg\u00e1ltatott adatok kiz\u00e1r\u00f3lag a J\u00e1t\u00e9k lebonyol\u00edt\u00e1sa c\u00e9lj\u00e1b\u00f3l ker\u00fclnek felhaszn\u00e1l\u00e1sra. &nbsp; &nbsp;<\/p>\n\n\n\n<p>7. &nbsp;&nbsp;&nbsp;&nbsp;&nbsp;&nbsp;&nbsp;&nbsp;&nbsp;&nbsp;<strong> Felel\u0151ss\u00e9g<\/strong><\/p>\n\n\n\n<p>A Szervez\u0151, illetve a Lebonyol\u00edt\u00f3 kiz\u00e1rja a felel\u0151ss\u00e9g\u00e9t minden, a <a href=\"http:\/\/www.instagram.com\">www.instagram.com<\/a> &nbsp;weboldalt, illetve az azt m\u0171k\u00f6dtet\u0151 szervert \u00e9rt k\u00fcls\u0151, \u00fan. SQL t\u00e1mad\u00e1sok est\u00e9re. Teh\u00e1t amennyiben a weboldalt, illetve szervert \u00e9rt t\u00e1mad\u00e1s folyt\u00e1n a J\u00e1t\u00e9kosok t\u00e9ves rendszer\u00fczeneteket kapnak nyerem\u00e9nyeiket, nyertes\/nem nyertes st\u00e1tuszukat stb. illet\u0151en, \u00fagy ezen esetekre a Szervez\u0151 semminem\u0171 felel\u0151ss\u00e9get nem v\u00e1llal. Szervez\u0151, illetve Lebonyol\u00edt\u00f3 kiz\u00e1rja a felel\u0151ss\u00e9g\u00e9t a weboldal rajta k\u00edv\u00fcl\u00e1ll\u00f3 okokb\u00f3l t\u00f6rt\u00e9n\u0151 meghib\u00e1sod\u00e1s\u00e1\u00e9rt, amely id\u0151tartam alatt a honlap nem vagy korl\u00e1tozottan haszn\u00e1lhat\u00f3, ugyanakkor halad\u00e9ktalanul megtesz minden sz\u00fcks\u00e9ges int\u00e9zked\u00e9st annak \u00e9rdek\u00e9ben, hogy a hiba ok\u00e1t miel\u0151bb felt\u00e1rja, illetve megsz\u00fcntesse. &nbsp; &nbsp;<\/p>\n\n\n\n<p>Szervez\u0151 fenntartja a jogot, hogy a J\u00e1t\u00e9kszab\u00e1lyt indokolt esetben b\u00e1rmikor megv\u00e1ltoztathassa.<\/p>\n\n\n\n<p>Budapest, <strong>2021. janu\u00e1r 19.<\/strong><br>Monello baby&amp;more Bt.<br>Szervez\u0151<\/p>\n\n\n\n<p>Ez a j\u00e1t\u00e9k m\u00e1r lez\u00e1rult, k\u00f6sz\u00f6nj\u00fck, ha vel\u00fcnk j\u00e1tszott\u00e1l!<\/p>\n\n\n<div class=\"wp-block-image\">\n<figure class=\"aligncenter size-large\"><img loading=\"lazy\" decoding=\"async\" width=\"819\" height=\"1024\" src=\"https:\/\/www.monello.hu\/wp-content\/uploads\/2020\/08\/IMG_20200807_164423_396-1-819x1024.jpg\" alt=\"\" class=\"wp-image-9490\" srcset=\"https:\/\/www.monello.hu\/wp-content\/uploads\/2020\/08\/IMG_20200807_164423_396-1-819x1024.jpg 819w, https:\/\/www.monello.hu\/wp-content\/uploads\/2020\/08\/IMG_20200807_164423_396-1-240x300.jpg 240w, https:\/\/www.monello.hu\/wp-content\/uploads\/2020\/08\/IMG_20200807_164423_396-1-768x960.jpg 768w, https:\/\/www.monello.hu\/wp-content\/uploads\/2020\/08\/IMG_20200807_164423_396-1-600x750.jpg 600w, https:\/\/www.monello.hu\/wp-content\/uploads\/2020\/08\/IMG_20200807_164423_396-1.jpg 968w\" sizes=\"auto, (max-width: 819px) 100vw, 819px\" \/><\/figure>\n<\/div>\n\n\n<p><strong>\u201dAj\u00e1nd\u00e9k az eg\u00e9sz csal\u00e1dnak \u201d<\/strong><\/p>\n\n\n\n<p><strong>ELNEVEZ\u00c9S\u0170 VET\u00c9LKED\u0150<\/strong><\/p>\n\n\n\n<p><strong>R\u00c9SZV\u00c9TELI \u00c9S J\u00c1T\u00c9KSZAB\u00c1LYZATA<\/strong><\/p>\n\n\n\n<p>1.&nbsp;&nbsp;&nbsp;&nbsp;&nbsp; <strong>A nyerem\u00e9nyj\u00e1t\u00e9k szervez\u0151je<\/strong><\/p>\n\n\n\n<p><strong>\u201eAj\u00e1nd\u00e9k az eg\u00e9sz csal\u00e1dnak\u201d elnevez\u00e9s\u0171<\/strong><a> <\/a>vet\u00e9lked\u0151 (a tov\u00e1bbiakban: \u201dJ\u00e1t\u00e9k\u201d) szervez\u0151je<strong> Monello baby&amp;more Bt. (sz\u00e9khely: 1026 Budapest, Bimb\u00f3 \u00fat 131\/A.; ad\u00f3sz\u00e1ma: 21890128-3-41)<\/strong> (tov\u00e1bbiakban: \u201dSzervez\u0151\u201d). &nbsp; &nbsp;<\/p>\n\n\n\n<p>2.&nbsp;&nbsp;&nbsp;&nbsp;<strong> A j\u00e1t\u00e9kban t\u00f6rt\u00e9n\u0151 r\u00e9szv\u00e9tel felt\u00e9telei<\/strong><\/p>\n\n\n\n<p>2.1 A J\u00e1t\u00e9kban kiz\u00e1r\u00f3lag azon \u00e1lland\u00f3, nyilv\u00e1ntartott magyarorsz\u00e1gi lak\u00f3hellyel rendelkez\u0151, 18. \u00e9let\u00e9v\u00e9t bet\u00f6lt\u00f6tt, devizabelf\u00f6ldi, az illet\u00e9kes magyar hat\u00f3s\u00e1g \u00e1ltal kiadott \u00e9rv\u00e9nyes szem\u00e9lyazonos\u00edt\u00f3 igazolv\u00e1nnyal rendelkez\u0151, magyar \u00e1llampolg\u00e1r, a 2.6 pontban meghat\u00e1rozott szem\u00e9lyek k\u00f6r\u00e9be nem es\u0151, saj\u00e1t <strong>Instagram <\/strong>profillal (a tov\u00e1bbiakban: \u201dProfil\u201d) rendelkez\u0151 term\u00e9szetes szem\u00e9ly (a tov\u00e1bbiakban: \u201dJ\u00e1t\u00e9kos\u201d) vehet r\u00e9szt, aki a J\u00e1t\u00e9k 4. pontban meghat\u00e1rozott id\u0151tartama alatt az  <a href=\"https:\/\/www.instagram.com\/monello_moms\/\">https:\/\/www.instagram.com\/monello_moms\/<\/a> vagy <a href=\"https:\/\/www.instagram.com\/b_judy_twins\/\">https:\/\/www.instagram.com\/b_judy_twins\/<\/a> vagy <a href=\"https:\/\/www.instagram.com\/curaproxhungary\/\">https:\/\/www.instagram.com\/curaproxhungary\/<\/a> vagy <a href=\"https:\/\/www.instagram.com\/kojala_hordozas\/\">https:\/\/www.instagram.com\/kojala_hordozas\/<\/a>  vagy <a href=\"https:\/\/www.instagram.com\/handmade.by.dianavizsi\/\">https:\/\/www.instagram.com\/handmade.by.dianavizsi\/<\/a> domain alatti weboldalon (a tov\u00e1bbiakban: \u201dHonlap\u201d) tal\u00e1lhat\u00f3 \u201enyerem\u00e9nyj\u00e1t\u00e9k\u201d <strong>INSTAGRAM tartalomban<\/strong><a> <\/a> feltett k\u00e9rd\u00e9sre tartalom alatti kommentben v\u00e1laszol (a tov\u00e1bbiakban: \u201dP\u00e1ly\u00e1zat\u201d), \u00e9s ezzel egy\u00fattal elfogadja a jelen j\u00e1t\u00e9kszab\u00e1lyzatban (a tov\u00e1bbiakban: \u201dJ\u00e1t\u00e9kszab\u00e1lyzat\u201d) le\u00edrt valamennyi felt\u00e9telt. &nbsp; &nbsp;<\/p>\n\n\n\n<p>2.2 Azok a P\u00e1ly\u00e1zatok, melyek a J\u00e1t\u00e9kszab\u00e1lyzatban le\u00edrt alaki \u00e9s tartalmi el\u0151\u00edr\u00e1soknak nem felelnek meg, a J\u00e1t\u00e9kb\u00f3l automatikusan kiz\u00e1r\u00e1sra, m\u00edg az \u00e9rv\u00e9nyes P\u00e1ly\u00e1zatok sz\u00e1m\u00edt\u00f3g\u00e9pes r\u00f6gz\u00edt\u00e9sre ker\u00fclnek. &nbsp; &nbsp;<\/p>\n\n\n\n<p>2.3 A J\u00e1t\u00e9kosok kiz\u00e1r\u00f3lag a saj\u00e1t adataikkal vehetnek r\u00e9szt a J\u00e1t\u00e9kban. A J\u00e1t\u00e9kos a J\u00e1t\u00e9k id\u0151tartama alatt <strong>T\u00d6BB P\u00e1ly\u00e1zatot is jogosult bek\u00fcldeni.<\/strong> Amennyiben a J\u00e1t\u00e9kos nem a saj\u00e1t maga \u00e1ltal regisztr\u00e1lt Profillal vesz r\u00e9szt a J\u00e1t\u00e9kban, a J\u00e1t\u00e9kkal kapcsolatos, Profil haszn\u00e1lat jogosults\u00e1g\u00e1b\u00f3l fakad\u00f3 vit\u00e1kkal kapcsolatban Szervez\u0151 mindennem\u0171 felel\u0151ss\u00e9get kiz\u00e1r. &nbsp; &nbsp;<\/p>\n\n\n\n<p>2.4 A P\u00e1ly\u00e1zat bek\u00fcld\u00e9s\u00e9vel a J\u00e1t\u00e9kos tudom\u00e1sul veszi, hogy a J\u00e1t\u00e9k tartalma, teljes\u00edtm\u00e9nye, \u00fczenet- \u00e9s adat\u00e1tviteli-, valamint v\u00e1laszad\u00e1si sebess\u00e9ge a kiszolg\u00e1l\u00f3 technol\u00f3gia f\u00fcggv\u00e9nye, \u00e9s ez\u00e1ltal ezeket kedvez\u0151tlen\u00fcl befoly\u00e1solhatja olyan, a Szervez\u0151n k\u00edv\u00fcl\u00e1ll\u00f3 t\u00e9nyez\u0151, mint p\u00e9ld\u00e1ul (de nem kiz\u00e1r\u00f3lagosan) kapcsolati hiba, a szerver sz\u00e1m\u00edt\u00f3g\u00e9pek teljes\u00edtm\u00e9nye, valamint a biztons\u00e1gos h\u00e1l\u00f3zati kapcsolat fenntart\u00e1sa. A Szervez\u0151 az e bekezd\u00e9sben \u00edrtakb\u00f3l fakad\u00f3 mindennem\u0171 felel\u0151ss\u00e9get kiz\u00e1r. &nbsp; &nbsp;<\/p>\n\n\n\n<p>2.5 A P\u00e1ly\u00e1zatokat a J\u00e1t\u00e9kszab\u00e1lyzat felt\u00e9teleinek teljes\u00edt\u00e9se v\u00e9gett a Szervez\u0151 megvizsg\u00e1lhatja, \u00e9s amennyiben azok, illetve az azt bek\u00fcld\u0151 J\u00e1t\u00e9kos b\u00e1rmely okb\u00f3l nem felel meg a J\u00e1t\u00e9kszab\u00e1lyzat felt\u00e9teleinek, \u00fagy az \u00e9rintett J\u00e1t\u00e9kost a J\u00e1t\u00e9kb\u00f3l kiz\u00e1rhatja. &nbsp; &nbsp;<\/p>\n\n\n\n<p>2.6 A J\u00e1t\u00e9kb\u00f3l ki vannak z\u00e1rva<strong> a Monello baby&amp;more Bt., a Sager Dental Kft., Englert Orsolya e.v., Diana Vizsi e.v., Berczes Judit&nbsp; valamint a Popart Rekl\u00e1m\u00fcgyn\u00f6ks\u00e9g Kft. <\/strong>alkalmazottai \u00e9s ezen szem\u00e9lyek Polg\u00e1ri t\u00f6rv\u00e9nyk\u00f6nyvr\u0151l sz\u00f3l\u00f3 2013. \u00e9vi V. t\u00f6rv\u00e9ny (a tov\u00e1bbiakban Ptk.) 8:1. \u00a7 (1) bekezd\u00e9s 1. pontj\u00e1ban meghat\u00e1rozott fogalom szerinti k\u00f6zeli hozz\u00e1tartoz\u00f3i, akik a k\u00f6vetkez\u0151 szem\u00e9lyek: a h\u00e1zast\u00e1rs, az egyenes\u00e1gbeli rokon, az \u00f6r\u00f6kbefogadott, a mostoha- \u00e9s a nevelt gyermek, az \u00f6r\u00f6kbefogad\u00f3-, a mostoha- \u00e9s a nevel\u0151sz\u00fcl\u0151 \u00e9s a testv\u00e9r. &nbsp; &nbsp;<\/p>\n\n\n\n<p>3.&nbsp;&nbsp;&nbsp;&nbsp; <strong>A j\u00e1t\u00e9k le\u00edr\u00e1sa<\/strong><\/p>\n\n\n\n<p>A J\u00e1t\u00e9kos a 2.1. pontban le\u00edrtak szerinti el\u00e9r\u00e9s\u00e9t k\u00f6vet\u0151en az oldal \u00fczen\u0151fal\u00e1ra jut. A J\u00e1t\u00e9k sor\u00e1n a Szervez\u0151 egy \u00faj tartalmat tesz k\u00f6zz\u00e9 \u00fczen\u0151 fal\u00e1n, amely al\u00e1 a J\u00e1t\u00e9kos kommentk\u00e9nt sz\u00f6veges tartalmat \u00edrhat \u00e9s megoszthat m\u00e1sokkal. A Nyertesek a tartalom alatti kommentben a tartalomban feltett k\u00e9rd\u00e9sre v\u00e1laszol\u00f3 J\u00e1t\u00e9kosok k\u00f6z\u00fcl ker\u00fclnek (tov\u00e1bbiakban: \u201eNyertes\/Nyertesek) kisorsol\u00e1sra. A j\u00e1t\u00e9k id\u0151tartama: <strong>a J\u00e1t\u00e9k 2020. augusztus 10. napj\u00e1n 20:30-t\u00f3l 2020. augusztus 14. napj\u00e1n 23:59-ig tart.<\/strong> A J\u00e1t\u00e9k kezdete el\u0151tt \u00e9s befejez\u00e9s\u00e9t k\u00f6vet\u0151en bek\u00fcld\u00f6tt P\u00e1ly\u00e1zatok a J\u00e1t\u00e9kban nem vesznek r\u00e9szt. &nbsp; &nbsp;<\/p>\n\n\n\n<p>4.&nbsp;&nbsp;&nbsp;<strong>&nbsp; A j\u00e1t\u00e9k menete, nyerem\u00e9nyek, sorsol\u00e1s<\/strong><\/p>\n\n\n\n<p>4.1 Azon J\u00e1t\u00e9kosok k\u00f6z\u00f6tt, akik a tartalom alatti kommentben v\u00e1laszolnak a tartalomban feltett k\u00e9rd\u00e9sre, a Szervez\u0151 a J\u00e1t\u00e9kot k\u00f6vet\u0151en, a <strong>v\u00e9letlenszer\u0171s\u00e9g elv\u00e9nek eleget tev\u0151 sz\u00e1m\u00edt\u00f3g\u00e9pes program seg\u00edts\u00e9g\u00e9vel&nbsp;<\/strong><a href=\"https:\/\/commentpicker.com\/random-name-picker.php\"><strong>https:\/\/commentpicker.com\/random-name-picker.php<\/strong><\/a><strong> &nbsp;mind az \u00f6t profil k\u00e9pvisel\u0151je kisorsol 1-1 nyertest a helyesen v\u00e1laszol\u00f3 J\u00e1t\u00e9kosok k\u00f6z\u00f6tt, azaz profilonk\u00e9nt \u00f6sszesen 1 (egy) darab nyertest, majd az 5 nyertes k\u00f6z\u00fcl k\u00e9zi sorsol\u00e1ssal, a v\u00e9letlenszer\u0171s\u00e9g elv\u00e9nek eleget t\u00e9ve ker\u00fcl ki, aki megnyeri, a k\u00e9pen is l\u00e1that\u00f3 Aj\u00e1nd\u00e9kcsomagot, aminek tartalma: <strong><a href=\"https:\/\/www.sagerdental.hu\/kezdolap\">Curaprox<\/a> teljes k\u00f6r\u0171 sz\u00e1j\u00e1pol\u00e1si term\u00e9kcsal\u00e1d: h\u00e1rom <a href=\"https:\/\/www.sagerdental.hu\/cs5460-curaprox-cs-5460-ultra-soft-fogkefe\">Ultra Soft fogkefe<\/a>, egy <a href=\"https:\/\/www.sagerdental.hu\/webshop\/result\/keywords\/ZW56eWNhbA==\/\">Enzycal<\/a> fogkr\u00e9m, egy <a href=\"https:\/\/www.sagerdental.hu\/webshop\/result\/keywords\/Zm9na8O2enRpc3p0w610w7M=\/\">fogk\u00f6ztiszt\u00edt\u00f3<\/a> \u00e9s egy <a href=\"https:\/\/www.sagerdental.hu\/egyeb-szajapolas-1\/ctc203-curaprox-ctc-203-nyelvtisztito-2-db-\">nyelvkapar\u00f3<\/a>., <a href=\"https:\/\/www.instagram.com\/handmade.by.dianavizsi\/\">Handmade by Diana Vizsi<\/a> kos\u00e1r \u00e9s pelenkatart\u00f3, <a href=\"https:\/\/www.hordozotakaro.hu\/\">Kojala<\/a> MindentBele \u00f6v- \u00e9s v\u00e1llt\u00e1ska., <\/strong><a href=\"https:\/\/www.monello.hu\/\"><strong>Monello baby<\/strong>&amp;<strong>more<\/strong><\/a><strong> K\u00e1nikula Kiscsillag \u00e9s fogmos\u00f3 kend\u0151.<\/strong><\/strong> <strong>T\u00f6bb komment \u00edr\u00e1sa a tartalom al\u00e1 n\u00f6veli J\u00e1t\u00e9kos es\u00e9lyeit, egy J\u00e1t\u00e9kos t\u00f6bbsz\u00f6r is r\u00e9szt vesz a sorsol\u00e1son, amennyiben t\u00f6bb kommentet is \u00edrt. T\u00f6bb komment \u00edr\u00e1sa megengedett.<\/strong> &nbsp; &nbsp;<\/p>\n\n\n\n<p>4.2. Az 5.1 pontban \u00edrt <strong>Nyerem\u00e9ny sorsol\u00e1s\u00e1nak id\u0151pontja: 2020. augusztus 15. szombat. 12.00 \u00f3ra. A sorsol\u00e1s helysz\u00edne (1026 Budapest, Bimb\u00f3 \u00fat 131\/A.)<\/strong> A Nyerem\u00e9nyek m\u00e1sra \u00e1t nem ruh\u00e1zhat\u00f3ak, \u00e9s k\u00e9szp\u00e9nzre \u00e1t nem v\u00e1lthat\u00f3ak. A nyerem\u00e9nyt, csak magyar c\u00edmre tudjuk kik\u00fcldeni. A sorsol\u00e1s nem nyilv\u00e1nos. &nbsp; <\/p>\n\n\n\n<p>4.3 A Szervez\u0151 a 5.2 pontban r\u00e9szletezett sorsol\u00e1son \u00f6sszesen 3 darab tartal\u00e9knyertes P\u00e1ly\u00e1zatot sorsol ki. A tartal\u00e9knyertesek abban az esetben v\u00e1lnak jogosultt\u00e1 a Nyerem\u00e9nyre, amennyiben a nyertes nem m\u0171k\u00f6dik egy\u00fctt a Szervez\u0151vel vagy a Lebonyol\u00edt\u00f3val, vagy a Nyerem\u00e9nyt nem veszi \u00e1t, vagy b\u00e1rmely m\u00e1s okb\u00f3l a J\u00e1t\u00e9kb\u00f3l kiz\u00e1r\u00e1sra ker\u00fcl. &nbsp; &nbsp;<\/p>\n\n\n\n<p>5.&nbsp;&nbsp;&nbsp;&nbsp;&nbsp;&nbsp;&nbsp;&nbsp;&nbsp; <strong>Nyertesek \u00e9rtes\u00edt\u00e9se, nyerem\u00e9nyek \u00e1tv\u00e9tele<\/strong><\/p>\n\n\n\n<p>5.1 A nyerem\u00e9nyj\u00e1t\u00e9k sor\u00e1n a nyertes megnyeri, <strong><a href=\"https:\/\/www.sagerdental.hu\/kezdolap\">Curaprox<\/a> teljes k\u00f6r\u0171 sz\u00e1j\u00e1pol\u00e1si term\u00e9kcsal\u00e1d: h\u00e1rom <a href=\"https:\/\/www.sagerdental.hu\/cs5460-curaprox-cs-5460-ultra-soft-fogkefe\">Ultra Soft fogkefe<\/a>, egy <a href=\"https:\/\/www.sagerdental.hu\/webshop\/result\/keywords\/ZW56eWNhbA==\/\">Enzycal<\/a> fogkr\u00e9m, egy <a href=\"https:\/\/www.sagerdental.hu\/webshop\/result\/keywords\/Zm9na8O2enRpc3p0w610w7M=\/\">fogk\u00f6ztiszt\u00edt\u00f3<\/a> \u00e9s egy <a href=\"https:\/\/www.sagerdental.hu\/egyeb-szajapolas-1\/ctc203-curaprox-ctc-203-nyelvtisztito-2-db-\">nyelvkapar\u00f3<\/a>., <a href=\"https:\/\/www.instagram.com\/handmade.by.dianavizsi\/\">Handmade by Diana Vizsi<\/a> kos\u00e1r \u00e9s pelenkatart\u00f3, <a href=\"https:\/\/www.hordozotakaro.hu\/\">Kojala<\/a> MindentBele \u00f6v- \u00e9s v\u00e1llt\u00e1ska., <\/strong><a href=\"https:\/\/www.monello.hu\/\"><strong>Monello baby<\/strong>&amp;<strong>more<\/strong><\/a><strong> K\u00e1nikula Kiscsillag \u00e9s fogmos\u00f3 kend\u0151. <\/strong>A Szervez\u0151 kiz\u00e1rhatja a J\u00e1t\u00e9kb\u00f3l azt a P\u00e1ly\u00e1zatot, amelyre n\u00e9zve az azt bek\u00fcld\u0151 J\u00e1t\u00e9kos r\u00e9sz\u00e9re a nyerem\u00e9nyt az\u00e9rt nem lehet \u00e1tadni, mert a Profilja nem val\u00f3s, hi\u00e1nyos vagy t\u00e9ves, vagy a P\u00e1ly\u00e1zatot bek\u00fcld\u0151 J\u00e1t\u00e9kos egy\u00e9b okb\u00f3l nem felel meg a jelen J\u00e1t\u00e9kszab\u00e1lyzatban \u00edrt szem\u00e9lyi felt\u00e9teleknek. &nbsp; <\/p>\n\n\n\n<p>5.2 A Lebonyol\u00edt\u00f3 a sorsol\u00e1s id\u0151pontj\u00e1t k\u00f6vet\u0151 legk\u00e9s\u0151bb 3 (h\u00e1rom) munkanapon bel\u00fcl a Honlapon posztban meghirdeti a nyertes J\u00e1t\u00e9kos(ok) nev\u00e9t. A nyerteseknek az \u00c9rtes\u00edt\u00e9s k\u00e9zhezv\u00e9tel\u00e9t k\u00f6vet\u0151 5 (\u00f6t) napon bel\u00fcl k\u00f6telesek a Lebonyol\u00edt\u00f3 r\u00e9sz\u00e9re elk\u00fcldeni adatait. Amennyiben a nyertes a fenti hat\u00e1rid\u0151n bel\u00fcl az \u00c9rtes\u00edt\u00e9sre semmilyen form\u00e1ban nem reag\u00e1l, \u00fagy a nyertes J\u00e1t\u00e9kos kiz\u00e1r\u00e1sra ker\u00fcl, \u00e9s Szervez\u0151 tartal\u00e9knyertest jel\u00f6l ki. A Nyerem\u00e9nyt Lebonyol\u00edt\u00f3 postai \u00faton vagy fut\u00e1rszolg\u00e1lat seg\u00edts\u00e9g\u00e9vel juttatja el a Nyerteshez, az el\u0151tte Nyertessel egyeztetett post\u00e1z\u00e1si c\u00edmre. A Szervez\u0151 fenntartja a jogot arra, hogy a b\u00e1rmely okb\u00f3l elv\u00e1rhat\u00f3 hat\u00e1rid\u0151ben \u00e1t nem vett Nyerem\u00e9nyr\u0151l a sorrendben k\u00f6vetkez\u0151 tartal\u00e9knyertest \u00e9rtes\u00edtse. &nbsp; &nbsp;<\/p>\n\n\n\n<p>5.3 A Szervez\u0151 kiz\u00e1rhatja a J\u00e1t\u00e9kb\u00f3l azt a P\u00e1ly\u00e1zatot, amelyre n\u00e9zve az azt bek\u00fcld\u0151 J\u00e1t\u00e9kos r\u00e9sz\u00e9re a nyerem\u00e9nyt az\u00e9rt nem lehet \u00e1tadni, mert a Profilja nem val\u00f3s, hi\u00e1nyos vagy t\u00e9ves, vagy a P\u00e1ly\u00e1zatot bek\u00fcld\u0151 J\u00e1t\u00e9kos egy\u00e9b okb\u00f3l nem felel meg a jelen J\u00e1t\u00e9kszab\u00e1lyzatban \u00edrt szem\u00e9lyi felt\u00e9teleknek. &nbsp; &nbsp;<\/p>\n\n\n\n<p>6. &nbsp;&nbsp;&nbsp;&nbsp;&nbsp;&nbsp;&nbsp;&nbsp;<strong>&nbsp;&nbsp; Adatv\u00e9delem, vegyes rendelkez\u00e9sek<\/strong><\/p>\n\n\n\n<p>6.1 A J\u00e1t\u00e9kos a P\u00e1ly\u00e1zat elk\u00fcld\u00e9s\u00e9vel kifejezetten \u00e9s \u00f6nk\u00e9ntesen hozz\u00e1j\u00e1rul ahhoz, hogy az \u00e1ltala a Profilj\u00e1n megadott szem\u00e9lyes adatokat a Szervez\u0151 \u00e9s megb\u00edzott adatfeldolgoz\u00f3ja J\u00e1t\u00e9k lebonyol\u00edt\u00e1sa c\u00e9lj\u00e1b\u00f3l felhaszn\u00e1lja \u00e9s kezelje. Az adatok kezel\u00e9s\u00e9t a Szervez\u0151, mint adatkezel\u0151, feldolgoz\u00e1s\u00e1t a Szervez\u0151 megb\u00edz\u00e1s\u00e1b\u00f3l harmadik szem\u00e9ly v\u00e9gzi. &nbsp; &nbsp;<\/p>\n\n\n\n<p>6.2 A J\u00e1t\u00e9kosok P\u00e1ly\u00e1zatuk elk\u00fcld\u00e9s\u00e9vel tudom\u00e1sul veszik, \u00e9s kifejezetten hozz\u00e1j\u00e1rulnak ahhoz, hogy: \u2013 nyertess\u00e9g eset\u00e9n nev\u00fcket a Szervez\u0151 minden tov\u00e1bbi felt\u00e9tel \u00e9s ellen\u00e9rt\u00e9k n\u00e9lk\u00fcl, kiz\u00e1r\u00f3lag a J\u00e1t\u00e9kkal kapcsolatosan nyilv\u00e1noss\u00e1gra hozza <strong>Instagram<\/strong> oldal\u00e1n; &nbsp; &nbsp;<\/p>\n\n\n\n<p>6.3 A J\u00e1t\u00e9k semmilyen m\u00f3don nem szponzor\u00e1lt az <strong>Instagram<\/strong> \u00e1ltal, illetve semmilyen tekintetben nem kapcsol\u00f3dik a Facebook-hoz. Az adatszolg\u00e1ltat\u00e1s nem a Facebook r\u00e9sz\u00e9re, hanem a Szervez\u0151 r\u00e9sz\u00e9re t\u00f6rt\u00e9nik. A szolg\u00e1ltatott adatok kiz\u00e1r\u00f3lag a J\u00e1t\u00e9k lebonyol\u00edt\u00e1sa c\u00e9lj\u00e1b\u00f3l ker\u00fclnek felhaszn\u00e1l\u00e1sra. &nbsp; &nbsp;<\/p>\n\n\n\n<p>7. &nbsp;&nbsp;&nbsp;&nbsp;&nbsp;&nbsp;&nbsp;&nbsp;&nbsp;&nbsp;<strong> Felel\u0151ss\u00e9g<\/strong><\/p>\n\n\n\n<p>A Szervez\u0151, illetve a Lebonyol\u00edt\u00f3 kiz\u00e1rja a felel\u0151ss\u00e9g\u00e9t minden, a <a href=\"http:\/\/www.instagram.com\">www.instagram.com<\/a> &nbsp;weboldalt, illetve az azt m\u0171k\u00f6dtet\u0151 szervert \u00e9rt k\u00fcls\u0151, \u00fan. SQL t\u00e1mad\u00e1sok est\u00e9re. Teh\u00e1t amennyiben a weboldalt, illetve szervert \u00e9rt t\u00e1mad\u00e1s folyt\u00e1n a J\u00e1t\u00e9kosok t\u00e9ves rendszer\u00fczeneteket kapnak nyerem\u00e9nyeiket, nyertes\/nem nyertes st\u00e1tuszukat stb. illet\u0151en, \u00fagy ezen esetekre a Szervez\u0151 semminem\u0171 felel\u0151ss\u00e9get nem v\u00e1llal. Szervez\u0151, illetve Lebonyol\u00edt\u00f3 kiz\u00e1rja a felel\u0151ss\u00e9g\u00e9t a weboldal rajta k\u00edv\u00fcl\u00e1ll\u00f3 okokb\u00f3l t\u00f6rt\u00e9n\u0151 meghib\u00e1sod\u00e1s\u00e1\u00e9rt, amely id\u0151tartam alatt a honlap nem vagy korl\u00e1tozottan haszn\u00e1lhat\u00f3, ugyanakkor halad\u00e9ktalanul megtesz minden sz\u00fcks\u00e9ges int\u00e9zked\u00e9st annak \u00e9rdek\u00e9ben, hogy a hiba ok\u00e1t miel\u0151bb felt\u00e1rja, illetve megsz\u00fcntesse. &nbsp; &nbsp;<\/p>\n\n\n\n<p>Szervez\u0151 fenntartja a jogot, hogy a J\u00e1t\u00e9kszab\u00e1lyt indokolt esetben b\u00e1rmikor megv\u00e1ltoztathassa.<\/p>\n\n\n\n<p>Budapest, <strong>2020. augusztus 10.<\/strong><br>Monello baby&amp;more Bt.<br>Szervez\u0151<\/p>\n\n\n\n<hr class=\"wp-block-separator has-css-opacity\"\/>\n\n\n<div class=\"wp-block-image\">\n<figure class=\"aligncenter\"><img loading=\"lazy\" decoding=\"async\" width=\"940\" height=\"788\" src=\"https:\/\/www.monello.hu\/wp-content\/uploads\/2020\/02\/SzivarvanymamiJatek_Monello02.101.png\" alt=\"\" class=\"wp-image-7217\" srcset=\"https:\/\/www.monello.hu\/wp-content\/uploads\/2020\/02\/SzivarvanymamiJatek_Monello02.101.png 940w, https:\/\/www.monello.hu\/wp-content\/uploads\/2020\/02\/SzivarvanymamiJatek_Monello02.101-300x251.png 300w, https:\/\/www.monello.hu\/wp-content\/uploads\/2020\/02\/SzivarvanymamiJatek_Monello02.101-768x644.png 768w, https:\/\/www.monello.hu\/wp-content\/uploads\/2020\/02\/SzivarvanymamiJatek_Monello02.101-600x503.png 600w\" sizes=\"auto, (max-width: 940px) 100vw, 940px\" \/><\/figure>\n<\/div>\n\n\n<h4 class=\"wp-block-heading\">Ez a j\u00e1t\u00e9k m\u00e1r v\u00e9get \u00e9rt!<\/h4>\n\n\n\n<h4 class=\"wp-block-heading\">a <a href=\"https:\/\/www.facebook.com\/monellobabyandmore\/\">Monello baby&amp;more<\/a> \u00e9s <a href=\"https:\/\/www.facebook.com\/szivarvanymamihorgoltdekor\/?epa=SEARCH_BOX\">Sziv\u00e1rv\u00e1ny Mami Horgold Dekor<\/a> Facebook oldal\u00e1n egyszerre fut\u00f3 dupla j\u00e1t\u00e9k<\/h4>\n\n\n\n<p><strong>2020. febru\u00e1r 10-\u00e9n este19.00 \u00f3rakor indul!<\/strong><\/p>\n\n\n\n<h2 class=\"wp-block-heading\">Monello baby&amp;more<\/h2>\n\n\n\n<h1 class=\"wp-block-heading\">\u201dValentin Napi Nyerem\u00e9nyj\u00e1t\u00e9k \u201d<\/h1>\n\n\n\n<h1 class=\"wp-block-heading\"><strong>ELNEVEZ\u00c9S\u0170 VET\u00c9LKED\u0150<\/strong><\/h1>\n\n\n\n<h1 class=\"wp-block-heading\"><strong>R\u00c9SZV\u00c9TELI \u00c9S J\u00c1T\u00c9KSZAB\u00c1LYZATA<\/strong><\/h1>\n\n\n\n<p> 1.&nbsp;&nbsp;&nbsp;&nbsp;&nbsp; <strong>A nyerem\u00e9nyj\u00e1t\u00e9k szervez\u0151je <\/strong><\/p>\n\n\n\n<p>\u201eNyerem\u00e9nyj\u00e1t\u00e9k\u201d elnevez\u00e9s\u0171 vet\u00e9lked\u0151 (a tov\u00e1bbiakban: \u201dJ\u00e1t\u00e9k\u201d) szervez\u0151je a<strong> Voit Eszter E.V. (sz\u00e9khely: 1054, Budapest, Zolt\u00e1n utca 10.; ad\u00f3sz\u00e1ma: 68218829-1-41)<\/strong> (tov\u00e1bbiakban: \u201dSzervez\u0151\u201d). &nbsp; &nbsp; <\/p>\n\n\n\n<p>2.&nbsp;&nbsp;&nbsp;&nbsp;<strong> A j\u00e1t\u00e9kban t\u00f6rt\u00e9n\u0151 r\u00e9szv\u00e9tel felt\u00e9telei <\/strong><\/p>\n\n\n\n<p>2.1 A J\u00e1t\u00e9kban kiz\u00e1r\u00f3lag azon \u00e1lland\u00f3, nyilv\u00e1ntartott magyarorsz\u00e1gi lak\u00f3hellyel rendelkez\u0151, 18. \u00e9let\u00e9v\u00e9t bet\u00f6lt\u00f6tt, devizabelf\u00f6ldi, az illet\u00e9kes magyar hat\u00f3s\u00e1g \u00e1ltal kiadott \u00e9rv\u00e9nyes szem\u00e9lyazonos\u00edt\u00f3 igazolv\u00e1nnyal rendelkez\u0151, magyar \u00e1llampolg\u00e1r, a 2.6 pontban meghat\u00e1rozott szem\u00e9lyek k\u00f6r\u00e9be nem es\u0151, saj\u00e1t Facebook profillal (a tov\u00e1bbiakban: \u201dProfil\u201d) rendelkez\u0151 term\u00e9szetes szem\u00e9ly (a tov\u00e1bbiakban: \u201dJ\u00e1t\u00e9kos\u201d) vehet r\u00e9szt, aki a J\u00e1t\u00e9k 4. pontban meghat\u00e1rozott id\u0151tartama alatt a <a rel=\"noreferrer noopener\" href=\"https:\/\/www.facebook.com\/monellobabyandmore\/\" target=\"_blank\">https:\/\/www.facebook.com\/monellobabyandmore\/<\/a> &nbsp;domain alatti weboldalon (a tov\u00e1bbiakban: \u201dHonlap\u201d) tal\u00e1lhat\u00f3 \u201enyerem\u00e9nyj\u00e1t\u00e9k\u201d Facebook tartalomban feltett k\u00e9rd\u00e9sre tartalom alatti kommentben v\u00e1laszol (a tov\u00e1bbiakban: \u201dP\u00e1ly\u00e1zat\u201d), \u00e9s ezzel egy\u00fattal elfogadja a jelen j\u00e1t\u00e9kszab\u00e1lyzatban (a tov\u00e1bbiakban: \u201dJ\u00e1t\u00e9kszab\u00e1lyzat\u201d) le\u00edrt valamennyi felt\u00e9telt. &nbsp; &nbsp; <\/p>\n\n\n\n<p>2.2 Azok a P\u00e1ly\u00e1zatok, melyek a J\u00e1t\u00e9kszab\u00e1lyzatban le\u00edrt alaki \u00e9s tartalmi el\u0151\u00edr\u00e1soknak nem felelnek meg, a J\u00e1t\u00e9kb\u00f3l automatikusan kiz\u00e1r\u00e1sra, m\u00edg az \u00e9rv\u00e9nyes P\u00e1ly\u00e1zatok sz\u00e1m\u00edt\u00f3g\u00e9pes r\u00f6gz\u00edt\u00e9sre ker\u00fclnek. &nbsp; &nbsp;<\/p>\n\n\n\n<p> 2.3 A J\u00e1t\u00e9kosok kiz\u00e1r\u00f3lag a saj\u00e1t adataikkal vehetnek r\u00e9szt a J\u00e1t\u00e9kban. A J\u00e1t\u00e9kos a J\u00e1t\u00e9k id\u0151tartama alatt <strong>T\u00d6BB P\u00e1ly\u00e1zatot is jogosult bek\u00fcldeni.<\/strong> Amennyiben a J\u00e1t\u00e9kos nem a saj\u00e1t maga \u00e1ltal regisztr\u00e1lt Profillal vesz r\u00e9szt a J\u00e1t\u00e9kban, a J\u00e1t\u00e9kkal kapcsolatos, Profil haszn\u00e1lat jogosults\u00e1g\u00e1b\u00f3l fakad\u00f3 vit\u00e1kkal kapcsolatban Szervez\u0151 mindennem\u0171 felel\u0151ss\u00e9get kiz\u00e1r. &nbsp; &nbsp;<\/p>\n\n\n\n<p> 2.4 A P\u00e1ly\u00e1zat bek\u00fcld\u00e9s\u00e9vel a J\u00e1t\u00e9kos tudom\u00e1sul veszi, hogy a J\u00e1t\u00e9k tartalma, teljes\u00edtm\u00e9nye, \u00fczenet- \u00e9s adat\u00e1tviteli-, valamint v\u00e1laszad\u00e1si sebess\u00e9ge a kiszolg\u00e1l\u00f3 technol\u00f3gia f\u00fcggv\u00e9nye, \u00e9s ez\u00e1ltal ezeket kedvez\u0151tlen\u00fcl befoly\u00e1solhatja olyan, a Szervez\u0151n k\u00edv\u00fcl\u00e1ll\u00f3 t\u00e9nyez\u0151, mint p\u00e9ld\u00e1ul (de nem kiz\u00e1r\u00f3lagosan) kapcsolati hiba, a szerver sz\u00e1m\u00edt\u00f3g\u00e9pek teljes\u00edtm\u00e9nye, valamint a biztons\u00e1gos h\u00e1l\u00f3zati kapcsolat fenntart\u00e1sa. A Szervez\u0151 az e bekezd\u00e9sben \u00edrtakb\u00f3l fakad\u00f3 mindennem\u0171 felel\u0151ss\u00e9get kiz\u00e1r. &nbsp; &nbsp; <\/p>\n\n\n\n<p>2.5 A P\u00e1ly\u00e1zatokat a J\u00e1t\u00e9kszab\u00e1lyzat felt\u00e9teleinek teljes\u00edt\u00e9se v\u00e9gett a Szervez\u0151 megvizsg\u00e1lhatja, \u00e9s amennyiben azok, illetve az azt bek\u00fcld\u0151 J\u00e1t\u00e9kos b\u00e1rmely okb\u00f3l nem felel meg a J\u00e1t\u00e9kszab\u00e1lyzat felt\u00e9teleinek, \u00fagy az \u00e9rintett J\u00e1t\u00e9kost a J\u00e1t\u00e9kb\u00f3l kiz\u00e1rhatja. &nbsp; &nbsp; <\/p>\n\n\n\n<p>2.6 A J\u00e1t\u00e9kb\u00f3l ki vannak z\u00e1rva<strong> a Voit Eszter E.V. Cirilla Bt., a Sziv\u00e1rv\u00e1ny Mami Horgolt Dekor, a Klassz Placc&nbsp; valamint a Popart Rekl\u00e1m\u00fcgyn\u00f6ks\u00e9g Kft. <\/strong>alkalmazottai \u00e9s ezen szem\u00e9lyek Polg\u00e1ri t\u00f6rv\u00e9nyk\u00f6nyvr\u0151l sz\u00f3l\u00f3 2013. \u00e9vi V. t\u00f6rv\u00e9ny (a tov\u00e1bbiakban Ptk.) 8:1. \u00a7 (1) bekezd\u00e9s 1. pontj\u00e1ban meghat\u00e1rozott fogalom szerinti k\u00f6zeli hozz\u00e1tartoz\u00f3i, akik a k\u00f6vetkez\u0151 szem\u00e9lyek: a h\u00e1zast\u00e1rs, az egyenes-\u00e1gbeli rokon, az \u00f6r\u00f6kbefogadott, a mostoha- \u00e9s a nevelt gyermek, az \u00f6r\u00f6kbefogad\u00f3-, a mostoha- \u00e9s a nevel\u0151sz\u00fcl\u0151 \u00e9s a testv\u00e9r. &nbsp; &nbsp; <\/p>\n\n\n\n<p>3.&nbsp;&nbsp;&nbsp;&nbsp; <strong>A j\u00e1t\u00e9k le\u00edr\u00e1sa <\/strong><\/p>\n\n\n\n<p>A J\u00e1t\u00e9kos a 2.1. pontban le\u00edrtak szerinti el\u00e9r\u00e9s\u00e9t k\u00f6vet\u0151en az oldal \u00fczen\u0151 fal\u00e1ra jut. A J\u00e1t\u00e9k sor\u00e1n a Szervez\u0151 egy \u00faj tartalmat tesz k\u00f6zz\u00e9 \u00fczen\u0151 fal\u00e1n, amely al\u00e1 a J\u00e1t\u00e9kos kommentk\u00e9nt sz\u00f6veges tartalmat \u00edrhat \u00e9s megoszthat m\u00e1sokkal. A Nyertesek a tartalom alatti kommentben a tartalomban feltett k\u00e9rd\u00e9sre v\u00e1laszol\u00f3 J\u00e1t\u00e9kosok k\u00f6z\u00fcl ker\u00fclnek (tov\u00e1bbiakban: \u201eNyertes\/Nyertesek) kisorsol\u00e1sra. A j\u00e1t\u00e9k id\u0151tartama <strong>A J\u00e1t\u00e9k 2020. febru\u00e1r 10. napj\u00e1n 19:00 \u00f3ra 00 perct\u0151l 2020. febru\u00e1r 13. napj\u00e1n \u00e9jf\u00e9lig tart.<\/strong> A J\u00e1t\u00e9k kezdete el\u0151tt \u00e9s befejez\u00e9s\u00e9t k\u00f6vet\u0151en bek\u00fcld\u00f6tt P\u00e1ly\u00e1zatok a J\u00e1t\u00e9kban nem vesznek r\u00e9szt. &nbsp; &nbsp; <\/p>\n\n\n\n<p>4.&nbsp;&nbsp;&nbsp;<strong>&nbsp; A j\u00e1t\u00e9k menete, nyerem\u00e9nyek, sorsol\u00e1s <\/strong><\/p>\n\n\n\n<p>4.1 Azon J\u00e1t\u00e9kosok k\u00f6z\u00f6tt, akik a tartalom alatti kommentben v\u00e1laszolnak a tartalomban feltett k\u00e9rd\u00e9sre, a Szervez\u0151 a J\u00e1t\u00e9kot k\u00f6vet\u0151en, a <strong>v\u00e9letlenszer\u0171s\u00e9g elv\u00e9nek eleget tev\u0151 sz\u00e1m\u00edt\u00f3g\u00e9pes program seg\u00edts\u00e9g\u00e9vel&nbsp;<a rel=\"noreferrer noopener\" href=\"https:\/\/l.facebook.com\/l.php?u=https%3A%2F%2Fsocialwinner.besocial.hu%2F%3Ffbclid%3DIwAR1LkeM-R5koecKsiuS6X7ERoyYrapRTPDRFhhYgQE-yeyaiCKYZXNdNbFE&amp;h=AT2QRukmubP1j6O1OJ2TuYS5J_6GvIDZvz6sFh2N6XMXSYnNlYBvzK1Wr1jjLOf_y8s1jUJk0KCYMvlxMG-YP3Ff8Mo29x_yNuHaC38A2VlXfKCkxNzNDAq-wMuPmhe2xfGObw\" target=\"_blank\">https:\/\/socialwinner.besocial.hu\/<\/a>&nbsp; kisorsol a helyesen v\u00e1laszol\u00f3 J\u00e1t\u00e9kosok k\u00f6z\u00f6tt, azaz komentel\u0151nk\u00e9nt \u00f6sszesen 1 (egy) darab nyertest, aki megnyeri, a k\u00e9pen is l\u00e1that\u00f3 Mr. Grey macis vagy Menta r\u00f3k\u00e1s t\u00e1rol\u00f3 kosarat <\/strong> <strong>(a nyertes v\u00e1lasztja, ki hogy melyiket szeretn\u00e9)<\/strong> <strong> + egy \u00e1llatos r\u00e1gcs\u00e1t. T\u00f6bb komment \u00edr\u00e1sa a tartalom al\u00e1 n\u00f6veli J\u00e1t\u00e9kos es\u00e9lyeit, egy J\u00e1t\u00e9kos t\u00f6bbsz\u00f6r is r\u00e9szt vesz a sorsol\u00e1son, amennyiben t\u00f6bb kommentet is \u00edrt. T\u00f6bb komment \u00edr\u00e1sa megengedett.<\/strong> &nbsp; &nbsp;<\/p>\n\n\n\n<p> 4.2. Az 5.1 pontban \u00edrt <strong>Nyerem\u00e9ny sorsol\u00e1s\u00e1nak id\u0151pontja: 2020. febru\u00e1r 14. p\u00e9ntek. 12.00 \u00f3ra. A sorsol\u00e1s helysz\u00edne a Lebonyol\u00edt\u00f3 \u00c1TV\u00c9TELI PONTJA (1026, Budapest Riad\u00f3 utca 7.)<\/strong> A Nyerem\u00e9nyek m\u00e1sra \u00e1t nem ruh\u00e1zhat\u00f3ak, \u00e9s k\u00e9szp\u00e9nzre \u00e1t nem v\u00e1lthat\u00f3ak. A sorsol\u00e1s nem nyilv\u00e1nos. &nbsp; &nbsp; <\/p>\n\n\n\n<p>4.3 A Szervez\u0151 a 5.2 pontban r\u00e9szletezett sorsol\u00e1son \u00f6sszesen 3 darab tartal\u00e9knyertes P\u00e1ly\u00e1zatot sorsol ki. A tartal\u00e9knyertesek abban az esetben v\u00e1lnak jogosultt\u00e1 a Nyerem\u00e9nyre, amennyiben a nyertes nem m\u0171k\u00f6dik egy\u00fctt a Szervez\u0151vel vagy a Lebonyol\u00edt\u00f3val, vagy a Nyerem\u00e9nyt nem veszi \u00e1t, vagy b\u00e1rmely m\u00e1s okb\u00f3l a J\u00e1t\u00e9kb\u00f3l kiz\u00e1r\u00e1sra ker\u00fcl. &nbsp; &nbsp; <\/p>\n\n\n\n<p>5.&nbsp;&nbsp;&nbsp;&nbsp;&nbsp;&nbsp;&nbsp;&nbsp;&nbsp; <strong>Nyertesek \u00e9rtes\u00edt\u00e9se, nyerem\u00e9nyek \u00e1tv\u00e9tele <\/strong><\/p>\n\n\n\n<p>5.1 &nbsp;&nbsp;&nbsp;&nbsp; A nyerem\u00e9nyj\u00e1t\u00e9k sor\u00e1n a nyertes megnyeri,  <strong>a k\u00e9pen is l\u00e1that\u00f3 Mr. Grey macis vagy Menta r\u00f3k\u00e1s t\u00e1rol\u00f3 kosarat (a nyertes v\u00e1lasztja, ki hogy melyiket szeretn\u00e9) + egy \u00e1llatos r\u00e1gcs\u00e1t.<\/strong> <br> A Szervez\u0151 kiz\u00e1rhatja a J\u00e1t\u00e9kb\u00f3l azt a P\u00e1ly\u00e1zatot, amelyre n\u00e9zve az azt bek\u00fcld\u0151 J\u00e1t\u00e9kos r\u00e9sz\u00e9re a nyerem\u00e9nyt az\u00e9rt nem lehet \u00e1tadni, mert a Profilja nem val\u00f3s, hi\u00e1nyos vagy t\u00e9ves, vagy a P\u00e1ly\u00e1zatot bek\u00fcld\u0151 J\u00e1t\u00e9kos egy\u00e9b okb\u00f3l nem felel meg a jelen J\u00e1t\u00e9kszab\u00e1lyzatban \u00edrt szem\u00e9lyi felt\u00e9teleknek. &nbsp; &nbsp;<\/p>\n\n\n\n<p> 5.2 A Lebonyol\u00edt\u00f3 a sorsol\u00e1s id\u0151pontj\u00e1t k\u00f6vet\u0151 legk\u00e9s\u0151bb 3 (h\u00e1rom) munkanapon bel\u00fcl a Honlapon posztban meghirdeti a nyertes J\u00e1t\u00e9kos(ok) nev\u00e9t. A nyerteseknek az \u00c9rtes\u00edt\u00e9s k\u00e9zhezv\u00e9tel\u00e9t k\u00f6vet\u0151 5 (\u00f6t) napon bel\u00fcl k\u00f6telesek a Lebonyol\u00edt\u00f3 r\u00e9sz\u00e9re elk\u00fcldeni adatait. Amennyiben a nyertes a fenti hat\u00e1rid\u0151n bel\u00fcl az \u00c9rtes\u00edt\u00e9sre semmilyen form\u00e1ban nem reag\u00e1l, \u00fagy a nyertes J\u00e1t\u00e9kos kiz\u00e1r\u00e1sra ker\u00fcl, \u00e9s Szervez\u0151 tartal\u00e9knyertest jel\u00f6l ki. A Nyerem\u00e9nyt Lebonyol\u00edt\u00f3 postai \u00faton vagy fut\u00e1rszolg\u00e1lat seg\u00edts\u00e9g\u00e9vel juttatja el a Nyerteshez, az el\u0151tte Nyertessel egyeztetett post\u00e1z\u00e1si c\u00edmre. A Szervez\u0151 fenntartja a jogot arra, hogy a b\u00e1rmely okb\u00f3l elv\u00e1rhat\u00f3 hat\u00e1rid\u0151ben \u00e1t nem vett Nyerem\u00e9nyr\u0151l a sorrendben k\u00f6vetkez\u0151 tartal\u00e9knyertest \u00e9rtes\u00edtse. &nbsp; &nbsp; <\/p>\n\n\n\n<p>5.3 A Szervez\u0151 kiz\u00e1rhatja a J\u00e1t\u00e9kb\u00f3l azt a P\u00e1ly\u00e1zatot, amelyre n\u00e9zve az azt bek\u00fcld\u0151 J\u00e1t\u00e9kos r\u00e9sz\u00e9re a nyerem\u00e9nyt az\u00e9rt nem lehet \u00e1tadni, mert a Profilja nem val\u00f3s, hi\u00e1nyos vagy t\u00e9ves, vagy a P\u00e1ly\u00e1zatot bek\u00fcld\u0151 J\u00e1t\u00e9kos egy\u00e9b okb\u00f3l nem felel meg a jelen J\u00e1t\u00e9kszab\u00e1lyzatban \u00edrt szem\u00e9lyi felt\u00e9teleknek. &nbsp; &nbsp; <\/p>\n\n\n\n<p>6. &nbsp;&nbsp;&nbsp;&nbsp;&nbsp;&nbsp;&nbsp;&nbsp;<strong>&nbsp;&nbsp; Adatv\u00e9delem, vegyes rendelkez\u00e9sek <\/strong><\/p>\n\n\n\n<p>6.1&nbsp;&nbsp;&nbsp;&nbsp; A J\u00e1t\u00e9kos a P\u00e1ly\u00e1zat elk\u00fcld\u00e9s\u00e9vel kifejezetten \u00e9s \u00f6nk\u00e9ntesen hozz\u00e1j\u00e1rul ahhoz, hogy az \u00e1ltala a Profilj\u00e1n megadott szem\u00e9lyes adatokat a Szervez\u0151 \u00e9s megb\u00edzott adatfeldolgoz\u00f3ja J\u00e1t\u00e9k lebonyol\u00edt\u00e1sa c\u00e9lj\u00e1b\u00f3l felhaszn\u00e1lja \u00e9s kezelje. Az adatok kezel\u00e9s\u00e9t a Szervez\u0151, mint adatkezel\u0151, feldolgoz\u00e1s\u00e1t a Szervez\u0151 megb\u00edz\u00e1s\u00e1b\u00f3l harmadik szem\u00e9ly v\u00e9gzi. &nbsp; &nbsp; <\/p>\n\n\n\n<p>6.2&nbsp;&nbsp;&nbsp;&nbsp;&nbsp;&nbsp;&nbsp; A J\u00e1t\u00e9kosok P\u00e1ly\u00e1zatuk elk\u00fcld\u00e9s\u00e9vel tudom\u00e1sul veszik, \u00e9s kifejezetten hozz\u00e1j\u00e1rulnak ahhoz, hogy: \u2013 nyertess\u00e9g eset\u00e9n nev\u00fcket a Szervez\u0151 minden tov\u00e1bbi felt\u00e9tel \u00e9s ellen\u00e9rt\u00e9k n\u00e9lk\u00fcl, kiz\u00e1r\u00f3lag a J\u00e1t\u00e9kkal kapcsolatosan nyilv\u00e1noss\u00e1gra hozza Facebook oldal\u00e1n; &nbsp; &nbsp; <\/p>\n\n\n\n<p>6.3&nbsp;&nbsp;&nbsp;&nbsp; A J\u00e1t\u00e9k semmilyen m\u00f3don nem szponzor\u00e1lt a Facebook \u00e1ltal, illetve semmilyen tekintetben nem kapcsol\u00f3dik a Facebook-hoz. Az adatszolg\u00e1ltat\u00e1s nem a Facebook r\u00e9sz\u00e9re, hanem a Szervez\u0151 r\u00e9sz\u00e9re t\u00f6rt\u00e9nik. A szolg\u00e1ltatott adatok kiz\u00e1r\u00f3lag a J\u00e1t\u00e9k lebonyol\u00edt\u00e1sa c\u00e9lj\u00e1b\u00f3l ker\u00fclnek felhaszn\u00e1l\u00e1sra. &nbsp; &nbsp; <\/p>\n\n\n\n<p>7. &nbsp;&nbsp;&nbsp;&nbsp;&nbsp;&nbsp;&nbsp;&nbsp;&nbsp;&nbsp;<strong> Felel\u0151ss\u00e9g <\/strong><\/p>\n\n\n\n<p>A Szervez\u0151, illetve a Lebonyol\u00edt\u00f3 kiz\u00e1rja a felel\u0151ss\u00e9g\u00e9t minden, a <a rel=\"noreferrer noopener\" href=\"https:\/\/www.facebook.com\/\" target=\"_blank\">www.facebook.com<\/a> weboldalt, illetve az azt m\u0171k\u00f6dtet\u0151 szervert \u00e9rt k\u00fcls\u0151, \u00fan. SQL t\u00e1mad\u00e1sok est\u00e9re. Teh\u00e1t amennyiben a weboldalt, illetve szervert \u00e9rt t\u00e1mad\u00e1s folyt\u00e1n a J\u00e1t\u00e9kosok t\u00e9ves rendszer\u00fczeneteket kapnak nyerem\u00e9nyeiket, nyertes\/nem nyertes st\u00e1tuszukat, stb. illet\u0151en, \u00fagy ezen esetekre a Szervez\u0151 semminem\u0171 felel\u0151ss\u00e9get nem v\u00e1llal. Szervez\u0151, illetve Lebonyol\u00edt\u00f3 kiz\u00e1rja a felel\u0151ss\u00e9g\u00e9t a weboldal rajta k\u00edv\u00fcl\u00e1ll\u00f3 okokb\u00f3l t\u00f6rt\u00e9n\u0151 meghib\u00e1sod\u00e1s\u00e1\u00e9rt, amely id\u0151tartam alatt a honlap nem vagy korl\u00e1tozottan haszn\u00e1lhat\u00f3, ugyanakkor halad\u00e9ktalanul megtesz minden sz\u00fcks\u00e9ges int\u00e9zked\u00e9st annak \u00e9rdek\u00e9ben, hogy a hiba ok\u00e1t miel\u0151bb felt\u00e1rja, illetve megsz\u00fcntesse. &nbsp; &nbsp; <\/p>\n\n\n\n<p>Szervez\u0151 fenntartja a jogot, hogy a J\u00e1t\u00e9kszab\u00e1lyt indokolt esetben b\u00e1rmikor megv\u00e1ltoztathassa. <strong>A jelen j\u00e1t\u00e9kszab\u00e1lyzatot \u00e9s annak esetleges m\u00f3dos\u00edt\u00e1sait k\u00f6zz\u00e9teszi a&nbsp;https:\/\/www.facebook.com\/monellobabyandmore\/ Facebook oldal\u00e1n is&nbsp; Jegyzetben.<\/strong> &nbsp; &nbsp; <\/p>\n\n\n\n<p>Budapest, <strong>2020. febru\u00e1r 10.<\/strong><br> &nbsp; &nbsp; Voit Eszter E.V.<br> Szervez\u0151 <\/p>\n\n\n\n<p>&#8230;&#8230;&#8230;&#8230;&#8230;&#8230;&#8230;&#8230;&#8230;&#8230;&#8230;&#8230;&#8230;&#8230;&#8230;&#8230;&#8230;&#8230;&#8230;&#8230;&#8230;&#8230;&#8230;&#8230;&#8230;&#8230;&#8230;<\/p>\n\n\n\n<p>Ez a j\u00e1t\u00e9k m\u00e1r lez\u00e1rult: <\/p>\n\n\n<div class=\"wp-block-image\">\n<figure class=\"aligncenter\"><img loading=\"lazy\" decoding=\"async\" width=\"940\" height=\"788\" src=\"https:\/\/www.monello.hu\/wp-content\/uploads\/2020\/01\/bABAGENETIKA_jATEK.png\" alt=\"\" class=\"wp-image-7052\" srcset=\"https:\/\/www.monello.hu\/wp-content\/uploads\/2020\/01\/bABAGENETIKA_jATEK.png 940w, https:\/\/www.monello.hu\/wp-content\/uploads\/2020\/01\/bABAGENETIKA_jATEK-300x251.png 300w, https:\/\/www.monello.hu\/wp-content\/uploads\/2020\/01\/bABAGENETIKA_jATEK-768x644.png 768w, https:\/\/www.monello.hu\/wp-content\/uploads\/2020\/01\/bABAGENETIKA_jATEK-600x503.png 600w\" sizes=\"auto, (max-width: 940px) 100vw, 940px\" \/><\/figure>\n<\/div>\n\n\n<h1 class=\"wp-block-heading\">Monello baby&amp;more<\/h1>\n\n\n\n<h1 class=\"wp-block-heading\">\u201dNyerj p\u00e1ros bel\u00e9p\u0151t \u201d<\/h1>\n\n\n\n<h1 class=\"wp-block-heading\"><strong>ELNEVEZ\u00c9S\u0170 VET\u00c9LKED\u0150<\/strong><\/h1>\n\n\n\n<h1 class=\"wp-block-heading\"><strong>R\u00c9SZV\u00c9TELI \u00c9S J\u00c1T\u00c9KSZAB\u00c1LYZATA<\/strong><\/h1>\n\n\n\n<p> 1.&nbsp;&nbsp;&nbsp;&nbsp;&nbsp; A nyerem\u00e9nyj\u00e1t\u00e9k szervez\u0151je \u201eNyerem\u00e9nyj\u00e1t\u00e9k\u201d elnevez\u00e9s\u0171 vet\u00e9lked\u0151 (a tov\u00e1bbiakban: \u201dJ\u00e1t\u00e9k\u201d) szervez\u0151je a<strong> Voit Eszter E.V. (sz\u00e9khely: 1054, Budapest, Zolt\u00e1n utca 10.; ad\u00f3sz\u00e1ma: 68218829-1-41)<\/strong> (tov\u00e1bbiakban: \u201dSzervez\u0151\u201d). &nbsp; &nbsp; <\/p>\n\n\n\n<p>2.&nbsp;&nbsp;&nbsp;&nbsp; A j\u00e1t\u00e9kban t\u00f6rt\u00e9n\u0151 r\u00e9szv\u00e9tel felt\u00e9telei <\/p>\n\n\n\n<p>2.1 A J\u00e1t\u00e9kban kiz\u00e1r\u00f3lag azon \u00e1lland\u00f3, nyilv\u00e1ntartott magyarorsz\u00e1gi lak\u00f3hellyel rendelkez\u0151, 18. \u00e9let\u00e9v\u00e9t bet\u00f6lt\u00f6tt, devizabelf\u00f6ldi, az illet\u00e9kes magyar hat\u00f3s\u00e1g \u00e1ltal kiadott \u00e9rv\u00e9nyes szem\u00e9lyazonos\u00edt\u00f3 igazolv\u00e1nnyal rendelkez\u0151, magyar \u00e1llampolg\u00e1r, a 2.6 pontban meghat\u00e1rozott szem\u00e9lyek k\u00f6r\u00e9be nem es\u0151, saj\u00e1t Facebook profillal (a tov\u00e1bbiakban: \u201dProfil\u201d) rendelkez\u0151 term\u00e9szetes szem\u00e9ly (a tov\u00e1bbiakban: \u201dJ\u00e1t\u00e9kos\u201d) vehet r\u00e9szt, aki a J\u00e1t\u00e9k 4. pontban meghat\u00e1rozott id\u0151tartama alatt a <a rel=\"noreferrer noopener\" href=\"https:\/\/www.facebook.com\/monellobabyandmore\/\" target=\"_blank\">https:\/\/www.facebook.com\/monellobabyandmore\/<\/a> &nbsp;domain alatti weboldalon (a tov\u00e1bbiakban: \u201dHonlap\u201d) tal\u00e1lhat\u00f3 \u201enyerem\u00e9nyj\u00e1t\u00e9k\u201d Facebook tartalomban feltett k\u00e9rd\u00e9sre tartalom alatti kommentben v\u00e1laszol (a tov\u00e1bbiakban: \u201dP\u00e1ly\u00e1zat\u201d), \u00e9s ezzel egy\u00fattal elfogadja a jelen j\u00e1t\u00e9kszab\u00e1lyzatban (a tov\u00e1bbiakban: \u201dJ\u00e1t\u00e9kszab\u00e1lyzat\u201d) le\u00edrt valamennyi felt\u00e9telt. &nbsp; &nbsp; <\/p>\n\n\n\n<p>2.2 Azok a P\u00e1ly\u00e1zatok, melyek a J\u00e1t\u00e9kszab\u00e1lyzatban le\u00edrt alaki \u00e9s tartalmi el\u0151\u00edr\u00e1soknak nem felelnek meg, a J\u00e1t\u00e9kb\u00f3l automatikusan kiz\u00e1r\u00e1sra, m\u00edg az \u00e9rv\u00e9nyes P\u00e1ly\u00e1zatok sz\u00e1m\u00edt\u00f3g\u00e9pes r\u00f6gz\u00edt\u00e9sre ker\u00fclnek. &nbsp; &nbsp; <\/p>\n\n\n\n<p>2.3 A J\u00e1t\u00e9kosok kiz\u00e1r\u00f3lag a saj\u00e1t adataikkal vehetnek r\u00e9szt a J\u00e1t\u00e9kban. A J\u00e1t\u00e9kos a J\u00e1t\u00e9k id\u0151tartama alatt <strong>T\u00d6BB P\u00e1ly\u00e1zatot is jogosult bek\u00fcldeni.<\/strong> Amennyiben a J\u00e1t\u00e9kos nem a saj\u00e1t maga \u00e1ltal regisztr\u00e1lt Profillal vesz r\u00e9szt a J\u00e1t\u00e9kban, a J\u00e1t\u00e9kkal kapcsolatos, Profil haszn\u00e1lat jogosults\u00e1g\u00e1b\u00f3l fakad\u00f3 vit\u00e1kkal kapcsolatban Szervez\u0151 mindennem\u0171 felel\u0151ss\u00e9get kiz\u00e1r. &nbsp; &nbsp;<\/p>\n\n\n\n<p> 2.4 A P\u00e1ly\u00e1zat bek\u00fcld\u00e9s\u00e9vel a J\u00e1t\u00e9kos tudom\u00e1sul veszi, hogy a J\u00e1t\u00e9k tartalma, teljes\u00edtm\u00e9nye, \u00fczenet- \u00e9s adat\u00e1tviteli-, valamint v\u00e1laszad\u00e1si sebess\u00e9ge a kiszolg\u00e1l\u00f3 technol\u00f3gia f\u00fcggv\u00e9nye, \u00e9s ez\u00e1ltal ezeket kedvez\u0151tlen\u00fcl befoly\u00e1solhatja olyan, a Szervez\u0151n k\u00edv\u00fcl\u00e1ll\u00f3 t\u00e9nyez\u0151, mint p\u00e9ld\u00e1ul (de nem kiz\u00e1r\u00f3lagosan) kapcsolati hiba, a szerver sz\u00e1m\u00edt\u00f3g\u00e9pek teljes\u00edtm\u00e9nye, valamint a biztons\u00e1gos h\u00e1l\u00f3zati kapcsolat fenntart\u00e1sa. A Szervez\u0151 az e bekezd\u00e9sben \u00edrtakb\u00f3l fakad\u00f3 mindennem\u0171 felel\u0151ss\u00e9get kiz\u00e1r. &nbsp; &nbsp; <\/p>\n\n\n\n<p>2.5 A P\u00e1ly\u00e1zatokat a J\u00e1t\u00e9kszab\u00e1lyzat felt\u00e9teleinek teljes\u00edt\u00e9se v\u00e9gett a Szervez\u0151 megvizsg\u00e1lhatja, \u00e9s amennyiben azok, illetve az azt bek\u00fcld\u0151 J\u00e1t\u00e9kos b\u00e1rmely okb\u00f3l nem felel meg a J\u00e1t\u00e9kszab\u00e1lyzat felt\u00e9teleinek, \u00fagy az \u00e9rintett J\u00e1t\u00e9kost a J\u00e1t\u00e9kb\u00f3l kiz\u00e1rhatja. &nbsp; &nbsp; <\/p>\n\n\n\n<p>2.6 A J\u00e1t\u00e9kb\u00f3l ki vannak z\u00e1rva<strong> a Voit Eszter E.V. Cirilla Bt., a Babagenetika Egyes\u00fclet valamint a Popart Rekl\u00e1m\u00fcgyn\u00f6ks\u00e9g Kft. <\/strong>alkalmazottai \u00e9s ezen szem\u00e9lyek Polg\u00e1ri t\u00f6rv\u00e9nyk\u00f6nyvr\u0151l sz\u00f3l\u00f3 2013. \u00e9vi V. t\u00f6rv\u00e9ny (a tov\u00e1bbiakban Ptk.) 8:1. \u00a7 (1) bekezd\u00e9s 1. pontj\u00e1ban meghat\u00e1rozott fogalom szerinti k\u00f6zeli hozz\u00e1tartoz\u00f3i, akik a k\u00f6vetkez\u0151 szem\u00e9lyek: a h\u00e1zast\u00e1rs, az egyenes-\u00e1gbeli rokon, az \u00f6r\u00f6kbefogadott, a mostoha- \u00e9s a nevelt gyermek, az \u00f6r\u00f6kbefogad\u00f3-, a mostoha- \u00e9s a nevel\u0151sz\u00fcl\u0151 \u00e9s a testv\u00e9r. &nbsp; &nbsp; <\/p>\n\n\n\n<p>3.&nbsp;&nbsp;&nbsp;&nbsp; A j\u00e1t\u00e9k le\u00edr\u00e1sa A J\u00e1t\u00e9kos a 2.1. pontban le\u00edrtak szerinti el\u00e9r\u00e9s\u00e9t k\u00f6vet\u0151en az oldal \u00fczen\u0151 fal\u00e1ra jut. A J\u00e1t\u00e9k sor\u00e1n a Szervez\u0151 egy \u00faj tartalmat tesz k\u00f6zz\u00e9 \u00fczen\u0151 fal\u00e1n, amely al\u00e1 a J\u00e1t\u00e9kos kommentk\u00e9nt sz\u00f6veges tartalmat \u00edrhat \u00e9s megoszthat m\u00e1sokkal. A Nyertesek a tartalom alatti kommentben a tartalomban feltett k\u00e9rd\u00e9sre v\u00e1laszol\u00f3 J\u00e1t\u00e9kosok k\u00f6z\u00fcl ker\u00fclnek (tov\u00e1bbiakban: \u201eNyertes\/Nyertesek) kisorsol\u00e1sra. A j\u00e1t\u00e9k id\u0151tartama <strong>A J\u00e1t\u00e9k 2020. janu\u00e1r 22. napj\u00e1n 20:00 \u00f3ra 11 perct\u0151l 2020. janu\u00e1r 24. napj\u00e1n \u00e9jf\u00e9lig tart.<\/strong> A J\u00e1t\u00e9k kezdete el\u0151tt \u00e9s befejez\u00e9s\u00e9t k\u00f6vet\u0151en bek\u00fcld\u00f6tt P\u00e1ly\u00e1zatok a J\u00e1t\u00e9kban nem vesznek r\u00e9szt. &nbsp; &nbsp; <\/p>\n\n\n\n<p>4.&nbsp;&nbsp;&nbsp;&nbsp; A j\u00e1t\u00e9k menete, nyerem\u00e9nyek, sorsol\u00e1s <\/p>\n\n\n\n<p>4.1 Azon J\u00e1t\u00e9kosok k\u00f6z\u00f6tt, akik a tartalom alatti kommentben v\u00e1laszolnak a tartalomban feltett k\u00e9rd\u00e9sre, a Szervez\u0151 a J\u00e1t\u00e9kot k\u00f6vet\u0151en, a <strong>v\u00e9letlenszer\u0171s\u00e9g elv\u00e9nek eleget tev\u0151 sz\u00e1m\u00edt\u00f3g\u00e9pes program seg\u00edts\u00e9g\u00e9vel&nbsp;<a rel=\"noreferrer noopener\" href=\"https:\/\/l.facebook.com\/l.php?u=https%3A%2F%2Fsocialwinner.besocial.hu%2F%3Ffbclid%3DIwAR1LkeM-R5koecKsiuS6X7ERoyYrapRTPDRFhhYgQE-yeyaiCKYZXNdNbFE&amp;h=AT2QRukmubP1j6O1OJ2TuYS5J_6GvIDZvz6sFh2N6XMXSYnNlYBvzK1Wr1jjLOf_y8s1jUJk0KCYMvlxMG-YP3Ff8Mo29x_yNuHaC38A2VlXfKCkxNzNDAq-wMuPmhe2xfGObw\" target=\"_blank\">https:\/\/socialwinner.besocial.hu\/<\/a>&nbsp; kisorsol a helyesen v\u00e1laszol\u00f3 J\u00e1t\u00e9kosok k\u00f6z\u00f6tt, azaz komentel\u0151nk\u00e9nt \u00f6sszesen 1 (egy) darab nyertest, aki megnyeri, a k\u00e9pen is l\u00e1that\u00f3 esem\u00e9nyre sz\u00f3l\u00f3 p\u00e1ros bel\u00e9p\u0151t.T\u00f6bb komment \u00edr\u00e1sa a tartalom al\u00e1 n\u00f6veli J\u00e1t\u00e9kos es\u00e9lyeit, egy J\u00e1t\u00e9kos t\u00f6bbsz\u00f6r is r\u00e9szt vesz a sorsol\u00e1son, amennyiben t\u00f6bb kommentet is \u00edrt. T\u00f6bb komment \u00edr\u00e1sa megengedett.<\/strong> &nbsp; &nbsp; <\/p>\n\n\n\n<p>4.2. Az 5.1 pontban \u00edrt <strong>Nyerem\u00e9ny sorsol\u00e1s\u00e1nak id\u0151pontja: 2020. janu\u00e1r 25. szombat. 11.00 \u00f3ra. A sorsol\u00e1s helysz\u00edne a Lebonyol\u00edt\u00f3 \u00c1TV\u00c9TELI PONTJA (1026, Budapest Riad\u00f3 utca 7.)<\/strong> A Nyerem\u00e9nyek m\u00e1sra \u00e1t nem ruh\u00e1zhat\u00f3ak, \u00e9s k\u00e9szp\u00e9nzre \u00e1t nem v\u00e1lthat\u00f3ak. A sorsol\u00e1s nem nyilv\u00e1nos. &nbsp; &nbsp; <\/p>\n\n\n\n<p>4.3 A Szervez\u0151 a 5.2 pontban r\u00e9szletezett sorsol\u00e1son \u00f6sszesen 3 darab tartal\u00e9knyertes P\u00e1ly\u00e1zatot sorsol ki. A tartal\u00e9knyertesek abban az esetben v\u00e1lnak jogosultt\u00e1 a Nyerem\u00e9nyre, amennyiben a nyertes nem m\u0171k\u00f6dik egy\u00fctt a Szervez\u0151vel vagy a Lebonyol\u00edt\u00f3val, vagy a Nyerem\u00e9nyt nem veszi \u00e1t, vagy b\u00e1rmely m\u00e1s okb\u00f3l a J\u00e1t\u00e9kb\u00f3l kiz\u00e1r\u00e1sra ker\u00fcl. &nbsp; &nbsp;<\/p>\n\n\n\n<p> 5.&nbsp;&nbsp;&nbsp;&nbsp;&nbsp;&nbsp;&nbsp;&nbsp;&nbsp; Nyertesek \u00e9rtes\u00edt\u00e9se, nyerem\u00e9nyek \u00e1tv\u00e9tele <\/p>\n\n\n\n<p>5.1 &nbsp;&nbsp;&nbsp;&nbsp; A nyerem\u00e9nyj\u00e1t\u00e9k sor\u00e1n a nyertes megnyeri,  <strong> 1 (egy) darab nyertest, aki megnyeri, a k\u00e9pen is l\u00e1that\u00f3 esem\u00e9nyre sz\u00f3l\u00f3 p\u00e1ros bel\u00e9p\u0151t.<\/strong> <br> A Szervez\u0151 kiz\u00e1rhatja a J\u00e1t\u00e9kb\u00f3l azt a P\u00e1ly\u00e1zatot, amelyre n\u00e9zve az azt bek\u00fcld\u0151 J\u00e1t\u00e9kos r\u00e9sz\u00e9re a nyerem\u00e9nyt az\u00e9rt nem lehet \u00e1tadni, mert a Profilja nem val\u00f3s, hi\u00e1nyos vagy t\u00e9ves, vagy a P\u00e1ly\u00e1zatot bek\u00fcld\u0151 J\u00e1t\u00e9kos egy\u00e9b okb\u00f3l nem felel meg a jelen J\u00e1t\u00e9kszab\u00e1lyzatban \u00edrt szem\u00e9lyi felt\u00e9teleknek. &nbsp; &nbsp; <\/p>\n\n\n\n<p>5.2 A Lebonyol\u00edt\u00f3 a sorsol\u00e1s id\u0151pontj\u00e1t k\u00f6vet\u0151 legk\u00e9s\u0151bb 3 (h\u00e1rom) munkanapon bel\u00fcl a Honlapon posztban meghirdeti a nyertes J\u00e1t\u00e9kos(ok) nev\u00e9t. A nyerteseknek az \u00c9rtes\u00edt\u00e9s k\u00e9zhezv\u00e9tel\u00e9t k\u00f6vet\u0151 5 (\u00f6t) napon bel\u00fcl k\u00f6telesek a Lebonyol\u00edt\u00f3 r\u00e9sz\u00e9re elk\u00fcldeni adatait. Amennyiben a nyertes a fenti hat\u00e1rid\u0151n bel\u00fcl az \u00c9rtes\u00edt\u00e9sre semmilyen form\u00e1ban nem reag\u00e1l, \u00fagy a nyertes J\u00e1t\u00e9kos kiz\u00e1r\u00e1sra ker\u00fcl, \u00e9s Szervez\u0151 tartal\u00e9knyertest jel\u00f6l ki. A Nyerem\u00e9nyt Lebonyol\u00edt\u00f3 postai \u00faton vagy fut\u00e1rszolg\u00e1lat seg\u00edts\u00e9g\u00e9vel juttatja el a Nyerteshez, az el\u0151tte Nyertessel egyeztetett post\u00e1z\u00e1si c\u00edmre. A Szervez\u0151 fenntartja a jogot arra, hogy a b\u00e1rmely okb\u00f3l elv\u00e1rhat\u00f3 hat\u00e1rid\u0151ben \u00e1t nem vett Nyerem\u00e9nyr\u0151l a sorrendben k\u00f6vetkez\u0151 tartal\u00e9knyertest \u00e9rtes\u00edtse. &nbsp; &nbsp; <\/p>\n\n\n\n<p>5.3 A Szervez\u0151 kiz\u00e1rhatja a J\u00e1t\u00e9kb\u00f3l azt a P\u00e1ly\u00e1zatot, amelyre n\u00e9zve az azt bek\u00fcld\u0151 J\u00e1t\u00e9kos r\u00e9sz\u00e9re a nyerem\u00e9nyt az\u00e9rt nem lehet \u00e1tadni, mert a Profilja nem val\u00f3s, hi\u00e1nyos vagy t\u00e9ves, vagy a P\u00e1ly\u00e1zatot bek\u00fcld\u0151 J\u00e1t\u00e9kos egy\u00e9b okb\u00f3l nem felel meg a jelen J\u00e1t\u00e9kszab\u00e1lyzatban \u00edrt szem\u00e9lyi felt\u00e9teleknek. &nbsp; &nbsp; <\/p>\n\n\n\n<p>6. &nbsp;&nbsp;&nbsp;&nbsp;&nbsp;&nbsp;&nbsp;&nbsp;&nbsp;&nbsp; Adatv\u00e9delem, vegyes rendelkez\u00e9sek 6.1&nbsp;&nbsp;&nbsp;&nbsp; A J\u00e1t\u00e9kos a P\u00e1ly\u00e1zat elk\u00fcld\u00e9s\u00e9vel kifejezetten \u00e9s \u00f6nk\u00e9ntesen hozz\u00e1j\u00e1rul ahhoz, hogy az \u00e1ltala a Profilj\u00e1n megadott szem\u00e9lyes adatokat a Szervez\u0151 \u00e9s megb\u00edzott adatfeldolgoz\u00f3ja J\u00e1t\u00e9k lebonyol\u00edt\u00e1sa c\u00e9lj\u00e1b\u00f3l felhaszn\u00e1lja \u00e9s kezelje. Az adatok kezel\u00e9s\u00e9t a Szervez\u0151, mint adatkezel\u0151, feldolgoz\u00e1s\u00e1t a Szervez\u0151 megb\u00edz\u00e1s\u00e1b\u00f3l harmadik szem\u00e9ly v\u00e9gzi. &nbsp; &nbsp; <\/p>\n\n\n\n<p>6.2&nbsp;&nbsp;&nbsp;&nbsp;&nbsp;&nbsp;&nbsp; A J\u00e1t\u00e9kosok P\u00e1ly\u00e1zatuk elk\u00fcld\u00e9s\u00e9vel tudom\u00e1sul veszik, \u00e9s kifejezetten hozz\u00e1j\u00e1rulnak ahhoz, hogy: \u2013 nyertess\u00e9g eset\u00e9n nev\u00fcket a Szervez\u0151 minden tov\u00e1bbi felt\u00e9tel \u00e9s ellen\u00e9rt\u00e9k n\u00e9lk\u00fcl, kiz\u00e1r\u00f3lag a J\u00e1t\u00e9kkal kapcsolatosan nyilv\u00e1noss\u00e1gra hozza Facebook oldal\u00e1n; &nbsp; &nbsp; <\/p>\n\n\n\n<p>6.3&nbsp;&nbsp;&nbsp;&nbsp; A J\u00e1t\u00e9k semmilyen m\u00f3don nem szponzor\u00e1lt a Facebook \u00e1ltal, illetve semmilyen tekintetben nem kapcsol\u00f3dik a Facebook-hoz. Az adatszolg\u00e1ltat\u00e1s nem a Facebook r\u00e9sz\u00e9re, hanem a Szervez\u0151 r\u00e9sz\u00e9re t\u00f6rt\u00e9nik. A szolg\u00e1ltatott adatok kiz\u00e1r\u00f3lag a J\u00e1t\u00e9k lebonyol\u00edt\u00e1sa c\u00e9lj\u00e1b\u00f3l ker\u00fclnek felhaszn\u00e1l\u00e1sra. &nbsp; &nbsp; <\/p>\n\n\n\n<p>7. &nbsp;&nbsp;&nbsp;&nbsp;&nbsp;&nbsp;&nbsp;&nbsp;&nbsp;&nbsp; Felel\u0151ss\u00e9g A Szervez\u0151, illetve a Lebonyol\u00edt\u00f3 kiz\u00e1rja a felel\u0151ss\u00e9g\u00e9t minden, a <a rel=\"noreferrer noopener\" href=\"https:\/\/www.facebook.com\/\" target=\"_blank\">www.facebook.com<\/a> weboldalt, illetve az azt m\u0171k\u00f6dtet\u0151 szervert \u00e9rt k\u00fcls\u0151, \u00fan. SQL t\u00e1mad\u00e1sok est\u00e9re. Teh\u00e1t amennyiben a weboldalt, illetve szervert \u00e9rt t\u00e1mad\u00e1s folyt\u00e1n a J\u00e1t\u00e9kosok t\u00e9ves rendszer\u00fczeneteket kapnak nyerem\u00e9nyeiket, nyertes\/nem nyertes st\u00e1tuszukat, stb. illet\u0151en, \u00fagy ezen esetekre a Szervez\u0151 semminem\u0171 felel\u0151ss\u00e9get nem v\u00e1llal. Szervez\u0151, illetve Lebonyol\u00edt\u00f3 kiz\u00e1rja a felel\u0151ss\u00e9g\u00e9t a weboldal rajta k\u00edv\u00fcl\u00e1ll\u00f3 okokb\u00f3l t\u00f6rt\u00e9n\u0151 meghib\u00e1sod\u00e1s\u00e1\u00e9rt, amely id\u0151tartam alatt a honlap nem vagy korl\u00e1tozottan haszn\u00e1lhat\u00f3, ugyanakkor halad\u00e9ktalanul megtesz minden sz\u00fcks\u00e9ges int\u00e9zked\u00e9st annak \u00e9rdek\u00e9ben, hogy a hiba ok\u00e1t miel\u0151bb felt\u00e1rja, illetve megsz\u00fcntesse. &nbsp; &nbsp; Szervez\u0151 fenntartja a jogot, hogy a J\u00e1t\u00e9kszab\u00e1lyt indokolt esetben b\u00e1rmikor megv\u00e1ltoztathassa. <strong>A jelen j\u00e1t\u00e9kszab\u00e1lyzatot \u00e9s annak esetleges m\u00f3dos\u00edt\u00e1sait k\u00f6zz\u00e9teszi a&nbsp;https:\/\/www.facebook.com\/monellobabyandmore\/ Facebook oldal\u00e1n is&nbsp; Jegyzetben.<\/strong> &nbsp; &nbsp;<\/p>\n\n\n\n<p> Budapest, <strong>2020. janu\u00e1r 22.<\/strong><br> Voit Eszter E.V.<br> Szervez\u0151 &nbsp; <\/p>\n\n\n\n<p>&#8230;&#8230;&#8230;&#8230;&#8230;&#8230;&#8230;.<\/p>\n\n\n\n<p>Ez a j\u00e1t\u00e9k m\u00e1r lez\u00e1rult!<\/p>\n\n\n<div data-offset-key=\"fqom3-0-0\">\n<div data-contents=\"true\">\n<div class=\"_2cuy _3dgx\" data-block=\"true\" data-editor=\"477at\" data-offset-key=\"fqom3-0-0\">\n<h1 class=\"_1mf _1mj\" data-offset-key=\"fqom3-0-0\"><span data-offset-key=\"fqom3-0-0\"><img loading=\"lazy\" decoding=\"async\" class=\"alignnone size-full wp-image-6028\" src=\"https:\/\/www.monello.hu\/wp-content\/uploads\/2019\/10\/Jatek_PottomD_Monello10.18..png\" alt=\"\" width=\"940\" height=\"788\" srcset=\"https:\/\/www.monello.hu\/wp-content\/uploads\/2019\/10\/Jatek_PottomD_Monello10.18..png 940w, https:\/\/www.monello.hu\/wp-content\/uploads\/2019\/10\/Jatek_PottomD_Monello10.18.-300x251.png 300w, https:\/\/www.monello.hu\/wp-content\/uploads\/2019\/10\/Jatek_PottomD_Monello10.18.-768x644.png 768w, https:\/\/www.monello.hu\/wp-content\/uploads\/2019\/10\/Jatek_PottomD_Monello10.18.-600x503.png 600w\" sizes=\"auto, (max-width: 940px) 100vw, 940px\" \/><\/span><\/h1>\n<h1 class=\"_1mf _1mj\" data-offset-key=\"fqom3-0-0\"><span data-offset-key=\"fqom3-0-0\">Monello baby&amp;more<\/span><\/h1>\n<\/div>\n<h1 class=\"_1mf _1mj\" data-offset-key=\"71fhf-0-0\"><span data-offset-key=\"71fhf-0-0\">\u201dDUPLA \u0150SZI&nbsp; Nyerem\u00e9nyj\u00e1t\u00e9k \u201d<\/span><\/h1>\n<div class=\"_2cuy _3dgx\" data-block=\"true\" data-editor=\"477at\" data-offset-key=\"1krn7-0-0\">\n<h1 class=\"_1mf _1mj\" data-offset-key=\"1krn7-0-0\"><strong>ELNEVEZ\u00c9S\u0170 VET\u00c9LKED\u0150<\/strong><\/h1>\n<\/div>\n<div class=\"_2cuy _3dgx\" data-block=\"true\" data-editor=\"477at\" data-offset-key=\"btvg4-0-0\">\n<h1 class=\"_1mf _1mj\" data-offset-key=\"btvg4-0-0\"><strong>R\u00c9SZV\u00c9TELI \u00c9S J\u00c1T\u00c9KSZAB\u00c1LYZATA<\/strong><\/h1>\n<\/div>\n<div class=\"_1mf _1mj\" data-offset-key=\"5hsm1-0-0\"><span data-offset-key=\"5hsm1-0-0\">1.&nbsp;&nbsp;&nbsp;&nbsp;&nbsp; A nyerem\u00e9nyj\u00e1t\u00e9k szervez\u0151je<\/span><\/div>\n<div class=\"_2cuy _3dgx\" data-block=\"true\" data-editor=\"477at\" data-offset-key=\"alltl-0-0\">\n<div class=\"_1mf _1mj\" data-offset-key=\"alltl-0-0\"><span data-offset-key=\"alltl-0-0\">\u201eNyerem\u00e9nyj\u00e1t\u00e9k\u201d <\/span><span data-offset-key=\"alltl-0-1\">elnevez\u00e9s\u0171 vet\u00e9lked\u0151 (a tov\u00e1bbiakban: \u201d<\/span><span data-offset-key=\"alltl-0-2\">J\u00e1t\u00e9k<\/span><span data-offset-key=\"alltl-0-3\">\u201d) szervez\u0151je a<strong> Voit Eszter E.V. (sz\u00e9khely: 1054, Budapest, Zolt\u00e1n utca 10.; ad\u00f3sz\u00e1ma: 68218829-1-41)<\/strong> (tov\u00e1bbiakban: <\/span><span data-offset-key=\"alltl-0-4\">\u201dSzervez\u0151\u201d<\/span><span data-offset-key=\"alltl-0-5\">).<\/span><\/div>\n<div data-offset-key=\"alltl-0-0\">&nbsp;<\/div>\n<div data-offset-key=\"alltl-0-0\">&nbsp;<\/div>\n<\/div>\n<div class=\"_1mf _1mj\" data-offset-key=\"d17ug-0-0\"><span data-offset-key=\"d17ug-0-0\">2.&nbsp;&nbsp;&nbsp;&nbsp; A j\u00e1t\u00e9kban t\u00f6rt\u00e9n\u0151 r\u00e9szv\u00e9tel felt\u00e9telei<\/span><\/div>\n<div class=\"_2cuy _3dgx\" data-block=\"true\" data-editor=\"477at\" data-offset-key=\"fuubg-0-0\">\n<div class=\"_1mf _1mj\" data-offset-key=\"fuubg-0-0\"><span data-offset-key=\"fuubg-0-0\">2.1 A J\u00e1t\u00e9kban kiz\u00e1r\u00f3lag azon \u00e1lland\u00f3, nyilv\u00e1ntartott magyarorsz\u00e1gi lak\u00f3hellyel rendelkez\u0151, 18. \u00e9let\u00e9v\u00e9t bet\u00f6lt\u00f6tt, devizabelf\u00f6ldi, az illet\u00e9kes magyar hat\u00f3s\u00e1g \u00e1ltal kiadott \u00e9rv\u00e9nyes szem\u00e9lyazonos\u00edt\u00f3 igazolv\u00e1nnyal rendelkez\u0151, magyar \u00e1llampolg\u00e1r, a 2.6 pontban meghat\u00e1rozott szem\u00e9lyek k\u00f6r\u00e9be nem es\u0151, saj\u00e1t Facebook profillal (a tov\u00e1bbiakban: \u201dProfil\u201d) rendelkez\u0151 term\u00e9szetes szem\u00e9ly (a tov\u00e1bbiakban: \u201dJ\u00e1t\u00e9kos\u201d) vehet r\u00e9szt, aki a J\u00e1t\u00e9k 4. pontban meghat\u00e1rozott id\u0151tartama alatt a <\/span><a class=\"_42a-\" href=\"https:\/\/www.facebook.com\/monellobabyandmore\/\" target=\"_blank\" rel=\"noopener noreferrer\" data-tooltip-content=\"https:\/\/www.facebook.com\/monellobabyandmore\/\" data-hover=\"tooltip\" data-offset-key=\"fuubg-1-0\" data-tooltip-alignh=\"center\"><span data-offset-key=\"fuubg-1-0\">https:\/\/www.facebook.com\/monellobabyandmore\/<\/span><\/a><span data-offset-key=\"fuubg-2-0\"> &nbsp;domain alatti weboldalon (a tov\u00e1bbiakban: \u201dHonlap\u201d) tal\u00e1lhat\u00f3 \u201enyerem\u00e9nyj\u00e1t\u00e9k\u201d Facebook tartalomban feltett k\u00e9rd\u00e9sre tartalom alatti kommentben v\u00e1laszol (a tov\u00e1bbiakban: \u201dP\u00e1ly\u00e1zat\u201d), \u00e9s ezzel egy\u00fattal elfogadja a jelen j\u00e1t\u00e9kszab\u00e1lyzatban (a tov\u00e1bbiakban: \u201dJ\u00e1t\u00e9kszab\u00e1lyzat\u201d) le\u00edrt valamennyi felt\u00e9telt.<\/span><\/div>\n<div data-offset-key=\"fuubg-0-0\">&nbsp;<\/div>\n<div data-offset-key=\"fuubg-0-0\">&nbsp;<\/div>\n<\/div>\n<div class=\"_2cuy _3dgx\" data-block=\"true\" data-editor=\"477at\" data-offset-key=\"2emep-0-0\">\n<div class=\"_1mf _1mj\" data-offset-key=\"2emep-0-0\"><span data-offset-key=\"2emep-0-0\">2.2 Azok a P\u00e1ly\u00e1zatok, melyek a J\u00e1t\u00e9kszab\u00e1lyzatban le\u00edrt alaki \u00e9s tartalmi el\u0151\u00edr\u00e1soknak nem felelnek meg, a J\u00e1t\u00e9kb\u00f3l automatikusan kiz\u00e1r\u00e1sra, m\u00edg az \u00e9rv\u00e9nyes P\u00e1ly\u00e1zatok sz\u00e1m\u00edt\u00f3g\u00e9pes r\u00f6gz\u00edt\u00e9sre ker\u00fclnek.<\/span><\/div>\n<div data-offset-key=\"2emep-0-0\">&nbsp;<\/div>\n<div data-offset-key=\"2emep-0-0\">&nbsp;<\/div>\n<\/div>\n<div class=\"_2cuy _3dgx\" data-block=\"true\" data-editor=\"477at\" data-offset-key=\"4iinl-0-0\">\n<div class=\"_1mf _1mj\" data-offset-key=\"4iinl-0-0\"><span data-offset-key=\"4iinl-0-0\">2.3 A J\u00e1t\u00e9kosok kiz\u00e1r\u00f3lag a saj\u00e1t adataikkal vehetnek r\u00e9szt a J\u00e1t\u00e9kban. A J\u00e1t\u00e9kos a J\u00e1t\u00e9k id\u0151tartama alatt <strong>T\u00d6BB P\u00e1ly\u00e1zatot is jogosult bek\u00fcldeni.<\/strong> Amennyiben a J\u00e1t\u00e9kos nem a saj\u00e1t maga \u00e1ltal regisztr\u00e1lt Profillal vesz r\u00e9szt a J\u00e1t\u00e9kban, a J\u00e1t\u00e9kkal kapcsolatos, Profil haszn\u00e1lat jogosults\u00e1g\u00e1b\u00f3l fakad\u00f3 vit\u00e1kkal kapcsolatban Szervez\u0151 mindennem\u0171 felel\u0151ss\u00e9get kiz\u00e1r.<\/span><\/div>\n<div data-offset-key=\"4iinl-0-0\">&nbsp;<\/div>\n<div data-offset-key=\"4iinl-0-0\">&nbsp;<\/div>\n<\/div>\n<div class=\"_2cuy _3dgx\" data-block=\"true\" data-editor=\"477at\" data-offset-key=\"8so2v-0-0\">\n<div class=\"_1mf _1mj\" data-offset-key=\"8so2v-0-0\"><span data-offset-key=\"8so2v-0-0\">2.4 A P\u00e1ly\u00e1zat bek\u00fcld\u00e9s\u00e9vel a J\u00e1t\u00e9kos tudom\u00e1sul veszi, hogy a J\u00e1t\u00e9k tartalma, teljes\u00edtm\u00e9nye, \u00fczenet- \u00e9s adat\u00e1tviteli-, valamint v\u00e1laszad\u00e1si sebess\u00e9ge a kiszolg\u00e1l\u00f3 technol\u00f3gia f\u00fcggv\u00e9nye, \u00e9s ez\u00e1ltal ezeket kedvez\u0151tlen\u00fcl befoly\u00e1solhatja olyan, a Szervez\u0151n k\u00edv\u00fcl\u00e1ll\u00f3 t\u00e9nyez\u0151, mint p\u00e9ld\u00e1ul (de nem kiz\u00e1r\u00f3lagosan) kapcsolati hiba, a szerver sz\u00e1m\u00edt\u00f3g\u00e9pek teljes\u00edtm\u00e9nye, valamint a biztons\u00e1gos h\u00e1l\u00f3zati kapcsolat fenntart\u00e1sa. A Szervez\u0151 az e bekezd\u00e9sben \u00edrtakb\u00f3l fakad\u00f3 mindennem\u0171 felel\u0151ss\u00e9get kiz\u00e1r.<\/span><\/div>\n<div data-offset-key=\"8so2v-0-0\">&nbsp;<\/div>\n<\/div>\n<\/div>\n<div data-offset-key=\"8so2v-0-0\">&nbsp;<\/div>\n<div data-contents=\"true\">\n<div class=\"_2cuy _3dgx\" data-block=\"true\" data-editor=\"477at\" data-offset-key=\"5nqq3-0-0\">\n<div class=\"_1mf _1mj\" data-offset-key=\"5nqq3-0-0\"><span data-offset-key=\"5nqq3-0-0\">2.5 A P\u00e1ly\u00e1zatokat a J\u00e1t\u00e9kszab\u00e1lyzat felt\u00e9teleinek teljes\u00edt\u00e9se v\u00e9gett a Szervez\u0151 megvizsg\u00e1lhatja, \u00e9s amennyiben azok, illetve az azt bek\u00fcld\u0151 J\u00e1t\u00e9kos b\u00e1rmely okb\u00f3l nem felel meg a J\u00e1t\u00e9kszab\u00e1lyzat felt\u00e9teleinek, \u00fagy az \u00e9rintett J\u00e1t\u00e9kost a J\u00e1t\u00e9kb\u00f3l kiz\u00e1rhatja.<\/span><\/div>\n<div data-offset-key=\"5nqq3-0-0\">&nbsp;<\/div>\n<div data-offset-key=\"5nqq3-0-0\">&nbsp;<\/div>\n<\/div>\n<div class=\"_2cuy _3dgx\" data-block=\"true\" data-editor=\"477at\" data-offset-key=\"76nvq-0-0\">\n<div class=\"_1mf _1mj\" data-offset-key=\"76nvq-0-0\"><span data-offset-key=\"76nvq-0-0\">2.6 <\/span><span data-offset-key=\"76nvq-0-1\">A J\u00e1t\u00e9kb\u00f3l ki vannak z\u00e1rva<strong> a Voit Eszter E.V. Cirilla Bt., a P\u00f6tt\u00f6m Design, a Klassz Placc&nbsp; valamint a Popart Rekl\u00e1m\u00fcgyn\u00f6ks\u00e9g Kft. <\/strong><\/span><span data-offset-key=\"76nvq-0-2\">alkalmazottai \u00e9s ezen szem\u00e9lyek Polg\u00e1ri t\u00f6rv\u00e9nyk\u00f6nyvr\u0151l sz\u00f3l\u00f3 2013. \u00e9vi V. t\u00f6rv\u00e9ny (a tov\u00e1bbiakban Ptk.) 8:1. \u00a7 (1) bekezd\u00e9s 1. pontj\u00e1ban meghat\u00e1rozott fogalom szerinti k\u00f6zeli hozz\u00e1tartoz\u00f3i, akik a k\u00f6vetkez\u0151 szem\u00e9lyek: a h\u00e1zast\u00e1rs, az egyenes-\u00e1gbeli rokon, az \u00f6r\u00f6kbefogadott, a mostoha- \u00e9s a nevelt gyermek, az \u00f6r\u00f6kbefogad\u00f3-, a mostoha- \u00e9s a nevel\u0151sz\u00fcl\u0151 \u00e9s a testv\u00e9r.<\/span><\/div>\n<div data-offset-key=\"76nvq-0-0\">&nbsp;<\/div>\n<div data-offset-key=\"76nvq-0-0\">&nbsp;<\/div>\n<\/div>\n<div class=\"_1mf _1mj\" data-offset-key=\"8gn46-0-0\"><span data-offset-key=\"8gn46-0-0\">3.&nbsp;&nbsp;&nbsp;&nbsp; A j\u00e1t\u00e9k le\u00edr\u00e1sa<\/span><\/div>\n<div class=\"_2cuy _3dgx\" data-block=\"true\" data-editor=\"477at\" data-offset-key=\"c3lni-0-0\">\n<div class=\"_1mf _1mj\" data-offset-key=\"c3lni-0-0\"><span data-offset-key=\"c3lni-0-0\">A J\u00e1t\u00e9kos a 2.1. pontban le\u00edrtak szerinti el\u00e9r\u00e9s\u00e9t k\u00f6vet\u0151en az oldal \u00fczen\u0151 fal\u00e1ra jut. A J\u00e1t\u00e9k sor\u00e1n a Szervez\u0151 egy \u00faj tartalmat tesz k\u00f6zz\u00e9 \u00fczen\u0151 fal\u00e1n, amely al\u00e1 a J\u00e1t\u00e9kos kommentk\u00e9nt sz\u00f6veges tartalmat \u00edrhat \u00e9s megoszthat m\u00e1sokkal. A Nyertesek a tartalom alatti kommentben a tartalomban feltett k\u00e9rd\u00e9sre v\u00e1laszol\u00f3 J\u00e1t\u00e9kosok k\u00f6z\u00fcl ker\u00fclnek (tov\u00e1bbiakban: \u201eNyertes\/Nyertesek) kisorsol\u00e1sra.<\/span><\/div>\n<\/div>\n<div class=\"_2cuy _3dgx\" data-block=\"true\" data-editor=\"477at\" data-offset-key=\"d0pbj-0-0\">\n<div class=\"_1mf _1mj\" data-offset-key=\"d0pbj-0-0\"><span data-offset-key=\"d0pbj-0-0\">A j\u00e1t\u00e9k id\u0151tartama<\/span><\/div>\n<\/div>\n<div class=\"_2cuy _3dgx\" data-block=\"true\" data-editor=\"477at\" data-offset-key=\"365dg-0-0\">\n<div class=\"_1mf _1mj\" data-offset-key=\"365dg-0-0\"><strong>A J\u00e1t\u00e9k 2019. okt\u00f3ber 18. napj\u00e1n 19:00 \u00f3ra 00 perct\u0151l 2019. okt\u00f3ber 21. napj\u00e1n \u00e9jf\u00e9lig <\/strong><span data-offset-key=\"365dg-0-2\"><strong>tart.<\/strong> A J\u00e1t\u00e9k kezdete el\u0151tt \u00e9s befejez\u00e9s\u00e9t k\u00f6vet\u0151en bek\u00fcld\u00f6tt P\u00e1ly\u00e1zatok a J\u00e1t\u00e9kban nem vesznek r\u00e9szt.<\/span><\/div>\n<div data-offset-key=\"365dg-0-0\">&nbsp;<\/div>\n<div data-offset-key=\"365dg-0-0\">&nbsp;<\/div>\n<\/div>\n<div class=\"_1mf _1mj\" data-offset-key=\"22dfo-0-0\"><span data-offset-key=\"22dfo-0-0\">4.&nbsp;&nbsp;&nbsp;&nbsp; A j\u00e1t\u00e9k menete, nyerem\u00e9nyek, sorsol\u00e1s<\/span><\/div>\n<div class=\"_2cuy _3dgx\" data-block=\"true\" data-editor=\"477at\" data-offset-key=\"4l318-0-0\">\n<div class=\"_1mf _1mj\" data-offset-key=\"4l318-0-0\"><span data-offset-key=\"4l318-0-0\">4.1 Azon J\u00e1t\u00e9kosok k\u00f6z\u00f6tt, akik a tartalom alatti kommentben v\u00e1laszolnak a tartalomban feltett k\u00e9rd\u00e9sre, a Szervez\u0151 a J\u00e1t\u00e9kot k\u00f6vet\u0151en, a <strong>v\u00e9letlenszer\u0171s\u00e9g elv\u00e9nek eleget tev\u0151 sz\u00e1m\u00edt\u00f3g\u00e9pes program seg\u00edts\u00e9g\u00e9vel&nbsp;<\/strong><\/span><strong><a class=\"_42a-\" href=\"https:\/\/l.facebook.com\/l.php?u=https%3A%2F%2Fsocialwinner.besocial.hu%2F%3Ffbclid%3DIwAR1LkeM-R5koecKsiuS6X7ERoyYrapRTPDRFhhYgQE-yeyaiCKYZXNdNbFE&amp;h=AT2QRukmubP1j6O1OJ2TuYS5J_6GvIDZvz6sFh2N6XMXSYnNlYBvzK1Wr1jjLOf_y8s1jUJk0KCYMvlxMG-YP3Ff8Mo29x_yNuHaC38A2VlXfKCkxNzNDAq-wMuPmhe2xfGObw\" target=\"_blank\" rel=\"nofollow noopener noreferrer\" data-tooltip-content=\"https:\/\/socialwinner.besocial.hu\/\" data-hover=\"tooltip\" data-offset-key=\"4l318-1-0\" data-tooltip-alignh=\"center\" data-lynx-mode=\"hover\">https:\/\/socialwinner.besocial.hu\/<\/a>&nbsp; kisorsol a helyesen v\u00e1laszol\u00f3 J\u00e1t\u00e9kosok k\u00f6z\u00f6tt, azaz komentel\u0151nk\u00e9nt \u00f6sszesen 2<\/strong><span data-offset-key=\"4l318-2-1\"><span data-offset-key=\"4l318-2-1\"><strong> (k\u00e9t) darab nyertest, aki megnyeri, a <\/strong><strong>k\u00e9pen is l\u00e1that\u00f3 2+2db felh\u0151 alak\u00fa s\u00f3p\u00e1rna szettet + egy-egy darab baba s\u00e1lat<\/strong><\/span><\/span><strong>.<\/strong><\/div>\n<\/div>\n<div class=\"_2cuy _3dgx\" data-block=\"true\" data-editor=\"477at\" data-offset-key=\"n4ln-0-0\">\n<div class=\"_1mf _1mj\" data-offset-key=\"n4ln-0-0\"><strong>T\u00f6bb komment \u00edr\u00e1sa a tartalom al\u00e1 n\u00f6veli J\u00e1t\u00e9kos es\u00e9lyeit, egy J\u00e1t\u00e9kos t\u00f6bbsz\u00f6r is r\u00e9szt vesz a sorsol\u00e1son, amennyiben t\u00f6bb kommentet is \u00edrt. T\u00f6bb komment \u00edr\u00e1sa megengedett.<\/strong><\/div>\n<div data-offset-key=\"n4ln-0-0\">&nbsp;<\/div>\n<div data-offset-key=\"n4ln-0-0\">&nbsp;<\/div>\n<\/div>\n<div class=\"_2cuy _3dgx\" data-block=\"true\" data-editor=\"477at\" data-offset-key=\"d78gi-0-0\">\n<div class=\"_1mf _1mj\" data-offset-key=\"d78gi-0-0\"><span data-offset-key=\"d78gi-0-0\">4.2. Az 5.1 pontban \u00edrt <\/span><strong>Nyerem\u00e9ny sorsol\u00e1s\u00e1nak id\u0151pontja: 2019. okt\u00f3ber 22. kedd. 19.00 \u00f3ra. <\/strong><span data-offset-key=\"d78gi-0-2\"><strong>A sorsol\u00e1s helysz\u00edne a Lebonyol\u00edt\u00f3 \u00c1TV\u00c9TELI PONTJA (1026, Budapest Riad\u00f3 utca 7.)<\/strong> A Nyerem\u00e9nyek m\u00e1sra \u00e1t nem ruh\u00e1zhat\u00f3ak, \u00e9s k\u00e9szp\u00e9nzre \u00e1t nem v\u00e1lthat\u00f3ak. A sorsol\u00e1s nem nyilv\u00e1nos.<\/span><\/div>\n<div data-offset-key=\"d78gi-0-0\">&nbsp;<\/div>\n<div data-offset-key=\"d78gi-0-0\">&nbsp;<\/div>\n<\/div>\n<div class=\"_2cuy _3dgx\" data-block=\"true\" data-editor=\"477at\" data-offset-key=\"3tl9u-0-0\">\n<div class=\"_1mf _1mj\" data-offset-key=\"3tl9u-0-0\"><span data-offset-key=\"3tl9u-0-0\">4.3 A Szervez\u0151 a 5.2 pontban r\u00e9szletezett sorsol\u00e1son \u00f6sszesen 3 darab tartal\u00e9knyertes P\u00e1ly\u00e1zatot sorsol ki. A tartal\u00e9knyertesek abban az esetben v\u00e1lnak jogosultt\u00e1 a Nyerem\u00e9nyre, amennyiben a nyertes nem m\u0171k\u00f6dik egy\u00fctt a Szervez\u0151vel vagy a Lebonyol\u00edt\u00f3val, vagy a Nyerem\u00e9nyt nem veszi \u00e1t, vagy b\u00e1rmely m\u00e1s okb\u00f3l a J\u00e1t\u00e9kb\u00f3l kiz\u00e1r\u00e1sra ker\u00fcl.<\/span><\/div>\n<div data-offset-key=\"3tl9u-0-0\">&nbsp;<\/div>\n<div data-offset-key=\"3tl9u-0-0\">&nbsp;<\/div>\n<\/div>\n<div class=\"_1mf _1mj\" data-offset-key=\"ff12k-0-0\"><span data-offset-key=\"ff12k-0-0\">5.&nbsp;&nbsp;&nbsp;&nbsp;&nbsp;&nbsp;&nbsp;&nbsp;&nbsp; Nyertesek \u00e9rtes\u00edt\u00e9se, nyerem\u00e9nyek \u00e1tv\u00e9tele<\/span><\/div>\n<div class=\"_2cuy _3dgx\" data-block=\"true\" data-editor=\"477at\" data-offset-key=\"5q0pi-0-0\">\n<div class=\"_1mf _1mj\" data-offset-key=\"5q0pi-0-0\"><span data-offset-key=\"5q0pi-0-0\">5.1 &nbsp;&nbsp;&nbsp;&nbsp; A nyerem\u00e9nyj\u00e1t\u00e9k sor\u00e1n a nyertes <\/span><span data-offset-key=\"5q0pi-0-1\">megnyeri, <strong>2<\/strong><strong> (k\u00e9t) darab nyertest, aki megnyeri, a <\/strong><strong>k\u00e9pen is l\u00e1that\u00f3 2+2db felh\u0151 alak\u00fa s\u00f3p\u00e1rna szettet + egy-egy darab baba s\u00e1lat<\/strong><strong>.<\/strong><br \/><\/span><\/div>\n<\/div>\n<div class=\"_2cuy _3dgx\" data-block=\"true\" data-editor=\"477at\" data-offset-key=\"ata9o-0-0\">\n<div class=\"_1mf _1mj\" data-offset-key=\"ata9o-0-0\"><span data-offset-key=\"ata9o-0-0\">A Szervez\u0151 kiz\u00e1rhatja a J\u00e1t\u00e9kb\u00f3l azt a P\u00e1ly\u00e1zatot, amelyre n\u00e9zve az azt bek\u00fcld\u0151 J\u00e1t\u00e9kos r\u00e9sz\u00e9re a nyerem\u00e9nyt az\u00e9rt nem lehet \u00e1tadni, mert a Profilja nem val\u00f3s, hi\u00e1nyos vagy t\u00e9ves, vagy a P\u00e1ly\u00e1zatot bek\u00fcld\u0151 J\u00e1t\u00e9kos egy\u00e9b okb\u00f3l nem felel meg a jelen J\u00e1t\u00e9kszab\u00e1lyzatban \u00edrt szem\u00e9lyi felt\u00e9teleknek.<\/span><\/div>\n<div data-offset-key=\"ata9o-0-0\">&nbsp;<\/div>\n<div data-offset-key=\"ata9o-0-0\">&nbsp;<\/div>\n<\/div>\n<div class=\"_2cuy _3dgx\" data-block=\"true\" data-editor=\"477at\" data-offset-key=\"fdg55-0-0\">\n<div class=\"_1mf _1mj\" data-offset-key=\"fdg55-0-0\"><span data-offset-key=\"fdg55-0-0\">5.2 A Lebonyol\u00edt\u00f3 a sorsol\u00e1s id\u0151pontj\u00e1t k\u00f6vet\u0151 legk\u00e9s\u0151bb 3 (h\u00e1rom) munkanapon bel\u00fcl a Honlapon posztban meghirdeti a nyertes J\u00e1t\u00e9kos(ok) nev\u00e9t. A nyerteseknek az \u00c9rtes\u00edt\u00e9s k\u00e9zhezv\u00e9tel\u00e9t k\u00f6vet\u0151 5 (\u00f6t) napon bel\u00fcl k\u00f6telesek a Lebonyol\u00edt\u00f3 r\u00e9sz\u00e9re elk\u00fcldeni adatait. Amennyiben a nyertes a fenti hat\u00e1rid\u0151n bel\u00fcl az \u00c9rtes\u00edt\u00e9sre semmilyen form\u00e1ban nem reag\u00e1l, \u00fagy a nyertes J\u00e1t\u00e9kos kiz\u00e1r\u00e1sra ker\u00fcl, \u00e9s Szervez\u0151 tartal\u00e9knyertest jel\u00f6l ki. A Nyerem\u00e9nyt Lebonyol\u00edt\u00f3 postai \u00faton vagy fut\u00e1rszolg\u00e1lat seg\u00edts\u00e9g\u00e9vel juttatja el a Nyerteshez, az el\u0151tte Nyertessel egyeztetett post\u00e1z\u00e1si c\u00edmre. A Szervez\u0151 fenntartja a jogot arra, hogy a b\u00e1rmely okb\u00f3l elv\u00e1rhat\u00f3 hat\u00e1rid\u0151ben \u00e1t nem vett Nyerem\u00e9nyr\u0151l a sorrendben k\u00f6vetkez\u0151 tartal\u00e9knyertest \u00e9rtes\u00edtse.<\/span><\/div>\n<div data-offset-key=\"fdg55-0-0\">&nbsp;<\/div>\n<div data-offset-key=\"fdg55-0-0\">&nbsp;<\/div>\n<\/div>\n<div class=\"_2cuy _3dgx\" data-block=\"true\" data-editor=\"477at\" data-offset-key=\"2eqin-0-0\">\n<div class=\"_1mf _1mj\" data-offset-key=\"2eqin-0-0\"><span data-offset-key=\"2eqin-0-0\">5.3 A Szervez\u0151 kiz\u00e1rhatja a J\u00e1t\u00e9kb\u00f3l azt a P\u00e1ly\u00e1zatot, amelyre n\u00e9zve az azt bek\u00fcld\u0151 J\u00e1t\u00e9kos r\u00e9sz\u00e9re a nyerem\u00e9nyt az\u00e9rt nem lehet \u00e1tadni, mert a Profilja nem val\u00f3s, hi\u00e1nyos vagy t\u00e9ves, vagy a P\u00e1ly\u00e1zatot bek\u00fcld\u0151 J\u00e1t\u00e9kos egy\u00e9b okb\u00f3l nem felel meg a jelen J\u00e1t\u00e9kszab\u00e1lyzatban \u00edrt szem\u00e9lyi felt\u00e9teleknek.<\/span><\/div>\n<div data-offset-key=\"2eqin-0-0\">&nbsp;<\/div>\n<div data-offset-key=\"2eqin-0-0\">&nbsp;<\/div>\n<\/div>\n<div class=\"_1mf _1mj\" data-offset-key=\"a55ch-0-0\"><span data-offset-key=\"a55ch-0-0\">6. &nbsp;&nbsp;&nbsp;&nbsp;&nbsp;&nbsp;&nbsp;&nbsp;&nbsp;&nbsp; Adatv\u00e9delem, vegyes rendelkez\u00e9sek<\/span><\/div>\n<div class=\"_2cuy _3dgx\" data-block=\"true\" data-editor=\"477at\" data-offset-key=\"1pfpi-0-0\">\n<div class=\"_1mf _1mj\" data-offset-key=\"1pfpi-0-0\"><span data-offset-key=\"1pfpi-0-0\">6.1&nbsp;&nbsp;&nbsp;&nbsp; A J\u00e1t\u00e9kos a P\u00e1ly\u00e1zat elk\u00fcld\u00e9s\u00e9vel kifejezetten \u00e9s \u00f6nk\u00e9ntesen hozz\u00e1j\u00e1rul ahhoz, hogy az \u00e1ltala a Profilj\u00e1n megadott szem\u00e9lyes adatokat a Szervez\u0151 \u00e9s megb\u00edzott adatfeldolgoz\u00f3ja J\u00e1t\u00e9k lebonyol\u00edt\u00e1sa c\u00e9lj\u00e1b\u00f3l felhaszn\u00e1lja \u00e9s kezelje. Az adatok kezel\u00e9s\u00e9t a Szervez\u0151, mint adatkezel\u0151, feldolgoz\u00e1s\u00e1t a Szervez\u0151 megb\u00edz\u00e1s\u00e1b\u00f3l harmadik szem\u00e9ly v\u00e9gzi.<\/span><\/div>\n<div data-offset-key=\"1pfpi-0-0\">&nbsp;<\/div>\n<div data-offset-key=\"1pfpi-0-0\">&nbsp;<\/div>\n<\/div>\n<div class=\"_2cuy _3dgx\" data-block=\"true\" data-editor=\"477at\" data-offset-key=\"cufuc-0-0\">\n<div class=\"_1mf _1mj\" data-offset-key=\"cufuc-0-0\"><span data-offset-key=\"cufuc-0-0\">6.2&nbsp;&nbsp;&nbsp;&nbsp;&nbsp;&nbsp;&nbsp; A J\u00e1t\u00e9kosok P\u00e1ly\u00e1zatuk elk\u00fcld\u00e9s\u00e9vel tudom\u00e1sul veszik, \u00e9s kifejezetten hozz\u00e1j\u00e1rulnak ahhoz, hogy:<\/span><\/div>\n<\/div>\n<div class=\"_2cuy _3dgx\" data-block=\"true\" data-editor=\"477at\" data-offset-key=\"1iam0-0-0\">\n<div class=\"_1mf _1mj\" data-offset-key=\"1iam0-0-0\"><span data-offset-key=\"1iam0-0-0\">\u2013 nyertess\u00e9g eset\u00e9n nev\u00fcket a Szervez\u0151 minden tov\u00e1bbi felt\u00e9tel \u00e9s ellen\u00e9rt\u00e9k n\u00e9lk\u00fcl, kiz\u00e1r\u00f3lag a J\u00e1t\u00e9kkal kapcsolatosan nyilv\u00e1noss\u00e1gra hozza Facebook oldal\u00e1n;<\/span><\/div>\n<div data-offset-key=\"1iam0-0-0\">&nbsp;<\/div>\n<div data-offset-key=\"1iam0-0-0\">&nbsp;<\/div>\n<\/div>\n<div class=\"_2cuy _3dgx\" data-block=\"true\" data-editor=\"477at\" data-offset-key=\"4la2r-0-0\">\n<div class=\"_1mf _1mj\" data-offset-key=\"4la2r-0-0\"><span data-offset-key=\"4la2r-0-0\">6.3&nbsp;&nbsp;&nbsp;&nbsp; A J\u00e1t\u00e9k semmilyen m\u00f3don nem szponzor\u00e1lt a Facebook \u00e1ltal, illetve semmilyen tekintetben nem kapcsol\u00f3dik a Facebook-hoz. Az adatszolg\u00e1ltat\u00e1s nem a Facebook r\u00e9sz\u00e9re, hanem a Szervez\u0151 r\u00e9sz\u00e9re t\u00f6rt\u00e9nik. A szolg\u00e1ltatott adatok kiz\u00e1r\u00f3lag a J\u00e1t\u00e9k lebonyol\u00edt\u00e1sa c\u00e9lj\u00e1b\u00f3l ker\u00fclnek felhaszn\u00e1l\u00e1sra.<\/span><\/div>\n<div data-offset-key=\"4la2r-0-0\">&nbsp;<\/div>\n<div data-offset-key=\"4la2r-0-0\">&nbsp;<\/div>\n<\/div>\n<div class=\"_1mf _1mj\" data-offset-key=\"19lfo-0-0\"><span data-offset-key=\"19lfo-0-0\">7. &nbsp;&nbsp;&nbsp;&nbsp;&nbsp;&nbsp;&nbsp;&nbsp;&nbsp;&nbsp; Felel\u0151ss\u00e9g<\/span><\/div>\n<div class=\"_2cuy _3dgx\" data-block=\"true\" data-editor=\"477at\" data-offset-key=\"5vs60-0-0\">\n<div class=\"_1mf _1mj\" data-offset-key=\"5vs60-0-0\"><span data-offset-key=\"5vs60-0-0\">A Szervez\u0151, illetve a Lebonyol\u00edt\u00f3 kiz\u00e1rja a felel\u0151ss\u00e9g\u00e9t minden, a <\/span><a class=\"_42a-\" href=\"https:\/\/www.facebook.com\/\" target=\"_blank\" rel=\"noopener noreferrer\" data-tooltip-content=\"http:\/\/www.facebook.com\/\" data-hover=\"tooltip\" data-offset-key=\"5vs60-1-0\" data-tooltip-alignh=\"center\"><span data-offset-key=\"5vs60-1-0\">www.facebook.com<\/span><\/a><span data-offset-key=\"5vs60-2-0\"> weboldalt, illetve az azt m\u0171k\u00f6dtet\u0151 szervert \u00e9rt k\u00fcls\u0151, \u00fan. SQL t\u00e1mad\u00e1sok est\u00e9re. Teh\u00e1t amennyiben a weboldalt, illetve szervert \u00e9rt t\u00e1mad\u00e1s folyt\u00e1n a J\u00e1t\u00e9kosok t\u00e9ves rendszer\u00fczeneteket kapnak nyerem\u00e9nyeiket, nyertes\/nem nyertes st\u00e1tuszukat, stb. illet\u0151en, \u00fagy ezen esetekre a Szervez\u0151 semminem\u0171 felel\u0151ss\u00e9get nem v\u00e1llal.<\/span><\/div>\n<\/div>\n<div class=\"_2cuy _3dgx\" data-block=\"true\" data-editor=\"477at\" data-offset-key=\"a7v9a-0-0\">\n<div class=\"_1mf _1mj\" data-offset-key=\"a7v9a-0-0\"><span data-offset-key=\"a7v9a-0-0\">Szervez\u0151, illetve Lebonyol\u00edt\u00f3 kiz\u00e1rja a felel\u0151ss\u00e9g\u00e9t a weboldal rajta k\u00edv\u00fcl\u00e1ll\u00f3 okokb\u00f3l t\u00f6rt\u00e9n\u0151 meghib\u00e1sod\u00e1s\u00e1\u00e9rt, amely id\u0151tartam alatt a honlap nem vagy korl\u00e1tozottan haszn\u00e1lhat\u00f3, ugyanakkor halad\u00e9ktalanul megtesz minden sz\u00fcks\u00e9ges int\u00e9zked\u00e9st annak \u00e9rdek\u00e9ben, hogy a hiba ok\u00e1t miel\u0151bb felt\u00e1rja, illetve megsz\u00fcntesse.<\/span><\/div>\n<div data-offset-key=\"a7v9a-0-0\">&nbsp;<\/div>\n<div data-offset-key=\"a7v9a-0-0\">&nbsp;<\/div>\n<\/div>\n<div class=\"_2cuy _3dgx\" data-block=\"true\" data-editor=\"477at\" data-offset-key=\"59vo2-0-0\">\n<div class=\"_1mf _1mj\" data-offset-key=\"59vo2-0-0\"><span data-offset-key=\"59vo2-0-0\">Szervez\u0151 fenntartja a jogot, hogy a J\u00e1t\u00e9kszab\u00e1lyt indokolt esetben b\u00e1rmikor megv\u00e1ltoztathassa. <strong>A jelen j\u00e1t\u00e9kszab\u00e1lyzatot \u00e9s annak esetleges m\u00f3dos\u00edt\u00e1sait k\u00f6zz\u00e9teszi a&nbsp;<\/strong><\/span><strong>https:\/\/www.facebook.com\/monellobabyandmore\/ Facebook oldal\u00e1n is&nbsp; Jegyzetben.<\/strong><\/div>\n<div data-offset-key=\"59vo2-0-0\">&nbsp;<\/div>\n<div data-offset-key=\"59vo2-0-0\">&nbsp;<\/div>\n<\/div>\n<div class=\"_2cuy _3dgx\" data-block=\"true\" data-editor=\"477at\" data-offset-key=\"1v0i5-0-0\">\n<div class=\"_1mf _1mj\" data-offset-key=\"1v0i5-0-0\"><span data-offset-key=\"1v0i5-0-0\">Budapest, <strong>2019. okt\u00f3ber 18.<\/strong><br \/><\/span><\/div>\n<div data-offset-key=\"1v0i5-0-0\">&nbsp;<\/div>\n<\/div>\n<div data-offset-key=\"1v0i5-0-0\">&nbsp;<\/div>\n<div class=\"_2cuy _3dgx\" data-block=\"true\" data-editor=\"477at\" data-offset-key=\"dgkk9-0-0\">\n<div class=\"_1mf _1mj\" data-offset-key=\"dgkk9-0-0\"><span data-offset-key=\"dgkk9-0-0\">Voit Eszter E.V.<br \/><\/span><\/div>\n<\/div>\n<div class=\"_2cuy _3dgx\" data-block=\"true\" data-editor=\"477at\" data-offset-key=\"9e7f1-0-0\">\n<div class=\"_1mf _1mj\" data-offset-key=\"9e7f1-0-0\"><span data-offset-key=\"9e7f1-0-0\">Szervez\u0151<\/span><\/div>\n<\/div>\n<\/div>\n<div data-offset-key=\"9e7f1-0-0\">&nbsp;<\/div>\n<div data-offset-key=\"9e7f1-0-0\">&nbsp;<\/div>\n<div data-offset-key=\"9e7f1-0-0\">&#8230;&#8230;&#8230;&#8230;&#8230;&#8230;&#8230;&#8230;&#8230;&#8230;&#8230;&#8230;&#8230;&#8230;&#8230;&#8230;&#8230;&#8230;&#8230;&#8230;&#8230;&#8230;&#8230;&#8230;&#8230;&#8230;&#8230;&#8230;&#8230;&#8230;&#8230;&#8230;&#8230;&#8230;&#8230;&#8230;&#8230;&#8230;&#8230;&#8230;&#8230;&#8230;&#8230;&#8230;&#8230;&#8230;&#8230;&#8230;&#8230;&#8230;&#8230;&#8230;&#8230;&#8230;&#8230;&#8230;&#8230;&#8230;&#8230;&#8230;&#8230;&#8230;&#8230;&#8230;&#8230;&#8230;&#8230;&#8230;&#8230;&#8230;&#8230;&#8230;&#8230;&#8230;&#8230;&#8230;&#8230;&#8230;&#8230;&#8230;&#8230;&#8230;&#8230;&#8230;&#8230;&#8230;&#8230;&#8230;&#8230;&#8230;&#8230;&#8230;&#8230;&#8230;<\/div>\n<\/div>\n<div data-offset-key=\"fqom3-0-0\">&nbsp;<\/div>\n<div data-offset-key=\"fqom3-0-0\">&nbsp;<\/div>\n<div data-contents=\"true\">\n<div class=\"_2cuy _3dgx\" data-block=\"true\" data-editor=\"477at\" data-offset-key=\"fqom3-0-0\">\n<div data-offset-key=\"fqom3-0-0\">Ez a j\u00e1t\u00e9k m\u00e1r lez\u00e1rult.<\/div>\n<div class=\"_1mf _1mj\" data-offset-key=\"fqom3-0-0\"><span data-offset-key=\"fqom3-0-0\">Monello baby&amp;more<\/span><\/div>\n<\/div>\n<div class=\"_1mf _1mj\" data-offset-key=\"71fhf-0-0\"><span data-offset-key=\"71fhf-0-0\">\u201dNyerj babafot\u00f3z\u00e1st Nyerem\u00e9nyj\u00e1t\u00e9k \u201d<\/span><\/div>\n<div class=\"_2cuy _3dgx\" data-block=\"true\" data-editor=\"477at\" data-offset-key=\"1krn7-0-0\">\n<p class=\"_1mf _1mj\" data-offset-key=\"1krn7-0-0\"><strong>ELNEVEZ\u00c9S\u0170 VET\u00c9LKED\u0150<\/strong><\/p>\n<\/div>\n<div class=\"_2cuy _3dgx\" data-block=\"true\" data-editor=\"477at\" data-offset-key=\"btvg4-0-0\">\n<p class=\"_1mf _1mj\" data-offset-key=\"btvg4-0-0\"><strong>R\u00c9SZV\u00c9TELI \u00c9S J\u00c1T\u00c9KSZAB\u00c1LYZATA<\/strong><\/p>\n<\/div>\n<div class=\"_1mf _1mj\" data-offset-key=\"5hsm1-0-0\"><span data-offset-key=\"5hsm1-0-0\">1.&nbsp;&nbsp;&nbsp;&nbsp;&nbsp; A nyerem\u00e9nyj\u00e1t\u00e9k szervez\u0151je<\/span><\/div>\n<div class=\"_2cuy _3dgx\" data-block=\"true\" data-editor=\"477at\" data-offset-key=\"alltl-0-0\">\n<div class=\"_1mf _1mj\" data-offset-key=\"alltl-0-0\"><span data-offset-key=\"alltl-0-0\">\u201eNyerem\u00e9nyj\u00e1t\u00e9k\u201d <\/span><span data-offset-key=\"alltl-0-1\">elnevez\u00e9s\u0171 vet\u00e9lked\u0151 (a tov\u00e1bbiakban: \u201d<\/span><span data-offset-key=\"alltl-0-2\">J\u00e1t\u00e9k<\/span><span data-offset-key=\"alltl-0-3\">\u201d) szervez\u0151je a Cirilla Bt. (sz\u00e9khely: 1026, Budapest, Bimb\u00f3 \u00fat 131\/A; ad\u00f3sz\u00e1ma: 21890128-3-41) (tov\u00e1bbiakban: <\/span><span data-offset-key=\"alltl-0-4\">\u201dSzervez\u0151\u201d<\/span><span data-offset-key=\"alltl-0-5\">).<\/span><\/div>\n<\/div>\n<div class=\"_1mf _1mj\" data-offset-key=\"d17ug-0-0\"><span data-offset-key=\"d17ug-0-0\">2.&nbsp;&nbsp;&nbsp;&nbsp; A j\u00e1t\u00e9kban t\u00f6rt\u00e9n\u0151 r\u00e9szv\u00e9tel felt\u00e9telei<\/span><\/div>\n<div class=\"_2cuy _3dgx\" data-block=\"true\" data-editor=\"477at\" data-offset-key=\"fuubg-0-0\">\n<div class=\"_1mf _1mj\" data-offset-key=\"fuubg-0-0\"><span data-offset-key=\"fuubg-0-0\">2.1 A J\u00e1t\u00e9kban kiz\u00e1r\u00f3lag azon \u00e1lland\u00f3, nyilv\u00e1ntartott magyarorsz\u00e1gi lak\u00f3hellyel rendelkez\u0151, 18. \u00e9let\u00e9v\u00e9t bet\u00f6lt\u00f6tt, devizabelf\u00f6ldi, az illet\u00e9kes magyar hat\u00f3s\u00e1g \u00e1ltal kiadott \u00e9rv\u00e9nyes szem\u00e9lyazonos\u00edt\u00f3 igazolv\u00e1nnyal rendelkez\u0151, magyar \u00e1llampolg\u00e1r, a 2.6 pontban meghat\u00e1rozott szem\u00e9lyek k\u00f6r\u00e9be nem es\u0151, saj\u00e1t Facebook profillal (a tov\u00e1bbiakban: \u201dProfil\u201d) rendelkez\u0151 term\u00e9szetes szem\u00e9ly (a tov\u00e1bbiakban: \u201dJ\u00e1t\u00e9kos\u201d) vehet r\u00e9szt, aki a J\u00e1t\u00e9k 4. pontban meghat\u00e1rozott id\u0151tartama alatt a <\/span><a class=\"_42a-\" href=\"https:\/\/www.facebook.com\/monellobabyandmore\/\" target=\"_blank\" rel=\"noopener noreferrer\" data-tooltip-content=\"https:\/\/www.facebook.com\/monellobabyandmore\/\" data-hover=\"tooltip\" data-offset-key=\"fuubg-1-0\" data-tooltip-alignh=\"center\"><span data-offset-key=\"fuubg-1-0\">https:\/\/www.facebook.com\/monellobabyandmore\/<\/span><\/a><span data-offset-key=\"fuubg-2-0\"> &nbsp;domain alatti weboldalon (a tov\u00e1bbiakban: \u201dHonlap\u201d) tal\u00e1lhat\u00f3 \u201enyerem\u00e9nyj\u00e1t\u00e9k\u201d Facebook tartalomban feltett k\u00e9rd\u00e9sre tartalom alatti kommentben v\u00e1laszol (a tov\u00e1bbiakban: \u201dP\u00e1ly\u00e1zat\u201d), \u00e9s ezzel egy\u00fattal elfogadja a jelen j\u00e1t\u00e9kszab\u00e1lyzatban (a tov\u00e1bbiakban: \u201dJ\u00e1t\u00e9kszab\u00e1lyzat\u201d) le\u00edrt valamennyi felt\u00e9telt.<\/span><\/div>\n<\/div>\n<div class=\"_2cuy _3dgx\" data-block=\"true\" data-editor=\"477at\" data-offset-key=\"2emep-0-0\">\n<div class=\"_1mf _1mj\" data-offset-key=\"2emep-0-0\"><span data-offset-key=\"2emep-0-0\">2.2 Azok a P\u00e1ly\u00e1zatok, melyek a J\u00e1t\u00e9kszab\u00e1lyzatban le\u00edrt alaki \u00e9s tartalmi el\u0151\u00edr\u00e1soknak nem felelnek meg, a J\u00e1t\u00e9kb\u00f3l automatikusan kiz\u00e1r\u00e1sra, m\u00edg az \u00e9rv\u00e9nyes P\u00e1ly\u00e1zatok sz\u00e1m\u00edt\u00f3g\u00e9pes r\u00f6gz\u00edt\u00e9sre ker\u00fclnek.<\/span><\/div>\n<\/div>\n<div class=\"_2cuy _3dgx\" data-block=\"true\" data-editor=\"477at\" data-offset-key=\"4iinl-0-0\">\n<div class=\"_1mf _1mj\" data-offset-key=\"4iinl-0-0\"><span data-offset-key=\"4iinl-0-0\">2.3 A J\u00e1t\u00e9kosok kiz\u00e1r\u00f3lag a saj\u00e1t adataikkal vehetnek r\u00e9szt a J\u00e1t\u00e9kban. A J\u00e1t\u00e9kos a J\u00e1t\u00e9k id\u0151tartama alatt egy P\u00e1ly\u00e1zatot jogosult bek\u00fcldeni. Amennyiben a J\u00e1t\u00e9kos nem a saj\u00e1t maga \u00e1ltal regisztr\u00e1lt Profillal vesz r\u00e9szt a J\u00e1t\u00e9kban, a J\u00e1t\u00e9kkal kapcsolatos, Profil haszn\u00e1lat jogosults\u00e1g\u00e1b\u00f3l fakad\u00f3 vit\u00e1kkal kapcsolatban Szervez\u0151 mindennem\u0171 felel\u0151ss\u00e9get kiz\u00e1r.<\/span><\/div>\n<\/div>\n<div class=\"_2cuy _3dgx\" data-block=\"true\" data-editor=\"477at\" data-offset-key=\"8so2v-0-0\">\n<div class=\"_1mf _1mj\" data-offset-key=\"8so2v-0-0\"><span data-offset-key=\"8so2v-0-0\">2.4 A P\u00e1ly\u00e1zat bek\u00fcld\u00e9s\u00e9vel a J\u00e1t\u00e9kos tudom\u00e1sul veszi, hogy a J\u00e1t\u00e9k tartalma, teljes\u00edtm\u00e9nye, \u00fczenet- \u00e9s adat\u00e1tviteli-, valamint v\u00e1laszad\u00e1si sebess\u00e9ge a kiszolg\u00e1l\u00f3 technol\u00f3gia f\u00fcggv\u00e9nye, \u00e9s ez\u00e1ltal ezeket kedvez\u0151tlen\u00fcl befoly\u00e1solhatja olyan, a Szervez\u0151n k\u00edv\u00fcl\u00e1ll\u00f3 t\u00e9nyez\u0151, mint p\u00e9ld\u00e1ul (de nem kiz\u00e1r\u00f3lagosan) kapcsolati hiba, a szerver sz\u00e1m\u00edt\u00f3g\u00e9pek teljes\u00edtm\u00e9nye, valamint a biztons\u00e1gos h\u00e1l\u00f3zati kapcsolat fenntart\u00e1sa. A Szervez\u0151 az e bekezd\u00e9sben \u00edrtakb\u00f3l fakad\u00f3 mindennem\u0171 felel\u0151ss\u00e9get kiz\u00e1r.<\/span><\/div>\n<\/div>\n<div class=\"_2cuy _3dgx\" data-block=\"true\" data-editor=\"477at\" data-offset-key=\"5nqq3-0-0\">\n<div class=\"_1mf _1mj\" data-offset-key=\"5nqq3-0-0\"><span data-offset-key=\"5nqq3-0-0\">2.5 A P\u00e1ly\u00e1zatokat a J\u00e1t\u00e9kszab\u00e1lyzat felt\u00e9teleinek teljes\u00edt\u00e9se v\u00e9gett a Szervez\u0151 megvizsg\u00e1lhatja, \u00e9s amennyiben azok, illetve az azt bek\u00fcld\u0151 J\u00e1t\u00e9kos b\u00e1rmely okb\u00f3l nem felel meg a J\u00e1t\u00e9kszab\u00e1lyzat felt\u00e9teleinek, \u00fagy az \u00e9rintett J\u00e1t\u00e9kost a J\u00e1t\u00e9kb\u00f3l kiz\u00e1rhatja.<\/span><\/div>\n<\/div>\n<div class=\"_2cuy _3dgx\" data-block=\"true\" data-editor=\"477at\" data-offset-key=\"76nvq-0-0\">\n<div class=\"_1mf _1mj\" data-offset-key=\"76nvq-0-0\"><span data-offset-key=\"76nvq-0-0\">2.6 <\/span><span data-offset-key=\"76nvq-0-1\">A J\u00e1t\u00e9kb\u00f3l ki vannak z\u00e1rva a Cirilla Bt., a Regina Koncz Photography&nbsp; valamint a Popart Rekl\u00e1m\u00fcgyn\u00f6ks\u00e9g Kft. <\/span><span data-offset-key=\"76nvq-0-2\">alkalmazottai \u00e9s ezen szem\u00e9lyek Polg\u00e1ri t\u00f6rv\u00e9nyk\u00f6nyvr\u0151l sz\u00f3l\u00f3 2013. \u00e9vi V. t\u00f6rv\u00e9ny (a tov\u00e1bbiakban Ptk.) 8:1. \u00a7 (1) bekezd\u00e9s 1. pontj\u00e1ban meghat\u00e1rozott fogalom szerinti k\u00f6zeli hozz\u00e1tartoz\u00f3i, akik a k\u00f6vetkez\u0151 szem\u00e9lyek: a h\u00e1zast\u00e1rs, az egyenes-\u00e1gbeli rokon, az \u00f6r\u00f6kbefogadott, a mostoha- \u00e9s a nevelt gyermek, az \u00f6r\u00f6kbefogad\u00f3-, a mostoha- \u00e9s a nevel\u0151sz\u00fcl\u0151 \u00e9s a testv\u00e9r.<\/span><\/div>\n<\/div>\n<div class=\"_1mf _1mj\" data-offset-key=\"8gn46-0-0\"><span data-offset-key=\"8gn46-0-0\">3.&nbsp;&nbsp;&nbsp;&nbsp; A j\u00e1t\u00e9k le\u00edr\u00e1sa<\/span><\/div>\n<div class=\"_2cuy _3dgx\" data-block=\"true\" data-editor=\"477at\" data-offset-key=\"c3lni-0-0\">\n<div class=\"_1mf _1mj\" data-offset-key=\"c3lni-0-0\"><span data-offset-key=\"c3lni-0-0\">A J\u00e1t\u00e9kos a 2.1. pontban le\u00edrtak szerinti el\u00e9r\u00e9s\u00e9t k\u00f6vet\u0151en az oldal \u00fczen\u0151 fal\u00e1ra jut. A J\u00e1t\u00e9k sor\u00e1n a Szervez\u0151 egy \u00faj tartalmat tesz k\u00f6zz\u00e9 \u00fczen\u0151 fal\u00e1n, amely al\u00e1 a J\u00e1t\u00e9kos kommentk\u00e9nt sz\u00f6veges tartalmat \u00edrhat \u00e9s megoszthat m\u00e1sokkal. A Nyertesek a tartalom alatti kommentben a tartalomban feltett k\u00e9rd\u00e9sre v\u00e1laszol\u00f3 J\u00e1t\u00e9kosok k\u00f6z\u00fcl ker\u00fclnek (tov\u00e1bbiakban: \u201eNyertes\/Nyertesek) kisorsol\u00e1sra.<\/span><\/div>\n<\/div>\n<div class=\"_2cuy _3dgx\" data-block=\"true\" data-editor=\"477at\" data-offset-key=\"d0pbj-0-0\">\n<div class=\"_1mf _1mj\" data-offset-key=\"d0pbj-0-0\"><span data-offset-key=\"d0pbj-0-0\">A j\u00e1t\u00e9k id\u0151tartama<\/span><\/div>\n<\/div>\n<div class=\"_2cuy _3dgx\" data-block=\"true\" data-editor=\"477at\" data-offset-key=\"365dg-0-0\">\n<div class=\"_1mf _1mj\" data-offset-key=\"365dg-0-0\"><span data-offset-key=\"365dg-0-0\">A J\u00e1t\u00e9k <\/span><span data-offset-key=\"365dg-0-1\">2019. augusztus 24. napj\u00e1n 20:00 \u00f3ra 00 perct\u0151l 2019. augusztus 25. napj\u00e1n 15 \u00f3ra 00 percig <\/span><span data-offset-key=\"365dg-0-2\">tart. A J\u00e1t\u00e9k kezdete el\u0151tt \u00e9s befejez\u00e9s\u00e9t k\u00f6vet\u0151en bek\u00fcld\u00f6tt P\u00e1ly\u00e1zatok a J\u00e1t\u00e9kban nem vesznek r\u00e9szt.<\/span><\/div>\n<\/div>\n<div class=\"_1mf _1mj\" data-offset-key=\"22dfo-0-0\"><span data-offset-key=\"22dfo-0-0\">4.&nbsp;&nbsp;&nbsp;&nbsp; A j\u00e1t\u00e9k menete, nyerem\u00e9nyek, sorsol\u00e1s<\/span><\/div>\n<div class=\"_2cuy _3dgx\" data-block=\"true\" data-editor=\"477at\" data-offset-key=\"4l318-0-0\">\n<div class=\"_1mf _1mj\" data-offset-key=\"4l318-0-0\"><span data-offset-key=\"4l318-0-0\">4.1 Azon J\u00e1t\u00e9kosok k\u00f6z\u00f6tt, akik a tartalom alatti kommentben v\u00e1laszolnak a tartalomban feltett k\u00e9rd\u00e9sre, a Szervez\u0151 a J\u00e1t\u00e9kot k\u00f6vet\u0151en, a v\u00e9letlenszer\u0171s\u00e9g elv\u00e9nek eleget tev\u0151 sz\u00e1m\u00edt\u00f3g\u00e9pes program seg\u00edts\u00e9g\u00e9vel&nbsp;<\/span><a class=\"_42a-\" href=\"https:\/\/l.facebook.com\/l.php?u=https%3A%2F%2Fsocialwinner.besocial.hu%2F%3Ffbclid%3DIwAR1LkeM-R5koecKsiuS6X7ERoyYrapRTPDRFhhYgQE-yeyaiCKYZXNdNbFE&amp;h=AT2QRukmubP1j6O1OJ2TuYS5J_6GvIDZvz6sFh2N6XMXSYnNlYBvzK1Wr1jjLOf_y8s1jUJk0KCYMvlxMG-YP3Ff8Mo29x_yNuHaC38A2VlXfKCkxNzNDAq-wMuPmhe2xfGObw\" target=\"_blank\" rel=\"nofollow noopener noreferrer\" data-tooltip-content=\"https:\/\/socialwinner.besocial.hu\/\" data-hover=\"tooltip\" data-offset-key=\"4l318-1-0\" data-tooltip-alignh=\"center\" data-lynx-mode=\"hover\"><span data-offset-key=\"4l318-1-0\">https:\/\/socialwinner.besocial.hu\/<\/span><\/a><span data-offset-key=\"4l318-2-0\">&nbsp; kisorsol a helyesen v\u00e1laszol\u00f3 J\u00e1t\u00e9kosok k\u00f6z\u00f6tt, azaz komentel\u0151nk\u00e9nt \u00f6sszesen 1<\/span><span data-offset-key=\"4l318-2-1\"> (egy) darab nyertest, aki megnyeri, a k\u00e9pen illusztr\u00e1ci\u00f3k\u00e9nt l\u00e1that\u00f3 babafot\u00f3z\u00e1st, melynek helye: Budapest, ideje 2019.08.26. 10.00 \u00f3ra, melynek tartalma: a babafot\u00f3z\u00e1s sor\u00e1n k\u00e9sz\u00edtett profi fot\u00f3k \u00e9s a fot\u00f3z\u00e1s sor\u00e1n haszn\u00e1lt Monello baby&amp;more term\u00e9kek. A nyertes hozz\u00e1j\u00e1rul a fot\u00f3z\u00e1s sor\u00e1n k\u00e9sz\u00edtett fot\u00f3k t\u00e9rben \u00e9s id\u0151ben t\u00f6rt\u00e9n\u0151 korl\u00e1tlan felhaszn\u00e1l\u00e1s\u00e1hoz.<\/span><\/div>\n<\/div>\n<div class=\"_2cuy _3dgx\" data-block=\"true\" data-editor=\"477at\" data-offset-key=\"n4ln-0-0\">\n<div class=\"_1mf _1mj\" data-offset-key=\"n4ln-0-0\"><span data-offset-key=\"n4ln-0-0\">T\u00f6bb komment \u00edr\u00e1sa a tartalom NEM al\u00e1 n\u00f6veli J\u00e1t\u00e9kos es\u00e9lyeit, egy J\u00e1t\u00e9kos csak egyszer vesz r\u00e9szt a sorsol\u00e1son. T\u00f6bb komment \u00edr\u00e1sa NEM megengedett.<\/span><\/div>\n<\/div>\n<div class=\"_2cuy _3dgx\" data-block=\"true\" data-editor=\"477at\" data-offset-key=\"d78gi-0-0\">\n<div class=\"_1mf _1mj\" data-offset-key=\"d78gi-0-0\"><span data-offset-key=\"d78gi-0-0\">4.2. Az 5.1 pontban \u00edrt <\/span><span data-offset-key=\"d78gi-0-1\">Nyerem\u00e9ny sorsol\u00e1s\u00e1nak id\u0151pontja: 2019. augusztus 25. vas\u00e1rnap 18.00 \u00f3ra Eredm\u00e9nyhirdet\u00e9s 19.00 \u00f3rakor lesz. <\/span><span data-offset-key=\"d78gi-0-2\">A sorsol\u00e1s helysz\u00edne a Lebonyol\u00edt\u00f3 \u00c1TV\u00c9TELI PONTJA (1026, Budapest Riad\u00f3 utca 7.) A Nyerem\u00e9nyek m\u00e1sra \u00e1t nem ruh\u00e1zhat\u00f3ak, \u00e9s k\u00e9szp\u00e9nzre \u00e1t nem v\u00e1lthat\u00f3ak. A sorsol\u00e1s nem nyilv\u00e1nos.<\/span><\/div>\n<\/div>\n<div class=\"_2cuy _3dgx\" data-block=\"true\" data-editor=\"477at\" data-offset-key=\"3tl9u-0-0\">\n<div class=\"_1mf _1mj\" data-offset-key=\"3tl9u-0-0\"><span data-offset-key=\"3tl9u-0-0\">4.3 A Szervez\u0151 a 5.2 pontban r\u00e9szletezett sorsol\u00e1son \u00f6sszesen 3 darab tartal\u00e9knyertes P\u00e1ly\u00e1zatot sorsol ki. A tartal\u00e9knyertesek abban az esetben v\u00e1lnak jogosultt\u00e1 a Nyerem\u00e9nyre, amennyiben a nyertes nem m\u0171k\u00f6dik egy\u00fctt a Szervez\u0151vel vagy a Lebonyol\u00edt\u00f3val, vagy a Nyerem\u00e9nyt nem veszi \u00e1t, vagy b\u00e1rmely m\u00e1s okb\u00f3l a J\u00e1t\u00e9kb\u00f3l kiz\u00e1r\u00e1sra ker\u00fcl.<\/span><\/div>\n<\/div>\n<div class=\"_1mf _1mj\" data-offset-key=\"ff12k-0-0\"><span data-offset-key=\"ff12k-0-0\">5.&nbsp;&nbsp;&nbsp;&nbsp;&nbsp;&nbsp;&nbsp;&nbsp;&nbsp; Nyertesek \u00e9rtes\u00edt\u00e9se, nyerem\u00e9nyek \u00e1tv\u00e9tele<\/span><\/div>\n<div class=\"_2cuy _3dgx\" data-block=\"true\" data-editor=\"477at\" data-offset-key=\"5q0pi-0-0\">\n<div class=\"_1mf _1mj\" data-offset-key=\"5q0pi-0-0\"><span data-offset-key=\"5q0pi-0-0\">5.1 &nbsp;&nbsp;&nbsp;&nbsp; A nyerem\u00e9nyj\u00e1t\u00e9k sor\u00e1n a nyertes <\/span><span data-offset-key=\"5q0pi-0-1\">megnyeri, a k\u00e9pen illusztr\u00e1ci\u00f3k\u00e9nt l\u00e1that\u00f3 babafot\u00f3z\u00e1st, melynek helye: Budapest, ideje 2019.08.26. 10.00 \u00f3ra, melynek tartalma: a babafot\u00f3z\u00e1s sor\u00e1n k\u00e9sz\u00edtett profi fot\u00f3k \u00e9s a fot\u00f3z\u00e1s sor\u00e1n haszn\u00e1lt Monello baby&amp;more term\u00e9kek. A nyertes hozz\u00e1j\u00e1rul a fot\u00f3z\u00e1s sor\u00e1n k\u00e9sz\u00edtett fot\u00f3k t\u00e9rben \u00e9s id\u0151ben t\u00f6rt\u00e9n\u0151 korl\u00e1tlan felhaszn\u00e1l\u00e1s\u00e1hoz.<\/span><\/div>\n<\/div>\n<div class=\"_2cuy _3dgx\" data-block=\"true\" data-editor=\"477at\" data-offset-key=\"ata9o-0-0\">\n<div class=\"_1mf _1mj\" data-offset-key=\"ata9o-0-0\"><span data-offset-key=\"ata9o-0-0\">A Szervez\u0151 kiz\u00e1rhatja a J\u00e1t\u00e9kb\u00f3l azt a P\u00e1ly\u00e1zatot, amelyre n\u00e9zve az azt bek\u00fcld\u0151 J\u00e1t\u00e9kos r\u00e9sz\u00e9re a nyerem\u00e9nyt az\u00e9rt nem lehet \u00e1tadni, mert a Profilja nem val\u00f3s, hi\u00e1nyos vagy t\u00e9ves, vagy a P\u00e1ly\u00e1zatot bek\u00fcld\u0151 J\u00e1t\u00e9kos egy\u00e9b okb\u00f3l nem felel meg a jelen J\u00e1t\u00e9kszab\u00e1lyzatban \u00edrt szem\u00e9lyi felt\u00e9teleknek.<\/span><\/div>\n<\/div>\n<div class=\"_2cuy _3dgx\" data-block=\"true\" data-editor=\"477at\" data-offset-key=\"fdg55-0-0\">\n<div class=\"_1mf _1mj\" data-offset-key=\"fdg55-0-0\"><span data-offset-key=\"fdg55-0-0\">5.2 A Lebonyol\u00edt\u00f3 a sorsol\u00e1s id\u0151pontj\u00e1t k\u00f6vet\u0151 legk\u00e9s\u0151bb 3 (h\u00e1rom) munkanapon bel\u00fcl a Honlapon posztban meghirdeti a nyertes J\u00e1t\u00e9kos(ok) nev\u00e9t. A nyerteseknek az \u00c9rtes\u00edt\u00e9s k\u00e9zhezv\u00e9tel\u00e9t k\u00f6vet\u0151 5 (\u00f6t) napon bel\u00fcl k\u00f6telesek a Lebonyol\u00edt\u00f3 r\u00e9sz\u00e9re elk\u00fcldeni adatait. Amennyiben a nyertes a fenti hat\u00e1rid\u0151n bel\u00fcl az \u00c9rtes\u00edt\u00e9sre semmilyen form\u00e1ban nem reag\u00e1l, \u00fagy a nyertes J\u00e1t\u00e9kos kiz\u00e1r\u00e1sra ker\u00fcl, \u00e9s Szervez\u0151 tartal\u00e9knyertest jel\u00f6l ki. A Nyerem\u00e9nyt Lebonyol\u00edt\u00f3 postai \u00faton vagy fut\u00e1rszolg\u00e1lat seg\u00edts\u00e9g\u00e9vel juttatja el a Nyerteshez, az el\u0151tte Nyertessel egyeztetett post\u00e1z\u00e1si c\u00edmre. A Szervez\u0151 fenntartja a jogot arra, hogy a b\u00e1rmely okb\u00f3l elv\u00e1rhat\u00f3 hat\u00e1rid\u0151ben \u00e1t nem vett Nyerem\u00e9nyr\u0151l a sorrendben k\u00f6vetkez\u0151 tartal\u00e9knyertest \u00e9rtes\u00edtse.<\/span><\/div>\n<\/div>\n<div class=\"_2cuy _3dgx\" data-block=\"true\" data-editor=\"477at\" data-offset-key=\"2eqin-0-0\">\n<div class=\"_1mf _1mj\" data-offset-key=\"2eqin-0-0\"><span data-offset-key=\"2eqin-0-0\">5.3 A Szervez\u0151 kiz\u00e1rhatja a J\u00e1t\u00e9kb\u00f3l azt a P\u00e1ly\u00e1zatot, amelyre n\u00e9zve az azt bek\u00fcld\u0151 J\u00e1t\u00e9kos r\u00e9sz\u00e9re a nyerem\u00e9nyt az\u00e9rt nem lehet \u00e1tadni, mert a Profilja nem val\u00f3s, hi\u00e1nyos vagy t\u00e9ves, vagy a P\u00e1ly\u00e1zatot bek\u00fcld\u0151 J\u00e1t\u00e9kos egy\u00e9b okb\u00f3l nem felel meg a jelen J\u00e1t\u00e9kszab\u00e1lyzatban \u00edrt szem\u00e9lyi felt\u00e9teleknek.<\/span><\/div>\n<\/div>\n<div class=\"_1mf _1mj\" data-offset-key=\"a55ch-0-0\"><span data-offset-key=\"a55ch-0-0\">6. &nbsp;&nbsp;&nbsp;&nbsp;&nbsp;&nbsp;&nbsp;&nbsp;&nbsp;&nbsp; Adatv\u00e9delem, vegyes rendelkez\u00e9sek<\/span><\/div>\n<div class=\"_2cuy _3dgx\" data-block=\"true\" data-editor=\"477at\" data-offset-key=\"1pfpi-0-0\">\n<div class=\"_1mf _1mj\" data-offset-key=\"1pfpi-0-0\"><span data-offset-key=\"1pfpi-0-0\">6.1&nbsp;&nbsp;&nbsp;&nbsp; A J\u00e1t\u00e9kos a P\u00e1ly\u00e1zat elk\u00fcld\u00e9s\u00e9vel kifejezetten \u00e9s \u00f6nk\u00e9ntesen hozz\u00e1j\u00e1rul ahhoz, hogy az \u00e1ltala a Profilj\u00e1n megadott szem\u00e9lyes adatokat a Szervez\u0151 \u00e9s megb\u00edzott adatfeldolgoz\u00f3ja J\u00e1t\u00e9k lebonyol\u00edt\u00e1sa c\u00e9lj\u00e1b\u00f3l felhaszn\u00e1lja \u00e9s kezelje. Az adatok kezel\u00e9s\u00e9t a Szervez\u0151, mint adatkezel\u0151, feldolgoz\u00e1s\u00e1t a Szervez\u0151 megb\u00edz\u00e1s\u00e1b\u00f3l harmadik szem\u00e9ly v\u00e9gzi.<\/span><\/div>\n<\/div>\n<div class=\"_2cuy _3dgx\" data-block=\"true\" data-editor=\"477at\" data-offset-key=\"cufuc-0-0\">\n<div class=\"_1mf _1mj\" data-offset-key=\"cufuc-0-0\"><span data-offset-key=\"cufuc-0-0\">6.2&nbsp;&nbsp;&nbsp;&nbsp;&nbsp;&nbsp;&nbsp; A J\u00e1t\u00e9kosok P\u00e1ly\u00e1zatuk elk\u00fcld\u00e9s\u00e9vel tudom\u00e1sul veszik, \u00e9s kifejezetten hozz\u00e1j\u00e1rulnak ahhoz, hogy:<\/span><\/div>\n<\/div>\n<div class=\"_2cuy _3dgx\" data-block=\"true\" data-editor=\"477at\" data-offset-key=\"1iam0-0-0\">\n<div class=\"_1mf _1mj\" data-offset-key=\"1iam0-0-0\"><span data-offset-key=\"1iam0-0-0\">\u2013 nyertess\u00e9g eset\u00e9n nev\u00fcket a Szervez\u0151 minden tov\u00e1bbi felt\u00e9tel \u00e9s ellen\u00e9rt\u00e9k n\u00e9lk\u00fcl, kiz\u00e1r\u00f3lag a J\u00e1t\u00e9kkal kapcsolatosan nyilv\u00e1noss\u00e1gra hozza Facebook oldal\u00e1n;<\/span><\/div>\n<\/div>\n<div class=\"_2cuy _3dgx\" data-block=\"true\" data-editor=\"477at\" data-offset-key=\"4la2r-0-0\">\n<div class=\"_1mf _1mj\" data-offset-key=\"4la2r-0-0\"><span data-offset-key=\"4la2r-0-0\">6.3&nbsp;&nbsp;&nbsp;&nbsp; A J\u00e1t\u00e9k semmilyen m\u00f3don nem szponzor\u00e1lt a Facebook \u00e1ltal, illetve semmilyen tekintetben nem kapcsol\u00f3dik a Facebook-hoz. Az adatszolg\u00e1ltat\u00e1s nem a Facebook r\u00e9sz\u00e9re, hanem a Szervez\u0151 r\u00e9sz\u00e9re t\u00f6rt\u00e9nik. A szolg\u00e1ltatott adatok kiz\u00e1r\u00f3lag a J\u00e1t\u00e9k lebonyol\u00edt\u00e1sa c\u00e9lj\u00e1b\u00f3l ker\u00fclnek felhaszn\u00e1l\u00e1sra.<\/span><\/div>\n<\/div>\n<div class=\"_1mf _1mj\" data-offset-key=\"19lfo-0-0\"><span data-offset-key=\"19lfo-0-0\">7. &nbsp;&nbsp;&nbsp;&nbsp;&nbsp;&nbsp;&nbsp;&nbsp;&nbsp;&nbsp; Felel\u0151ss\u00e9g<\/span><\/div>\n<div class=\"_2cuy _3dgx\" data-block=\"true\" data-editor=\"477at\" data-offset-key=\"5vs60-0-0\">\n<div class=\"_1mf _1mj\" data-offset-key=\"5vs60-0-0\"><span data-offset-key=\"5vs60-0-0\">A Szervez\u0151, illetve a Lebonyol\u00edt\u00f3 kiz\u00e1rja a felel\u0151ss\u00e9g\u00e9t minden, a <\/span><a class=\"_42a-\" href=\"https:\/\/www.facebook.com\/\" target=\"_blank\" rel=\"noopener noreferrer\" data-tooltip-content=\"http:\/\/www.facebook.com\/\" data-hover=\"tooltip\" data-offset-key=\"5vs60-1-0\" data-tooltip-alignh=\"center\"><span data-offset-key=\"5vs60-1-0\">www.facebook.com<\/span><\/a><span data-offset-key=\"5vs60-2-0\"> weboldalt, illetve az azt m\u0171k\u00f6dtet\u0151 szervert \u00e9rt k\u00fcls\u0151, \u00fan. SQL t\u00e1mad\u00e1sok est\u00e9re. Teh\u00e1t amennyiben a weboldalt, illetve szervert \u00e9rt t\u00e1mad\u00e1s folyt\u00e1n a J\u00e1t\u00e9kosok t\u00e9ves rendszer\u00fczeneteket kapnak nyerem\u00e9nyeiket, nyertes\/nem nyertes st\u00e1tuszukat, stb. illet\u0151en, \u00fagy ezen esetekre a Szervez\u0151 semminem\u0171 felel\u0151ss\u00e9get nem v\u00e1llal.<\/span><\/div>\n<\/div>\n<div class=\"_2cuy _3dgx\" data-block=\"true\" data-editor=\"477at\" data-offset-key=\"a7v9a-0-0\">\n<div class=\"_1mf _1mj\" data-offset-key=\"a7v9a-0-0\"><span data-offset-key=\"a7v9a-0-0\">Szervez\u0151, illetve Lebonyol\u00edt\u00f3 kiz\u00e1rja a felel\u0151ss\u00e9g\u00e9t a weboldal rajta k\u00edv\u00fcl\u00e1ll\u00f3 okokb\u00f3l t\u00f6rt\u00e9n\u0151 meghib\u00e1sod\u00e1s\u00e1\u00e9rt, amely id\u0151tartam alatt a honlap nem vagy korl\u00e1tozottan haszn\u00e1lhat\u00f3, ugyanakkor halad\u00e9ktalanul megtesz minden sz\u00fcks\u00e9ges int\u00e9zked\u00e9st annak \u00e9rdek\u00e9ben, hogy a hiba ok\u00e1t miel\u0151bb felt\u00e1rja, illetve megsz\u00fcntesse.<\/span><\/div>\n<\/div>\n<div class=\"_2cuy _3dgx\" data-block=\"true\" data-editor=\"477at\" data-offset-key=\"59vo2-0-0\">\n<div class=\"_1mf _1mj\" data-offset-key=\"59vo2-0-0\"><span data-offset-key=\"59vo2-0-0\">Szervez\u0151 fenntartja a jogot, hogy a J\u00e1t\u00e9kszab\u00e1lyt indokolt esetben b\u00e1rmikor megv\u00e1ltoztathassa. A jelen j\u00e1t\u00e9kszab\u00e1lyzatot \u00e9s annak esetleges m\u00f3dos\u00edt\u00e1sait k\u00f6zz\u00e9teszi a&nbsp;<\/span><a class=\"_42a-\" href=\"https:\/\/l.facebook.com\/l.php?u=https%3A%2F%2Fmonello.hu%2Fblog%2Fnyeremenyjatek%2F%3Ffbclid%3DIwAR2Eh1vmj1uFVhUx3-IOyyZ8Q_Jc54AVVW6aY9w7vDcXGWjPp_xs_WvqFec&amp;h=AT2QRukmubP1j6O1OJ2TuYS5J_6GvIDZvz6sFh2N6XMXSYnNlYBvzK1Wr1jjLOf_y8s1jUJk0KCYMvlxMG-YP3Ff8Mo29x_yNuHaC38A2VlXfKCkxNzNDAq-wMuPmhe2xfGObw\" target=\"_blank\" rel=\"nofollow noopener noreferrer\" data-tooltip-content=\"https:\/\/monello.hu\/blog\/nyeremenyjatek\/\" data-hover=\"tooltip\" data-offset-key=\"59vo2-1-0\" data-tooltip-alignh=\"center\" data-lynx-mode=\"hover\"><span data-offset-key=\"59vo2-1-0\">https:\/\/monello.hu\/blog\/nyeremenyjatek\/<\/span><\/a><span data-offset-key=\"59vo2-2-0\">&nbsp; weboldal\u00e1n.<\/span><\/div>\n<\/div>\n<div class=\"_2cuy _3dgx\" data-block=\"true\" data-editor=\"477at\" data-offset-key=\"1v0i5-0-0\">\n<div class=\"_1mf _1mj\" data-offset-key=\"1v0i5-0-0\"><span data-offset-key=\"1v0i5-0-0\">Budapest, 2019. augusztus 24.<\/span><\/div>\n<\/div>\n<div class=\"_2cuy _3dgx\" data-block=\"true\" data-editor=\"477at\" data-offset-key=\"dgkk9-0-0\">\n<div class=\"_1mf _1mj\" data-offset-key=\"dgkk9-0-0\"><span data-offset-key=\"dgkk9-0-0\">Cirilla Bt.<\/span><\/div>\n<\/div>\n<div class=\"_2cuy _3dgx\" data-block=\"true\" data-editor=\"477at\" data-offset-key=\"9e7f1-0-0\">\n<div class=\"_1mf _1mj\" data-offset-key=\"9e7f1-0-0\"><span data-offset-key=\"9e7f1-0-0\">Szervez\u0151<\/span><\/div>\n<\/div>\n<\/div>\n<div data-offset-key=\"9e7f1-0-0\">&nbsp;<\/div>\n<div data-offset-key=\"9e7f1-0-0\">&nbsp;<\/div>\n<div data-offset-key=\"9e7f1-0-0\">&#8230;&#8230;&#8230;&#8230;&#8230;&#8230;&#8230;&#8230;&#8230;&#8230;<\/div>\n<div data-offset-key=\"9e7f1-0-0\">&nbsp;<\/div>\n<div data-offset-key=\"9e7f1-0-0\">Ez a j\u00e1t\u00e9k m\u00e1r lez\u00e1rult&#8230;<\/div>\n<h3>NY\u00c1RI J\u00c1T\u00c9K!<\/h3>\n<p>Dr\u00e1ga L\u00e1nyok,<\/p>\n<p>szeretn\u00e9nk egy szuper j\u00e1t\u00e9kkal kedveskedni nektek, m\u00e9gpedig, a t\u00f6k\u00e9letes sz\u00e1j\u00e1pol\u00e1s szak\u00e9rt\u0151j\u00e9vel a <a href=\"https:\/\/www.sagerdental.hu\/kezdolap\">Curaprox<\/a>-szal.<\/p>\n<h3><a href=\"https:\/\/www.sagerdental.hu\/fogkremek\"><img loading=\"lazy\" decoding=\"async\" class=\"wp-image-5306 aligncenter\" src=\"https:\/\/monello.hu\/wp-content\/uploads\/2019\/07\/curaprox-be-you-fogkremvalogatas1s-300-300.png\" alt=\"\" width=\"279\" height=\"279\" srcset=\"https:\/\/www.monello.hu\/wp-content\/uploads\/2019\/07\/curaprox-be-you-fogkremvalogatas1s-300-300.png 300w, https:\/\/www.monello.hu\/wp-content\/uploads\/2019\/07\/curaprox-be-you-fogkremvalogatas1s-300-300-150x150.png 150w, https:\/\/www.monello.hu\/wp-content\/uploads\/2019\/07\/curaprox-be-you-fogkremvalogatas1s-300-300-220x220.png 220w, https:\/\/www.monello.hu\/wp-content\/uploads\/2019\/07\/curaprox-be-you-fogkremvalogatas1s-300-300-100x100.png 100w\" sizes=\"auto, (max-width: 279px) 100vw, 279px\" \/><\/a><\/h3>\n<p>Ez a J\u00c1T\u00c9K IS DUPLA J\u00c1T\u00c9K!<\/p>\n<p>N\u00e1lunk nyerhettek k\u00e9t darab, a k\u00e9pen is l\u00e1that\u00f3 speci\u00e1lis puha s\u00f6rt\u00e9j\u0171 <a href=\"https:\/\/www.sagerdental.hu\/manualis-fogkefek\/ck4260-curaprox-ck-4260-curakid-gyermek-fogkefe\">Curakid gyerek fogkef\u00e9t<\/a>, magatoknak egyet a leg\u00fajabb <a href=\"https:\/\/www.sagerdental.hu\/fogkremek\">Curaprox fogkr\u00e9mekb\u0151l<\/a> \u00e9s a legkedvesebb mami pajtitoknak pedig egy <a href=\"https:\/\/www.sagerdental.hu\/manualis-fogkefek\/c5460love-curaprox-cs-5460-ultra-soft-love-duo-limited-edition-2019\">Curaprox limit\u00e1lt kiad\u00e1s\u00fa du\u00f3 <\/a><a href=\"https:\/\/www.sagerdental.hu\/manualis-fogkefek\/c5460love-curaprox-cs-5460-ultra-soft-love-duo-limited-edition-2019\">fogkef\u00e9t.<\/a><\/p>\n<p><img loading=\"lazy\" decoding=\"async\" class=\"size-full wp-image-5305 aligncenter\" src=\"https:\/\/monello.hu\/wp-content\/uploads\/2019\/07\/Curaprox_MonelloJatek1.jpg\" alt=\"\" width=\"800\" height=\"800\" srcset=\"https:\/\/www.monello.hu\/wp-content\/uploads\/2019\/07\/Curaprox_MonelloJatek1.jpg 800w, https:\/\/www.monello.hu\/wp-content\/uploads\/2019\/07\/Curaprox_MonelloJatek1-150x150.jpg 150w, https:\/\/www.monello.hu\/wp-content\/uploads\/2019\/07\/Curaprox_MonelloJatek1-300x300.jpg 300w, https:\/\/www.monello.hu\/wp-content\/uploads\/2019\/07\/Curaprox_MonelloJatek1-768x768.jpg 768w, https:\/\/www.monello.hu\/wp-content\/uploads\/2019\/07\/Curaprox_MonelloJatek1-220x220.jpg 220w, https:\/\/www.monello.hu\/wp-content\/uploads\/2019\/07\/Curaprox_MonelloJatek1-450x450.jpg 450w, https:\/\/www.monello.hu\/wp-content\/uploads\/2019\/07\/Curaprox_MonelloJatek1-600x600.jpg 600w, https:\/\/www.monello.hu\/wp-content\/uploads\/2019\/07\/Curaprox_MonelloJatek1-100x100.jpg 100w\" sizes=\"auto, (max-width: 800px) 100vw, 800px\" \/><\/p>\n<p>V\u00e9gre a bab\u00e1k \u00e9s kisgyerekek sz\u00e1m\u00e1ra is \u00e9lvezetes lehet a fogacsk\u00e1ik tiszt\u00edt\u00e1sa. A CUREN\u00ae sz\u00e1lak olyan gyeng\u00e9dek, hogy egy\u00e1ltal\u00e1n nem s\u00e9rtik fel a bab\u00e1k \u00e9rz\u00e9keny ny\u00e1lkah\u00e1rty\u00e1j\u00e1t. A fogkefe feje 4260 db nagyon puha CUREN\u00ae sz\u00e1lb\u00f3l \u00e1ll, a kicsi, keskenyed\u0151 kefefejet puha gumir\u00e9teg fedi. A kisgyermekek \u00e9s sz\u00fcleik kez\u00e9be is pontosan beleillik.<\/p>\n<h3><a href=\"https:\/\/www.sagerdental.hu\/manualis-fogkefek\/c5460love-curaprox-cs-5460-ultra-soft-love-duo-limited-edition-2019\"><img loading=\"lazy\" decoding=\"async\" class=\"wp-image-5307 aligncenter\" src=\"https:\/\/monello.hu\/wp-content\/uploads\/2019\/07\/CS5460_Love-2018_PackJatek.png\" alt=\"\" width=\"119\" height=\"326\" srcset=\"https:\/\/www.monello.hu\/wp-content\/uploads\/2019\/07\/CS5460_Love-2018_PackJatek.png 302w, https:\/\/www.monello.hu\/wp-content\/uploads\/2019\/07\/CS5460_Love-2018_PackJatek-110x300.png 110w\" sizes=\"auto, (max-width: 119px) 100vw, 119px\" \/><\/a><\/h3>\n<h3>Ez a j\u00e1t\u00e9k is DUPLA J\u00c1T\u00c9K.<\/h3>\n<p>Hogy milyen Monello baby&amp;more term\u00e9ket nyerhetsz meg a Curaprox <a href=\"https:\/\/www.facebook.com\/CuraproxMagyarorszag\/\">Facebook oldal\u00e1n<\/a>?<\/p>\n<p>egy \u00e1ltalad v\u00e1lasztott sz\u00edn\u0171 \u00daJ Monello baby&amp;more Fogmos\u00f3 T\u00f6r\u00f6lk\u00f6z\u0151 kend\u0151\u00e9rt \u00e9s \u00d3ri\u00e1s kapucnis t\u00f6r\u00f6lk\u00f6z\u0151\u00e9rt is j\u00e1tszhatsz, + a legjobb mami pajtidnak is &nbsp;nyerhetsz egy Fogmos\u00f3 T\u00f6r\u00f6lk\u00f6z\u0151 Kend\u0151t!<\/p>\n<p><span class=\"_5yl5\"><img loading=\"lazy\" decoding=\"async\" class=\"size-full wp-image-5312 aligncenter\" src=\"https:\/\/monello.hu\/wp-content\/uploads\/2019\/07\/Monello_Fogmosokendo_ujdonsag1.png\" alt=\"\" width=\"1080\" height=\"1080\" srcset=\"https:\/\/www.monello.hu\/wp-content\/uploads\/2019\/07\/Monello_Fogmosokendo_ujdonsag1.png 1080w, https:\/\/www.monello.hu\/wp-content\/uploads\/2019\/07\/Monello_Fogmosokendo_ujdonsag1-150x150.png 150w, https:\/\/www.monello.hu\/wp-content\/uploads\/2019\/07\/Monello_Fogmosokendo_ujdonsag1-300x300.png 300w, https:\/\/www.monello.hu\/wp-content\/uploads\/2019\/07\/Monello_Fogmosokendo_ujdonsag1-768x768.png 768w, https:\/\/www.monello.hu\/wp-content\/uploads\/2019\/07\/Monello_Fogmosokendo_ujdonsag1-1024x1024.png 1024w, https:\/\/www.monello.hu\/wp-content\/uploads\/2019\/07\/Monello_Fogmosokendo_ujdonsag1-220x220.png 220w, https:\/\/www.monello.hu\/wp-content\/uploads\/2019\/07\/Monello_Fogmosokendo_ujdonsag1-450x450.png 450w, https:\/\/www.monello.hu\/wp-content\/uploads\/2019\/07\/Monello_Fogmosokendo_ujdonsag1-600x600.png 600w, https:\/\/www.monello.hu\/wp-content\/uploads\/2019\/07\/Monello_Fogmosokendo_ujdonsag1-100x100.png 100w\" sizes=\"auto, (max-width: 1080px) 100vw, 1080px\" \/><\/span><\/p>\n<p><span class=\"_5yl5\">A <strong>MONELLO baby&amp;more \u00daj Fogmos\u00f3 Kend\u0151t&nbsp;<\/strong> direkt a f<\/span>ogmos\u00e1shoz fejlesztett\u00fck ki. A k\u00e9pen is l\u00e1that\u00f3 m\u00f3don k\u00f6nnyen a kicsi nyak\u00e1ba rakhat\u00f3, ennek k\u00f6sz\u00f6nhet\u0151en nem lesz vizes, fogkr\u00e9mes a ruh\u00e1ja, \u00edgy b\u00e1tran hagyhatjuk, hogy a fogmos\u00e1s elej\u00e9n \u0151 egyed\u00fcl pr\u00f3b\u00e1lkozzon a fogmos\u00e1ssal. Anyaga 100% pamut, t\u00f6k\u00e9letes nedvsz\u00edv\u00f3, gyorsan sz\u00e1rad. Ugyanabb\u00f3l az anyagb\u00f3l k\u00e9sz\u00fcl, mint az \u00d3ri\u00e1s kapucnis t\u00f6r\u00f6lk\u00f6z\u0151, amit most megnyerhettek \u00e9s a Nyakba t\u00f6r\u00f6lk\u00f6z\u0151 is.<\/p>\n<p>Tudj meg t\u00f6bbet a Monello baby&amp;more \u00d3ri\u00e1s kapucnis t\u00f6r\u00f6lk\u00f6z\u0151r\u0151l <a href=\"https:\/\/monello.hu\/termekkategoria\/orias_kapucnis_torolkozo\/\">ide kattintva.<\/a><\/p>\n<h3>J\u00e1t\u00e9k menete:<\/h3>\n<p>&#8211; \u00cdrd meg kommentben, hogy a Curaprox melyik \u00faj [Be You.] fogkr\u00e9me illene hozz\u00e1d a legjobban. V\u00e1laszd ki itt az \u00faj kedvenc fogkr\u00e9medet: <a href=\"https:\/\/www.sagerdental.hu\/curaprox-beyou-fogkrem\">https:\/\/www.sagerdental.hu\/curaprox-beyou-fogkrem<\/a><\/p>\n<p>&#8211; Ha bar\u00e1tn\u0151dnek is sz\u00edvesen nyern\u00e9l egy korall sz\u00edn\u0171 du\u00f3 fogkef\u00e9t, taggeld be \u0151t is. <a href=\"https:\/\/bit.ly\/2YO3ybO\">https:\/\/bit.ly\/2YO3ybO<\/a><\/p>\n<p>(t\u00f6bbsz\u00f6ri kommentel\u00e9s \u00e9s taggel\u00e9s is \u00e9r, a taggel\u00e9s nem felt\u00e9tele a j\u00e1t\u00e9kban val\u00f3 r\u00e9szv\u00e9telnek.)<br \/><strong>A&nbsp; J \u00c1 T \u00c9 K id\u0151tartama: 2019. j\u00falius 22-25. \u00e9jf\u00e9lig. Sorsol\u00e1s 2019. 07.26-\u00e1n!<\/strong><\/p>\n<p>A megoszt\u00e1s \u00e9s a j\u00e1t\u00e9k likeol\u00e1sa nem felt\u00e9tel, de nagyon h\u00e1l\u00e1sak vagyunk \u00e9rte, ha min\u00e9l t\u00f6bben j\u00e1tszotok, ez\u00e9rt ismer\u0151s\u00f6ket megh\u00edvni \u00e9r, a j\u00e1t\u00e9kot bab\u00e1s-mam\u00e1s csoportokban megosztani \u00e9r.<\/p>\n<h3>A j\u00e1t\u00e9k j\u00falius 18. cs\u00fct\u00f6rt\u00f6k \u00e9jf\u00e9lig tart.<\/h3>\n<h3><strong><img loading=\"lazy\" decoding=\"async\" class=\"size-full wp-image-5310 aligncenter\" src=\"https:\/\/monello.hu\/wp-content\/uploads\/2019\/07\/Monello_Fogmosokendo_CurakidjATEK.png\" alt=\"\" width=\"1080\" height=\"1080\" srcset=\"https:\/\/www.monello.hu\/wp-content\/uploads\/2019\/07\/Monello_Fogmosokendo_CurakidjATEK.png 1080w, https:\/\/www.monello.hu\/wp-content\/uploads\/2019\/07\/Monello_Fogmosokendo_CurakidjATEK-150x150.png 150w, https:\/\/www.monello.hu\/wp-content\/uploads\/2019\/07\/Monello_Fogmosokendo_CurakidjATEK-300x300.png 300w, https:\/\/www.monello.hu\/wp-content\/uploads\/2019\/07\/Monello_Fogmosokendo_CurakidjATEK-768x768.png 768w, https:\/\/www.monello.hu\/wp-content\/uploads\/2019\/07\/Monello_Fogmosokendo_CurakidjATEK-1024x1024.png 1024w, https:\/\/www.monello.hu\/wp-content\/uploads\/2019\/07\/Monello_Fogmosokendo_CurakidjATEK-220x220.png 220w, https:\/\/www.monello.hu\/wp-content\/uploads\/2019\/07\/Monello_Fogmosokendo_CurakidjATEK-450x450.png 450w, https:\/\/www.monello.hu\/wp-content\/uploads\/2019\/07\/Monello_Fogmosokendo_CurakidjATEK-600x600.png 600w, https:\/\/www.monello.hu\/wp-content\/uploads\/2019\/07\/Monello_Fogmosokendo_CurakidjATEK-100x100.png 100w\" sizes=\"auto, (max-width: 1080px) 100vw, 1080px\" \/><\/strong><\/h3>\n<h3><strong>A b\u00e9kess\u00e9g \u00e9rdek\u00e9ben: a Facebook nem lebonyol\u00edt\u00f3, nem sorsol, nem vesz r\u00e9szt a j\u00e1t\u00e9kban!<\/strong><\/h3>\n<p>A&nbsp; <a href=\"https:\/\/www.facebook.com\/CuraproxMagyarorszag\/\">Curaprox Magyarorsz\u00e1g<\/a> \u00e9s a <a href=\"https:\/\/www.facebook.com\/monellobabyandmore\/\">Monello baby&amp;more<\/a> Facebook oldal k\u00f6vet\u00e9se nem a j\u00e1t\u00e9kban val\u00f3 r\u00e9szv\u00e9tel felt\u00e9tele, de mi nagyon h\u00e1l\u00e1sak lesz\u00fcnk \u00e9rte, \u00e9s te sem b\u00e1nod meg, hiszen ott \u00e9rtes\u00fclhetsz els\u0151 k\u00e9zb\u0151l az akci\u00f3kr\u00f3l, j\u00e1t\u00e9kokr\u00f3l, kedvezm\u00e9nyekr\u0151l.<\/p>\n<p>A J\u00e1t\u00e9k szab\u00e1lyzattal kapcsolatos r\u00e9szleteket itt tal\u00e1lod:<\/p>\n<p style=\"text-align: center;\"><strong>Monello baby&amp;more<\/strong><\/p>\n<h4 style=\"text-align: center;\"><strong>\u201dNy\u00e1ri <\/strong><strong>Nyerem\u00e9nyj\u00e1t\u00e9k <\/strong><strong>\u201d <\/strong><\/h4>\n<p style=\"text-align: center;\"><strong>ELNEVEZ\u00c9S\u0170 VET\u00c9LKED\u0150<\/strong><\/p>\n<p style=\"text-align: center;\"><strong>R\u00c9SZV\u00c9TELI \u00c9S J\u00c1T\u00c9KSZAB\u00c1LYZATA<\/strong><\/p>\n<h2>1.&nbsp;&nbsp;&nbsp;&nbsp;&nbsp; A nyerem\u00e9nyj\u00e1t\u00e9k szervez\u0151je<\/h2>\n<p><strong>\u201eNyerem\u00e9nyj\u00e1t\u00e9k\u201d <\/strong>elnevez\u00e9s\u0171 vet\u00e9lked\u0151 (a tov\u00e1bbiakban: \u201d<strong>J\u00e1t\u00e9k<\/strong>\u201d) szervez\u0151je a Cirilla Bt. (sz\u00e9khely: 1026, Budapest, Bimb\u00f3 \u00fat 131\/A; ad\u00f3sz\u00e1ma: 21890128-3-41) (tov\u00e1bbiakban: <strong>\u201dSzervez\u0151\u201d<\/strong>).<\/p>\n<h2>2.&nbsp;&nbsp;&nbsp;&nbsp; A j\u00e1t\u00e9kban t\u00f6rt\u00e9n\u0151 r\u00e9szv\u00e9tel felt\u00e9telei<\/h2>\n<p>2.1 A J\u00e1t\u00e9kban kiz\u00e1r\u00f3lag azon \u00e1lland\u00f3, nyilv\u00e1ntartott magyarorsz\u00e1gi lak\u00f3hellyel rendelkez\u0151, 18. \u00e9let\u00e9v\u00e9t bet\u00f6lt\u00f6tt, devizabelf\u00f6ldi, az illet\u00e9kes magyar hat\u00f3s\u00e1g \u00e1ltal kiadott \u00e9rv\u00e9nyes szem\u00e9lyazonos\u00edt\u00f3 igazolv\u00e1nnyal rendelkez\u0151, magyar \u00e1llampolg\u00e1r, a 2.6 pontban meghat\u00e1rozott szem\u00e9lyek k\u00f6r\u00e9be nem es\u0151, saj\u00e1t Facebook profillal (a tov\u00e1bbiakban: \u201dProfil\u201d) rendelkez\u0151 term\u00e9szetes szem\u00e9ly (a tov\u00e1bbiakban: \u201dJ\u00e1t\u00e9kos\u201d) vehet r\u00e9szt, aki a J\u00e1t\u00e9k 4. pontban meghat\u00e1rozott id\u0151tartama alatt a <a href=\"https:\/\/www.facebook.com\/monellobabyandmore\/\">https:\/\/www.facebook.com\/monellobabyandmore\/<\/a> &nbsp;domain alatti weboldalon (a tov\u00e1bbiakban: \u201dHonlap\u201d) tal\u00e1lhat\u00f3 \u201enyerem\u00e9nyj\u00e1t\u00e9k\u201d Facebook tartalomban feltett k\u00e9rd\u00e9sre tartalom alatti kommentben v\u00e1laszol (a tov\u00e1bbiakban: \u201dP\u00e1ly\u00e1zat\u201d), \u00e9s ezzel egy\u00fattal elfogadja a jelen j\u00e1t\u00e9kszab\u00e1lyzatban (a tov\u00e1bbiakban: \u201dJ\u00e1t\u00e9kszab\u00e1lyzat\u201d) le\u00edrt valamennyi felt\u00e9telt.<\/p>\n<p>2.2 Azok a P\u00e1ly\u00e1zatok, melyek a J\u00e1t\u00e9kszab\u00e1lyzatban le\u00edrt alaki \u00e9s tartalmi el\u0151\u00edr\u00e1soknak nem felelnek meg, a J\u00e1t\u00e9kb\u00f3l automatikusan kiz\u00e1r\u00e1sra, m\u00edg az \u00e9rv\u00e9nyes P\u00e1ly\u00e1zatok sz\u00e1m\u00edt\u00f3g\u00e9pes r\u00f6gz\u00edt\u00e9sre ker\u00fclnek.<\/p>\n<p>2.3 A J\u00e1t\u00e9kosok kiz\u00e1r\u00f3lag a saj\u00e1t adataikkal vehetnek r\u00e9szt a J\u00e1t\u00e9kban. A J\u00e1t\u00e9kos a J\u00e1t\u00e9k id\u0151tartama alatt egy P\u00e1ly\u00e1zatot jogosult bek\u00fcldeni. Amennyiben a J\u00e1t\u00e9kos nem a saj\u00e1t maga \u00e1ltal regisztr\u00e1lt Profillal vesz r\u00e9szt a J\u00e1t\u00e9kban, a J\u00e1t\u00e9kkal kapcsolatos, Profil haszn\u00e1lat jogosults\u00e1g\u00e1b\u00f3l fakad\u00f3 vit\u00e1kkal kapcsolatban Szervez\u0151 mindennem\u0171 felel\u0151ss\u00e9get kiz\u00e1r.<\/p>\n<p>2.4 A P\u00e1ly\u00e1zat bek\u00fcld\u00e9s\u00e9vel a J\u00e1t\u00e9kos tudom\u00e1sul veszi, hogy a J\u00e1t\u00e9k tartalma, teljes\u00edtm\u00e9nye, \u00fczenet- \u00e9s adat\u00e1tviteli-, valamint v\u00e1laszad\u00e1si sebess\u00e9ge a kiszolg\u00e1l\u00f3 technol\u00f3gia f\u00fcggv\u00e9nye, \u00e9s ez\u00e1ltal ezeket kedvez\u0151tlen\u00fcl befoly\u00e1solhatja olyan, a Szervez\u0151n k\u00edv\u00fcl\u00e1ll\u00f3 t\u00e9nyez\u0151, mint p\u00e9ld\u00e1ul (de nem kiz\u00e1r\u00f3lagosan) kapcsolati hiba, a szerver sz\u00e1m\u00edt\u00f3g\u00e9pek teljes\u00edtm\u00e9nye, valamint a biztons\u00e1gos h\u00e1l\u00f3zati kapcsolat fenntart\u00e1sa. A Szervez\u0151 az e bekezd\u00e9sben \u00edrtakb\u00f3l fakad\u00f3 mindennem\u0171 felel\u0151ss\u00e9get kiz\u00e1r.<\/p>\n<p>2.5 A P\u00e1ly\u00e1zatokat a J\u00e1t\u00e9kszab\u00e1lyzat felt\u00e9teleinek teljes\u00edt\u00e9se v\u00e9gett a Szervez\u0151 megvizsg\u00e1lhatja, \u00e9s amennyiben azok, illetve az azt bek\u00fcld\u0151 J\u00e1t\u00e9kos b\u00e1rmely okb\u00f3l nem felel meg a J\u00e1t\u00e9kszab\u00e1lyzat felt\u00e9teleinek, \u00fagy az \u00e9rintett J\u00e1t\u00e9kost a J\u00e1t\u00e9kb\u00f3l kiz\u00e1rhatja.<\/p>\n<p>2.6 <strong>A J\u00e1t\u00e9kb\u00f3l ki vannak z\u00e1rva a Cirilla Bt., a Sager Dental Kft.&nbsp; valamint a Popart Rekl\u00e1m\u00fcgyn\u00f6ks\u00e9g Kft. <\/strong>alkalmazottai \u00e9s ezen szem\u00e9lyek Polg\u00e1ri t\u00f6rv\u00e9nyk\u00f6nyvr\u0151l sz\u00f3l\u00f3 2013. \u00e9vi V. t\u00f6rv\u00e9ny (a tov\u00e1bbiakban Ptk.) 8:1. \u00a7 (1) bekezd\u00e9s 1. pontj\u00e1ban meghat\u00e1rozott fogalom szerinti k\u00f6zeli hozz\u00e1tartoz\u00f3i, akik a k\u00f6vetkez\u0151 szem\u00e9lyek: a h\u00e1zast\u00e1rs, az egyenes-\u00e1gbeli rokon, az \u00f6r\u00f6kbefogadott, a mostoha- \u00e9s a nevelt gyermek, az \u00f6r\u00f6kbefogad\u00f3-, a mostoha- \u00e9s a nevel\u0151sz\u00fcl\u0151 \u00e9s a testv\u00e9r.<\/p>\n<h2>3.&nbsp;&nbsp;&nbsp;&nbsp; A j\u00e1t\u00e9k le\u00edr\u00e1sa<\/h2>\n<p>A J\u00e1t\u00e9kos a 2.1. pontban le\u00edrtak szerinti el\u00e9r\u00e9s\u00e9t k\u00f6vet\u0151en az oldal \u00fczen\u0151 fal\u00e1ra jut. A J\u00e1t\u00e9k sor\u00e1n a Szervez\u0151 egy \u00faj tartalmat tesz k\u00f6zz\u00e9 \u00fczen\u0151 fal\u00e1n, amely al\u00e1 a J\u00e1t\u00e9kos kommentk\u00e9nt sz\u00f6veges tartalmat \u00edrhat \u00e9s megoszthat m\u00e1sokkal. A Nyertesek a tartalom alatti kommentben a tartalomban feltett k\u00e9rd\u00e9sre v\u00e1laszol\u00f3 J\u00e1t\u00e9kosok k\u00f6z\u00fcl ker\u00fclnek (tov\u00e1bbiakban: \u201eNyertes\/Nyertesek) kisorsol\u00e1sra.<\/p>\n<p><strong>A j\u00e1t\u00e9k id\u0151tartama&nbsp;<\/strong><\/p>\n<p>A J\u00e1t\u00e9k <strong>2019. j\u00falius 22. napj\u00e1n 21:00 \u00f3ra 00 perct\u0151l 2019. j\u00falius 25. napj\u00e1n 23 \u00f3ra 59 percig, azaz \u00e9jf\u00e9lig <\/strong>tart. A J\u00e1t\u00e9k kezdete el\u0151tt \u00e9s befejez\u00e9s\u00e9t k\u00f6vet\u0151en bek\u00fcld\u00f6tt P\u00e1ly\u00e1zatok a J\u00e1t\u00e9kban nem vesznek r\u00e9szt.<\/p>\n<h2>4.&nbsp;&nbsp;&nbsp;&nbsp; A j\u00e1t\u00e9k menete, nyerem\u00e9nyek, sorsol\u00e1s<\/h2>\n<p>4.1 Azon J\u00e1t\u00e9kosok k\u00f6z\u00f6tt, akik a tartalom alatti kommentben v\u00e1laszolnak a tartalomban feltett k\u00e9rd\u00e9sre, a Szervez\u0151 a J\u00e1t\u00e9kot k\u00f6vet\u0151en, a v\u00e9letlenszer\u0171s\u00e9g elv\u00e9nek eleget tev\u0151 sz\u00e1m\u00edt\u00f3g\u00e9pes program seg\u00edts\u00e9g\u00e9vel&nbsp;<a href=\"https:\/\/socialwinner.besocial.hu\/\">https:\/\/socialwinner.besocial.hu\/<\/a>&nbsp; kisorsol a helyesen v\u00e1laszol\u00f3 J\u00e1t\u00e9kosok k\u00f6z\u00f6tt, azaz komentel\u0151nk\u00e9nt \u00f6sszesen 1<strong> (egy) darab nyertest, aki megnyeri , a k\u00e9pen is l\u00e1that\u00f3 speci\u00e1lis puha s\u00f6rt\u00e9j\u0171 Curakid gyerek fogkef\u00e9t, egyet a leg\u00fajabb Curaprox fogkr\u00e9mekb\u0151l \u00e9s annak akit a kommentben betaggelt pedig egy Curaprox limit\u00e1lt kiad\u00e1s\u00fa du\u00f3 fogkef\u00e9t.<br \/><\/strong><\/p>\n<p><strong>T\u00f6bb komment \u00edr\u00e1sa a tartalom al\u00e1 n\u00f6veli J\u00e1t\u00e9kos es\u00e9lyeit, egy J\u00e1t\u00e9kos nem csak egyszer vesz r\u00e9szt a sorsol\u00e1son. T\u00f6bb komment \u00edr\u00e1sa megengedett.<\/strong><\/p>\n<p>4.2. Az 5.1 pontban \u00edrt <strong>Nyerem\u00e9ny sorsol\u00e1s\u00e1nak id\u0151pontja: 2019. j\u00falius 26. p\u00e9ntek 15:00 \u00f3ra <\/strong>A sorsol\u00e1s helysz\u00edne a Lebonyol\u00edt\u00f3 \u00c1TV\u00c9TELI PONTJA (1026, Budapest Riad\u00f3 utca 7.) A Nyerem\u00e9nyek m\u00e1sra \u00e1t nem ruh\u00e1zhat\u00f3ak, \u00e9s k\u00e9szp\u00e9nzre \u00e1t nem v\u00e1lthat\u00f3ak. A sorsol\u00e1s nem nyilv\u00e1nos.<\/p>\n<p>4.3 A Szervez\u0151 a 5.2 pontban r\u00e9szletezett sorsol\u00e1son \u00f6sszesen 3 darab tartal\u00e9knyertes P\u00e1ly\u00e1zatot sorsol ki. A tartal\u00e9knyertesek abban az esetben v\u00e1lnak jogosultt\u00e1 a Nyerem\u00e9nyre, amennyiben a nyertes nem m\u0171k\u00f6dik egy\u00fctt a Szervez\u0151vel vagy a Lebonyol\u00edt\u00f3val, vagy a Nyerem\u00e9nyt nem veszi \u00e1t, vagy b\u00e1rmely m\u00e1s okb\u00f3l a J\u00e1t\u00e9kb\u00f3l kiz\u00e1r\u00e1sra ker\u00fcl.<\/p>\n<h2>5.&nbsp;&nbsp;&nbsp;&nbsp;&nbsp;&nbsp;&nbsp;&nbsp;&nbsp; Nyertesek \u00e9rtes\u00edt\u00e9se, nyerem\u00e9nyek \u00e1tv\u00e9tele<\/h2>\n<p>5.1 &nbsp;&nbsp;&nbsp;&nbsp; A nyerem\u00e9nyj\u00e1t\u00e9k sor\u00e1n a nyertes, <strong>a k\u00e9pen is l\u00e1that\u00f3 speci\u00e1lis puha s\u00f6rt\u00e9j\u0171 Curakid gyerek fogkef\u00e9t,&nbsp; egy leg\u00fajabb Curaprox fogkr\u00e9meket \u00e9s annak akit a kommentben betaggelt pedig egy Curaprox limit\u00e1lt kiad\u00e1s\u00fa du\u00f3 fogkef\u00e9t nyer.<\/strong><\/p>\n<p>A Szervez\u0151 kiz\u00e1rhatja a J\u00e1t\u00e9kb\u00f3l azt a P\u00e1ly\u00e1zatot, amelyre n\u00e9zve az azt bek\u00fcld\u0151 J\u00e1t\u00e9kos r\u00e9sz\u00e9re a nyerem\u00e9nyt az\u00e9rt nem lehet \u00e1tadni, mert a Profilja nem val\u00f3s, hi\u00e1nyos vagy t\u00e9ves, vagy a P\u00e1ly\u00e1zatot bek\u00fcld\u0151 J\u00e1t\u00e9kos egy\u00e9b okb\u00f3l nem felel meg a jelen J\u00e1t\u00e9kszab\u00e1lyzatban \u00edrt szem\u00e9lyi felt\u00e9teleknek.<\/p>\n<p>5.2 A Lebonyol\u00edt\u00f3 a sorsol\u00e1s id\u0151pontj\u00e1t k\u00f6vet\u0151 legk\u00e9s\u0151bb 3 (h\u00e1rom) munkanapon bel\u00fcl a Honlapon posztban meghirdeti a nyertes J\u00e1t\u00e9kos(ok) nev\u00e9t. A nyerteseknek az \u00c9rtes\u00edt\u00e9s k\u00e9zhezv\u00e9tel\u00e9t k\u00f6vet\u0151 5 (\u00f6t) napon bel\u00fcl k\u00f6telesek a Lebonyol\u00edt\u00f3 r\u00e9sz\u00e9re elk\u00fcldeni adatait. Amennyiben a nyertes a fenti hat\u00e1rid\u0151n bel\u00fcl az \u00c9rtes\u00edt\u00e9sre semmilyen form\u00e1ban nem reag\u00e1l, \u00fagy a nyertes J\u00e1t\u00e9kos kiz\u00e1r\u00e1sra ker\u00fcl, \u00e9s Szervez\u0151 tartal\u00e9knyertest jel\u00f6l ki. A Nyerem\u00e9nyt Lebonyol\u00edt\u00f3 postai \u00faton vagy fut\u00e1rszolg\u00e1lat seg\u00edts\u00e9g\u00e9vel juttatja el a Nyerteshez, az el\u0151tte Nyertessel egyeztetett post\u00e1z\u00e1si c\u00edmre. A Szervez\u0151 fenntartja a jogot arra, hogy a b\u00e1rmely okb\u00f3l elv\u00e1rhat\u00f3 hat\u00e1rid\u0151ben \u00e1t nem vett Nyerem\u00e9nyr\u0151l a sorrendben k\u00f6vetkez\u0151 tartal\u00e9knyertest \u00e9rtes\u00edtse.<\/p>\n<p>5.3 A Szervez\u0151 kiz\u00e1rhatja a J\u00e1t\u00e9kb\u00f3l azt a P\u00e1ly\u00e1zatot, amelyre n\u00e9zve az azt bek\u00fcld\u0151 J\u00e1t\u00e9kos r\u00e9sz\u00e9re a nyerem\u00e9nyt az\u00e9rt nem lehet \u00e1tadni, mert a Profilja nem val\u00f3s, hi\u00e1nyos vagy t\u00e9ves, vagy a P\u00e1ly\u00e1zatot bek\u00fcld\u0151 J\u00e1t\u00e9kos egy\u00e9b okb\u00f3l nem felel meg a jelen J\u00e1t\u00e9kszab\u00e1lyzatban \u00edrt szem\u00e9lyi felt\u00e9teleknek.<\/p>\n<h2>6. &nbsp;&nbsp;&nbsp;&nbsp;&nbsp;&nbsp;&nbsp;&nbsp;&nbsp;&nbsp; Adatv\u00e9delem, vegyes rendelkez\u00e9sek<\/h2>\n<p>6.1&nbsp;&nbsp;&nbsp;&nbsp; A J\u00e1t\u00e9kos a P\u00e1ly\u00e1zat elk\u00fcld\u00e9s\u00e9vel kifejezetten \u00e9s \u00f6nk\u00e9ntesen hozz\u00e1j\u00e1rul ahhoz, hogy az \u00e1ltala a Profilj\u00e1n megadott szem\u00e9lyes adatokat a Szervez\u0151 \u00e9s megb\u00edzott adatfeldolgoz\u00f3ja J\u00e1t\u00e9k lebonyol\u00edt\u00e1sa c\u00e9lj\u00e1b\u00f3l felhaszn\u00e1lja \u00e9s kezelje. Az adatok kezel\u00e9s\u00e9t a Szervez\u0151, mint adatkezel\u0151, feldolgoz\u00e1s\u00e1t a Szervez\u0151 megb\u00edz\u00e1s\u00e1b\u00f3l harmadik szem\u00e9ly v\u00e9gzi.<\/p>\n<p>6.2&nbsp;&nbsp;&nbsp;&nbsp;&nbsp;&nbsp;&nbsp; A J\u00e1t\u00e9kosok P\u00e1ly\u00e1zatuk elk\u00fcld\u00e9s\u00e9vel tudom\u00e1sul veszik, \u00e9s kifejezetten hozz\u00e1j\u00e1rulnak ahhoz, hogy:<\/p>\n<p>&#8211; nyertess\u00e9g eset\u00e9n nev\u00fcket a Szervez\u0151 minden tov\u00e1bbi felt\u00e9tel \u00e9s ellen\u00e9rt\u00e9k n\u00e9lk\u00fcl, kiz\u00e1r\u00f3lag a J\u00e1t\u00e9kkal kapcsolatosan nyilv\u00e1noss\u00e1gra hozza Facebook oldal\u00e1n;<\/p>\n<p>6.3&nbsp;&nbsp;&nbsp;&nbsp; A J\u00e1t\u00e9k semmilyen m\u00f3don nem szponzor\u00e1lt a Facebook \u00e1ltal, illetve semmilyen tekintetben nem kapcsol\u00f3dik a Facebook-hoz. Az adatszolg\u00e1ltat\u00e1s nem a Facebook r\u00e9sz\u00e9re, hanem a Szervez\u0151 r\u00e9sz\u00e9re t\u00f6rt\u00e9nik. A szolg\u00e1ltatott adatok kiz\u00e1r\u00f3lag a J\u00e1t\u00e9k lebonyol\u00edt\u00e1sa c\u00e9lj\u00e1b\u00f3l ker\u00fclnek felhaszn\u00e1l\u00e1sra.<\/p>\n<h2>7. &nbsp;&nbsp;&nbsp;&nbsp;&nbsp;&nbsp;&nbsp;&nbsp;&nbsp;&nbsp; Felel\u0151ss\u00e9g<\/h2>\n<p>A Szervez\u0151, illetve a Lebonyol\u00edt\u00f3 kiz\u00e1rja a felel\u0151ss\u00e9g\u00e9t minden, a <a href=\"http:\/\/www.facebook.com\/\">www.facebook.com<\/a> weboldalt, illetve az azt m\u0171k\u00f6dtet\u0151 szervert \u00e9rt k\u00fcls\u0151, \u00fan. SQL t\u00e1mad\u00e1sok est\u00e9re. Teh\u00e1t amennyiben a weboldalt, illetve szervert \u00e9rt t\u00e1mad\u00e1s folyt\u00e1n a J\u00e1t\u00e9kosok t\u00e9ves rendszer\u00fczeneteket kapnak nyerem\u00e9nyeiket, nyertes\/nem nyertes st\u00e1tuszukat, stb. illet\u0151en, \u00fagy ezen esetekre a Szervez\u0151 semminem\u0171 felel\u0151ss\u00e9get nem v\u00e1llal.<\/p>\n<p>Szervez\u0151, illetve Lebonyol\u00edt\u00f3 kiz\u00e1rja a felel\u0151ss\u00e9g\u00e9t a weboldal rajta k\u00edv\u00fcl\u00e1ll\u00f3 okokb\u00f3l t\u00f6rt\u00e9n\u0151 meghib\u00e1sod\u00e1s\u00e1\u00e9rt, amely id\u0151tartam alatt a honlap nem vagy korl\u00e1tozottan haszn\u00e1lhat\u00f3, ugyanakkor halad\u00e9ktalanul megtesz minden sz\u00fcks\u00e9ges int\u00e9zked\u00e9st annak \u00e9rdek\u00e9ben, hogy a hiba ok\u00e1t miel\u0151bb felt\u00e1rja, illetve megsz\u00fcntesse.<\/p>\n<p>Szervez\u0151 fenntartja a jogot, hogy a J\u00e1t\u00e9kszab\u00e1lyt indokolt esetben b\u00e1rmikor megv\u00e1ltoztathassa. A jelen j\u00e1t\u00e9kszab\u00e1lyzatot \u00e9s annak esetleges m\u00f3dos\u00edt\u00e1sait k\u00f6zz\u00e9teszi a&nbsp;<a href=\"https:\/\/monello.hu\/blog\/nyeremenyjatek\/\">https:\/\/monello.hu\/blog\/nyeremenyjatek\/<\/a>&nbsp; weboldal\u00e1n.<\/p>\n<p><strong>Budapest, 2019. j\u00falius 15.<\/strong><strong><br \/><\/strong><\/p>\n<p><strong>Cirilla Bt.<br \/><\/strong><\/p>\n<p>Szervez\u0151<\/p>\n<h4>&nbsp;<\/h4>\n<p>&#8230;&#8230;&#8230;&#8230;&#8230;&#8230;&#8230;&#8230;&#8230;<\/p>\n<h4>&nbsp;<\/h4>\n<h4>&#8230;&#8230;&#8230;&#8230;&#8230;&#8230;&#8230;&#8230;&#8230;&#8230;&#8230;&#8230;&#8230;&#8230;&#8230;&#8230;&#8230;&#8230;&#8230;&#8230;&#8230;&#8230;&#8230;&#8230;&#8230;&#8230;&#8230;&#8230;&#8230;&#8230;&#8230;&#8230;&#8230;&#8230;&#8230;&#8230;&#8230;&#8230;&#8230;&#8230;&#8230;&#8230;&#8230;.<\/h4>\n<h4>Ez a J \u00c1 T \u00c9 K&nbsp; m\u00e1r lez\u00e1rult<\/h4>\n<h4>&nbsp;<\/h4>\n<h4>NYERJ CUKIMAMIK NAPT\u00c1RAT \u00c9S \u00daJ T\u00c9LI BABAMELEG\u00cdT\u0150 KISCSILLAGOT!<\/h4>\n<p>Dr\u00e1ga Monello Mamik,<\/p>\n<p>tudt\u00e1tok, hogy m\u00e1r kaphat\u00f3 a Cukimamik 2019-es \u00faj napt\u00e1ra? \u00c9s azt tudt\u00e1tok, hogy Monello baby&amp;more kedvezm\u00e9ny kupont is tal\u00e1ltok benne, tov\u00e1bbi m\u00e1s \u00e9rt\u00e9kes kuponokkal egy\u00fctt? \u00c9n m\u00e1r tavaly is haszn\u00e1ltam \u00e9s nagyon szerettem, mert igaz\u00e1n anyuka bar\u00e1t. A matric\u00e1kat pedig k\u00fcl\u00f6n\u00f6sen kedvelt\u00e9k a fiaim is.<\/p>\n<p><a href=\"https:\/\/cukimamikhataridonaplo.hu\/\">Ide kattintva<\/a> b\u0151vebben is olvashattok r\u00f3la \u00e9s meg is tudj\u00e1tok rendelni, hogy m\u00e9g Kar\u00e1csony el\u0151tt tuti oda \u00e9rjen.<\/p>\n<h4><a href=\"https:\/\/cukimamikhataridonaplo.hu\/\"><img loading=\"lazy\" decoding=\"async\" class=\"size-full wp-image-3511 aligncenter\" src=\"https:\/\/monello.hu\/wp-content\/uploads\/2018\/11\/Cukimamik_Jatek.png\" alt=\"Nyerj cukimamik napt\u00e1rat a monelloval\" width=\"800\" height=\"800\" srcset=\"https:\/\/www.monello.hu\/wp-content\/uploads\/2018\/11\/Cukimamik_Jatek.png 800w, https:\/\/www.monello.hu\/wp-content\/uploads\/2018\/11\/Cukimamik_Jatek-150x150.png 150w, https:\/\/www.monello.hu\/wp-content\/uploads\/2018\/11\/Cukimamik_Jatek-300x300.png 300w, https:\/\/www.monello.hu\/wp-content\/uploads\/2018\/11\/Cukimamik_Jatek-768x768.png 768w, https:\/\/www.monello.hu\/wp-content\/uploads\/2018\/11\/Cukimamik_Jatek-220x220.png 220w, https:\/\/www.monello.hu\/wp-content\/uploads\/2018\/11\/Cukimamik_Jatek-450x450.png 450w, https:\/\/www.monello.hu\/wp-content\/uploads\/2018\/11\/Cukimamik_Jatek-600x600.png 600w, https:\/\/www.monello.hu\/wp-content\/uploads\/2018\/11\/Cukimamik_Jatek-100x100.png 100w\" sizes=\"auto, (max-width: 800px) 100vw, 800px\" \/><\/a><\/h4>\n<h4>Mit kell tennem, hogy r\u00e9szt vehessek a nyerem\u00e9nyj\u00e1t\u00e9k-ban?<\/h4>\n<p>Csak <strong>v\u00e1laszd ki, a webshopunkr\u00f3l, hogy melyik \u00daj T\u00c9LI Babameleg\u00edt\u0151 Kiscsillagot szeretn\u00e9d megnyerni, <\/strong>\u00edrd meg kommentben a <a href=\"https:\/\/www.facebook.com\/monellobabyandmore\/\">Facebook oldalunk<\/a> kapcsol\u00f3d\u00f3 postj\u00e1hoz,&nbsp; TAGGELD hozz\u00e1 azt a bar\u00e1tn\u0151det akiknek 1db PihePuha PelusP\u00e1rn\u00e1t szeretn\u00e9l nyerni \u00e9s k\u00e9\u00e9\u00e9sz is!<\/p>\n<h4>H\u00e1l\u00e1san k\u00f6sz\u00f6nj\u00fck az oldal kedvel\u00e9s\u00e9t \u00e9s a nyerem\u00e9nyj\u00e1t\u00e9k megoszt\u00e1s\u00e1t.<\/h4>\n<p>Az oldalunk l\u00e1jkol\u00e1s\u00e1\u00e9rt \u00e9s a j\u00e1t\u00e9k MEGOSZT\u00c1S\u00c1\u00c9RT a kedvenc anyuk\u00e1s csoportjaitokban, az oldalatokon pedig nagyon h\u00e1l\u00e1sak lesz\u00fcnk! ?? De ezek NEM felt\u00e9telei&nbsp; a j\u00e1t\u00e9kban val\u00f3 r\u00e9szv\u00e9telnek.<\/p>\n<p>T\u00f6bbsz\u00f6ri komment\u00e1l\u00e1s megengedett.<\/p>\n<p>?A J \u00c1 T \u00c9 K mostant\u00f3l indul \u00e9s 2018.11.30-\u00e1n eg\u00e9sz nap tart. \u00c9jf\u00e9lkor z\u00e1rul. Sorsol\u00e1s \u00e9s eredm\u00e9nyhirdet\u00e9s 12.01-\u00e9n szombaton.<br \/>Hajr\u00e1 csajok!<\/p>\n<p><img loading=\"lazy\" decoding=\"async\" class=\"size-full wp-image-3512 aligncenter\" src=\"https:\/\/monello.hu\/wp-content\/uploads\/2018\/11\/Cukimamik_Jatek2.png\" alt=\"Nyerj naptarat a monelloval\" width=\"800\" height=\"800\" srcset=\"https:\/\/www.monello.hu\/wp-content\/uploads\/2018\/11\/Cukimamik_Jatek2.png 800w, https:\/\/www.monello.hu\/wp-content\/uploads\/2018\/11\/Cukimamik_Jatek2-150x150.png 150w, https:\/\/www.monello.hu\/wp-content\/uploads\/2018\/11\/Cukimamik_Jatek2-300x300.png 300w, https:\/\/www.monello.hu\/wp-content\/uploads\/2018\/11\/Cukimamik_Jatek2-768x768.png 768w, https:\/\/www.monello.hu\/wp-content\/uploads\/2018\/11\/Cukimamik_Jatek2-220x220.png 220w, https:\/\/www.monello.hu\/wp-content\/uploads\/2018\/11\/Cukimamik_Jatek2-450x450.png 450w, https:\/\/www.monello.hu\/wp-content\/uploads\/2018\/11\/Cukimamik_Jatek2-600x600.png 600w, https:\/\/www.monello.hu\/wp-content\/uploads\/2018\/11\/Cukimamik_Jatek2-100x100.png 100w\" sizes=\"auto, (max-width: 800px) 100vw, 800px\" \/><\/p>\n<p>A k\u00e9pen a Cukimamik Napt\u00e1r tervez\u0151je \u00e9s a Cukimamik tulajdonosa Karsai Judit l\u00e1that\u00f3 Albert Zsuzs\u00e1val a Monello baby&amp;more egyik tulajdonos\u00e1val.<\/p>\n<p>Ki ne ismern\u00e9 a Cukimamik t\u00f6k\u00e9letesen passzol\u00f3 id\u00e9zeteit, amiket megtal\u00e1lsz a <a href=\"https:\/\/www.facebook.com\/Cukimamik\/\">Facebookon<\/a> a Cukimamik oldal\u00e1n, az <a href=\"https:\/\/www.instagram.com\/cukimamik\/\">Instagramon<\/a> pedig Judit \u00e9let\u00e9be is betekint\u00e9st nyerhettek 3 gy\u00f6ny\u00f6r\u0171 gyermek\u00e9vel \u00e9s dolgos mindennapjaival, tov\u00e1bb\u00e1 megn\u00e9zheted a jobbn\u00e1l jobb cikkeiket a <a href=\"https:\/\/www.cukimamik.hu\/\">weboldalukon<\/a> is.<\/p>\n<h4><strong>&nbsp;<\/strong><\/h4>\n<p><strong>Monello baby and more<\/strong><\/p>\n<h4><strong>\u201d<\/strong>NYERJ CUKIMAMIK NAPT\u00c1RAT \u00c9S T\u00c9LI KISCSILLAGOT<strong>\u201d <\/strong><\/h4>\n<p><strong>ELNEVEZ\u00c9S\u0170 VET\u00c9LKED\u0150<\/strong><\/p>\n<p><strong>R\u00c9SZV\u00c9TELI \u00c9S J\u00c1T\u00c9KSZAB\u00c1LYZATA<\/strong><\/p>\n<h2>1.&nbsp;&nbsp;&nbsp;&nbsp;&nbsp; A nyerem\u00e9nyj\u00e1t\u00e9k szervez\u0151je<\/h2>\n<p><strong>\u201eNyerem\u00e9nyj\u00e1t\u00e9k\u201d <\/strong>elnevez\u00e9s\u0171 vet\u00e9lked\u0151 (a tov\u00e1bbiakban: \u201d<strong>J\u00e1t\u00e9k<\/strong>\u201d) szervez\u0151je a Cirilla Bt. (sz\u00e9khely: 1026, Budapest, Bimb\u00f3 \u00fat 131\/A..; ad\u00f3sz\u00e1ma: 21890128-3-41) (tov\u00e1bbiakban: <strong>\u201dSzervez\u0151\u201d<\/strong>).<\/p>\n<h2>2.&nbsp;&nbsp;&nbsp;&nbsp; A j\u00e1t\u00e9kban t\u00f6rt\u00e9n\u0151 r\u00e9szv\u00e9tel felt\u00e9telei<\/h2>\n<p>2.1 A J\u00e1t\u00e9kban kiz\u00e1r\u00f3lag azon \u00e1lland\u00f3, nyilv\u00e1ntartott magyarorsz\u00e1gi lak\u00f3hellyel rendelkez\u0151, 18. \u00e9let\u00e9v\u00e9t bet\u00f6lt\u00f6tt, devizabelf\u00f6ldi, az illet\u00e9kes magyar hat\u00f3s\u00e1g \u00e1ltal kiadott \u00e9rv\u00e9nyes szem\u00e9lyazonos\u00edt\u00f3 igazolv\u00e1nnyal rendelkez\u0151, magyar \u00e1llampolg\u00e1r, a 2.6 pontban meghat\u00e1rozott szem\u00e9lyek k\u00f6r\u00e9be nem es\u0151, saj\u00e1t Facebook profillal (a tov\u00e1bbiakban: \u201dProfil\u201d) rendelkez\u0151 term\u00e9szetes szem\u00e9ly (a tov\u00e1bbiakban: \u201dJ\u00e1t\u00e9kos\u201d) vehet r\u00e9szt, aki a J\u00e1t\u00e9k 4. pontban meghat\u00e1rozott id\u0151tartama alatt a <a href=\"https:\/\/www.facebook.com\/monellobabyandmore\/\">https:\/\/www.facebook.com\/monellobabyandmore\/<\/a> &nbsp;domain alatti weboldalon (a tov\u00e1bbiakban: \u201dHonlap\u201d) tal\u00e1lhat\u00f3 \u201enyerem\u00e9nyj\u00e1t\u00e9k\u201d Facebook tartalomban feltett k\u00e9rd\u00e9sre tartalom alatti kommentben v\u00e1laszol (a tov\u00e1bbiakban: \u201dP\u00e1ly\u00e1zat\u201d), \u00e9s ezzel egy\u00fattal elfogadja a jelen j\u00e1t\u00e9kszab\u00e1lyzatban (a tov\u00e1bbiakban: \u201dJ\u00e1t\u00e9kszab\u00e1lyzat\u201d) le\u00edrt valamennyi felt\u00e9telt.<\/p>\n<p>2.2 Azok a P\u00e1ly\u00e1zatok, melyek a J\u00e1t\u00e9kszab\u00e1lyzatban le\u00edrt alaki \u00e9s tartalmi el\u0151\u00edr\u00e1soknak nem felelnek meg, a J\u00e1t\u00e9kb\u00f3l automatikusan kiz\u00e1r\u00e1sra, m\u00edg az \u00e9rv\u00e9nyes P\u00e1ly\u00e1zatok sz\u00e1m\u00edt\u00f3g\u00e9pes r\u00f6gz\u00edt\u00e9sre ker\u00fclnek.<\/p>\n<p>2.3 A J\u00e1t\u00e9kosok kiz\u00e1r\u00f3lag a saj\u00e1t adataikkal vehetnek r\u00e9szt a J\u00e1t\u00e9kban. A J\u00e1t\u00e9kos a J\u00e1t\u00e9k id\u0151tartama alatt egy P\u00e1ly\u00e1zatot jogosult bek\u00fcldeni. Amennyiben a J\u00e1t\u00e9kos nem a saj\u00e1t maga \u00e1ltal regisztr\u00e1lt Profillal vesz r\u00e9szt a J\u00e1t\u00e9kban, a J\u00e1t\u00e9kkal kapcsolatos, Profil haszn\u00e1lat jogosults\u00e1g\u00e1b\u00f3l fakad\u00f3 vit\u00e1kkal kapcsolatban Szervez\u0151 mindennem\u0171 felel\u0151ss\u00e9get kiz\u00e1r.<\/p>\n<p>2.4 A P\u00e1ly\u00e1zat bek\u00fcld\u00e9s\u00e9vel a J\u00e1t\u00e9kos tudom\u00e1sul veszi, hogy a J\u00e1t\u00e9k tartalma, teljes\u00edtm\u00e9nye, \u00fczenet- \u00e9s adat\u00e1tviteli-, valamint v\u00e1laszad\u00e1si sebess\u00e9ge a kiszolg\u00e1l\u00f3 technol\u00f3gia f\u00fcggv\u00e9nye, \u00e9s ez\u00e1ltal ezeket kedvez\u0151tlen\u00fcl befoly\u00e1solhatja olyan, a Szervez\u0151n k\u00edv\u00fcl\u00e1ll\u00f3 t\u00e9nyez\u0151, mint p\u00e9ld\u00e1ul (de nem kiz\u00e1r\u00f3lagosan) kapcsolati hiba, a szerver sz\u00e1m\u00edt\u00f3g\u00e9pek teljes\u00edtm\u00e9nye, valamint a biztons\u00e1gos h\u00e1l\u00f3zati kapcsolat fenntart\u00e1sa. A Szervez\u0151 az e bekezd\u00e9sben \u00edrtakb\u00f3l fakad\u00f3 mindennem\u0171 felel\u0151ss\u00e9get kiz\u00e1r.<\/p>\n<p>2.5 A P\u00e1ly\u00e1zatokat a J\u00e1t\u00e9kszab\u00e1lyzat felt\u00e9teleinek teljes\u00edt\u00e9se v\u00e9gett a Szervez\u0151 megvizsg\u00e1lhatja, \u00e9s amennyiben azok, illetve az azt bek\u00fcld\u0151 J\u00e1t\u00e9kos b\u00e1rmely okb\u00f3l nem felel meg a J\u00e1t\u00e9kszab\u00e1lyzat felt\u00e9teleinek, \u00fagy az \u00e9rintett J\u00e1t\u00e9kost a J\u00e1t\u00e9kb\u00f3l kiz\u00e1rhatja.<\/p>\n<p>2.6 A J\u00e1t\u00e9kb\u00f3l ki vannak z\u00e1rva a Cirilla bt., valamint a Popart Rekl\u00e1m\u00fcgyn\u00f6ks\u00e9g Kft. alkalmazottai \u00e9s ezen szem\u00e9lyek Polg\u00e1ri t\u00f6rv\u00e9nyk\u00f6nyvr\u0151l sz\u00f3l\u00f3 2013. \u00e9vi V. t\u00f6rv\u00e9ny (a tov\u00e1bbiakban Ptk.) 8:1. \u00a7 (1) bekezd\u00e9s 1. pontj\u00e1ban meghat\u00e1rozott fogalom szerinti k\u00f6zeli hozz\u00e1tartoz\u00f3i, akik a k\u00f6vetkez\u0151 szem\u00e9lyek: a h\u00e1zast\u00e1rs, az egyenes-\u00e1gbeli rokon, az \u00f6r\u00f6kbefogadott, a mostoha- \u00e9s a nevelt gyermek, az \u00f6r\u00f6kbefogad\u00f3-, a mostoha- \u00e9s a nevel\u0151sz\u00fcl\u0151 \u00e9s a testv\u00e9r.<\/p>\n<h2>3.&nbsp;&nbsp;&nbsp;&nbsp; A j\u00e1t\u00e9k le\u00edr\u00e1sa<\/h2>\n<p>A J\u00e1t\u00e9kos a 2.1. pontban le\u00edrtak szerinti el\u00e9r\u00e9s\u00e9t k\u00f6vet\u0151en az oldal \u00fczen\u0151 fal\u00e1ra jut. A J\u00e1t\u00e9k sor\u00e1n a Szervez\u0151 egy \u00faj tartalmat tesz k\u00f6zz\u00e9 \u00fczen\u0151 fal\u00e1n, amely al\u00e1 a J\u00e1t\u00e9kos kommentk\u00e9nt sz\u00f6veges tartalmat \u00edrhat \u00e9s megoszthat m\u00e1sokkal. A Nyertesek a tartalom alatti kommentben a tartalomban feltett k\u00e9rd\u00e9sre v\u00e1laszol\u00f3 J\u00e1t\u00e9kosok k\u00f6z\u00fcl ker\u00fclnek (tov\u00e1bbiakban: \u201eNyertes\/Nyertesek) kisorsol\u00e1sra.<\/p>\n<p><strong>A j\u00e1t\u00e9k id\u0151tartama&nbsp;<\/strong><\/p>\n<p>A J\u00e1t\u00e9k <strong>2018. november 26. napj\u00e1n 8:00 \u00f3ra 00 perct\u0151l 2018. november 30.napj\u00e1n 0 \u00f3ra 00 percig, azaz \u00e9jf\u00e9lig <\/strong>tart. A J\u00e1t\u00e9k kezdete el\u0151tt \u00e9s befejez\u00e9s\u00e9t k\u00f6vet\u0151en bek\u00fcld\u00f6tt P\u00e1ly\u00e1zatok a J\u00e1t\u00e9kban nem vesznek r\u00e9szt.<\/p>\n<h2>4.&nbsp;&nbsp;&nbsp;&nbsp; A j\u00e1t\u00e9k menete, nyerem\u00e9nyek, sorsol\u00e1s<\/h2>\n<p>4.1 Azon J\u00e1t\u00e9kosok k\u00f6z\u00f6tt, akik a tartalom alatti kommentben v\u00e1laszolnak a tartalomban feltett k\u00e9rd\u00e9sre, a Szervez\u0151 a J\u00e1t\u00e9kot k\u00f6vet\u0151en, a v\u00e9letlenszer\u0171s\u00e9g elv\u00e9nek eleget tev\u0151 sz\u00e1m\u00edt\u00f3g\u00e9pes program seg\u00edts\u00e9g\u00e9vel <a href=\"http:\/\/socialwinner.besocial.hu\/\">www.socialwinner.besocial.hu<\/a>&nbsp; kisorsol a helyesen v\u00e1laszol\u00f3 J\u00e1t\u00e9kosok k\u00f6z\u00f6tt, azaz komentel\u0151nk\u00e9nt \u00f6sszesen 1 (egy) darab nyertest, aki megnyeri az \u00e1ltala v\u00e1lasztott Monello baby&amp;more t\u00e9li Babameleg\u00edt\u0151 Kiscsillag \u00e9s a PihePuha PelusP\u00e1rna term\u00e9keket \u00e9s a p\u00e1ros bel\u00e9p\u0151t a BabaMama Expo 2018-ra (nyerem\u00e9ny).<\/p>\n<p><strong>T\u00f6bb komment \u00edr\u00e1sa a tartalom al\u00e1 n\u00f6veli J\u00e1t\u00e9kos es\u00e9lyeit, egy J\u00e1t\u00e9kos nem csak egyszer vesz r\u00e9szt a sorsol\u00e1son. T\u00f6bb komment \u00edr\u00e1sa megengedett.<\/strong><\/p>\n<p>4.2. Az 5.1 pontban \u00edrt <strong>Nyerem\u00e9ny sorsol\u00e1s\u00e1nak id\u0151pontja: 2018. december 1. szombat 19:00 \u00f3ra <\/strong>A sorsol\u00e1s helysz\u00edne a Lebonyol\u00edt\u00f3 \u00c1TV\u00c9TELI PONTJA (1026, Budapest Riad\u00f3 utca 7.) A Nyerem\u00e9nyek m\u00e1sra \u00e1t nem ruh\u00e1zhat\u00f3ak, \u00e9s k\u00e9szp\u00e9nzre \u00e1t nem v\u00e1lthat\u00f3ak. A sorsol\u00e1s nem nyilv\u00e1nos.<\/p>\n<p>4.3 A Szervez\u0151 a 5.2 pontban r\u00e9szletezett sorsol\u00e1son \u00f6sszesen 3 darab tartal\u00e9knyertes P\u00e1ly\u00e1zatot sorsol ki. A tartal\u00e9knyertesek abban az esetben v\u00e1lnak jogosultt\u00e1 a Nyerem\u00e9nyre, amennyiben a nyertes nem m\u0171k\u00f6dik egy\u00fctt a Szervez\u0151vel vagy a Lebonyol\u00edt\u00f3val, vagy a Nyerem\u00e9nyt nem veszi \u00e1t, vagy b\u00e1rmely m\u00e1s okb\u00f3l a J\u00e1t\u00e9kb\u00f3l kiz\u00e1r\u00e1sra ker\u00fcl.<\/p>\n<h2>5.&nbsp;&nbsp;&nbsp;&nbsp;&nbsp;&nbsp;&nbsp;&nbsp;&nbsp; Nyertesek \u00e9rtes\u00edt\u00e9se, nyerem\u00e9nyek \u00e1tv\u00e9tele<\/h2>\n<p>5.1 &nbsp;&nbsp;&nbsp;&nbsp; A nyerem\u00e9nyj\u00e1t\u00e9k sor\u00e1n a nyertes azt a Monello baby&amp;more term\u00e9ket\/term\u00e9keket nyeri meg, amit a www.monello.hu webshopr\u00f3l v\u00e1lasztott mag\u00e1nak \u00e9s a j\u00e1t\u00e9k kommentj\u00e9ben meg\u00edrt.<\/p>\n<p>A Szervez\u0151 kiz\u00e1rhatja a J\u00e1t\u00e9kb\u00f3l azt a P\u00e1ly\u00e1zatot, amelyre n\u00e9zve az azt bek\u00fcld\u0151 J\u00e1t\u00e9kos r\u00e9sz\u00e9re a nyerem\u00e9nyt az\u00e9rt nem lehet \u00e1tadni, mert a Profilja nem val\u00f3s, hi\u00e1nyos vagy t\u00e9ves, vagy a P\u00e1ly\u00e1zatot bek\u00fcld\u0151 J\u00e1t\u00e9kos egy\u00e9b okb\u00f3l nem felel meg a jelen J\u00e1t\u00e9kszab\u00e1lyzatban \u00edrt szem\u00e9lyi felt\u00e9teleknek.<\/p>\n<p>5.2 A Lebonyol\u00edt\u00f3 a sorsol\u00e1s id\u0151pontj\u00e1t k\u00f6vet\u0151 legk\u00e9s\u0151bb 3 (h\u00e1rom) munkanapon bel\u00fcl a Honlapon posztban meghirdeti a nyertes J\u00e1t\u00e9kos(ok) nev\u00e9t. A nyerteseknek az \u00c9rtes\u00edt\u00e9s k\u00e9zhezv\u00e9tel\u00e9t k\u00f6vet\u0151 5 (\u00f6t) napon bel\u00fcl k\u00f6telesek a Lebonyol\u00edt\u00f3 r\u00e9sz\u00e9re elk\u00fcldeni adatait. Amennyiben a nyertes a fenti hat\u00e1rid\u0151n bel\u00fcl az \u00c9rtes\u00edt\u00e9sre semmilyen form\u00e1ban nem reag\u00e1l, \u00fagy a nyertes J\u00e1t\u00e9kos kiz\u00e1r\u00e1sra ker\u00fcl, \u00e9s Szervez\u0151 tartal\u00e9knyertest jel\u00f6l ki. A Nyerem\u00e9nyt Lebonyol\u00edt\u00f3 postai \u00faton vagy fut\u00e1rszolg\u00e1lat seg\u00edts\u00e9g\u00e9vel juttatja el a Nyerteshez, az el\u0151tte Nyertessel egyeztetett post\u00e1z\u00e1si c\u00edmre. A Szervez\u0151 fenntartja a jogot arra, hogy a b\u00e1rmely okb\u00f3l elv\u00e1rhat\u00f3 hat\u00e1rid\u0151ben \u00e1t nem vett Nyerem\u00e9nyr\u0151l a sorrendben k\u00f6vetkez\u0151 tartal\u00e9knyertest \u00e9rtes\u00edtse.<\/p>\n<p>5.3 A Szervez\u0151 kiz\u00e1rhatja a J\u00e1t\u00e9kb\u00f3l azt a P\u00e1ly\u00e1zatot, amelyre n\u00e9zve az azt bek\u00fcld\u0151 J\u00e1t\u00e9kos r\u00e9sz\u00e9re a nyerem\u00e9nyt az\u00e9rt nem lehet \u00e1tadni, mert a Profilja nem val\u00f3s, hi\u00e1nyos vagy t\u00e9ves, vagy a P\u00e1ly\u00e1zatot bek\u00fcld\u0151 J\u00e1t\u00e9kos egy\u00e9b okb\u00f3l nem felel meg a jelen J\u00e1t\u00e9kszab\u00e1lyzatban \u00edrt szem\u00e9lyi felt\u00e9teleknek.<\/p>\n<h2>6. &nbsp;&nbsp;&nbsp;&nbsp;&nbsp;&nbsp;&nbsp;&nbsp;&nbsp;&nbsp; Adatv\u00e9delem, vegyes rendelkez\u00e9sek<\/h2>\n<p>6.1&nbsp;&nbsp;&nbsp;&nbsp; A J\u00e1t\u00e9kos a P\u00e1ly\u00e1zat elk\u00fcld\u00e9s\u00e9vel kifejezetten \u00e9s \u00f6nk\u00e9ntesen hozz\u00e1j\u00e1rul ahhoz, hogy az \u00e1ltala a Profilj\u00e1n megadott szem\u00e9lyes adatokat a Szervez\u0151 \u00e9s megb\u00edzott adatfeldolgoz\u00f3ja J\u00e1t\u00e9k lebonyol\u00edt\u00e1sa c\u00e9lj\u00e1b\u00f3l felhaszn\u00e1lja \u00e9s kezelje. Az adatok kezel\u00e9s\u00e9t a Szervez\u0151, mint adatkezel\u0151, feldolgoz\u00e1s\u00e1t a Szervez\u0151 megb\u00edz\u00e1s\u00e1b\u00f3l harmadik szem\u00e9ly v\u00e9gzi.<\/p>\n<p>6.2&nbsp;&nbsp;&nbsp;&nbsp;&nbsp;&nbsp;&nbsp; A J\u00e1t\u00e9kosok P\u00e1ly\u00e1zatuk elk\u00fcld\u00e9s\u00e9vel tudom\u00e1sul veszik, \u00e9s kifejezetten hozz\u00e1j\u00e1rulnak ahhoz, hogy:<\/p>\n<p>\u2013 nyertess\u00e9g eset\u00e9n nev\u00fcket a Szervez\u0151 minden tov\u00e1bbi felt\u00e9tel \u00e9s ellen\u00e9rt\u00e9k n\u00e9lk\u00fcl, kiz\u00e1r\u00f3lag a J\u00e1t\u00e9kkal kapcsolatosan nyilv\u00e1noss\u00e1gra hozza Facebook oldal\u00e1n;<\/p>\n<p>6.3&nbsp;&nbsp;&nbsp;&nbsp; A J\u00e1t\u00e9k semmilyen m\u00f3don nem szponzor\u00e1lt a Facebook \u00e1ltal, illetve semmilyen tekintetben nem kapcsol\u00f3dik a Facebook-hoz. Az adatszolg\u00e1ltat\u00e1s nem a Facebook r\u00e9sz\u00e9re, hanem a Szervez\u0151 r\u00e9sz\u00e9re t\u00f6rt\u00e9nik. A szolg\u00e1ltatott adatok kiz\u00e1r\u00f3lag a J\u00e1t\u00e9k lebonyol\u00edt\u00e1sa c\u00e9lj\u00e1b\u00f3l ker\u00fclnek felhaszn\u00e1l\u00e1sra.<\/p>\n<h2>7. &nbsp;&nbsp;&nbsp;&nbsp;&nbsp;&nbsp;&nbsp;&nbsp;&nbsp;&nbsp; Felel\u0151ss\u00e9g<\/h2>\n<p>A Szervez\u0151, illetve a Lebonyol\u00edt\u00f3 kiz\u00e1rja a felel\u0151ss\u00e9g\u00e9t minden, a <a href=\"http:\/\/www.facebook.com\/\">www.facebook.com<\/a> weboldalt, illetve az azt m\u0171k\u00f6dtet\u0151 szervert \u00e9rt k\u00fcls\u0151, \u00fan. SQL t\u00e1mad\u00e1sok est\u00e9re. Teh\u00e1t amennyiben a weboldalt, illetve szervert \u00e9rt t\u00e1mad\u00e1s folyt\u00e1n a J\u00e1t\u00e9kosok t\u00e9ves rendszer\u00fczeneteket kapnak nyerem\u00e9nyeiket, nyertes\/nem nyertes st\u00e1tuszukat, stb. illet\u0151en, \u00fagy ezen esetekre a Szervez\u0151 semminem\u0171 felel\u0151ss\u00e9get nem v\u00e1llal.<\/p>\n<p>Szervez\u0151, illetve Lebonyol\u00edt\u00f3 kiz\u00e1rja a felel\u0151ss\u00e9g\u00e9t a weboldal rajta k\u00edv\u00fcl\u00e1ll\u00f3 okokb\u00f3l t\u00f6rt\u00e9n\u0151 meghib\u00e1sod\u00e1s\u00e1\u00e9rt, amely id\u0151tartam alatt a honlap nem vagy korl\u00e1tozottan haszn\u00e1lhat\u00f3, ugyanakkor halad\u00e9ktalanul megtesz minden sz\u00fcks\u00e9ges int\u00e9zked\u00e9st annak \u00e9rdek\u00e9ben, hogy a hiba ok\u00e1t miel\u0151bb felt\u00e1rja, illetve megsz\u00fcntesse.<\/p>\n<p>Szervez\u0151 fenntartja a jogot, hogy a J\u00e1t\u00e9kszab\u00e1lyt indokolt esetben b\u00e1rmikor megv\u00e1ltoztathassa. A jelen j\u00e1t\u00e9kszab\u00e1lyzatot \u00e9s annak esetleges m\u00f3dos\u00edt\u00e1sait k\u00f6zz\u00e9teszi a&nbsp;<a href=\"https:\/\/monello.hu\/blog\/nyeremenyjatek\/\">https:\/\/monello.hu\/blog\/nyeremenyjatek\/<\/a>&nbsp; weboldal\u00e1n.<\/p>\n<p><strong>Budapest, 2018.November 26.<\/strong><strong><br \/><\/strong><\/p>\n<p><strong>Cirilla Bt.<br \/><\/strong><\/p>\n<p>Szervez\u0151<\/p>\n<h4>&#8230;&#8230;&#8230;..<\/h4>\n<h4>EZ A J\u00c1T\u00c9K M\u00c1R LEZ\u00c1RULT!<\/h4>\n<h4>NYERJ P\u00c1ROS BEL\u00c9P\u0150T A BABAMAMA EXPORA \u00c9S T\u00c9LI KISCSILLAGOT<\/h4>\n<p>Dr\u00e1ga Monello Mamik,<\/p>\n<p>ha szeretn\u00e9tek elj\u00f6nni a BabaMama Expora, \u00e9s vagy szeretn\u00e9tek egy \u00faj T\u00c9LI BABAMELEG\u00cdT\u0150 KISCSILLAGOT, akkor ezt a&nbsp; J \u00c1 T \u00c9 K-ot \u00e9pp nektek tal\u00e1ltuk ki!<\/p>\n<h4><img loading=\"lazy\" decoding=\"async\" class=\"size-full wp-image-3398 aligncenter\" src=\"https:\/\/monello.hu\/wp-content\/uploads\/2018\/11\/BabaMamaExpoJatek.png\" alt=\"nyerj_belepot_a_babamama_expora\" width=\"940\" height=\"788\" srcset=\"https:\/\/www.monello.hu\/wp-content\/uploads\/2018\/11\/BabaMamaExpoJatek.png 940w, https:\/\/www.monello.hu\/wp-content\/uploads\/2018\/11\/BabaMamaExpoJatek-300x251.png 300w, https:\/\/www.monello.hu\/wp-content\/uploads\/2018\/11\/BabaMamaExpoJatek-768x644.png 768w, https:\/\/www.monello.hu\/wp-content\/uploads\/2018\/11\/BabaMamaExpoJatek-600x503.png 600w\" sizes=\"auto, (max-width: 940px) 100vw, 940px\" \/><\/h4>\n<h4>Mit kell tennem, hogy r\u00e9szt vehessek a nyerem\u00e9nyj\u00e1t\u00e9k-ban?<\/h4>\n<p>Csak <strong>v\u00e1laszd ki, a webshopunkr\u00f3l, hogy melyik \u00daj T\u00c9LI Babameleg\u00edt\u0151 Kiscsillagot szeretn\u00e9d megnyerni, <\/strong>\u00edrd meg kommentben a <a href=\"https:\/\/www.facebook.com\/monellobabyandmore\/\">Facebook oldalunk<\/a> kapcsol\u00f3d\u00f3 postj\u00e1hoz,&nbsp; TAGGELD hozz\u00e1 azt a bar\u00e1tn\u0151det akiknek 1db PihePuha PelusP\u00e1rn\u00e1t szeretn\u00e9l nyerni \u00e9s k\u00e9\u00e9\u00e9sz is!<\/p>\n<p>Amennyiben t\u00f6bb, mint 500 helyes komment \u00e9rkezik be:<\/p>\n<p>A j\u00e1t\u00e9k v\u00e9g\u00e9n 2 nyertest sorsolunk.<\/p>\n<h4>H\u00e1l\u00e1san k\u00f6sz\u00f6nj\u00fck az oldal kedvel\u00e9s\u00e9t \u00e9s a nyerem\u00e9nyj\u00e1t\u00e9k megoszt\u00e1s\u00e1t.<\/h4>\n<p>Az oldalunk l\u00e1jkol\u00e1s\u00e1\u00e9rt \u00e9s a j\u00e1t\u00e9k MEGOSZT\u00c1S\u00c1\u00c9RT a kedvenc anyuk\u00e1s csoportjaitokban, az oldalatokon pedig nagyon h\u00e1l\u00e1sak lesz\u00fcnk! ?? De ezek NEM felt\u00e9telei&nbsp; a j\u00e1t\u00e9kban val\u00f3 r\u00e9szv\u00e9telnek.<\/p>\n<p>T\u00f6bbsz\u00f6ri komment\u00e1l\u00e1s megengedett.<\/p>\n<p>?A J \u00c1 T \u00c9 K mostant\u00f3l indul \u00e9s 2018.11.14-\u00e9n eg\u00e9sz nap tart. \u00c9jf\u00e9lkor z\u00e1rul. Sorsol\u00e1s \u00e9s eredm\u00e9nyhirdet\u00e9s 11.15-\u00e9n cs\u00fct\u00f6rt\u00f6k\u00f6n.<br \/>Hajr\u00e1 csajok!<\/p>\n<h4><strong>&nbsp;<\/strong><\/h4>\n<p><strong>Monello baby and more<\/strong><\/p>\n<h4><strong>\u201d<\/strong>NYERJ P\u00c1ROS BEL\u00c9P\u0150T A BABAMAMA EXPORA \u00c9S T\u00c9LI KISCSILLAGOT<strong>\u201d <\/strong><\/h4>\n<p><strong>ELNEVEZ\u00c9S\u0170 VET\u00c9LKED\u0150<\/strong><\/p>\n<p><strong>R\u00c9SZV\u00c9TELI \u00c9S J\u00c1T\u00c9KSZAB\u00c1LYZATA<\/strong><\/p>\n<h2>1.&nbsp;&nbsp;&nbsp;&nbsp;&nbsp; A nyerem\u00e9nyj\u00e1t\u00e9k szervez\u0151je<\/h2>\n<p><strong>\u201eNyerem\u00e9nyj\u00e1t\u00e9k\u201d <\/strong>elnevez\u00e9s\u0171 vet\u00e9lked\u0151 (a tov\u00e1bbiakban: \u201d<strong>J\u00e1t\u00e9k<\/strong>\u201d) szervez\u0151je a Cirilla Bt. (sz\u00e9khely: 1026, Budapest, Bimb\u00f3 \u00fat 131\/A..; ad\u00f3sz\u00e1ma: 21890128-3-41) (tov\u00e1bbiakban: <strong>\u201dSzervez\u0151\u201d<\/strong>).<\/p>\n<h2>2.&nbsp;&nbsp;&nbsp;&nbsp; A j\u00e1t\u00e9kban t\u00f6rt\u00e9n\u0151 r\u00e9szv\u00e9tel felt\u00e9telei<\/h2>\n<p>2.1 A J\u00e1t\u00e9kban kiz\u00e1r\u00f3lag azon \u00e1lland\u00f3, nyilv\u00e1ntartott magyarorsz\u00e1gi lak\u00f3hellyel rendelkez\u0151, 18. \u00e9let\u00e9v\u00e9t bet\u00f6lt\u00f6tt, devizabelf\u00f6ldi, az illet\u00e9kes magyar hat\u00f3s\u00e1g \u00e1ltal kiadott \u00e9rv\u00e9nyes szem\u00e9lyazonos\u00edt\u00f3 igazolv\u00e1nnyal rendelkez\u0151, magyar \u00e1llampolg\u00e1r, a 2.6 pontban meghat\u00e1rozott szem\u00e9lyek k\u00f6r\u00e9be nem es\u0151, saj\u00e1t Facebook profillal (a tov\u00e1bbiakban: \u201dProfil\u201d) rendelkez\u0151 term\u00e9szetes szem\u00e9ly (a tov\u00e1bbiakban: \u201dJ\u00e1t\u00e9kos\u201d) vehet r\u00e9szt, aki a J\u00e1t\u00e9k 4. pontban meghat\u00e1rozott id\u0151tartama alatt a <a href=\"https:\/\/www.facebook.com\/monellobabyandmore\/\">https:\/\/www.facebook.com\/monellobabyandmore\/<\/a> &nbsp;domain alatti weboldalon (a tov\u00e1bbiakban: \u201dHonlap\u201d) tal\u00e1lhat\u00f3 \u201enyerem\u00e9nyj\u00e1t\u00e9k\u201d Facebook tartalomban feltett k\u00e9rd\u00e9sre tartalom alatti kommentben v\u00e1laszol (a tov\u00e1bbiakban: \u201dP\u00e1ly\u00e1zat\u201d), \u00e9s ezzel egy\u00fattal elfogadja a jelen j\u00e1t\u00e9kszab\u00e1lyzatban (a tov\u00e1bbiakban: \u201dJ\u00e1t\u00e9kszab\u00e1lyzat\u201d) le\u00edrt valamennyi felt\u00e9telt.<\/p>\n<p>2.2 Azok a P\u00e1ly\u00e1zatok, melyek a J\u00e1t\u00e9kszab\u00e1lyzatban le\u00edrt alaki \u00e9s tartalmi el\u0151\u00edr\u00e1soknak nem felelnek meg, a J\u00e1t\u00e9kb\u00f3l automatikusan kiz\u00e1r\u00e1sra, m\u00edg az \u00e9rv\u00e9nyes P\u00e1ly\u00e1zatok sz\u00e1m\u00edt\u00f3g\u00e9pes r\u00f6gz\u00edt\u00e9sre ker\u00fclnek.<\/p>\n<p>2.3 A J\u00e1t\u00e9kosok kiz\u00e1r\u00f3lag a saj\u00e1t adataikkal vehetnek r\u00e9szt a J\u00e1t\u00e9kban. A J\u00e1t\u00e9kos a J\u00e1t\u00e9k id\u0151tartama alatt egy P\u00e1ly\u00e1zatot jogosult bek\u00fcldeni. Amennyiben a J\u00e1t\u00e9kos nem a saj\u00e1t maga \u00e1ltal regisztr\u00e1lt Profillal vesz r\u00e9szt a J\u00e1t\u00e9kban, a J\u00e1t\u00e9kkal kapcsolatos, Profil haszn\u00e1lat jogosults\u00e1g\u00e1b\u00f3l fakad\u00f3 vit\u00e1kkal kapcsolatban Szervez\u0151 mindennem\u0171 felel\u0151ss\u00e9get kiz\u00e1r.<\/p>\n<p>2.4 A P\u00e1ly\u00e1zat bek\u00fcld\u00e9s\u00e9vel a J\u00e1t\u00e9kos tudom\u00e1sul veszi, hogy a J\u00e1t\u00e9k tartalma, teljes\u00edtm\u00e9nye, \u00fczenet- \u00e9s adat\u00e1tviteli-, valamint v\u00e1laszad\u00e1si sebess\u00e9ge a kiszolg\u00e1l\u00f3 technol\u00f3gia f\u00fcggv\u00e9nye, \u00e9s ez\u00e1ltal ezeket kedvez\u0151tlen\u00fcl befoly\u00e1solhatja olyan, a Szervez\u0151n k\u00edv\u00fcl\u00e1ll\u00f3 t\u00e9nyez\u0151, mint p\u00e9ld\u00e1ul (de nem kiz\u00e1r\u00f3lagosan) kapcsolati hiba, a szerver sz\u00e1m\u00edt\u00f3g\u00e9pek teljes\u00edtm\u00e9nye, valamint a biztons\u00e1gos h\u00e1l\u00f3zati kapcsolat fenntart\u00e1sa. A Szervez\u0151 az e bekezd\u00e9sben \u00edrtakb\u00f3l fakad\u00f3 mindennem\u0171 felel\u0151ss\u00e9get kiz\u00e1r.<\/p>\n<p>2.5 A P\u00e1ly\u00e1zatokat a J\u00e1t\u00e9kszab\u00e1lyzat felt\u00e9teleinek teljes\u00edt\u00e9se v\u00e9gett a Szervez\u0151 megvizsg\u00e1lhatja, \u00e9s amennyiben azok, illetve az azt bek\u00fcld\u0151 J\u00e1t\u00e9kos b\u00e1rmely okb\u00f3l nem felel meg a J\u00e1t\u00e9kszab\u00e1lyzat felt\u00e9teleinek, \u00fagy az \u00e9rintett J\u00e1t\u00e9kost a J\u00e1t\u00e9kb\u00f3l kiz\u00e1rhatja.<\/p>\n<p>2.6 A J\u00e1t\u00e9kb\u00f3l ki vannak z\u00e1rva a Cirilla bt., valamint a Popart Rekl\u00e1m\u00fcgyn\u00f6ks\u00e9g Kft. alkalmazottai \u00e9s ezen szem\u00e9lyek Polg\u00e1ri t\u00f6rv\u00e9nyk\u00f6nyvr\u0151l sz\u00f3l\u00f3 2013. \u00e9vi V. t\u00f6rv\u00e9ny (a tov\u00e1bbiakban Ptk.) 8:1. \u00a7 (1) bekezd\u00e9s 1. pontj\u00e1ban meghat\u00e1rozott fogalom szerinti k\u00f6zeli hozz\u00e1tartoz\u00f3i, akik a k\u00f6vetkez\u0151 szem\u00e9lyek: a h\u00e1zast\u00e1rs, az egyenes-\u00e1gbeli rokon, az \u00f6r\u00f6kbefogadott, a mostoha- \u00e9s a nevelt gyermek, az \u00f6r\u00f6kbefogad\u00f3-, a mostoha- \u00e9s a nevel\u0151sz\u00fcl\u0151 \u00e9s a testv\u00e9r.<\/p>\n<h2>3.&nbsp;&nbsp;&nbsp;&nbsp; A j\u00e1t\u00e9k le\u00edr\u00e1sa<\/h2>\n<p>A J\u00e1t\u00e9kos a 2.1. pontban le\u00edrtak szerinti el\u00e9r\u00e9s\u00e9t k\u00f6vet\u0151en az oldal \u00fczen\u0151 fal\u00e1ra jut. A J\u00e1t\u00e9k sor\u00e1n a Szervez\u0151 egy \u00faj tartalmat tesz k\u00f6zz\u00e9 \u00fczen\u0151 fal\u00e1n, amely al\u00e1 a J\u00e1t\u00e9kos kommentk\u00e9nt sz\u00f6veges tartalmat \u00edrhat \u00e9s megoszthat m\u00e1sokkal. A Nyertesek a tartalom alatti kommentben a tartalomban feltett k\u00e9rd\u00e9sre v\u00e1laszol\u00f3 J\u00e1t\u00e9kosok k\u00f6z\u00fcl ker\u00fclnek (tov\u00e1bbiakban: \u201eNyertes\/Nyertesek) kisorsol\u00e1sra.<\/p>\n<p><strong>A j\u00e1t\u00e9k id\u0151tartama&nbsp;<\/strong><\/p>\n<p>A J\u00e1t\u00e9k <strong>2018. november 11. napj\u00e1n 8:00 \u00f3ra 30 perct\u0151l 2018. november 14.napj\u00e1n 0 \u00f3ra 00 percig, azaz \u00e9jf\u00e9lig <\/strong>tart. A J\u00e1t\u00e9k kezdete el\u0151tt \u00e9s befejez\u00e9s\u00e9t k\u00f6vet\u0151en bek\u00fcld\u00f6tt P\u00e1ly\u00e1zatok a J\u00e1t\u00e9kban nem vesznek r\u00e9szt.<\/p>\n<h2>4.&nbsp;&nbsp;&nbsp;&nbsp; A j\u00e1t\u00e9k menete, nyerem\u00e9nyek, sorsol\u00e1s<\/h2>\n<p>4.1 Azon J\u00e1t\u00e9kosok k\u00f6z\u00f6tt, akik a tartalom alatti kommentben v\u00e1laszolnak a tartalomban feltett k\u00e9rd\u00e9sre, a Szervez\u0151 a J\u00e1t\u00e9kot k\u00f6vet\u0151en, a v\u00e9letlenszer\u0171s\u00e9g elv\u00e9nek eleget tev\u0151 sz\u00e1m\u00edt\u00f3g\u00e9pes program seg\u00edts\u00e9g\u00e9vel <a href=\"http:\/\/socialwinner.besocial.hu\/\">www.socialwinner.besocial.hu<\/a>&nbsp; kisorsol a helyesen v\u00e1laszol\u00f3 J\u00e1t\u00e9kosok k\u00f6z\u00f6tt, azaz komentel\u0151nk\u00e9nt \u00f6sszesen 1 (egy) darab nyertest, aki megnyeri az \u00e1ltala v\u00e1lasztott Monello baby&amp;more t\u00e9li Babameleg\u00edt\u0151 Kiscsillag \u00e9s a PihePuha PelusP\u00e1rna term\u00e9keket \u00e9s a p\u00e1ros bel\u00e9p\u0151t a BabaMama Expo 2018-ra (nyerem\u00e9ny).<\/p>\n<p><strong>T\u00f6bb komment \u00edr\u00e1sa a tartalom al\u00e1 n\u00f6veli J\u00e1t\u00e9kos es\u00e9lyeit, egy J\u00e1t\u00e9kos nem csak egyszer vesz r\u00e9szt a sorsol\u00e1son. T\u00f6bb komment \u00edr\u00e1sa megengedett.<\/strong><\/p>\n<p>4.2. Az 5.1 pontban \u00edrt <strong>Nyerem\u00e9ny sorsol\u00e1s\u00e1nak id\u0151pontja: 2018. november 15. cs\u00fct\u00f6rt\u00f6k 19:00 \u00f3ra <\/strong>A sorsol\u00e1s helysz\u00edne a Lebonyol\u00edt\u00f3 \u00c1TV\u00c9TELI PONTJA (1026, Budapest Riad\u00f3 utca 7.) A Nyerem\u00e9nyek m\u00e1sra \u00e1t nem ruh\u00e1zhat\u00f3ak, \u00e9s k\u00e9szp\u00e9nzre \u00e1t nem v\u00e1lthat\u00f3ak. A sorsol\u00e1s nem nyilv\u00e1nos.<\/p>\n<p>4.3 A Szervez\u0151 a 5.2 pontban r\u00e9szletezett sorsol\u00e1son \u00f6sszesen 3 darab tartal\u00e9knyertes P\u00e1ly\u00e1zatot sorsol ki. A tartal\u00e9knyertesek abban az esetben v\u00e1lnak jogosultt\u00e1 a Nyerem\u00e9nyre, amennyiben a nyertes nem m\u0171k\u00f6dik egy\u00fctt a Szervez\u0151vel vagy a Lebonyol\u00edt\u00f3val, vagy a Nyerem\u00e9nyt nem veszi \u00e1t, vagy b\u00e1rmely m\u00e1s okb\u00f3l a J\u00e1t\u00e9kb\u00f3l kiz\u00e1r\u00e1sra ker\u00fcl.<\/p>\n<h2>5.&nbsp;&nbsp;&nbsp;&nbsp;&nbsp;&nbsp;&nbsp;&nbsp;&nbsp; Nyertesek \u00e9rtes\u00edt\u00e9se, nyerem\u00e9nyek \u00e1tv\u00e9tele<\/h2>\n<p>5.1 &nbsp;&nbsp;&nbsp;&nbsp; A nyerem\u00e9nyj\u00e1t\u00e9k sor\u00e1n a nyertes azt a Monello baby&amp;more term\u00e9ket\/term\u00e9keket nyeri meg, amit a www.monello.hu webshopr\u00f3l v\u00e1lasztott mag\u00e1nak \u00e9s a j\u00e1t\u00e9k kommentj\u00e9ben meg\u00edrt.<\/p>\n<p>A Szervez\u0151 kiz\u00e1rhatja a J\u00e1t\u00e9kb\u00f3l azt a P\u00e1ly\u00e1zatot, amelyre n\u00e9zve az azt bek\u00fcld\u0151 J\u00e1t\u00e9kos r\u00e9sz\u00e9re a nyerem\u00e9nyt az\u00e9rt nem lehet \u00e1tadni, mert a Profilja nem val\u00f3s, hi\u00e1nyos vagy t\u00e9ves, vagy a P\u00e1ly\u00e1zatot bek\u00fcld\u0151 J\u00e1t\u00e9kos egy\u00e9b okb\u00f3l nem felel meg a jelen J\u00e1t\u00e9kszab\u00e1lyzatban \u00edrt szem\u00e9lyi felt\u00e9teleknek.<\/p>\n<p>5.2 A Lebonyol\u00edt\u00f3 a sorsol\u00e1s id\u0151pontj\u00e1t k\u00f6vet\u0151 legk\u00e9s\u0151bb 3 (h\u00e1rom) munkanapon bel\u00fcl a Honlapon posztban meghirdeti a nyertes J\u00e1t\u00e9kos(ok) nev\u00e9t. A nyerteseknek az \u00c9rtes\u00edt\u00e9s k\u00e9zhezv\u00e9tel\u00e9t k\u00f6vet\u0151 5 (\u00f6t) napon bel\u00fcl k\u00f6telesek a Lebonyol\u00edt\u00f3 r\u00e9sz\u00e9re elk\u00fcldeni adatait. Amennyiben a nyertes a fenti hat\u00e1rid\u0151n bel\u00fcl az \u00c9rtes\u00edt\u00e9sre semmilyen form\u00e1ban nem reag\u00e1l, \u00fagy a nyertes J\u00e1t\u00e9kos kiz\u00e1r\u00e1sra ker\u00fcl, \u00e9s Szervez\u0151 tartal\u00e9knyertest jel\u00f6l ki. A Nyerem\u00e9nyt Lebonyol\u00edt\u00f3 postai \u00faton vagy fut\u00e1rszolg\u00e1lat seg\u00edts\u00e9g\u00e9vel juttatja el a Nyerteshez, az el\u0151tte Nyertessel egyeztetett post\u00e1z\u00e1si c\u00edmre. A Szervez\u0151 fenntartja a jogot arra, hogy a b\u00e1rmely okb\u00f3l elv\u00e1rhat\u00f3 hat\u00e1rid\u0151ben \u00e1t nem vett Nyerem\u00e9nyr\u0151l a sorrendben k\u00f6vetkez\u0151 tartal\u00e9knyertest \u00e9rtes\u00edtse.<\/p>\n<p>5.3 A Szervez\u0151 kiz\u00e1rhatja a J\u00e1t\u00e9kb\u00f3l azt a P\u00e1ly\u00e1zatot, amelyre n\u00e9zve az azt bek\u00fcld\u0151 J\u00e1t\u00e9kos r\u00e9sz\u00e9re a nyerem\u00e9nyt az\u00e9rt nem lehet \u00e1tadni, mert a Profilja nem val\u00f3s, hi\u00e1nyos vagy t\u00e9ves, vagy a P\u00e1ly\u00e1zatot bek\u00fcld\u0151 J\u00e1t\u00e9kos egy\u00e9b okb\u00f3l nem felel meg a jelen J\u00e1t\u00e9kszab\u00e1lyzatban \u00edrt szem\u00e9lyi felt\u00e9teleknek.<\/p>\n<h2>6. &nbsp;&nbsp;&nbsp;&nbsp;&nbsp;&nbsp;&nbsp;&nbsp;&nbsp;&nbsp; Adatv\u00e9delem, vegyes rendelkez\u00e9sek<\/h2>\n<p>6.1&nbsp;&nbsp;&nbsp;&nbsp; A J\u00e1t\u00e9kos a P\u00e1ly\u00e1zat elk\u00fcld\u00e9s\u00e9vel kifejezetten \u00e9s \u00f6nk\u00e9ntesen hozz\u00e1j\u00e1rul ahhoz, hogy az \u00e1ltala a Profilj\u00e1n megadott szem\u00e9lyes adatokat a Szervez\u0151 \u00e9s megb\u00edzott adatfeldolgoz\u00f3ja J\u00e1t\u00e9k lebonyol\u00edt\u00e1sa c\u00e9lj\u00e1b\u00f3l felhaszn\u00e1lja \u00e9s kezelje. Az adatok kezel\u00e9s\u00e9t a Szervez\u0151, mint adatkezel\u0151, feldolgoz\u00e1s\u00e1t a Szervez\u0151 megb\u00edz\u00e1s\u00e1b\u00f3l harmadik szem\u00e9ly v\u00e9gzi.<\/p>\n<p>6.2&nbsp;&nbsp;&nbsp;&nbsp;&nbsp;&nbsp;&nbsp; A J\u00e1t\u00e9kosok P\u00e1ly\u00e1zatuk elk\u00fcld\u00e9s\u00e9vel tudom\u00e1sul veszik, \u00e9s kifejezetten hozz\u00e1j\u00e1rulnak ahhoz, hogy:<\/p>\n<p>\u2013 nyertess\u00e9g eset\u00e9n nev\u00fcket a Szervez\u0151 minden tov\u00e1bbi felt\u00e9tel \u00e9s ellen\u00e9rt\u00e9k n\u00e9lk\u00fcl, kiz\u00e1r\u00f3lag a J\u00e1t\u00e9kkal kapcsolatosan nyilv\u00e1noss\u00e1gra hozza Facebook oldal\u00e1n;<\/p>\n<p>6.3&nbsp;&nbsp;&nbsp;&nbsp; A J\u00e1t\u00e9k semmilyen m\u00f3don nem szponzor\u00e1lt a Facebook \u00e1ltal, illetve semmilyen tekintetben nem kapcsol\u00f3dik a Facebook-hoz. Az adatszolg\u00e1ltat\u00e1s nem a Facebook r\u00e9sz\u00e9re, hanem a Szervez\u0151 r\u00e9sz\u00e9re t\u00f6rt\u00e9nik. A szolg\u00e1ltatott adatok kiz\u00e1r\u00f3lag a J\u00e1t\u00e9k lebonyol\u00edt\u00e1sa c\u00e9lj\u00e1b\u00f3l ker\u00fclnek felhaszn\u00e1l\u00e1sra.<\/p>\n<h2>7. &nbsp;&nbsp;&nbsp;&nbsp;&nbsp;&nbsp;&nbsp;&nbsp;&nbsp;&nbsp; Felel\u0151ss\u00e9g<\/h2>\n<p>A Szervez\u0151, illetve a Lebonyol\u00edt\u00f3 kiz\u00e1rja a felel\u0151ss\u00e9g\u00e9t minden, a <a href=\"http:\/\/www.facebook.com\/\">www.facebook.com<\/a> weboldalt, illetve az azt m\u0171k\u00f6dtet\u0151 szervert \u00e9rt k\u00fcls\u0151, \u00fan. SQL t\u00e1mad\u00e1sok est\u00e9re. Teh\u00e1t amennyiben a weboldalt, illetve szervert \u00e9rt t\u00e1mad\u00e1s folyt\u00e1n a J\u00e1t\u00e9kosok t\u00e9ves rendszer\u00fczeneteket kapnak nyerem\u00e9nyeiket, nyertes\/nem nyertes st\u00e1tuszukat, stb. illet\u0151en, \u00fagy ezen esetekre a Szervez\u0151 semminem\u0171 felel\u0151ss\u00e9get nem v\u00e1llal.<\/p>\n<p>Szervez\u0151, illetve Lebonyol\u00edt\u00f3 kiz\u00e1rja a felel\u0151ss\u00e9g\u00e9t a weboldal rajta k\u00edv\u00fcl\u00e1ll\u00f3 okokb\u00f3l t\u00f6rt\u00e9n\u0151 meghib\u00e1sod\u00e1s\u00e1\u00e9rt, amely id\u0151tartam alatt a honlap nem vagy korl\u00e1tozottan haszn\u00e1lhat\u00f3, ugyanakkor halad\u00e9ktalanul megtesz minden sz\u00fcks\u00e9ges int\u00e9zked\u00e9st annak \u00e9rdek\u00e9ben, hogy a hiba ok\u00e1t miel\u0151bb felt\u00e1rja, illetve megsz\u00fcntesse.<\/p>\n<p>Szervez\u0151 fenntartja a jogot, hogy a J\u00e1t\u00e9kszab\u00e1lyt indokolt esetben b\u00e1rmikor megv\u00e1ltoztathassa. A jelen j\u00e1t\u00e9kszab\u00e1lyzatot \u00e9s annak esetleges m\u00f3dos\u00edt\u00e1sait k\u00f6zz\u00e9teszi a&nbsp;<a href=\"https:\/\/monello.hu\/blog\/nyeremenyjatek\/\">https:\/\/monello.hu\/blog\/nyeremenyjatek\/<\/a>&nbsp; weboldal\u00e1n.<\/p>\n<p><strong>Budapest, 2018.November 11.<\/strong><strong><br \/><\/strong><\/p>\n<p><strong>Cirilla Bt.<br \/><\/strong><\/p>\n<p>Szervez\u0151<\/p>\n<h4>&nbsp;<\/h4>\n<h4>&#8230;&#8230;&#8230;&#8230;&#8230;&#8230;&#8230;&#8230;&#8230;&#8230;&#8230;&#8230;&#8230;.<\/h4>\n<h4>EZ A J\u00c1T\u00c9K M\u00c1R LEZ\u00c1RULT!<br \/>Dr\u00e1ga L\u00e1nyok,<\/h4>\n<p>a Slipstop term\u00e9kei igencsak k\u00f6zel \u00e1llnak a sz\u00edv\u00fcnkh\u00f6z. Mi val\u00f3ban eg\u00e9sz \u00e9vben, szinte minden nap haszn\u00e1ljuk ezeket a szuper cs\u00fasz\u00e1sg\u00e1tl\u00f3 cip\u0151ket, ez\u00e9rt \u00fagy d\u00f6nt\u00f6tt\u00fcnk, hogy k\u00f6z\u00f6sen J \u00c1 T \u00c9 K-ot szervez\u00fcnk nektek, ahol legkedvesebb bar\u00e1tn\u0151t\u00f6knek megnyerhetitek az \u00e1ltala v\u00e1lasztott mint\u00e1j\u00fa \u00e9s m\u00e9ret\u0171 Slipstop cip\u0151t.<br \/>J\u00e1t\u00e9k menete:<br \/>\u00cdrd meg kommentben:<br \/>&#8211; N\u00e9zd meg az el\u00e9rhet\u0151 sz\u00edneket itt: <a href=\"http:\/\/bit.ly\/monello_slipstop\">http:\/\/bit.ly\/monello_slipstop<\/a> &nbsp;\u00e9s \u00edrd meg, hogy melyiket szeretn\u00e9d!<br \/>&#8211; Taggeld, hogy ki az a bar\u00e1tn\u0151d, akinek sz\u00edvesen megnyern\u00e9d? &nbsp;(t\u00f6bbsz\u00f6ri kommentel\u00e9s \u00e9s taggel\u00e9s is \u00e9r.)<br \/>A J \u00c1 T \u00c9 K id\u0151tartama: 2018. november 5-9ig. Sorsol\u00e1s 2018.11.10-\u00e9n!<br \/>A megoszt\u00e1s \u00e9s a j\u00e1t\u00e9k likeol\u00e1sa nem felt\u00e9tel, de nagyon h\u00e1l\u00e1sak vagyunk \u00e9rte, ha min\u00e9l t\u00f6bben j\u00e1tszotok, ez\u00e9rt ismer\u0151s\u00f6ket megh\u00edvni \u00e9r.<br \/>A b\u00e9kess\u00e9g \u00e9rdek\u00e9ben: a Facebook nem lebonyol\u00edt\u00f3, nem sorsol, nem vesz r\u00e9szt a j\u00e1t\u00e9kban!<\/p>\n<p>\u00c9s akkor j\u00f6n a GR\u00c1TISZ H\u00cdREM!<br \/>Ha \u00e1tnavig\u00e1lsz a Slipstop Hungary oldal\u00e1ra, ott pedig egy \u00e1ltalad v\u00e1lasztott Monello \u00d3ri\u00e1s kapucnis t\u00f6r\u00f6lk\u00f6z\u0151\u00e9rt is j\u00e1tszhatsz, amit szint\u00e9n a legjobb mami pajtidnak nyerhetsz meg!<br \/>Egy j\u00e1t\u00e9k nem j\u00e1t\u00e9k, ugye indultok mind a k\u00e9t oldalon, most igaz\u00e1n meg\u00e9ri!<\/p>\n<p>A Monello Facebook oldal\u00e1n fut\u00f3 J\u00e1t\u00e9k szab\u00e1lyzattal kapcsolatos r\u00e9szleteket itt tal\u00e1lod:<\/p>\n<p style=\"text-align: center;\"><strong>Monello baby and more<\/strong><\/p>\n<h4 style=\"text-align: center;\"><strong>\u201d<\/strong><strong>Nyerem\u00e9nyj\u00e1t\u00e9k <\/strong><strong>\u201d <\/strong><\/h4>\n<p style=\"text-align: center;\"><strong>ELNEVEZ\u00c9S\u0170 VET\u00c9LKED\u0150<\/strong><\/p>\n<p style=\"text-align: center;\"><strong>R\u00c9SZV\u00c9TELI \u00c9S J\u00c1T\u00c9KSZAB\u00c1LYZATA<\/strong><\/p>\n<h2>1.&nbsp;&nbsp;&nbsp;&nbsp;&nbsp; A nyerem\u00e9nyj\u00e1t\u00e9k szervez\u0151je<\/h2>\n<p><strong>\u201eNyerem\u00e9nyj\u00e1t\u00e9k\u201d <\/strong>elnevez\u00e9s\u0171 vet\u00e9lked\u0151 (a tov\u00e1bbiakban: \u201d<strong>J\u00e1t\u00e9k<\/strong>\u201d) szervez\u0151je a Cirilla Bt. (sz\u00e9khely: 1026, Budapest, Bimb\u00f3 \u00fat 131\/A; ad\u00f3sz\u00e1ma: 21890128-3-41) (tov\u00e1bbiakban: <strong>\u201dSzervez\u0151\u201d<\/strong>).<\/p>\n<h2>2.&nbsp;&nbsp;&nbsp;&nbsp; A j\u00e1t\u00e9kban t\u00f6rt\u00e9n\u0151 r\u00e9szv\u00e9tel felt\u00e9telei<\/h2>\n<p>2.1 A J\u00e1t\u00e9kban kiz\u00e1r\u00f3lag azon \u00e1lland\u00f3, nyilv\u00e1ntartott magyarorsz\u00e1gi lak\u00f3hellyel rendelkez\u0151, 18. \u00e9let\u00e9v\u00e9t bet\u00f6lt\u00f6tt, devizabelf\u00f6ldi, az illet\u00e9kes magyar hat\u00f3s\u00e1g \u00e1ltal kiadott \u00e9rv\u00e9nyes szem\u00e9lyazonos\u00edt\u00f3 igazolv\u00e1nnyal rendelkez\u0151, magyar \u00e1llampolg\u00e1r, a 2.6 pontban meghat\u00e1rozott szem\u00e9lyek k\u00f6r\u00e9be nem es\u0151, saj\u00e1t Facebook profillal (a tov\u00e1bbiakban: \u201dProfil\u201d) rendelkez\u0151 term\u00e9szetes szem\u00e9ly (a tov\u00e1bbiakban: \u201dJ\u00e1t\u00e9kos\u201d) vehet r\u00e9szt, aki a J\u00e1t\u00e9k 4. pontban meghat\u00e1rozott id\u0151tartama alatt a <a href=\"https:\/\/www.facebook.com\/monellobabyandmore\/\">https:\/\/www.facebook.com\/monellobabyandmore\/<\/a> &nbsp;domain alatti weboldalon (a tov\u00e1bbiakban: \u201dHonlap\u201d) tal\u00e1lhat\u00f3 \u201enyerem\u00e9nyj\u00e1t\u00e9k\u201d Facebook tartalomban feltett k\u00e9rd\u00e9sre tartalom alatti kommentben v\u00e1laszol (a tov\u00e1bbiakban: \u201dP\u00e1ly\u00e1zat\u201d), \u00e9s ezzel egy\u00fattal elfogadja a jelen j\u00e1t\u00e9kszab\u00e1lyzatban (a tov\u00e1bbiakban: \u201dJ\u00e1t\u00e9kszab\u00e1lyzat\u201d) le\u00edrt valamennyi felt\u00e9telt.<\/p>\n<p>2.2 Azok a P\u00e1ly\u00e1zatok, melyek a J\u00e1t\u00e9kszab\u00e1lyzatban le\u00edrt alaki \u00e9s tartalmi el\u0151\u00edr\u00e1soknak nem felelnek meg, a J\u00e1t\u00e9kb\u00f3l automatikusan kiz\u00e1r\u00e1sra, m\u00edg az \u00e9rv\u00e9nyes P\u00e1ly\u00e1zatok sz\u00e1m\u00edt\u00f3g\u00e9pes r\u00f6gz\u00edt\u00e9sre ker\u00fclnek.<\/p>\n<p>2.3 A J\u00e1t\u00e9kosok kiz\u00e1r\u00f3lag a saj\u00e1t adataikkal vehetnek r\u00e9szt a J\u00e1t\u00e9kban. A J\u00e1t\u00e9kos a J\u00e1t\u00e9k id\u0151tartama alatt egy P\u00e1ly\u00e1zatot jogosult bek\u00fcldeni. Amennyiben a J\u00e1t\u00e9kos nem a saj\u00e1t maga \u00e1ltal regisztr\u00e1lt Profillal vesz r\u00e9szt a J\u00e1t\u00e9kban, a J\u00e1t\u00e9kkal kapcsolatos, Profil haszn\u00e1lat jogosults\u00e1g\u00e1b\u00f3l fakad\u00f3 vit\u00e1kkal kapcsolatban Szervez\u0151 mindennem\u0171 felel\u0151ss\u00e9get kiz\u00e1r.<\/p>\n<p>2.4 A P\u00e1ly\u00e1zat bek\u00fcld\u00e9s\u00e9vel a J\u00e1t\u00e9kos tudom\u00e1sul veszi, hogy a J\u00e1t\u00e9k tartalma, teljes\u00edtm\u00e9nye, \u00fczenet- \u00e9s adat\u00e1tviteli-, valamint v\u00e1laszad\u00e1si sebess\u00e9ge a kiszolg\u00e1l\u00f3 technol\u00f3gia f\u00fcggv\u00e9nye, \u00e9s ez\u00e1ltal ezeket kedvez\u0151tlen\u00fcl befoly\u00e1solhatja olyan, a Szervez\u0151n k\u00edv\u00fcl\u00e1ll\u00f3 t\u00e9nyez\u0151, mint p\u00e9ld\u00e1ul (de nem kiz\u00e1r\u00f3lagosan) kapcsolati hiba, a szerver sz\u00e1m\u00edt\u00f3g\u00e9pek teljes\u00edtm\u00e9nye, valamint a biztons\u00e1gos h\u00e1l\u00f3zati kapcsolat fenntart\u00e1sa. A Szervez\u0151 az e bekezd\u00e9sben \u00edrtakb\u00f3l fakad\u00f3 mindennem\u0171 felel\u0151ss\u00e9get kiz\u00e1r.<\/p>\n<p>2.5 A P\u00e1ly\u00e1zatokat a J\u00e1t\u00e9kszab\u00e1lyzat felt\u00e9teleinek teljes\u00edt\u00e9se v\u00e9gett a Szervez\u0151 megvizsg\u00e1lhatja, \u00e9s amennyiben azok, illetve az azt bek\u00fcld\u0151 J\u00e1t\u00e9kos b\u00e1rmely okb\u00f3l nem felel meg a J\u00e1t\u00e9kszab\u00e1lyzat felt\u00e9teleinek, \u00fagy az \u00e9rintett J\u00e1t\u00e9kost a J\u00e1t\u00e9kb\u00f3l kiz\u00e1rhatja.<\/p>\n<p>2.6 A J\u00e1t\u00e9kb\u00f3l ki vannak z\u00e1rva a Cirilla Bt., valamint a Popart Rekl\u00e1m\u00fcgyn\u00f6ks\u00e9g Kft. alkalmazottai \u00e9s ezen szem\u00e9lyek Polg\u00e1ri t\u00f6rv\u00e9nyk\u00f6nyvr\u0151l sz\u00f3l\u00f3 2013. \u00e9vi V. t\u00f6rv\u00e9ny (a tov\u00e1bbiakban Ptk.) 8:1. \u00a7 (1) bekezd\u00e9s 1. pontj\u00e1ban meghat\u00e1rozott fogalom szerinti k\u00f6zeli hozz\u00e1tartoz\u00f3i, akik a k\u00f6vetkez\u0151 szem\u00e9lyek: a h\u00e1zast\u00e1rs, az egyenes-\u00e1gbeli rokon, az \u00f6r\u00f6kbefogadott, a mostoha- \u00e9s a nevelt gyermek, az \u00f6r\u00f6kbefogad\u00f3-, a mostoha- \u00e9s a nevel\u0151sz\u00fcl\u0151 \u00e9s a testv\u00e9r.<\/p>\n<h2>3.&nbsp;&nbsp;&nbsp;&nbsp; A j\u00e1t\u00e9k le\u00edr\u00e1sa<\/h2>\n<p>A J\u00e1t\u00e9kos a 2.1. pontban le\u00edrtak szerinti el\u00e9r\u00e9s\u00e9t k\u00f6vet\u0151en az oldal \u00fczen\u0151 fal\u00e1ra jut. A J\u00e1t\u00e9k sor\u00e1n a Szervez\u0151 egy \u00faj tartalmat tesz k\u00f6zz\u00e9 \u00fczen\u0151 fal\u00e1n, amely al\u00e1 a J\u00e1t\u00e9kos kommentk\u00e9nt sz\u00f6veges tartalmat \u00edrhat \u00e9s megoszthat m\u00e1sokkal. A Nyertesek a tartalom alatti kommentben a tartalomban feltett k\u00e9rd\u00e9sre v\u00e1laszol\u00f3 J\u00e1t\u00e9kosok k\u00f6z\u00fcl ker\u00fclnek (tov\u00e1bbiakban: \u201eNyertes\/Nyertesek) kisorsol\u00e1sra.<\/p>\n<p><strong>A j\u00e1t\u00e9k id\u0151tartama&nbsp;<\/strong><\/p>\n<p>A J\u00e1t\u00e9k <strong>2018. november 5. napj\u00e1n 6:00 \u00f3ra 30 perct\u0151l 2018. november 9. napj\u00e1n 0 \u00f3ra 00 percig, azaz \u00e9jf\u00e9lig <\/strong>tart. A J\u00e1t\u00e9k kezdete el\u0151tt \u00e9s befejez\u00e9s\u00e9t k\u00f6vet\u0151en bek\u00fcld\u00f6tt P\u00e1ly\u00e1zatok a J\u00e1t\u00e9kban nem vesznek r\u00e9szt.<\/p>\n<h2>4.&nbsp;&nbsp;&nbsp;&nbsp; A j\u00e1t\u00e9k menete, nyerem\u00e9nyek, sorsol\u00e1s<\/h2>\n<p>4.1 Azon J\u00e1t\u00e9kosok k\u00f6z\u00f6tt, akik a tartalom alatti kommentben v\u00e1laszolnak a tartalomban feltett k\u00e9rd\u00e9sre, a Szervez\u0151 a J\u00e1t\u00e9kot k\u00f6vet\u0151en, a v\u00e9letlenszer\u0171s\u00e9g elv\u00e9nek eleget tev\u0151 sz\u00e1m\u00edt\u00f3g\u00e9pes program seg\u00edts\u00e9g\u00e9vel <a href=\"http:\/\/socialwinner.besocial.hu\/\">www.random.org<\/a>&nbsp; kisorsol a helyesen v\u00e1laszol\u00f3 J\u00e1t\u00e9kosok k\u00f6z\u00f6tt, azaz komentel\u0151nk\u00e9nt \u00f6sszesen 1 (egy) darab nyertest, aki megnyeri az \u00e1ltala v\u00e1lasztott SlipStop Hungary \u00e1ltal forgalmazott papucsot (nyerem\u00e9ny).<\/p>\n<p><strong>T\u00f6bb komment \u00edr\u00e1sa a tartalom al\u00e1 n\u00f6veli J\u00e1t\u00e9kos es\u00e9lyeit, egy J\u00e1t\u00e9kos nem csak egyszer vesz r\u00e9szt a sorsol\u00e1son. T\u00f6bb komment \u00edr\u00e1sa megengedett.<\/strong><\/p>\n<p>4.2. Az 5.1 pontban \u00edrt <strong>Nyerem\u00e9ny sorsol\u00e1s\u00e1nak id\u0151pontja: 2018. novemer 10. cs\u00fct\u00f6rt\u00f6k 19:00 \u00f3ra <\/strong>A sorsol\u00e1s helysz\u00edne a Lebonyol\u00edt\u00f3 \u00c1TV\u00c9TELI PONTJA (1026, Budapest Riad\u00f3 utca 7.) A Nyerem\u00e9nyek m\u00e1sra \u00e1t nem ruh\u00e1zhat\u00f3ak, \u00e9s k\u00e9szp\u00e9nzre \u00e1t nem v\u00e1lthat\u00f3ak. A sorsol\u00e1s nem nyilv\u00e1nos.<\/p>\n<p>4.3 A Szervez\u0151 a 5.2 pontban r\u00e9szletezett sorsol\u00e1son \u00f6sszesen 3 darab tartal\u00e9knyertes P\u00e1ly\u00e1zatot sorsol ki. A tartal\u00e9knyertesek abban az esetben v\u00e1lnak jogosultt\u00e1 a Nyerem\u00e9nyre, amennyiben a nyertes nem m\u0171k\u00f6dik egy\u00fctt a Szervez\u0151vel vagy a Lebonyol\u00edt\u00f3val, vagy a Nyerem\u00e9nyt nem veszi \u00e1t, vagy b\u00e1rmely m\u00e1s okb\u00f3l a J\u00e1t\u00e9kb\u00f3l kiz\u00e1r\u00e1sra ker\u00fcl.<\/p>\n<h2>5.&nbsp;&nbsp;&nbsp;&nbsp;&nbsp;&nbsp;&nbsp;&nbsp;&nbsp; Nyertesek \u00e9rtes\u00edt\u00e9se, nyerem\u00e9nyek \u00e1tv\u00e9tele<\/h2>\n<p>5.1 &nbsp;&nbsp;&nbsp;&nbsp; A nyerem\u00e9nyj\u00e1t\u00e9k sor\u00e1n a nyertes azt a SlipStop Hungary \u00e1ltal forgalmazott papucsot nyeri meg, amit a <a href=\"http:\/\/bit.ly\/monello_slipstop\">www.slipstop.hu<\/a> webshopr\u00f3l v\u00e1lasztott mag\u00e1nak \u00e9s a j\u00e1t\u00e9k kommentj\u00e9ben meg\u00edrt.<\/p>\n<p>A Szervez\u0151 kiz\u00e1rhatja a J\u00e1t\u00e9kb\u00f3l azt a P\u00e1ly\u00e1zatot, amelyre n\u00e9zve az azt bek\u00fcld\u0151 J\u00e1t\u00e9kos r\u00e9sz\u00e9re a nyerem\u00e9nyt az\u00e9rt nem lehet \u00e1tadni, mert a Profilja nem val\u00f3s, hi\u00e1nyos vagy t\u00e9ves, vagy a P\u00e1ly\u00e1zatot bek\u00fcld\u0151 J\u00e1t\u00e9kos egy\u00e9b okb\u00f3l nem felel meg a jelen J\u00e1t\u00e9kszab\u00e1lyzatban \u00edrt szem\u00e9lyi felt\u00e9teleknek.<\/p>\n<p>5.2 A Lebonyol\u00edt\u00f3 a sorsol\u00e1s id\u0151pontj\u00e1t k\u00f6vet\u0151 legk\u00e9s\u0151bb 3 (h\u00e1rom) munkanapon bel\u00fcl a Honlapon posztban meghirdeti a nyertes J\u00e1t\u00e9kos(ok) nev\u00e9t. A nyerteseknek az \u00c9rtes\u00edt\u00e9s k\u00e9zhezv\u00e9tel\u00e9t k\u00f6vet\u0151 5 (\u00f6t) napon bel\u00fcl k\u00f6telesek a Lebonyol\u00edt\u00f3 r\u00e9sz\u00e9re elk\u00fcldeni adatait. Amennyiben a nyertes a fenti hat\u00e1rid\u0151n bel\u00fcl az \u00c9rtes\u00edt\u00e9sre semmilyen form\u00e1ban nem reag\u00e1l, \u00fagy a nyertes J\u00e1t\u00e9kos kiz\u00e1r\u00e1sra ker\u00fcl, \u00e9s Szervez\u0151 tartal\u00e9knyertest jel\u00f6l ki. A Nyerem\u00e9nyt Lebonyol\u00edt\u00f3 postai \u00faton vagy fut\u00e1rszolg\u00e1lat seg\u00edts\u00e9g\u00e9vel juttatja el a Nyerteshez, az el\u0151tte Nyertessel egyeztetett post\u00e1z\u00e1si c\u00edmre. A Szervez\u0151 fenntartja a jogot arra, hogy a b\u00e1rmely okb\u00f3l elv\u00e1rhat\u00f3 hat\u00e1rid\u0151ben \u00e1t nem vett Nyerem\u00e9nyr\u0151l a sorrendben k\u00f6vetkez\u0151 tartal\u00e9knyertest \u00e9rtes\u00edtse.<\/p>\n<p>5.3 A Szervez\u0151 kiz\u00e1rhatja a J\u00e1t\u00e9kb\u00f3l azt a P\u00e1ly\u00e1zatot, amelyre n\u00e9zve az azt bek\u00fcld\u0151 J\u00e1t\u00e9kos r\u00e9sz\u00e9re a nyerem\u00e9nyt az\u00e9rt nem lehet \u00e1tadni, mert a Profilja nem val\u00f3s, hi\u00e1nyos vagy t\u00e9ves, vagy a P\u00e1ly\u00e1zatot bek\u00fcld\u0151 J\u00e1t\u00e9kos egy\u00e9b okb\u00f3l nem felel meg a jelen J\u00e1t\u00e9kszab\u00e1lyzatban \u00edrt szem\u00e9lyi felt\u00e9teleknek.<\/p>\n<h2>6. &nbsp;&nbsp;&nbsp;&nbsp;&nbsp;&nbsp;&nbsp;&nbsp;&nbsp;&nbsp; Adatv\u00e9delem, vegyes rendelkez\u00e9sek<\/h2>\n<p>6.1&nbsp;&nbsp;&nbsp;&nbsp; A J\u00e1t\u00e9kos a P\u00e1ly\u00e1zat elk\u00fcld\u00e9s\u00e9vel kifejezetten \u00e9s \u00f6nk\u00e9ntesen hozz\u00e1j\u00e1rul ahhoz, hogy az \u00e1ltala a Profilj\u00e1n megadott szem\u00e9lyes adatokat a Szervez\u0151 \u00e9s megb\u00edzott adatfeldolgoz\u00f3ja J\u00e1t\u00e9k lebonyol\u00edt\u00e1sa c\u00e9lj\u00e1b\u00f3l felhaszn\u00e1lja \u00e9s kezelje. Az adatok kezel\u00e9s\u00e9t a Szervez\u0151, mint adatkezel\u0151, feldolgoz\u00e1s\u00e1t a Szervez\u0151 megb\u00edz\u00e1s\u00e1b\u00f3l harmadik szem\u00e9ly v\u00e9gzi.<\/p>\n<p>6.2&nbsp;&nbsp;&nbsp;&nbsp;&nbsp;&nbsp;&nbsp; A J\u00e1t\u00e9kosok P\u00e1ly\u00e1zatuk elk\u00fcld\u00e9s\u00e9vel tudom\u00e1sul veszik, \u00e9s kifejezetten hozz\u00e1j\u00e1rulnak ahhoz, hogy:<\/p>\n<p>&#8211; nyertess\u00e9g eset\u00e9n nev\u00fcket a Szervez\u0151 minden tov\u00e1bbi felt\u00e9tel \u00e9s ellen\u00e9rt\u00e9k n\u00e9lk\u00fcl, kiz\u00e1r\u00f3lag a J\u00e1t\u00e9kkal kapcsolatosan nyilv\u00e1noss\u00e1gra hozza Facebook oldal\u00e1n;<\/p>\n<p>6.3&nbsp;&nbsp;&nbsp;&nbsp; A J\u00e1t\u00e9k semmilyen m\u00f3don nem szponzor\u00e1lt a Facebook \u00e1ltal, illetve semmilyen tekintetben nem kapcsol\u00f3dik a Facebook-hoz. Az adatszolg\u00e1ltat\u00e1s nem a Facebook r\u00e9sz\u00e9re, hanem a Szervez\u0151 r\u00e9sz\u00e9re t\u00f6rt\u00e9nik. A szolg\u00e1ltatott adatok kiz\u00e1r\u00f3lag a J\u00e1t\u00e9k lebonyol\u00edt\u00e1sa c\u00e9lj\u00e1b\u00f3l ker\u00fclnek felhaszn\u00e1l\u00e1sra.<\/p>\n<h2>7. &nbsp;&nbsp;&nbsp;&nbsp;&nbsp;&nbsp;&nbsp;&nbsp;&nbsp;&nbsp; Felel\u0151ss\u00e9g<\/h2>\n<p>A Szervez\u0151, illetve a Lebonyol\u00edt\u00f3 kiz\u00e1rja a felel\u0151ss\u00e9g\u00e9t minden, a <a href=\"http:\/\/www.facebook.com\/\">www.facebook.com<\/a> weboldalt, illetve az azt m\u0171k\u00f6dtet\u0151 szervert \u00e9rt k\u00fcls\u0151, \u00fan. SQL t\u00e1mad\u00e1sok est\u00e9re. Teh\u00e1t amennyiben a weboldalt, illetve szervert \u00e9rt t\u00e1mad\u00e1s folyt\u00e1n a J\u00e1t\u00e9kosok t\u00e9ves rendszer\u00fczeneteket kapnak nyerem\u00e9nyeiket, nyertes\/nem nyertes st\u00e1tuszukat, stb. illet\u0151en, \u00fagy ezen esetekre a Szervez\u0151 semminem\u0171 felel\u0151ss\u00e9get nem v\u00e1llal.<\/p>\n<p>Szervez\u0151, illetve Lebonyol\u00edt\u00f3 kiz\u00e1rja a felel\u0151ss\u00e9g\u00e9t a weboldal rajta k\u00edv\u00fcl\u00e1ll\u00f3 okokb\u00f3l t\u00f6rt\u00e9n\u0151 meghib\u00e1sod\u00e1s\u00e1\u00e9rt, amely id\u0151tartam alatt a honlap nem vagy korl\u00e1tozottan haszn\u00e1lhat\u00f3, ugyanakkor halad\u00e9ktalanul megtesz minden sz\u00fcks\u00e9ges int\u00e9zked\u00e9st annak \u00e9rdek\u00e9ben, hogy a hiba ok\u00e1t miel\u0151bb felt\u00e1rja, illetve megsz\u00fcntesse.<\/p>\n<p>Szervez\u0151 fenntartja a jogot, hogy a J\u00e1t\u00e9kszab\u00e1lyt indokolt esetben b\u00e1rmikor megv\u00e1ltoztathassa. A jelen j\u00e1t\u00e9kszab\u00e1lyzatot \u00e9s annak esetleges m\u00f3dos\u00edt\u00e1sait k\u00f6zz\u00e9teszi a&nbsp;<a href=\"https:\/\/monello.hu\/blog\/nyeremenyjatek\/\">https:\/\/monello.hu\/blog\/nyeremenyjatek\/<\/a>&nbsp; weboldal\u00e1n.<\/p>\n<p><strong>Budapest, 2018. November 5.<\/strong><strong><br \/><\/strong><\/p>\n<p><strong>Cirilla Bt.<br \/><\/strong><\/p>\n<p>Szervez\u0151<\/p>\n<h4>&nbsp;<\/h4>\n<h4>&#8230;&#8230;&#8230;&#8230;&#8230;&#8230;&#8230;&#8230;&#8230;&#8230;&#8230;&#8230;&#8230;&#8230;&#8230;&#8230;&#8230;&#8230;&#8230;&#8230;&#8230;&#8230;&#8230;&#8230;&#8230;&#8230;&#8230;&#8230;&#8230;&#8230;&#8230;&#8230;&#8230;&#8230;&#8230;&#8230;&#8230;&#8230;&#8230;&#8230;&#8230;&#8230;&#8230;.<\/h4>\n<h4>Ez a J \u00c1 T \u00c9 K&nbsp; m\u00e1r lez\u00e1rult. ?<\/h4>\n<p>Dr\u00e1ga Monello Mamik,<\/p>\n<p>az \u0151sz bek\u00f6sz\u00f6nt\u00e9vel, a szomork\u00e1s hangulat el\u0171z\u00e9s\u00e9re J \u00c1 T \u00c9 K-ot ind\u00edtunk.<\/p>\n<p><img loading=\"lazy\" decoding=\"async\" class=\"size-medium wp-image-2856 aligncenter\" src=\"https:\/\/monello.hu\/wp-content\/uploads\/2018\/09\/2018.LimitedKiscsillag-1-300x251.png\" alt=\"\" width=\"300\" height=\"251\" srcset=\"https:\/\/www.monello.hu\/wp-content\/uploads\/2018\/09\/2018.LimitedKiscsillag-1-300x251.png 300w, https:\/\/www.monello.hu\/wp-content\/uploads\/2018\/09\/2018.LimitedKiscsillag-1-768x644.png 768w, https:\/\/www.monello.hu\/wp-content\/uploads\/2018\/09\/2018.LimitedKiscsillag-1-600x503.png 600w, https:\/\/www.monello.hu\/wp-content\/uploads\/2018\/09\/2018.LimitedKiscsillag-1.png 940w\" sizes=\"auto, (max-width: 300px) 100vw, 300px\" \/><\/p>\n<h4>Mit kell tennem, hogy r\u00e9szt vehessek a nyerem\u00e9nyj\u00e1t\u00e9k-ban?<\/h4>\n<p>Csak <strong>v\u00e1laszd ki, a webshopunkr\u00f3l, hogy melyik \u00daj mint\u00e1s Babameleg\u00edt\u0151 Kiscsillagot szeretn\u00e9d megnyerni, kinek \u00e9s mi\u00e9rt,<\/strong> \u00edrd meg kommentben a <a href=\"https:\/\/www.facebook.com\/monellobabyandmore\/\">Facebook oldalunk<\/a> kapcsol\u00f3d\u00f3 postj\u00e1hoz,&nbsp; TAGGELD hozz\u00e1 azt a 2 bar\u00e1tn\u0151det akiknek 1-1db PihePuha PelusP\u00e1rn\u00e1t szeretn\u00e9l nyerni \u00e9s k\u00e9\u00e9\u00e9sz is!<\/p>\n<p>Amennyiben t\u00f6bb, mint 500 helyes komment \u00e9rkezik be:<\/p>\n<p>A j\u00e1t\u00e9k v\u00e9g\u00e9n 2 nyertest sorsolunk.<\/p>\n<h4>H\u00e1l\u00e1san k\u00f6sz\u00f6nj\u00fck az oldal kedvel\u00e9s\u00e9t \u00e9s a nyerem\u00e9nyj\u00e1t\u00e9k megoszt\u00e1s\u00e1t<\/h4>\n<p>Az oldalunk l\u00e1jkol\u00e1s\u00e1\u00e9rt \u00e9s a j\u00e1t\u00e9k MEGOSZT\u00c1S\u00c1\u00c9RT a kedvenc anyuk\u00e1s csoportjaitokban, az oldalatokon pedig nagyon h\u00e1l\u00e1sak lesz\u00fcnk! ?? De ezek NEM felt\u00e9telei&nbsp; a j\u00e1t\u00e9kban val\u00f3 r\u00e9szv\u00e9telnek.<\/p>\n<p>T\u00f6bbsz\u00f6ri komment\u00e1l\u00e1s megengedett.<\/p>\n<p>?A J \u00c1 T \u00c9 K mostant\u00f3l indul \u00e9s 2018.09.12-\u00e9n eg\u00e9sz nap tart. \u00c9jf\u00e9lkor z\u00e1rul. Sorsol\u00e1s \u00e9s eredm\u00e9nyhirdet\u00e9s 09.13-\u00e1n cs\u00fct\u00f6rt\u00f6k\u00f6n.<br \/>Hajr\u00e1 csajok!<\/p>\n<h4><strong>&nbsp;<\/strong><\/h4>\n<p style=\"text-align: center;\"><strong>Monello baby and more<\/strong><\/p>\n<h4 style=\"text-align: center;\"><strong>\u201d<\/strong><strong>Nyerem\u00e9nyj\u00e1t\u00e9k <\/strong><strong>\u201d <\/strong><\/h4>\n<p style=\"text-align: center;\"><strong>ELNEVEZ\u00c9S\u0170 VET\u00c9LKED\u0150<\/strong><\/p>\n<p style=\"text-align: center;\"><strong>R\u00c9SZV\u00c9TELI \u00c9S J\u00c1T\u00c9KSZAB\u00c1LYZATA<\/strong><\/p>\n<h2>1.&nbsp;&nbsp;&nbsp;&nbsp;&nbsp; A nyerem\u00e9nyj\u00e1t\u00e9k szervez\u0151je<\/h2>\n<p><strong>\u201eNyerem\u00e9nyj\u00e1t\u00e9k\u201d <\/strong>elnevez\u00e9s\u0171 vet\u00e9lked\u0151 (a tov\u00e1bbiakban: \u201d<strong>J\u00e1t\u00e9k<\/strong>\u201d) szervez\u0151je a Voit Eszter E.V. (sz\u00e9khely: 1054, Budapest, Zolt\u00e1n utca 10..; ad\u00f3sz\u00e1ma: 68218829-1-41) (tov\u00e1bbiakban: <strong>\u201dSzervez\u0151\u201d<\/strong>).<\/p>\n<h2>2.&nbsp;&nbsp;&nbsp;&nbsp; A j\u00e1t\u00e9kban t\u00f6rt\u00e9n\u0151 r\u00e9szv\u00e9tel felt\u00e9telei<\/h2>\n<p>2.1 A J\u00e1t\u00e9kban kiz\u00e1r\u00f3lag azon \u00e1lland\u00f3, nyilv\u00e1ntartott magyarorsz\u00e1gi lak\u00f3hellyel rendelkez\u0151, 18. \u00e9let\u00e9v\u00e9t bet\u00f6lt\u00f6tt, devizabelf\u00f6ldi, az illet\u00e9kes magyar hat\u00f3s\u00e1g \u00e1ltal kiadott \u00e9rv\u00e9nyes szem\u00e9lyazonos\u00edt\u00f3 igazolv\u00e1nnyal rendelkez\u0151, magyar \u00e1llampolg\u00e1r, a 2.6 pontban meghat\u00e1rozott szem\u00e9lyek k\u00f6r\u00e9be nem es\u0151, saj\u00e1t Facebook profillal (a tov\u00e1bbiakban: \u201dProfil\u201d) rendelkez\u0151 term\u00e9szetes szem\u00e9ly (a tov\u00e1bbiakban: \u201dJ\u00e1t\u00e9kos\u201d) vehet r\u00e9szt, aki a J\u00e1t\u00e9k 4. pontban meghat\u00e1rozott id\u0151tartama alatt a <a href=\"https:\/\/www.facebook.com\/monellobabyandmore\/\">https:\/\/www.facebook.com\/monellobabyandmore\/<\/a> &nbsp;domain alatti weboldalon (a tov\u00e1bbiakban: \u201dHonlap\u201d) tal\u00e1lhat\u00f3 \u201enyerem\u00e9nyj\u00e1t\u00e9k\u201d Facebook tartalomban feltett k\u00e9rd\u00e9sre tartalom alatti kommentben v\u00e1laszol (a tov\u00e1bbiakban: \u201dP\u00e1ly\u00e1zat\u201d), \u00e9s ezzel egy\u00fattal elfogadja a jelen j\u00e1t\u00e9kszab\u00e1lyzatban (a tov\u00e1bbiakban: \u201dJ\u00e1t\u00e9kszab\u00e1lyzat\u201d) le\u00edrt valamennyi felt\u00e9telt.<\/p>\n<p>2.2 Azok a P\u00e1ly\u00e1zatok, melyek a J\u00e1t\u00e9kszab\u00e1lyzatban le\u00edrt alaki \u00e9s tartalmi el\u0151\u00edr\u00e1soknak nem felelnek meg, a J\u00e1t\u00e9kb\u00f3l automatikusan kiz\u00e1r\u00e1sra, m\u00edg az \u00e9rv\u00e9nyes P\u00e1ly\u00e1zatok sz\u00e1m\u00edt\u00f3g\u00e9pes r\u00f6gz\u00edt\u00e9sre ker\u00fclnek.<\/p>\n<p>2.3 A J\u00e1t\u00e9kosok kiz\u00e1r\u00f3lag a saj\u00e1t adataikkal vehetnek r\u00e9szt a J\u00e1t\u00e9kban. A J\u00e1t\u00e9kos a J\u00e1t\u00e9k id\u0151tartama alatt egy P\u00e1ly\u00e1zatot jogosult bek\u00fcldeni. Amennyiben a J\u00e1t\u00e9kos nem a saj\u00e1t maga \u00e1ltal regisztr\u00e1lt Profillal vesz r\u00e9szt a J\u00e1t\u00e9kban, a J\u00e1t\u00e9kkal kapcsolatos, Profil haszn\u00e1lat jogosults\u00e1g\u00e1b\u00f3l fakad\u00f3 vit\u00e1kkal kapcsolatban Szervez\u0151 mindennem\u0171 felel\u0151ss\u00e9get kiz\u00e1r.<\/p>\n<p>2.4 A P\u00e1ly\u00e1zat bek\u00fcld\u00e9s\u00e9vel a J\u00e1t\u00e9kos tudom\u00e1sul veszi, hogy a J\u00e1t\u00e9k tartalma, teljes\u00edtm\u00e9nye, \u00fczenet- \u00e9s adat\u00e1tviteli-, valamint v\u00e1laszad\u00e1si sebess\u00e9ge a kiszolg\u00e1l\u00f3 technol\u00f3gia f\u00fcggv\u00e9nye, \u00e9s ez\u00e1ltal ezeket kedvez\u0151tlen\u00fcl befoly\u00e1solhatja olyan, a Szervez\u0151n k\u00edv\u00fcl\u00e1ll\u00f3 t\u00e9nyez\u0151, mint p\u00e9ld\u00e1ul (de nem kiz\u00e1r\u00f3lagosan) kapcsolati hiba, a szerver sz\u00e1m\u00edt\u00f3g\u00e9pek teljes\u00edtm\u00e9nye, valamint a biztons\u00e1gos h\u00e1l\u00f3zati kapcsolat fenntart\u00e1sa. A Szervez\u0151 az e bekezd\u00e9sben \u00edrtakb\u00f3l fakad\u00f3 mindennem\u0171 felel\u0151ss\u00e9get kiz\u00e1r.<\/p>\n<p>2.5 A P\u00e1ly\u00e1zatokat a J\u00e1t\u00e9kszab\u00e1lyzat felt\u00e9teleinek teljes\u00edt\u00e9se v\u00e9gett a Szervez\u0151 megvizsg\u00e1lhatja, \u00e9s amennyiben azok, illetve az azt bek\u00fcld\u0151 J\u00e1t\u00e9kos b\u00e1rmely okb\u00f3l nem felel meg a J\u00e1t\u00e9kszab\u00e1lyzat felt\u00e9teleinek, \u00fagy az \u00e9rintett J\u00e1t\u00e9kost a J\u00e1t\u00e9kb\u00f3l kiz\u00e1rhatja.<\/p>\n<p>2.6 A J\u00e1t\u00e9kb\u00f3l ki vannak z\u00e1rva a Voit Eszter E.V., valamint a Popart Rekl\u00e1m\u00fcgyn\u00f6ks\u00e9g Kft. alkalmazottai \u00e9s ezen szem\u00e9lyek Polg\u00e1ri t\u00f6rv\u00e9nyk\u00f6nyvr\u0151l sz\u00f3l\u00f3 2013. \u00e9vi V. t\u00f6rv\u00e9ny (a tov\u00e1bbiakban Ptk.) 8:1. \u00a7 (1) bekezd\u00e9s 1. pontj\u00e1ban meghat\u00e1rozott fogalom szerinti k\u00f6zeli hozz\u00e1tartoz\u00f3i, akik a k\u00f6vetkez\u0151 szem\u00e9lyek: a h\u00e1zast\u00e1rs, az egyenes-\u00e1gbeli rokon, az \u00f6r\u00f6kbefogadott, a mostoha- \u00e9s a nevelt gyermek, az \u00f6r\u00f6kbefogad\u00f3-, a mostoha- \u00e9s a nevel\u0151sz\u00fcl\u0151 \u00e9s a testv\u00e9r.<\/p>\n<h2>3.&nbsp;&nbsp;&nbsp;&nbsp; A j\u00e1t\u00e9k le\u00edr\u00e1sa<\/h2>\n<p>A J\u00e1t\u00e9kos a 2.1. pontban le\u00edrtak szerinti el\u00e9r\u00e9s\u00e9t k\u00f6vet\u0151en az oldal \u00fczen\u0151 fal\u00e1ra jut. A J\u00e1t\u00e9k sor\u00e1n a Szervez\u0151 egy \u00faj tartalmat tesz k\u00f6zz\u00e9 \u00fczen\u0151 fal\u00e1n, amely al\u00e1 a J\u00e1t\u00e9kos kommentk\u00e9nt sz\u00f6veges tartalmat \u00edrhat \u00e9s megoszthat m\u00e1sokkal. A Nyertesek a tartalom alatti kommentben a tartalomban feltett k\u00e9rd\u00e9sre v\u00e1laszol\u00f3 J\u00e1t\u00e9kosok k\u00f6z\u00fcl ker\u00fclnek (tov\u00e1bbiakban: \u201eNyertes\/Nyertesek) kisorsol\u00e1sra.<\/p>\n<p><strong>A j\u00e1t\u00e9k id\u0151tartama&nbsp;<\/strong><\/p>\n<p>A J\u00e1t\u00e9k <strong>2018. szeptember 6. napj\u00e1n 12:00 \u00f3ra 00 perct\u0151l 2018. szeptember 12. napj\u00e1n 0 \u00f3ra 00 percig, azaz \u00e9jf\u00e9lig <\/strong>tart. A J\u00e1t\u00e9k kezdete el\u0151tt \u00e9s befejez\u00e9s\u00e9t k\u00f6vet\u0151en bek\u00fcld\u00f6tt P\u00e1ly\u00e1zatok a J\u00e1t\u00e9kban nem vesznek r\u00e9szt.<\/p>\n<h2>4.&nbsp;&nbsp;&nbsp;&nbsp; A j\u00e1t\u00e9k menete, nyerem\u00e9nyek, sorsol\u00e1s<\/h2>\n<p>4.1 Azon J\u00e1t\u00e9kosok k\u00f6z\u00f6tt, akik a tartalom alatti kommentben v\u00e1laszolnak a tartalomban feltett k\u00e9rd\u00e9sre, a Szervez\u0151 a J\u00e1t\u00e9kot k\u00f6vet\u0151en, a v\u00e9letlenszer\u0171s\u00e9g elv\u00e9nek eleget tev\u0151 sz\u00e1m\u00edt\u00f3g\u00e9pes program seg\u00edts\u00e9g\u00e9vel <a href=\"http:\/\/www.random.org\">www.random.org<\/a>&nbsp; kisorsol a helyesen v\u00e1laszol\u00f3 J\u00e1t\u00e9kosok k\u00f6z\u00f6tt, azaz komentel\u0151nk\u00e9nt \u00f6sszesen 2 (egy) darab nyertest, aki megnyeri az \u00e1ltala v\u00e1lasztott Monello baby and more term\u00e9ket (nyerem\u00e9ny).<\/p>\n<p><strong>T\u00f6bb komment \u00edr\u00e1sa a tartalom al\u00e1 n\u00f6veli J\u00e1t\u00e9kos es\u00e9lyeit, egy J\u00e1t\u00e9kos nem csak egyszer vesz r\u00e9szt a sorsol\u00e1son. T\u00f6bb komment \u00edr\u00e1sa megengedett.<\/strong><\/p>\n<p>4.2. Az 5.1 pontban \u00edrt <strong>Nyerem\u00e9ny sorsol\u00e1s\u00e1nak id\u0151pontja: 2018. szeptember 13. cs\u00fct\u00f6rt\u00f6k 19:00 \u00f3ra <\/strong>A sorsol\u00e1s helysz\u00edne a Lebonyol\u00edt\u00f3 \u00c1TV\u00c9TELI PONTJA (1026, Budapest Riad\u00f3 utca 7.) A Nyerem\u00e9nyek m\u00e1sra \u00e1t nem ruh\u00e1zhat\u00f3ak, \u00e9s k\u00e9szp\u00e9nzre \u00e1t nem v\u00e1lthat\u00f3ak. A sorsol\u00e1s nem nyilv\u00e1nos.<\/p>\n<p>4.3 A Szervez\u0151 a 5.2 pontban r\u00e9szletezett sorsol\u00e1son \u00f6sszesen 3 darab tartal\u00e9knyertes P\u00e1ly\u00e1zatot sorsol ki. A tartal\u00e9knyertesek abban az esetben v\u00e1lnak jogosultt\u00e1 a Nyerem\u00e9nyre, amennyiben a nyertes nem m\u0171k\u00f6dik egy\u00fctt a Szervez\u0151vel vagy a Lebonyol\u00edt\u00f3val, vagy a Nyerem\u00e9nyt nem veszi \u00e1t, vagy b\u00e1rmely m\u00e1s okb\u00f3l a J\u00e1t\u00e9kb\u00f3l kiz\u00e1r\u00e1sra ker\u00fcl.<\/p>\n<h2>5.&nbsp;&nbsp;&nbsp;&nbsp;&nbsp;&nbsp;&nbsp;&nbsp;&nbsp; Nyertesek \u00e9rtes\u00edt\u00e9se, nyerem\u00e9nyek \u00e1tv\u00e9tele<\/h2>\n<p>5.1 &nbsp;&nbsp;&nbsp;&nbsp; A nyerem\u00e9nyj\u00e1t\u00e9k sor\u00e1n a nyertes azt a Monello baby&amp;more term\u00e9ket\/term\u00e9keket nyeri meg, amit a www.monello.hu webshopr\u00f3l v\u00e1lasztott mag\u00e1nak \u00e9s a j\u00e1t\u00e9k kommentj\u00e9ben meg\u00edrt.<\/p>\n<p>A Szervez\u0151 kiz\u00e1rhatja a J\u00e1t\u00e9kb\u00f3l azt a P\u00e1ly\u00e1zatot, amelyre n\u00e9zve az azt bek\u00fcld\u0151 J\u00e1t\u00e9kos r\u00e9sz\u00e9re a nyerem\u00e9nyt az\u00e9rt nem lehet \u00e1tadni, mert a Profilja nem val\u00f3s, hi\u00e1nyos vagy t\u00e9ves, vagy a P\u00e1ly\u00e1zatot bek\u00fcld\u0151 J\u00e1t\u00e9kos egy\u00e9b okb\u00f3l nem felel meg a jelen J\u00e1t\u00e9kszab\u00e1lyzatban \u00edrt szem\u00e9lyi felt\u00e9teleknek.<\/p>\n<p>5.2 A Lebonyol\u00edt\u00f3 a sorsol\u00e1s id\u0151pontj\u00e1t k\u00f6vet\u0151 legk\u00e9s\u0151bb 3 (h\u00e1rom) munkanapon bel\u00fcl a Honlapon posztban meghirdeti a nyertes J\u00e1t\u00e9kos(ok) nev\u00e9t. A nyerteseknek az \u00c9rtes\u00edt\u00e9s k\u00e9zhezv\u00e9tel\u00e9t k\u00f6vet\u0151 5 (\u00f6t) napon bel\u00fcl k\u00f6telesek a Lebonyol\u00edt\u00f3 r\u00e9sz\u00e9re elk\u00fcldeni adatait. Amennyiben a nyertes a fenti hat\u00e1rid\u0151n bel\u00fcl az \u00c9rtes\u00edt\u00e9sre semmilyen form\u00e1ban nem reag\u00e1l, \u00fagy a nyertes J\u00e1t\u00e9kos kiz\u00e1r\u00e1sra ker\u00fcl, \u00e9s Szervez\u0151 tartal\u00e9knyertest jel\u00f6l ki. A Nyerem\u00e9nyt Lebonyol\u00edt\u00f3 postai \u00faton vagy fut\u00e1rszolg\u00e1lat seg\u00edts\u00e9g\u00e9vel juttatja el a Nyerteshez, az el\u0151tte Nyertessel egyeztetett post\u00e1z\u00e1si c\u00edmre. A Szervez\u0151 fenntartja a jogot arra, hogy a b\u00e1rmely okb\u00f3l elv\u00e1rhat\u00f3 hat\u00e1rid\u0151ben \u00e1t nem vett Nyerem\u00e9nyr\u0151l a sorrendben k\u00f6vetkez\u0151 tartal\u00e9knyertest \u00e9rtes\u00edtse.<\/p>\n<p>5.3 A Szervez\u0151 kiz\u00e1rhatja a J\u00e1t\u00e9kb\u00f3l azt a P\u00e1ly\u00e1zatot, amelyre n\u00e9zve az azt bek\u00fcld\u0151 J\u00e1t\u00e9kos r\u00e9sz\u00e9re a nyerem\u00e9nyt az\u00e9rt nem lehet \u00e1tadni, mert a Profilja nem val\u00f3s, hi\u00e1nyos vagy t\u00e9ves, vagy a P\u00e1ly\u00e1zatot bek\u00fcld\u0151 J\u00e1t\u00e9kos egy\u00e9b okb\u00f3l nem felel meg a jelen J\u00e1t\u00e9kszab\u00e1lyzatban \u00edrt szem\u00e9lyi felt\u00e9teleknek.<\/p>\n<h2>6. &nbsp;&nbsp;&nbsp;&nbsp;&nbsp;&nbsp;&nbsp;&nbsp;&nbsp;&nbsp; Adatv\u00e9delem, vegyes rendelkez\u00e9sek<\/h2>\n<p>6.1&nbsp;&nbsp;&nbsp;&nbsp; A J\u00e1t\u00e9kos a P\u00e1ly\u00e1zat elk\u00fcld\u00e9s\u00e9vel kifejezetten \u00e9s \u00f6nk\u00e9ntesen hozz\u00e1j\u00e1rul ahhoz, hogy az \u00e1ltala a Profilj\u00e1n megadott szem\u00e9lyes adatokat a Szervez\u0151 \u00e9s megb\u00edzott adatfeldolgoz\u00f3ja J\u00e1t\u00e9k lebonyol\u00edt\u00e1sa c\u00e9lj\u00e1b\u00f3l felhaszn\u00e1lja \u00e9s kezelje. Az adatok kezel\u00e9s\u00e9t a Szervez\u0151, mint adatkezel\u0151, feldolgoz\u00e1s\u00e1t a Szervez\u0151 megb\u00edz\u00e1s\u00e1b\u00f3l harmadik szem\u00e9ly v\u00e9gzi.<\/p>\n<p>6.2&nbsp;&nbsp;&nbsp;&nbsp;&nbsp;&nbsp;&nbsp; A J\u00e1t\u00e9kosok P\u00e1ly\u00e1zatuk elk\u00fcld\u00e9s\u00e9vel tudom\u00e1sul veszik, \u00e9s kifejezetten hozz\u00e1j\u00e1rulnak ahhoz, hogy:<\/p>\n<p>&#8211; nyertess\u00e9g eset\u00e9n nev\u00fcket a Szervez\u0151 minden tov\u00e1bbi felt\u00e9tel \u00e9s ellen\u00e9rt\u00e9k n\u00e9lk\u00fcl, kiz\u00e1r\u00f3lag a J\u00e1t\u00e9kkal kapcsolatosan nyilv\u00e1noss\u00e1gra hozza Facebook oldal\u00e1n;<\/p>\n<p>6.3&nbsp;&nbsp;&nbsp;&nbsp; A J\u00e1t\u00e9k semmilyen m\u00f3don nem szponzor\u00e1lt a Facebook \u00e1ltal, illetve semmilyen tekintetben nem kapcsol\u00f3dik a Facebook-hoz. Az adatszolg\u00e1ltat\u00e1s nem a Facebook r\u00e9sz\u00e9re, hanem a Szervez\u0151 r\u00e9sz\u00e9re t\u00f6rt\u00e9nik. A szolg\u00e1ltatott adatok kiz\u00e1r\u00f3lag a J\u00e1t\u00e9k lebonyol\u00edt\u00e1sa c\u00e9lj\u00e1b\u00f3l ker\u00fclnek felhaszn\u00e1l\u00e1sra.<\/p>\n<h2>7. &nbsp;&nbsp;&nbsp;&nbsp;&nbsp;&nbsp;&nbsp;&nbsp;&nbsp;&nbsp; Felel\u0151ss\u00e9g<\/h2>\n<p>A Szervez\u0151, illetve a Lebonyol\u00edt\u00f3 kiz\u00e1rja a felel\u0151ss\u00e9g\u00e9t minden, a <a href=\"http:\/\/www.facebook.com\/\">www.facebook.com<\/a> weboldalt, illetve az azt m\u0171k\u00f6dtet\u0151 szervert \u00e9rt k\u00fcls\u0151, \u00fan. SQL t\u00e1mad\u00e1sok est\u00e9re. Teh\u00e1t amennyiben a weboldalt, illetve szervert \u00e9rt t\u00e1mad\u00e1s folyt\u00e1n a J\u00e1t\u00e9kosok t\u00e9ves rendszer\u00fczeneteket kapnak nyerem\u00e9nyeiket, nyertes\/nem nyertes st\u00e1tuszukat, stb. illet\u0151en, \u00fagy ezen esetekre a Szervez\u0151 semminem\u0171 felel\u0151ss\u00e9get nem v\u00e1llal.<\/p>\n<p>Szervez\u0151, illetve Lebonyol\u00edt\u00f3 kiz\u00e1rja a felel\u0151ss\u00e9g\u00e9t a weboldal rajta k\u00edv\u00fcl\u00e1ll\u00f3 okokb\u00f3l t\u00f6rt\u00e9n\u0151 meghib\u00e1sod\u00e1s\u00e1\u00e9rt, amely id\u0151tartam alatt a honlap nem vagy korl\u00e1tozottan haszn\u00e1lhat\u00f3, ugyanakkor halad\u00e9ktalanul megtesz minden sz\u00fcks\u00e9ges int\u00e9zked\u00e9st annak \u00e9rdek\u00e9ben, hogy a hiba ok\u00e1t miel\u0151bb felt\u00e1rja, illetve megsz\u00fcntesse.<\/p>\n<p>Szervez\u0151 fenntartja a jogot, hogy a J\u00e1t\u00e9kszab\u00e1lyt indokolt esetben b\u00e1rmikor megv\u00e1ltoztathassa. A jelen j\u00e1t\u00e9kszab\u00e1lyzatot \u00e9s annak esetleges m\u00f3dos\u00edt\u00e1sait k\u00f6zz\u00e9teszi a&nbsp;<a href=\"https:\/\/monello.hu\/blog\/nyeremenyjatek\/\">https:\/\/monello.hu\/blog\/nyeremenyjatek\/<\/a>&nbsp; weboldal\u00e1n.<\/p>\n<p><strong>Budapest, 2018. Szeptember 6.<\/strong><strong><br \/><\/strong><\/p>\n<p><strong>Voit Eszter E.V.<\/strong><\/p>\n<p>Szervez\u0151<\/p>","protected":false},"excerpt":{"rendered":"<p>&#8222;Mosni ny\u00e1ron is kell&#8221; elnevez\u00e9s\u0171 Instagram Nyerem\u00e9nyj\u00e1t\u00e9k szab\u00e1lyzat 1. A j\u00e1t\u00e9k szervez\u0151jeA j\u00e1t\u00e9k szervez\u0151je Monello baby&amp;more Bt. (sz\u00e9khely: 1126 Budapest, M\u00e1rv\u00e1ny utca 26. 3. em. 20.; ad\u00f3sz\u00e1ma: 21890428-2-43), a tov\u00e1bbiakban: \u201eSzervez\u0151\u201d. 2. A j\u00e1t\u00e9k lebonyol\u00edt\u00f3jaA j\u00e1t\u00e9k lebonyol\u00edt\u00f3ja megegyezik a szervez\u0151vel. 3. A j\u00e1t\u00e9kban val\u00f3 r\u00e9szv\u00e9tel felt\u00e9teleiA j\u00e1t\u00e9kban r\u00e9szt vehet minden 18. \u00e9let\u00e9v\u00e9t bet\u00f6lt\u00f6tt, magyarorsz\u00e1gi lak\u00f3hellyel [&hellip;]<\/p>\n","protected":false},"author":33,"featured_media":0,"parent":2033,"menu_order":0,"comment_status":"closed","ping_status":"closed","template":"","meta":{"footnotes":""},"class_list":["post-2213","page","type-page","status-publish","hentry"],"yoast_head":"<!-- This site is optimized with the Yoast SEO plugin v27.3 - https:\/\/yoast.com\/product\/yoast-seo-wordpress\/ -->\n<title>J\u00c1T\u00c9K - Monello baby&amp;more<\/title>\n<meta name=\"description\" content=\"Ap\u00e1k Napi nyerem\u00e9nyj\u00e1t\u00e9k a Monello baby&amp;more Facebook oldal\u00e1n. Nyerd meg az \u00e1ltalad v\u00e1lasztott Monello baby&amp;more term\u00e9ket. Nyerd meg, amire v\u00e1gysz!\" \/>\n<meta name=\"robots\" content=\"index, follow, max-snippet:-1, max-image-preview:large, max-video-preview:-1\" \/>\n<link rel=\"canonical\" href=\"https:\/\/www.monello.hu\/en\/blog\/nyeremenyjatek\/\" \/>\n<meta property=\"og:locale\" content=\"en_GB\" \/>\n<meta property=\"og:type\" content=\"article\" \/>\n<meta property=\"og:title\" content=\"J\u00c1T\u00c9K - Monello baby&amp;more\" \/>\n<meta property=\"og:description\" content=\"Ap\u00e1k Napi nyerem\u00e9nyj\u00e1t\u00e9k a Monello baby&amp;more Facebook oldal\u00e1n. Nyerd meg az \u00e1ltalad v\u00e1lasztott Monello baby&amp;more term\u00e9ket. Nyerd meg, amire v\u00e1gysz!\" \/>\n<meta property=\"og:url\" content=\"https:\/\/www.monello.hu\/en\/blog\/nyeremenyjatek\/\" \/>\n<meta property=\"og:site_name\" content=\"Monello baby&amp;more\" \/>\n<meta property=\"article:publisher\" content=\"https:\/\/www.facebook.com\/monellobabyandmore\/\" \/>\n<meta property=\"article:modified_time\" content=\"2025-07-11T14:57:57+00:00\" \/>\n<meta property=\"og:image\" content=\"https:\/\/www.monello.hu\/wp-content\/uploads\/2025\/07\/Lovel_Monello_Jatek.png\" \/>\n\t<meta property=\"og:image:width\" content=\"1080\" \/>\n\t<meta property=\"og:image:height\" content=\"1080\" \/>\n\t<meta property=\"og:image:type\" content=\"image\/png\" \/>\n<meta name=\"twitter:card\" content=\"summary_large_image\" \/>\n<meta name=\"twitter:label1\" content=\"Estimated reading time\" \/>\n\t<meta name=\"twitter:data1\" content=\"106 minutes\" \/>\n<script type=\"application\/ld+json\" class=\"yoast-schema-graph\">{\"@context\":\"https:\\\/\\\/schema.org\",\"@graph\":[{\"@type\":\"WebPage\",\"@id\":\"https:\\\/\\\/www.monello.hu\\\/blog\\\/nyeremenyjatek\\\/\",\"url\":\"https:\\\/\\\/www.monello.hu\\\/blog\\\/nyeremenyjatek\\\/\",\"name\":\"J\u00c1T\u00c9K - Monello baby&amp;more\",\"isPartOf\":{\"@id\":\"https:\\\/\\\/www.monello.hu\\\/#website\"},\"primaryImageOfPage\":{\"@id\":\"https:\\\/\\\/www.monello.hu\\\/blog\\\/nyeremenyjatek\\\/#primaryimage\"},\"image\":{\"@id\":\"https:\\\/\\\/www.monello.hu\\\/blog\\\/nyeremenyjatek\\\/#primaryimage\"},\"thumbnailUrl\":\"https:\\\/\\\/www.monello.hu\\\/wp-content\\\/uploads\\\/2025\\\/07\\\/Lovel_Monello_Jatek-1024x1024.png\",\"datePublished\":\"2018-06-15T16:22:35+00:00\",\"dateModified\":\"2025-07-11T14:57:57+00:00\",\"description\":\"Ap\u00e1k Napi nyerem\u00e9nyj\u00e1t\u00e9k a Monello baby&more Facebook oldal\u00e1n. Nyerd meg az \u00e1ltalad v\u00e1lasztott Monello baby&more term\u00e9ket. Nyerd meg, amire v\u00e1gysz!\",\"breadcrumb\":{\"@id\":\"https:\\\/\\\/www.monello.hu\\\/blog\\\/nyeremenyjatek\\\/#breadcrumb\"},\"inLanguage\":\"en-GB\",\"potentialAction\":[{\"@type\":\"ReadAction\",\"target\":[\"https:\\\/\\\/www.monello.hu\\\/blog\\\/nyeremenyjatek\\\/\"]}]},{\"@type\":\"ImageObject\",\"inLanguage\":\"en-GB\",\"@id\":\"https:\\\/\\\/www.monello.hu\\\/blog\\\/nyeremenyjatek\\\/#primaryimage\",\"url\":\"https:\\\/\\\/www.monello.hu\\\/wp-content\\\/uploads\\\/2025\\\/07\\\/Lovel_Monello_Jatek-1024x1024.png\",\"contentUrl\":\"https:\\\/\\\/www.monello.hu\\\/wp-content\\\/uploads\\\/2025\\\/07\\\/Lovel_Monello_Jatek-1024x1024.png\"},{\"@type\":\"BreadcrumbList\",\"@id\":\"https:\\\/\\\/www.monello.hu\\\/blog\\\/nyeremenyjatek\\\/#breadcrumb\",\"itemListElement\":[{\"@type\":\"ListItem\",\"position\":1,\"name\":\"Home\",\"item\":\"https:\\\/\\\/www.monello.hu\\\/\"},{\"@type\":\"ListItem\",\"position\":2,\"name\":\"Blog\",\"item\":\"https:\\\/\\\/www.monello.hu\\\/blog\\\/\"},{\"@type\":\"ListItem\",\"position\":3,\"name\":\"J\u00c1T\u00c9K\"}]},{\"@type\":\"WebSite\",\"@id\":\"https:\\\/\\\/www.monello.hu\\\/#website\",\"url\":\"https:\\\/\\\/www.monello.hu\\\/\",\"name\":\"Monello baby&more\",\"description\":\"\",\"publisher\":{\"@id\":\"https:\\\/\\\/www.monello.hu\\\/#organization\"},\"potentialAction\":[{\"@type\":\"SearchAction\",\"target\":{\"@type\":\"EntryPoint\",\"urlTemplate\":\"https:\\\/\\\/www.monello.hu\\\/?s={search_term_string}\"},\"query-input\":{\"@type\":\"PropertyValueSpecification\",\"valueRequired\":true,\"valueName\":\"search_term_string\"}}],\"inLanguage\":\"en-GB\"},{\"@type\":\"Organization\",\"@id\":\"https:\\\/\\\/www.monello.hu\\\/#organization\",\"name\":\"Monello baby&more\",\"url\":\"https:\\\/\\\/www.monello.hu\\\/\",\"logo\":{\"@type\":\"ImageObject\",\"inLanguage\":\"en-GB\",\"@id\":\"https:\\\/\\\/www.monello.hu\\\/#\\\/schema\\\/logo\\\/image\\\/\",\"url\":\"https:\\\/\\\/www.monello.hu\\\/wp-content\\\/uploads\\\/2025\\\/11\\\/MONDELLO_LOGO_NEW_LOGO_HORIZONT_black.png\",\"contentUrl\":\"https:\\\/\\\/www.monello.hu\\\/wp-content\\\/uploads\\\/2025\\\/11\\\/MONDELLO_LOGO_NEW_LOGO_HORIZONT_black.png\",\"width\":1722,\"height\":600,\"caption\":\"Monello baby&more\"},\"image\":{\"@id\":\"https:\\\/\\\/www.monello.hu\\\/#\\\/schema\\\/logo\\\/image\\\/\"},\"sameAs\":[\"https:\\\/\\\/www.facebook.com\\\/monellobabyandmore\\\/\",\"https:\\\/\\\/www.instagram.com\\\/monello_moms\\\/\",\"https:\\\/\\\/www.tiktok.com\\\/@monellobabyandmore\"]}]}<\/script>\n<!-- \/ Yoast SEO plugin. -->","yoast_head_json":{"title":"J\u00c1T\u00c9K - Monello baby&amp;more","description":"Ap\u00e1k Napi nyerem\u00e9nyj\u00e1t\u00e9k a Monello baby&more Facebook oldal\u00e1n. Nyerd meg az \u00e1ltalad v\u00e1lasztott Monello baby&more term\u00e9ket. Nyerd meg, amire v\u00e1gysz!","robots":{"index":"index","follow":"follow","max-snippet":"max-snippet:-1","max-image-preview":"max-image-preview:large","max-video-preview":"max-video-preview:-1"},"canonical":"https:\/\/www.monello.hu\/en\/blog\/nyeremenyjatek\/","og_locale":"en_GB","og_type":"article","og_title":"J\u00c1T\u00c9K - Monello baby&amp;more","og_description":"Ap\u00e1k Napi nyerem\u00e9nyj\u00e1t\u00e9k a Monello baby&more Facebook oldal\u00e1n. Nyerd meg az \u00e1ltalad v\u00e1lasztott Monello baby&more term\u00e9ket. Nyerd meg, amire v\u00e1gysz!","og_url":"https:\/\/www.monello.hu\/en\/blog\/nyeremenyjatek\/","og_site_name":"Monello baby&amp;more","article_publisher":"https:\/\/www.facebook.com\/monellobabyandmore\/","article_modified_time":"2025-07-11T14:57:57+00:00","og_image":[{"width":1080,"height":1080,"url":"https:\/\/www.monello.hu\/wp-content\/uploads\/2025\/07\/Lovel_Monello_Jatek.png","type":"image\/png"}],"twitter_card":"summary_large_image","twitter_misc":{"Estimated reading time":"106 minutes"},"schema":{"@context":"https:\/\/schema.org","@graph":[{"@type":"WebPage","@id":"https:\/\/www.monello.hu\/blog\/nyeremenyjatek\/","url":"https:\/\/www.monello.hu\/blog\/nyeremenyjatek\/","name":"J\u00c1T\u00c9K - Monello baby&amp;more","isPartOf":{"@id":"https:\/\/www.monello.hu\/#website"},"primaryImageOfPage":{"@id":"https:\/\/www.monello.hu\/blog\/nyeremenyjatek\/#primaryimage"},"image":{"@id":"https:\/\/www.monello.hu\/blog\/nyeremenyjatek\/#primaryimage"},"thumbnailUrl":"https:\/\/www.monello.hu\/wp-content\/uploads\/2025\/07\/Lovel_Monello_Jatek-1024x1024.png","datePublished":"2018-06-15T16:22:35+00:00","dateModified":"2025-07-11T14:57:57+00:00","description":"Ap\u00e1k Napi nyerem\u00e9nyj\u00e1t\u00e9k a Monello baby&more Facebook oldal\u00e1n. Nyerd meg az \u00e1ltalad v\u00e1lasztott Monello baby&more term\u00e9ket. Nyerd meg, amire v\u00e1gysz!","breadcrumb":{"@id":"https:\/\/www.monello.hu\/blog\/nyeremenyjatek\/#breadcrumb"},"inLanguage":"en-GB","potentialAction":[{"@type":"ReadAction","target":["https:\/\/www.monello.hu\/blog\/nyeremenyjatek\/"]}]},{"@type":"ImageObject","inLanguage":"en-GB","@id":"https:\/\/www.monello.hu\/blog\/nyeremenyjatek\/#primaryimage","url":"https:\/\/www.monello.hu\/wp-content\/uploads\/2025\/07\/Lovel_Monello_Jatek-1024x1024.png","contentUrl":"https:\/\/www.monello.hu\/wp-content\/uploads\/2025\/07\/Lovel_Monello_Jatek-1024x1024.png"},{"@type":"BreadcrumbList","@id":"https:\/\/www.monello.hu\/blog\/nyeremenyjatek\/#breadcrumb","itemListElement":[{"@type":"ListItem","position":1,"name":"Home","item":"https:\/\/www.monello.hu\/"},{"@type":"ListItem","position":2,"name":"Blog","item":"https:\/\/www.monello.hu\/blog\/"},{"@type":"ListItem","position":3,"name":"J\u00c1T\u00c9K"}]},{"@type":"WebSite","@id":"https:\/\/www.monello.hu\/#website","url":"https:\/\/www.monello.hu\/","name":"Monello baby&more","description":"","publisher":{"@id":"https:\/\/www.monello.hu\/#organization"},"potentialAction":[{"@type":"SearchAction","target":{"@type":"EntryPoint","urlTemplate":"https:\/\/www.monello.hu\/?s={search_term_string}"},"query-input":{"@type":"PropertyValueSpecification","valueRequired":true,"valueName":"search_term_string"}}],"inLanguage":"en-GB"},{"@type":"Organization","@id":"https:\/\/www.monello.hu\/#organization","name":"Monello baby&more","url":"https:\/\/www.monello.hu\/","logo":{"@type":"ImageObject","inLanguage":"en-GB","@id":"https:\/\/www.monello.hu\/#\/schema\/logo\/image\/","url":"https:\/\/www.monello.hu\/wp-content\/uploads\/2025\/11\/MONDELLO_LOGO_NEW_LOGO_HORIZONT_black.png","contentUrl":"https:\/\/www.monello.hu\/wp-content\/uploads\/2025\/11\/MONDELLO_LOGO_NEW_LOGO_HORIZONT_black.png","width":1722,"height":600,"caption":"Monello baby&more"},"image":{"@id":"https:\/\/www.monello.hu\/#\/schema\/logo\/image\/"},"sameAs":["https:\/\/www.facebook.com\/monellobabyandmore\/","https:\/\/www.instagram.com\/monello_moms\/","https:\/\/www.tiktok.com\/@monellobabyandmore"]}]}},"_links":{"self":[{"href":"https:\/\/www.monello.hu\/en\/wp-json\/wp\/v2\/pages\/2213","targetHints":{"allow":["GET"]}}],"collection":[{"href":"https:\/\/www.monello.hu\/en\/wp-json\/wp\/v2\/pages"}],"about":[{"href":"https:\/\/www.monello.hu\/en\/wp-json\/wp\/v2\/types\/page"}],"author":[{"embeddable":true,"href":"https:\/\/www.monello.hu\/en\/wp-json\/wp\/v2\/users\/33"}],"replies":[{"embeddable":true,"href":"https:\/\/www.monello.hu\/en\/wp-json\/wp\/v2\/comments?post=2213"}],"version-history":[{"count":56,"href":"https:\/\/www.monello.hu\/en\/wp-json\/wp\/v2\/pages\/2213\/revisions"}],"predecessor-version":[{"id":33619,"href":"https:\/\/www.monello.hu\/en\/wp-json\/wp\/v2\/pages\/2213\/revisions\/33619"}],"up":[{"embeddable":true,"href":"https:\/\/www.monello.hu\/en\/wp-json\/wp\/v2\/pages\/2033"}],"wp:attachment":[{"href":"https:\/\/www.monello.hu\/en\/wp-json\/wp\/v2\/media?parent=2213"}],"curies":[{"name":"wp","href":"https:\/\/api.w.org\/{rel}","templated":true}]}}